{"id":61323,"date":"2023-05-14T15:54:01","date_gmt":"2023-05-14T15:54:01","guid":{"rendered":"https:\/\/www.visitkranj.com\/aktivni-oddih\/blume-der-radrouten-rund-um-kranj\/kulturspaziergaenge-durch-die-altstadt\/"},"modified":"2023-06-07T14:11:09","modified_gmt":"2023-06-07T14:11:09","slug":"kulturspaziergaenge-durch-die-altstadt","status":"publish","type":"aktivni-oddih","link":"https:\/\/www.visitkranj.com\/de\/aktiver-urlaub\/blume-der-radrouten-rund-um-kranj\/kulturspaziergaenge-durch-die-altstadt\/","title":{"rendered":"Kulturspazierg\u00e4nge durch die Altstadt"},"content":{"rendered":"\t\t<div data-elementor-type=\"wp-post\" data-elementor-id=\"61323\" class=\"elementor elementor-61323 elementor-5658\" data-elementor-post-type=\"aktivni-oddih\">\n\t\t\t\t<div class=\"elementor-element elementor-element-ede99d2 e-flex e-con-boxed e-con e-parent\" data-id=\"ede99d2\" data-element_type=\"container\" data-e-type=\"container\" data-settings=\"{&quot;background_background&quot;:&quot;classic&quot;,&quot;jet_parallax_layout_list&quot;:[]}\">\n\t\t\t\t\t<div class=\"e-con-inner\">\n\t\t<div class=\"elementor-element elementor-element-31497f5 e-flex e-con-boxed e-con e-parent\" data-id=\"31497f5\" data-element_type=\"container\" data-e-type=\"container\" data-settings=\"{&quot;background_background&quot;:&quot;classic&quot;,&quot;jet_parallax_layout_list&quot;:[]}\">\n\t\t\t\t\t<div class=\"e-con-inner\">\n\t\t\t\t<div class=\"elementor-element elementor-element-0c9073a elementor-widget elementor-widget-heading\" data-id=\"0c9073a\" data-element_type=\"widget\" data-e-type=\"widget\" data-widget_type=\"heading.default\">\n\t\t\t\t<div class=\"elementor-widget-container\">\n\t\t\t\t\t<h2 class=\"elementor-heading-title elementor-size-default\">Kulturspazierg\u00e4nge durch die Altstadt<\/h2>\t\t\t\t<\/div>\n\t\t\t\t<\/div>\n\t\t\t\t\t<\/div>\n\t\t\t\t<\/div>\n\t\t\t\t\t<\/div>\n\t\t\t\t<\/div>\n\t\t<div class=\"elementor-element elementor-element-f12ceb5 e-flex e-con-boxed e-con e-parent\" data-id=\"f12ceb5\" data-element_type=\"container\" data-e-type=\"container\" data-settings=\"{&quot;jet_parallax_layout_list&quot;:[]}\">\n\t\t\t\t\t<div class=\"e-con-inner\">\n\t\t<div class=\"elementor-element elementor-element-c891bdb e-con-full e-flex e-con e-parent\" data-id=\"c891bdb\" data-element_type=\"container\" data-e-type=\"container\" data-settings=\"{&quot;jet_parallax_layout_list&quot;:[]}\">\n\t\t\t\t<div class=\"elementor-element elementor-element-64d33cb elementor-nav-menu--dropdown-none elementor-widget elementor-widget-nav-menu\" data-id=\"64d33cb\" data-element_type=\"widget\" data-e-type=\"widget\" data-settings=\"{&quot;layout&quot;:&quot;vertical&quot;,&quot;submenu_icon&quot;:{&quot;value&quot;:&quot;&lt;i class=\\&quot;fas fa-caret-down\\&quot; aria-hidden=\\&quot;true\\&quot;&gt;&lt;\\\/i&gt;&quot;,&quot;library&quot;:&quot;fa-solid&quot;}}\" data-widget_type=\"nav-menu.default\">\n\t\t\t\t<div class=\"elementor-widget-container\">\n\t\t\t\t\t\t\t\t<nav aria-label=\"Men\u00fc\" class=\"elementor-nav-menu--main elementor-nav-menu__container elementor-nav-menu--layout-vertical e--pointer-none\">\n\t\t\t\t<ul id=\"menu-1-64d33cb\" class=\"elementor-nav-menu sm-vertical\"><li class=\"menu-item menu-item-type-post_type menu-item-object-aktivni-oddih menu-item-5724\"><a href=\"https:\/\/www.visitkranj.com\/aktivni-oddih\/kranjska-kolesarska-roza\/\" class=\"elementor-item\">Blume der Radrouten rund um Kranj<\/a><\/li>\n<li class=\"menu-item menu-item-type-post_type menu-item-object-aktivni-oddih menu-item-5663\"><a href=\"https:\/\/www.visitkranj.com\/aktivni-oddih\/kranjska-kolesarska-roza\/kranjski-izleti\/\" class=\"elementor-item\">Ausfl\u00fcge in Kranj<\/a><\/li>\n<li class=\"menu-item menu-item-type-post_type menu-item-object-aktivni-oddih menu-item-5664\"><a href=\"https:\/\/www.visitkranj.com\/aktivni-oddih\/kranjska-kolesarska-roza\/kulturni-potepi-po-mestu\/\" class=\"elementor-item\">Kulturspazierg\u00e4nge durch die Altstadt<\/a><\/li>\n<li class=\"menu-item menu-item-type-post_type menu-item-object-aktivni-oddih menu-item-5665\"><a href=\"https:\/\/www.visitkranj.com\/aktivni-oddih\/kranjska-kolesarska-roza\/zemljevid\/\" class=\"elementor-item\">Map<\/a><\/li>\n<li class=\"menu-item menu-item-type-custom menu-item-object-custom menu-item-5666\"><a href=\"https:\/\/www.youtube.com\/watch?v=5B4HOIUI7wo\" class=\"elementor-item\">Video<\/a><\/li>\n<\/ul>\t\t\t<\/nav>\n\t\t\t\t\t\t<nav class=\"elementor-nav-menu--dropdown elementor-nav-menu__container\" aria-hidden=\"true\">\n\t\t\t\t<ul id=\"menu-2-64d33cb\" class=\"elementor-nav-menu sm-vertical\"><li class=\"menu-item menu-item-type-post_type menu-item-object-aktivni-oddih menu-item-5724\"><a href=\"https:\/\/www.visitkranj.com\/aktivni-oddih\/kranjska-kolesarska-roza\/\" class=\"elementor-item\" tabindex=\"-1\">Blume der Radrouten rund um Kranj<\/a><\/li>\n<li class=\"menu-item menu-item-type-post_type menu-item-object-aktivni-oddih menu-item-5663\"><a href=\"https:\/\/www.visitkranj.com\/aktivni-oddih\/kranjska-kolesarska-roza\/kranjski-izleti\/\" class=\"elementor-item\" tabindex=\"-1\">Ausfl\u00fcge in Kranj<\/a><\/li>\n<li class=\"menu-item menu-item-type-post_type menu-item-object-aktivni-oddih menu-item-5664\"><a href=\"https:\/\/www.visitkranj.com\/aktivni-oddih\/kranjska-kolesarska-roza\/kulturni-potepi-po-mestu\/\" class=\"elementor-item\" tabindex=\"-1\">Kulturspazierg\u00e4nge durch die Altstadt<\/a><\/li>\n<li class=\"menu-item menu-item-type-post_type menu-item-object-aktivni-oddih menu-item-5665\"><a href=\"https:\/\/www.visitkranj.com\/aktivni-oddih\/kranjska-kolesarska-roza\/zemljevid\/\" class=\"elementor-item\" tabindex=\"-1\">Map<\/a><\/li>\n<li class=\"menu-item menu-item-type-custom menu-item-object-custom menu-item-5666\"><a href=\"https:\/\/www.youtube.com\/watch?v=5B4HOIUI7wo\" class=\"elementor-item\" tabindex=\"-1\">Video<\/a><\/li>\n<\/ul>\t\t\t<\/nav>\n\t\t\t\t\t\t<\/div>\n\t\t\t\t<\/div>\n\t\t\t\t<\/div>\n\t\t<div class=\"elementor-element elementor-element-bdac1e2 e-con-full e-flex e-con e-parent\" data-id=\"bdac1e2\" data-element_type=\"container\" data-e-type=\"container\" data-settings=\"{&quot;jet_parallax_layout_list&quot;:[]}\">\n\t\t\t\t<div class=\"elementor-element elementor-element-d6f9701 elementor-widget elementor-widget-breadcrumbs\" data-id=\"d6f9701\" data-element_type=\"widget\" data-e-type=\"widget\" data-widget_type=\"breadcrumbs.default\">\n\t\t\t\t<div class=\"elementor-widget-container\">\n\t\t\t\t\t<p id=\"breadcrumbs\"><span><span><a href=\"https:\/\/www.visitkranj.com\/de\/\">Start<\/a><\/span><\/span><\/p>\t\t\t\t<\/div>\n\t\t\t\t<\/div>\n\t\t\t\t<div class=\"elementor-element elementor-element-460faa5 elementor-widget elementor-widget-text-editor\" data-id=\"460faa5\" data-element_type=\"widget\" data-e-type=\"widget\" data-widget_type=\"text-editor.default\">\n\t\t\t\t<div class=\"elementor-widget-container\">\n\t\t\t\t\t\t\t\t\t<h2>Kranj, die Stadt von Pre\u0161eren<\/h2>\n<p>Es gibt kaum einen Ort in dieser Stadt, der nicht an France Pre\u0161eren, den gr\u00f6\u00dften slowenischen Dichter, Weltb\u00fcrger und Philanthropen, erinnern w\u00fcrde. Die siebte Strophe seines Gedichts \u201eTrinklied\u201c ist heutzutage die slowenische Nationalhymne. Der Dichter lebte in der Mitte des 19. Jahrhunderts in Kranj. N\u00e4her kennen lernen kann man ihn im Gedenkmuseum des Pre\u0161eren-Hauses oder bei einer F\u00fchrung namens <a href=\"https:\/\/rezervacije.visitkranj.com\/sl\/experience\/detail\/cifra_al_moz\/\" target=\"_blank\" rel=\"noopener\">CIFRA-MO\u017d<\/a> (Kopf oder Zahl),    die man in der Touristeninformation buchen kann. In Kranj ist eine Stra\u00dfe nach Pre\u0161eren benannt, ebenso wie das Theater, eine Schule, eine Galerie, die Fassade der Bibliothek tr\u00e4gt seine Versen, seine gro\u00dfe Statue ist zu sehen und vieles mehr. Er ist in dem Pre\u0161eren-Hain oder <a href=\"https:\/\/www.visitkranj.com\/presernov-gaj\">Pre\u0161ernov gaj<\/a> genannten Gedenkpark begraben. <\/p>\n\t\t\t\t\t\t\t\t<\/div>\n\t\t\t\t<\/div>\n\t\t\t\t<div class=\"elementor-element elementor-element-3b53635 elementor-widget elementor-widget-image\" data-id=\"3b53635\" data-element_type=\"widget\" data-e-type=\"widget\" data-widget_type=\"image.default\">\n\t\t\t\t<div class=\"elementor-widget-container\">\n\t\t\t\t\t\t\t\t\t\t\t\t\t\t\t<img fetchpriority=\"high\" decoding=\"async\" width=\"680\" height=\"405\" src=\"https:\/\/www.visitkranj.com\/wp-content\/uploads\/2023\/05\/presernovo-gledalisce.w680h405.jpg\" class=\"attachment-large size-large wp-image-17148\" alt=\"\" srcset=\"https:\/\/www.visitkranj.com\/wp-content\/uploads\/2023\/05\/presernovo-gledalisce.w680h405.jpg 680w, https:\/\/www.visitkranj.com\/wp-content\/uploads\/2023\/05\/presernovo-gledalisce.w680h405-300x179.jpg 300w\" sizes=\"(max-width: 680px) 100vw, 680px\" \/>\t\t\t\t\t\t\t\t\t\t\t\t\t\t\t<\/div>\n\t\t\t\t<\/div>\n\t\t\t\t<div class=\"elementor-element elementor-element-7406b01 elementor-widget elementor-widget-text-editor\" data-id=\"7406b01\" data-element_type=\"widget\" data-e-type=\"widget\" data-widget_type=\"text-editor.default\">\n\t\t\t\t<div class=\"elementor-widget-container\">\n\t\t\t\t\t\t\t\t\t<h2>Kirche der Heiligen Kanzius, Kanzian Kanzianilla und Protus <\/h2>\n<p>Die Kirche aus dem 15. Jahrhundert ist eines der wichtigsten Denkm\u00e4ler der gotischen Architektur in Slowenien. Ein unterirdisches Beinhaus neben der Kirche kann ebenfalls besichtigt werden. Der Glockenturm der Kirche ist auch offen f\u00fcr Besucher und seine Aussichtsplattform in 40 Metern H\u00f6he bietet einen herrlichen Blick auf die Stadt. F\u00fcr eine Besichtigung wenden Sie sich bitte an das Touristeninformationszentrum.     <\/p>\n\t\t\t\t\t\t\t\t<\/div>\n\t\t\t\t<\/div>\n\t\t\t\t<div class=\"elementor-element elementor-element-140568b elementor-widget elementor-widget-image\" data-id=\"140568b\" data-element_type=\"widget\" data-e-type=\"widget\" data-widget_type=\"image.default\">\n\t\t\t\t<div class=\"elementor-widget-container\">\n\t\t\t\t\t\t\t\t\t\t\t\t\t\t\t<img decoding=\"async\" width=\"680\" height=\"405\" src=\"https:\/\/www.visitkranj.com\/wp-content\/uploads\/2023\/05\/cerkev-svetega-kancijana.w680h405.jpg\" class=\"attachment-large size-large wp-image-17151\" alt=\"\" srcset=\"https:\/\/www.visitkranj.com\/wp-content\/uploads\/2023\/05\/cerkev-svetega-kancijana.w680h405.jpg 680w, https:\/\/www.visitkranj.com\/wp-content\/uploads\/2023\/05\/cerkev-svetega-kancijana.w680h405-300x179.jpg 300w\" sizes=\"(max-width: 680px) 100vw, 680px\" \/>\t\t\t\t\t\t\t\t\t\t\t\t\t\t\t<\/div>\n\t\t\t\t<\/div>\n\t\t\t\t<div class=\"elementor-element elementor-element-5aae367 elementor-widget elementor-widget-image\" data-id=\"5aae367\" data-element_type=\"widget\" data-e-type=\"widget\" data-widget_type=\"image.default\">\n\t\t\t\t<div class=\"elementor-widget-container\">\n\t\t\t\t\t\t\t\t\t\t\t\t\t\t\t<img decoding=\"async\" width=\"680\" height=\"405\" src=\"https:\/\/www.visitkranj.com\/wp-content\/uploads\/2023\/05\/kranj-cerkev.w680h405.jpg\" class=\"attachment-large size-large wp-image-17154\" alt=\"\" srcset=\"https:\/\/www.visitkranj.com\/wp-content\/uploads\/2023\/05\/kranj-cerkev.w680h405.jpg 680w, https:\/\/www.visitkranj.com\/wp-content\/uploads\/2023\/05\/kranj-cerkev.w680h405-300x179.jpg 300w\" sizes=\"(max-width: 680px) 100vw, 680px\" \/>\t\t\t\t\t\t\t\t\t\t\t\t\t\t\t<\/div>\n\t\t\t\t<\/div>\n\t\t\t\t<div class=\"elementor-element elementor-element-bcbe5de elementor-widget elementor-widget-text-editor\" data-id=\"bcbe5de\" data-element_type=\"widget\" data-e-type=\"widget\" data-widget_type=\"text-editor.default\">\n\t\t\t\t<div class=\"elementor-widget-container\">\n\t\t\t\t\t\t\t\t\t<h3>Tunnel unter der Altstadt von Kranj<\/h3>\n<p>Unterirdische Tunnel in der Gesamtl\u00e4nge von <strong>1300 Metern<\/strong> liegen direkt unter der Altstadt und waren einst ein Luftschutzbunker, der w\u00e4hrend des Zweiten Weltkriegs gebaut wurde. Heute finden dort viele kulturelle und kulinarische Veranstaltungen statt. Sie k\u00f6nnen an einer klassischen oder digitalen F\u00fchrung durch die Tunnel teilnehmen und so die glorreiche Vergangenheit der Stadt entdecken. F\u00fcr einen Besuch wenden Sie sich bitte an die Touristeninformation.   <a href=\"https:\/\/rezervacije.visitkranj.com\/sl\/experience\/detail\/rovi_pod_starim_kranjem\/\" target=\"_blank\" rel=\"noopener\">Buchen jetzt.<\/a><\/p>\n\t\t\t\t\t\t\t\t<\/div>\n\t\t\t\t<\/div>\n\t\t\t\t<div class=\"elementor-element elementor-element-f182c42 elementor-widget elementor-widget-image\" data-id=\"f182c42\" data-element_type=\"widget\" data-e-type=\"widget\" data-widget_type=\"image.default\">\n\t\t\t\t<div class=\"elementor-widget-container\">\n\t\t\t\t\t\t\t\t\t\t\t\t\t\t\t<img loading=\"lazy\" decoding=\"async\" width=\"680\" height=\"405\" src=\"https:\/\/www.visitkranj.com\/wp-content\/uploads\/2023\/05\/kranj-kranjski-rovi-fotomorgana.w680h405.jpg\" class=\"attachment-large size-large wp-image-17157\" alt=\"\" srcset=\"https:\/\/www.visitkranj.com\/wp-content\/uploads\/2023\/05\/kranj-kranjski-rovi-fotomorgana.w680h405.jpg 680w, https:\/\/www.visitkranj.com\/wp-content\/uploads\/2023\/05\/kranj-kranjski-rovi-fotomorgana.w680h405-300x179.jpg 300w\" sizes=\"(max-width: 680px) 100vw, 680px\" \/>\t\t\t\t\t\t\t\t\t\t\t\t\t\t\t<\/div>\n\t\t\t\t<\/div>\n\t\t\t\t<div class=\"elementor-element elementor-element-e390055 elementor-widget elementor-widget-text-editor\" data-id=\"e390055\" data-element_type=\"widget\" data-e-type=\"widget\" data-widget_type=\"text-editor.default\">\n\t\t\t\t<div class=\"elementor-widget-container\">\n\t\t\t\t\t\t\t\t\t<h3>Museumspfad<\/h3>\n<p>Lernen Sie die edle Vergangenheit der Region Gorenjska und ihrer Bewohner auf diesem Pfad des Gorenjska-Museums kennen. In der <a href=\"https:\/\/www.visitkranj.com\/dogodki\/izbrani-dogodki\/grad-khislstein\/program\">Burg Khislstein<\/a> sind zwei Lamellenpanzer und ein Ango-Speer aus der zweiten H\u00e4lfte des 6. Jahrhunderts zu sehen.  Die R\u00fcstungen, ein Statussymbol der damaligen milit\u00e4rischen Elite, sind was ganz Besonderes, da weltweit nur sieben fast vollst\u00e4ndig erhaltene Exemplare gefunden wurden.  <a href=\"https:\/\/rezervacije.visitkranj.com\/sl\/experience\/detail\/muzejska_pot\/\" target=\"_blank\" rel=\"noopener\">Buchen jetzt.<\/a><\/p>\n\t\t\t\t\t\t\t\t<\/div>\n\t\t\t\t<\/div>\n\t\t\t\t<div class=\"elementor-element elementor-element-4f2bbeb elementor-widget elementor-widget-image\" data-id=\"4f2bbeb\" data-element_type=\"widget\" data-e-type=\"widget\" data-widget_type=\"image.default\">\n\t\t\t\t<div class=\"elementor-widget-container\">\n\t\t\t\t\t\t\t\t\t\t\t\t\t\t\t<img loading=\"lazy\" decoding=\"async\" width=\"680\" height=\"405\" src=\"https:\/\/www.visitkranj.com\/wp-content\/uploads\/2023\/05\/muzejska-pot.w680h405.jpg\" class=\"attachment-large size-large wp-image-17160\" alt=\"\" srcset=\"https:\/\/www.visitkranj.com\/wp-content\/uploads\/2023\/05\/muzejska-pot.w680h405.jpg 680w, https:\/\/www.visitkranj.com\/wp-content\/uploads\/2023\/05\/muzejska-pot.w680h405-300x179.jpg 300w\" sizes=\"(max-width: 680px) 100vw, 680px\" \/>\t\t\t\t\t\t\t\t\t\t\t\t\t\t\t<\/div>\n\t\t\t\t<\/div>\n\t\t\t\t<div class=\"elementor-element elementor-element-d790bcf elementor-widget elementor-widget-text-editor\" data-id=\"d790bcf\" data-element_type=\"widget\" data-e-type=\"widget\" data-widget_type=\"text-editor.default\">\n\t\t\t\t<div class=\"elementor-widget-container\">\n\t\t\t\t\t\t\t\t\t<h3>Das Kabinett von Janez Puhar<\/h3>\n<p>Treten Sie ein in die Welt des ersten slowenischen Fotografen und Erfinders der Fotografie auf Glas. Das Haus verf\u00fcgt \u00fcber einen Museumszimmer, einen Zimmer mit bewegenden Bildern und Illusionen sowie ein Fotostudio aus dem 19. Jahrhundert, in dem von Ihnen ein Portr\u00e4t auf Glas angefertigt werden kann.   <a href=\"https:\/\/www.visitkranj.com\/kabinet-janeza-puharja-puhar\">Mehr Informationen.<\/a><\/p>\n\t\t\t\t\t\t\t\t<\/div>\n\t\t\t\t<\/div>\n\t\t\t\t<div class=\"elementor-element elementor-element-1a64770 elementor-widget elementor-widget-image\" data-id=\"1a64770\" data-element_type=\"widget\" data-e-type=\"widget\" data-widget_type=\"image.default\">\n\t\t\t\t<div class=\"elementor-widget-container\">\n\t\t\t\t\t\t\t\t\t\t\t\t\t\t\t<img loading=\"lazy\" decoding=\"async\" width=\"680\" height=\"405\" src=\"https:\/\/www.visitkranj.com\/wp-content\/uploads\/2023\/05\/puharjev-atelje.w680h405.jpg\" class=\"attachment-large size-large wp-image-17163\" alt=\"\" srcset=\"https:\/\/www.visitkranj.com\/wp-content\/uploads\/2023\/05\/puharjev-atelje.w680h405.jpg 680w, https:\/\/www.visitkranj.com\/wp-content\/uploads\/2023\/05\/puharjev-atelje.w680h405-300x179.jpg 300w\" sizes=\"(max-width: 680px) 100vw, 680px\" \/>\t\t\t\t\t\t\t\t\t\t\t\t\t\t\t<\/div>\n\t\t\t\t<\/div>\n\t\t\t\t<\/div>\n\t\t\t\t\t<\/div>\n\t\t\t\t<\/div>\n\t\t\t\t<\/div>\n\t\t","protected":false},"excerpt":{"rendered":"<p>Kulturspazierg\u00e4nge durch die Altstadt Kranj, die Stadt von Pre\u0161eren Es gibt kaum einen Ort in dieser Stadt, der nicht an France Pre\u0161eren, den gr\u00f6\u00dften slowenischen Dichter, Weltb\u00fcrger und Philanthropen, erinnern w\u00fcrde. Die siebte Strophe seines Gedichts \u201eTrinklied\u201c ist heutzutage die slowenische Nationalhymne. Der Dichter lebte in der Mitte des 19. Jahrhunderts in Kranj. N\u00e4her kennen [&hellip;]<\/p>\n","protected":false},"featured_media":17121,"parent":61254,"menu_order":0,"template":"","kategorije-aktivni-oddih":[],"class_list":["post-61323","aktivni-oddih","type-aktivni-oddih","status-publish","has-post-thumbnail","hentry"],"yoast_head":"<!-- This site is optimized with the Yoast SEO plugin v26.9 - https:\/\/yoast.com\/product\/yoast-seo-wordpress\/ -->\n<title>Kulturspazierg\u00e4nge durch die Altstadt - Visit Kranj<\/title>\n<meta name=\"robots\" content=\"index, follow, max-snippet:-1, max-image-preview:large, max-video-preview:-1\" \/>\n<link rel=\"canonical\" href=\"https:\/\/www.visitkranj.com\/de\/aktiver-urlaub\/blume-der-radrouten-rund-um-kranj\/kulturspaziergaenge-durch-die-altstadt\/\" \/>\n<meta property=\"og:locale\" content=\"de_DE\" \/>\n<meta property=\"og:type\" content=\"article\" \/>\n<meta property=\"og:title\" content=\"Kulturspazierg\u00e4nge durch die Altstadt - Visit Kranj\" \/>\n<meta property=\"og:description\" content=\"Kulturspazierg\u00e4nge durch die Altstadt Kranj, die Stadt von Pre\u0161eren Es gibt kaum einen Ort in dieser Stadt, der nicht an France Pre\u0161eren, den gr\u00f6\u00dften slowenischen Dichter, Weltb\u00fcrger und Philanthropen, erinnern w\u00fcrde. Die siebte Strophe seines Gedichts \u201eTrinklied\u201c ist heutzutage die slowenische Nationalhymne. Der Dichter lebte in der Mitte des 19. Jahrhunderts in Kranj. N\u00e4her kennen [&hellip;]\" \/>\n<meta property=\"og:url\" content=\"https:\/\/www.visitkranj.com\/de\/aktiver-urlaub\/blume-der-radrouten-rund-um-kranj\/kulturspaziergaenge-durch-die-altstadt\/\" \/>\n<meta property=\"og:site_name\" content=\"Visit Kranj\" \/>\n<meta property=\"article:publisher\" content=\"https:\/\/www.facebook.com\/VisitKranj\/\" \/>\n<meta property=\"article:modified_time\" content=\"2023-06-07T14:11:09+00:00\" \/>\n<meta property=\"og:image\" content=\"https:\/\/www.visitkranj.com\/wp-content\/uploads\/2023\/05\/kranjska-kolesarska-roza-3.w1170h400c.jpg\" \/>\n\t<meta property=\"og:image:width\" content=\"1170\" \/>\n\t<meta property=\"og:image:height\" content=\"400\" \/>\n\t<meta property=\"og:image:type\" content=\"image\/jpeg\" \/>\n<meta name=\"twitter:card\" content=\"summary_large_image\" \/>\n<meta name=\"twitter:label1\" content=\"Gesch\u00e4tzte Lesezeit\" \/>\n\t<meta name=\"twitter:data1\" content=\"2\u00a0Minuten\" \/>\n<script type=\"application\/ld+json\" class=\"yoast-schema-graph\">{\"@context\":\"https:\/\/schema.org\",\"@graph\":[{\"@type\":\"WebPage\",\"@id\":\"https:\/\/www.visitkranj.com\/de\/aktiver-urlaub\/blume-der-radrouten-rund-um-kranj\/kulturspaziergaenge-durch-die-altstadt\/\",\"url\":\"https:\/\/www.visitkranj.com\/de\/aktiver-urlaub\/blume-der-radrouten-rund-um-kranj\/kulturspaziergaenge-durch-die-altstadt\/\",\"name\":\"Kulturspazierg\u00e4nge durch die Altstadt - Visit Kranj\",\"isPartOf\":{\"@id\":\"https:\/\/www.visitkranj.com\/de\/#website\"},\"primaryImageOfPage\":{\"@id\":\"https:\/\/www.visitkranj.com\/de\/aktiver-urlaub\/blume-der-radrouten-rund-um-kranj\/kulturspaziergaenge-durch-die-altstadt\/#primaryimage\"},\"image\":{\"@id\":\"https:\/\/www.visitkranj.com\/de\/aktiver-urlaub\/blume-der-radrouten-rund-um-kranj\/kulturspaziergaenge-durch-die-altstadt\/#primaryimage\"},\"thumbnailUrl\":\"https:\/\/www.visitkranj.com\/wp-content\/uploads\/2023\/05\/kranjska-kolesarska-roza-3.w1170h400c.jpg\",\"datePublished\":\"2023-05-14T15:54:01+00:00\",\"dateModified\":\"2023-06-07T14:11:09+00:00\",\"breadcrumb\":{\"@id\":\"https:\/\/www.visitkranj.com\/de\/aktiver-urlaub\/blume-der-radrouten-rund-um-kranj\/kulturspaziergaenge-durch-die-altstadt\/#breadcrumb\"},\"inLanguage\":\"de\",\"potentialAction\":[{\"@type\":\"ReadAction\",\"target\":[\"https:\/\/www.visitkranj.com\/de\/aktiver-urlaub\/blume-der-radrouten-rund-um-kranj\/kulturspaziergaenge-durch-die-altstadt\/\"]}]},{\"@type\":\"ImageObject\",\"inLanguage\":\"de\",\"@id\":\"https:\/\/www.visitkranj.com\/de\/aktiver-urlaub\/blume-der-radrouten-rund-um-kranj\/kulturspaziergaenge-durch-die-altstadt\/#primaryimage\",\"url\":\"https:\/\/www.visitkranj.com\/wp-content\/uploads\/2023\/05\/kranjska-kolesarska-roza-3.w1170h400c.jpg\",\"contentUrl\":\"https:\/\/www.visitkranj.com\/wp-content\/uploads\/2023\/05\/kranjska-kolesarska-roza-3.w1170h400c.jpg\",\"width\":1170,\"height\":400},{\"@type\":\"BreadcrumbList\",\"@id\":\"https:\/\/www.visitkranj.com\/de\/aktiver-urlaub\/blume-der-radrouten-rund-um-kranj\/kulturspaziergaenge-durch-die-altstadt\/#breadcrumb\",\"itemListElement\":[{\"@type\":\"ListItem\",\"position\":1,\"name\":\"Start\",\"item\":\"https:\/\/www.visitkranj.com\/de\/\"},{\"@type\":\"ListItem\",\"position\":2,\"name\":\"Aktiver Urlaub\",\"item\":\"https:\/\/www.visitkranj.com\/de\/aktiver-urlaub\/\"},{\"@type\":\"ListItem\",\"position\":3,\"name\":\"Blume der Radrouten rund um Kranj\",\"item\":\"https:\/\/www.visitkranj.com\/de\/aktiver-urlaub\/blume-der-radrouten-rund-um-kranj\/\"},{\"@type\":\"ListItem\",\"position\":4,\"name\":\"Kulturspazierg\u00e4nge durch die Altstadt\"}]},{\"@type\":\"WebSite\",\"@id\":\"https:\/\/www.visitkranj.com\/de\/#website\",\"url\":\"https:\/\/www.visitkranj.com\/de\/\",\"name\":\"Visit Kranj\",\"description\":\"Uradna spletna stran turizma Kranj\",\"publisher\":{\"@id\":\"https:\/\/www.visitkranj.com\/de\/#organization\"},\"potentialAction\":[{\"@type\":\"SearchAction\",\"target\":{\"@type\":\"EntryPoint\",\"urlTemplate\":\"https:\/\/www.visitkranj.com\/de\/?s={search_term_string}\"},\"query-input\":{\"@type\":\"PropertyValueSpecification\",\"valueRequired\":true,\"valueName\":\"search_term_string\"}}],\"inLanguage\":\"de\"},{\"@type\":\"Organization\",\"@id\":\"https:\/\/www.visitkranj.com\/de\/#organization\",\"name\":\"Zavod za turizem in kulturo Kranj\",\"url\":\"https:\/\/www.visitkranj.com\/de\/\",\"logo\":{\"@type\":\"ImageObject\",\"inLanguage\":\"de\",\"@id\":\"https:\/\/www.visitkranj.com\/de\/#\/schema\/logo\/image\/\",\"url\":\"https:\/\/www.visitkranj.com\/wp-content\/uploads\/2022\/11\/logo_menu_small.png\",\"contentUrl\":\"https:\/\/www.visitkranj.com\/wp-content\/uploads\/2022\/11\/logo_menu_small.png\",\"width\":142,\"height\":142,\"caption\":\"Zavod za turizem in kulturo Kranj\"},\"image\":{\"@id\":\"https:\/\/www.visitkranj.com\/de\/#\/schema\/logo\/image\/\"},\"sameAs\":[\"https:\/\/www.facebook.com\/VisitKranj\/\",\"https:\/\/www.instagram.com\/visitkranj\/\",\"https:\/\/www.tripadvisor.com\/Attraction_Review-g644300-d7289577-Reviews-Tourist_Information_Centre_Kranj_House-Kranj_Upper_Carniola_Region.html\"]}]}<\/script>\n<!-- \/ Yoast SEO plugin. -->","yoast_head_json":{"title":"Kulturspazierg\u00e4nge durch die Altstadt - Visit Kranj","robots":{"index":"index","follow":"follow","max-snippet":"max-snippet:-1","max-image-preview":"max-image-preview:large","max-video-preview":"max-video-preview:-1"},"canonical":"https:\/\/www.visitkranj.com\/de\/aktiver-urlaub\/blume-der-radrouten-rund-um-kranj\/kulturspaziergaenge-durch-die-altstadt\/","og_locale":"de_DE","og_type":"article","og_title":"Kulturspazierg\u00e4nge durch die Altstadt - Visit Kranj","og_description":"Kulturspazierg\u00e4nge durch die Altstadt Kranj, die Stadt von Pre\u0161eren Es gibt kaum einen Ort in dieser Stadt, der nicht an France Pre\u0161eren, den gr\u00f6\u00dften slowenischen Dichter, Weltb\u00fcrger und Philanthropen, erinnern w\u00fcrde. Die siebte Strophe seines Gedichts \u201eTrinklied\u201c ist heutzutage die slowenische Nationalhymne. Der Dichter lebte in der Mitte des 19. Jahrhunderts in Kranj. N\u00e4her kennen [&hellip;]","og_url":"https:\/\/www.visitkranj.com\/de\/aktiver-urlaub\/blume-der-radrouten-rund-um-kranj\/kulturspaziergaenge-durch-die-altstadt\/","og_site_name":"Visit Kranj","article_publisher":"https:\/\/www.facebook.com\/VisitKranj\/","article_modified_time":"2023-06-07T14:11:09+00:00","og_image":[{"width":1170,"height":400,"url":"https:\/\/www.visitkranj.com\/wp-content\/uploads\/2023\/05\/kranjska-kolesarska-roza-3.w1170h400c.jpg","type":"image\/jpeg"}],"twitter_card":"summary_large_image","twitter_misc":{"Gesch\u00e4tzte Lesezeit":"2\u00a0Minuten"},"schema":{"@context":"https:\/\/schema.org","@graph":[{"@type":"WebPage","@id":"https:\/\/www.visitkranj.com\/de\/aktiver-urlaub\/blume-der-radrouten-rund-um-kranj\/kulturspaziergaenge-durch-die-altstadt\/","url":"https:\/\/www.visitkranj.com\/de\/aktiver-urlaub\/blume-der-radrouten-rund-um-kranj\/kulturspaziergaenge-durch-die-altstadt\/","name":"Kulturspazierg\u00e4nge durch die Altstadt - Visit Kranj","isPartOf":{"@id":"https:\/\/www.visitkranj.com\/de\/#website"},"primaryImageOfPage":{"@id":"https:\/\/www.visitkranj.com\/de\/aktiver-urlaub\/blume-der-radrouten-rund-um-kranj\/kulturspaziergaenge-durch-die-altstadt\/#primaryimage"},"image":{"@id":"https:\/\/www.visitkranj.com\/de\/aktiver-urlaub\/blume-der-radrouten-rund-um-kranj\/kulturspaziergaenge-durch-die-altstadt\/#primaryimage"},"thumbnailUrl":"https:\/\/www.visitkranj.com\/wp-content\/uploads\/2023\/05\/kranjska-kolesarska-roza-3.w1170h400c.jpg","datePublished":"2023-05-14T15:54:01+00:00","dateModified":"2023-06-07T14:11:09+00:00","breadcrumb":{"@id":"https:\/\/www.visitkranj.com\/de\/aktiver-urlaub\/blume-der-radrouten-rund-um-kranj\/kulturspaziergaenge-durch-die-altstadt\/#breadcrumb"},"inLanguage":"de","potentialAction":[{"@type":"ReadAction","target":["https:\/\/www.visitkranj.com\/de\/aktiver-urlaub\/blume-der-radrouten-rund-um-kranj\/kulturspaziergaenge-durch-die-altstadt\/"]}]},{"@type":"ImageObject","inLanguage":"de","@id":"https:\/\/www.visitkranj.com\/de\/aktiver-urlaub\/blume-der-radrouten-rund-um-kranj\/kulturspaziergaenge-durch-die-altstadt\/#primaryimage","url":"https:\/\/www.visitkranj.com\/wp-content\/uploads\/2023\/05\/kranjska-kolesarska-roza-3.w1170h400c.jpg","contentUrl":"https:\/\/www.visitkranj.com\/wp-content\/uploads\/2023\/05\/kranjska-kolesarska-roza-3.w1170h400c.jpg","width":1170,"height":400},{"@type":"BreadcrumbList","@id":"https:\/\/www.visitkranj.com\/de\/aktiver-urlaub\/blume-der-radrouten-rund-um-kranj\/kulturspaziergaenge-durch-die-altstadt\/#breadcrumb","itemListElement":[{"@type":"ListItem","position":1,"name":"Start","item":"https:\/\/www.visitkranj.com\/de\/"},{"@type":"ListItem","position":2,"name":"Aktiver Urlaub","item":"https:\/\/www.visitkranj.com\/de\/aktiver-urlaub\/"},{"@type":"ListItem","position":3,"name":"Blume der Radrouten rund um Kranj","item":"https:\/\/www.visitkranj.com\/de\/aktiver-urlaub\/blume-der-radrouten-rund-um-kranj\/"},{"@type":"ListItem","position":4,"name":"Kulturspazierg\u00e4nge durch die Altstadt"}]},{"@type":"WebSite","@id":"https:\/\/www.visitkranj.com\/de\/#website","url":"https:\/\/www.visitkranj.com\/de\/","name":"Visit Kranj","description":"Uradna spletna stran turizma Kranj","publisher":{"@id":"https:\/\/www.visitkranj.com\/de\/#organization"},"potentialAction":[{"@type":"SearchAction","target":{"@type":"EntryPoint","urlTemplate":"https:\/\/www.visitkranj.com\/de\/?s={search_term_string}"},"query-input":{"@type":"PropertyValueSpecification","valueRequired":true,"valueName":"search_term_string"}}],"inLanguage":"de"},{"@type":"Organization","@id":"https:\/\/www.visitkranj.com\/de\/#organization","name":"Zavod za turizem in kulturo Kranj","url":"https:\/\/www.visitkranj.com\/de\/","logo":{"@type":"ImageObject","inLanguage":"de","@id":"https:\/\/www.visitkranj.com\/de\/#\/schema\/logo\/image\/","url":"https:\/\/www.visitkranj.com\/wp-content\/uploads\/2022\/11\/logo_menu_small.png","contentUrl":"https:\/\/www.visitkranj.com\/wp-content\/uploads\/2022\/11\/logo_menu_small.png","width":142,"height":142,"caption":"Zavod za turizem in kulturo Kranj"},"image":{"@id":"https:\/\/www.visitkranj.com\/de\/#\/schema\/logo\/image\/"},"sameAs":["https:\/\/www.facebook.com\/VisitKranj\/","https:\/\/www.instagram.com\/visitkranj\/","https:\/\/www.tripadvisor.com\/Attraction_Review-g644300-d7289577-Reviews-Tourist_Information_Centre_Kranj_House-Kranj_Upper_Carniola_Region.html"]}]}},"_links":{"self":[{"href":"https:\/\/www.visitkranj.com\/de\/wp-json\/wp\/v2\/aktivni-oddih\/61323","targetHints":{"allow":["GET"]}}],"collection":[{"href":"https:\/\/www.visitkranj.com\/de\/wp-json\/wp\/v2\/aktivni-oddih"}],"about":[{"href":"https:\/\/www.visitkranj.com\/de\/wp-json\/wp\/v2\/types\/aktivni-oddih"}],"version-history":[{"count":0,"href":"https:\/\/www.visitkranj.com\/de\/wp-json\/wp\/v2\/aktivni-oddih\/61323\/revisions"}],"up":[{"embeddable":true,"href":"https:\/\/www.visitkranj.com\/de\/wp-json\/wp\/v2\/aktivni-oddih\/61254"}],"wp:featuredmedia":[{"embeddable":true,"href":"https:\/\/www.visitkranj.com\/de\/wp-json\/wp\/v2\/media\/17121"}],"wp:attachment":[{"href":"https:\/\/www.visitkranj.com\/de\/wp-json\/wp\/v2\/media?parent=61323"}],"wp:term":[{"taxonomy":"kategorije-aktivni-oddih","embeddable":true,"href":"https:\/\/www.visitkranj.com\/de\/wp-json\/wp\/v2\/kategorije-aktivni-oddih?post=61323"}],"curies":[{"name":"wp","href":"https:\/\/api.w.org\/{rel}","templated":true}]}}