{"id":19653,"date":"2023-09-08T11:00:24","date_gmt":"2023-09-08T10:00:24","guid":{"rendered":"https:\/\/www.visitkranj.com\/?post_type=izbrani-dogodki&#038;p=19653"},"modified":"2026-01-27T18:51:46","modified_gmt":"2026-01-27T17:51:46","slug":"preseren-jahrmarkt-kranj","status":"publish","type":"izbrani-dogodki","link":"https:\/\/www.visitkranj.com\/de\/ausgewaehlte-veranstaltungen\/preseren-jahrmarkt-kranj\/","title":{"rendered":"Pre\u0161eren-Jahrmarkt"},"content":{"rendered":"\t\t<div data-elementor-type=\"wp-post\" data-elementor-id=\"19653\" class=\"elementor elementor-19653 elementor-4733\" data-elementor-post-type=\"izbrani-dogodki\">\n\t\t\t\t<div class=\"elementor-element elementor-element-43556bb3 e-flex e-con-boxed e-con e-parent\" data-id=\"43556bb3\" data-element_type=\"container\" data-e-type=\"container\" data-settings=\"{&quot;jet_parallax_layout_list&quot;:[]}\">\n\t\t\t\t\t<div class=\"e-con-inner\">\n\t\t\t\t<div class=\"elementor-element elementor-element-9383673 elementor-widget elementor-widget-text-editor\" data-id=\"9383673\" data-element_type=\"widget\" data-e-type=\"widget\" data-widget_type=\"text-editor.default\">\n\t\t\t\t<div class=\"elementor-widget-container\">\n\t\t\t\t\t\t\t\t\t<h2>PRE\u0160EREN-JAHRMARKT<br \/><span style=\"color: #808080;\">8. Februar 2026<\/span><\/h2><p>Der <strong>Pre\u0161eren-Jahrmarkt<\/strong> in Kranj, der zur Erinnerung an unseren gr\u00f6\u00dften Dichter, <strong>Dr. France Pre\u0161eren<\/strong>, organisiert wird, ist eine der bekanntesten Veranstaltungen anl\u00e4sslich des kulturellen Feiertages. Jedes Jahr am <strong>8. Februar<\/strong> wird der Geist von Dr. France Pre\u0161eren in den <strong>Stra\u00dfen von Kranj<\/strong> lebendig.<\/p><p>Die <strong>Kultureinrichtungen<\/strong> sind ge\u00f6ffnet und zeigen ihre Sch\u00e4tze bei \u00f6ffentlichen F\u00fchrungen. Auch die <strong>touristischen Attraktionen<\/strong> von Kranj bleiben l\u00e4nger offen. Schauen Sie bei Ihrem Spaziergang durch die Stadt bei den St\u00e4nden der Kunsthandwerker vorbei. An den St\u00e4nden der <strong>Pre\u0161eren-K\u00fcche<\/strong> sorgt man f\u00fcr gutes Essen und Trinken.<\/p><p><iframe title=\"Pre\u0161ernov smenj v Kranju\" width=\"800\" height=\"450\" src=\"https:\/\/www.youtube.com\/embed\/4XVLtPGicLk?feature=oembed\" frameborder=\"0\" allow=\"accelerometer; autoplay; clipboard-write; encrypted-media; gyroscope; picture-in-picture; web-share\" referrerpolicy=\"strict-origin-when-cross-origin\" allowfullscreen><\/iframe><\/p><p>F\u00fcr Romantiker empfehlen wir eine Kutschfahrt und Ponyreiten f\u00fcr die Kinder. Beim Pre\u0161eren-Jahrmarkt gibt es au\u00dferdem <strong>Rezitationen von Pre\u0161eren-Gedichten<\/strong>, ein Musik- und Kulturprogramm sowie ein Kinderprogramm begleitet. Die Stadt ist erf\u00fcllt von den Kl\u00e4ngen der Drehorgeln, und in der Menge spazieren Folkloregruppen und Amateurschauspieler in den typischen Trachten aus der Zeit von Pre\u0161eren.<\/p><p>Das <strong>Programm<\/strong> des Pre\u0161eren-Festivals endet mit der Zusammenkunft der <strong>Musen auf dem Krainer Parnass<\/strong>. Denn traditionell werden in Kranj anl\u00e4sslich des Kulturfestes die <strong>Pre\u0161eren-Preistr\u00e4ger<\/strong> und <strong>Pre\u0161eren-Fonds-Gewinner<\/strong> geehrt. Die Pre\u0161eren-Feier endet somit einem Treffen der K\u00fcnstler, die die h\u00f6chsten nationalen Auszeichnungen im Bereich der Kultur und Kunst erhalten haben.<\/p><p>Genie\u00dfen Sie diese Reise zur\u00fcck ins 19. Jahrhundert!<\/p><p><em><a href=\"#program\"><strong>Unten finden Sie das Programm<\/strong><\/a> (*in slowenischer Sprache).<\/em><\/p><p><img fetchpriority=\"high\" decoding=\"async\" class=\"alignnone size-full wp-image-901563\" src=\"https:\/\/www.visitkranj.com\/wp-content\/uploads\/2025\/01\/Presernov-smenj_Vsak-dan-Presernovo-2025_oglas-1264x780_DE.jpg\" alt=\"\" width=\"1264\" height=\"780\" srcset=\"https:\/\/www.visitkranj.com\/wp-content\/uploads\/2025\/01\/Presernov-smenj_Vsak-dan-Presernovo-2025_oglas-1264x780_DE.jpg 1264w, https:\/\/www.visitkranj.com\/wp-content\/uploads\/2025\/01\/Presernov-smenj_Vsak-dan-Presernovo-2025_oglas-1264x780_DE-300x185.jpg 300w, https:\/\/www.visitkranj.com\/wp-content\/uploads\/2025\/01\/Presernov-smenj_Vsak-dan-Presernovo-2025_oglas-1264x780_DE-1024x632.jpg 1024w, https:\/\/www.visitkranj.com\/wp-content\/uploads\/2025\/01\/Presernov-smenj_Vsak-dan-Presernovo-2025_oglas-1264x780_DE-768x474.jpg 768w\" sizes=\"(max-width: 1264px) 100vw, 1264px\" \/><\/p>\t\t\t\t\t\t\t\t<\/div>\n\t\t\t\t<\/div>\n\t\t\t\t<div class=\"elementor-element elementor-element-eb02340 elementor-widget elementor-widget-text-editor\" data-id=\"eb02340\" data-element_type=\"widget\" data-e-type=\"widget\" id=\"program\" data-widget_type=\"text-editor.default\">\n\t\t\t\t<div class=\"elementor-widget-container\">\n\t\t\t\t\t\t\t\t\t<h3>PROGRAMM 2026<\/h3><p><a name=\"mestna-trznica\"><\/a><strong><span style=\"color: #c61647;\">PRED PRE\u0160ERNOVIM GLEDALI\u0160\u010cEM KRANJ<br \/><\/span><\/strong><span style=\"color: #c61647;\">\u2192<\/span>\u00a010.00-18.00: <strong>Pre\u0161erna kuhna: slovenska kulinarika<br \/><span style=\"color: #c61647;\">\u2192<\/span> 11.00: Slavnostna otvoritev prireditve<\/strong><br \/><span style=\"color: #c61647;\">\u2192<\/span> 11.15: <strong>Nastopi pevskih zborov in recitacije<\/strong><\/p><p><span style=\"color: #c61647;\"><strong>MESTNA TR\u017dNICA KRANJ<br \/><\/strong><\/span><span style=\"color: #c61647;\">\u2192<\/span> 10.00: <strong>Slavnostno odprtje vrat Mestne tr\u017enice<\/strong><br \/><span style=\"color: #c61647;\">\u2192<\/span> 10.00-18.00: <strong>Pre\u0161erna kuhna: svetovna kulinarika<\/strong><\/p><p><span style=\"color: #c61647;\"><strong>GLAVNI TRG OB VODNJAKU<br \/><\/strong><\/span><span style=\"color: #c61647;\">\u2192<\/span> 11.00\u201314.30: <strong>Nastopi folklornih skupin<\/strong><br \/><span style=\"color: #c61647;\">\u2192<\/span>\u00a014.30: <strong>koncert Oto Pestner<\/strong><br \/><span style=\"color: #c61647;\">\u2192<\/span> 16.00: <strong>koncert Slovenski oktet<\/strong><\/p><p><span style=\"color: #c61647;\"><strong>\u010cAS ZA ROMANTIKO 19. STOLETJA<br \/><\/strong><\/span><span style=\"color: #c61647;\">\u2192<\/span> 10.00\u201318.00: <strong>Manufaktura mojstra Janeza, pri cerkvi sv. Kancijana<\/strong><br \/><span style=\"color: #c61647;\">\u2192<\/span> 10.00\u201318.00: <strong>Cilindri in klobu\u010dki, Kranjska hi\u0161a<\/strong><br \/><span style=\"color: #c61647;\">\u2192<\/span> 11.00\u201315.00: <strong>Vo\u017enja s ko\u010dijo, pred MKK<\/strong><br \/><span style=\"color: #c61647;\">\u2192<\/span> 11.00\u201315.00: <strong>Jahanje ponijev, Pungert<\/strong><\/p><p><span style=\"color: #c61647;\"><strong>STARO MESTNO JEDRO<br \/><\/strong><\/span><span style=\"color: #c61647;\">\u2192<\/span> 10.00\u201318.00: <strong>Sejem doma\u010de in umetnostne obrti<\/strong><br \/><span style=\"color: #c61647;\">\u2192<\/span> 11.00\u201317.00: <strong>Festival lajnarjev<\/strong><\/p><p><span style=\"color: #c61647;\"><strong>PRED MESTNO KNJI\u017dNICO KRANJ<\/strong><\/span><br \/><span style=\"color: #c61647;\">\u2192<\/span> 11.00 &#8211; 15.00: <strong>Vo\u017enja s ko\u010dijo<\/strong><br \/>Kro\u017ena vo\u017enja s ko\u010dijo od Mestne knji\u017enice Kranj do Pre\u0161ernovega gaja. Vstopnice so na voljo na informacijski stojnici pred Mestno knji\u017enico Kranj.<\/p><p><span style=\"color: #c61647;\"><strong>PRED PRE\u0160ERNOVIM SPOMINSKIM MUZEJEM<\/strong><\/span><br \/><span style=\"color: #c61647;\">\u2192<\/span> 11.30, 12.30, 13.30, 14.30:<strong> Oznanilo mestnega glasnika v spremstvu kranjske garde<\/strong><\/p><p><span style=\"color: #c61647;\"><strong>MAISTROV TRG<\/strong><\/span><br \/><span style=\"color: #c61647;\">\u2192<\/span> 11.30: <strong>Koncert Pihalnega orkestra MOK<\/strong><\/p><p><span style=\"color: #c61647;\"><strong>MESTNA KNJI\u017dNICA KRANJ<\/strong><\/span><br \/><span style=\"color: #c61647;\">\u2192<\/span> 10.00-13.00: <strong>Pre\u0161erna ustvarjalnica, delavnica za otroke<\/strong><br \/><span style=\"color: #c61647;\">\u2192<\/span> 10.00-16.00: <strong>Klik, klik pre\u0161erni nasmeh, foto koti\u010dek v pritli\u010dju knji\u017enice<\/strong><br \/><span style=\"color: #c61647;\">\u2192<\/span> 10.00-16.00: <strong>Pre\u0161erni olimpijski kviz, kviz z iskanjem skritih odgovorov<\/strong><br \/><span style=\"color: #c61647;\">\u2192<\/span> 10.00-16.00: <strong>Lov na knjige, knji\u017eni\u010dni lov na zaklad za otroke in odrasle<\/strong><br \/><span style=\"color: #c61647;\">\u2192<\/span> 10.00-16.00: <strong>France Pre\u0161eren v Kranju, razstava<\/strong><br \/><span style=\"color: #c61647;\">\u2192<\/span> 10.15: <strong>Skakalki, otro\u0161ka predstava<\/strong><br \/><span style=\"color: #c61647;\">\u2192<\/span> 11.30: <strong>Pre\u0161erni impro<\/strong><br \/><span style=\"color: #c61647;\">\u2192<\/span> 13.00: <strong>Odkritje portreta Jo\u017ei Munih Petri\u010d<\/strong><\/p><p><span style=\"color: #c61647;\"><strong>PRE\u0160ERNOV GAJ<\/strong><\/span><br \/><span style=\"color: #c61647;\">\u2192<\/span> 12.30: <strong>Polaganje venca ob spomeniku dr. Franceta Pre\u0161erna<\/strong><\/p><p><span style=\"color: #c61647;\"><strong>KRANJSKA HI\u0160A<br \/><\/strong><\/span>Vodenja in ogledi<br \/><span style=\"color: #c61647;\">\u2192<\/span> 9.00 &#8211; 17.30: <strong><a href=\"https:\/\/rezervacije.visitkranj.com\/sl\/experience\/detail\/ogled-zvonika-cerkve-sv-kancijana\/\">Zvonik cerkve sv. Kancijana, samostojni ogled<\/a><br \/><\/strong><span style=\"color: #c61647;\">\u2192<\/span> 9.00 &#8211; 17.30: <strong><a href=\"https:\/\/rezervacije.visitkranj.com\/sl\/experience\/detail\/tunnels-under-the-old-town-of-kranj-self-guided-tour\/\">Rovi pod starim Kranjem \u2013 samostojni ogled<\/a><\/strong><br \/><span style=\"color: #c61647;\">\u2192<\/span>\u00a09.00 &#8211; 17.30: <strong><a href=\"https:\/\/rezervacije.visitkranj.com\/sl\/experience\/detail\/inventor-janez-puhar-cabinet-self-guided-tour\/\">Kabinet izumitelja Puharja &#8211; samostojni ogled<\/a><br \/><\/strong><span style=\"color: #c61647;\">\u2192<\/span> 11.00 &#8211; 16.00:<strong><a href=\"https:\/\/rezervacije.visitkranj.com\/sl\/experience\/detail\/ogled-informacijskega-centra-o-cloveski-ribici-sos-proteus\/\">Ogled Info centra SOS Proteus<\/a>, na vsako polno uro <\/strong><span style=\"color: #c61647;\"><br \/>\u2192<\/span>10.00, 10.30, 11.00, 11.30, 12.00, 12.30, 13.00, 13.30, 14.00, 14.30, 15.00, 15.30, 16.00, 16.30:<strong><a href=\"https:\/\/rezervacije.visitkranj.com\/sl\/experience\/detail\/rovi_pod_starim_kranjem\/\">Voden ogled rovov pod starim Kranjem<\/a><\/strong><br \/><span style=\"color: #c61647;\">\u2192<\/span>\u00a010.00, 11.30, 13.30, 15.30:<strong><a href=\"https:\/\/rezervacije.visitkranj.com\/sl\/experience\/detail\/klasicen_voden_ogled_kranja\/\">Voden ogled starega mestnega jedra<\/a><\/strong><\/p><p>\u2139\ufe0f V \u010dasu Vsak dan Pre\u0161ernovo (1.\u20138. 2. ) in <strong>Pre\u0161ernovega smenja (8. 2.)<\/strong> Zavod za turizem in kulturo Kranja podarja <strong>20% popust na vodenja in oglede<\/strong>. Izjema sta info center SOS Proteus in zvonik cerkve sv. Kancijana.<\/p><p><span style=\"color: #808080;\"><em>Organizator: Zavod za turizem in kulturo Kranj<\/em><\/span><\/p><p><span style=\"color: #c61647;\"><strong>GORENJSKI MUZEJ<\/strong><\/span><br \/>Javna vodstva<br \/><span style=\"color: #c61647;\">\u2192<\/span> 12.00: <strong>Svetinje in \u010drepinje, grad Khislstein<\/strong><br \/><span style=\"color: #c61647;\">\u2192<\/span> 14.00: <strong>Pre\u0161eren \u2013 Pesnik, Pre\u0161ernova hi\u0161a<\/strong><br \/><span style=\"color: #c61647;\">\u2192<\/span> 15.00: <strong>Prelepa Gorenjska, grad Khislstein<\/strong><br \/><span style=\"color: #c61647;\">\u2192<\/span> 10.00\u201316.00: <strong>Pre\u0161ernov mozaik &#8211; pedago\u0161ke delavnice za otroke, grad Khislstein<\/strong><\/p><p><span style=\"color: #c61647;\"><strong>GALERIJA PRE\u0160ERNOVIH NAGRAJENCEV ZA LIKOVNO UMETNOST KRANJ<\/strong><\/span><br \/><span style=\"color: #c61647;\">\u2192<\/span> 11.00: <strong>Duhovno v umetnost, <\/strong>pogovor z akademikom dr. Jo\u017eefom Muhovi\u010dem in dr. Branetom Senega\u010dnikom<br \/><span style=\"color: #c61647;\">\u2192<\/span> 15.40\u201316.30: <strong>Tone Stojko: vodstvo <\/strong>po razstavi Portreti Pre\u0161ernovih nagrajencev in nagrajencev Pre\u0161ernovega sklada 2026<br \/><span style=\"color: #c61647;\">\u2192<\/span> 10.00\u201318.00: <strong>Dragica \u010cade\u017e, razstava skulptur <\/strong>Pre\u0161ernove nagrajenke 2025<br \/><strong><span style=\"color: #c61647;\">\u2192<\/span>\u00a0Nata\u0161a Kramberger, <\/strong>Pre\u0161ernova nagrajenka sklada 2025, recital iz zbirke Kaj le v sebi nosi\u0161, nastale v dialogu z<strong> Dragico \u010cade\u017e<\/strong><\/p><p><span style=\"color: #c61647;\"><strong>PRE\u0160ERNOVO GLEDALI\u0160\u010cE KRANJ<\/strong><\/span><br \/><span style=\"color: #c61647;\">\u2192<\/span> 12.00\u201315.00: <strong>Vodeni ogledi Pre\u0161ernovega gledali\u0161\u010da<\/strong> (brezpla\u010dne vstopnice)<br \/><span style=\"color: #c61647;\">\u2192<\/span>\u00a017.00: <strong>Shod muz na kranjskem parnasi<\/strong><\/p><p><span style=\"color: #808080;\"><em>Organizator: Pre\u0161ernovo gledali\u0161\u010de Kranj<\/em><\/span><\/p><p><span style=\"color: #c61647;\"><strong>LAYERJEVA HI\u0160A<\/strong><\/span><br \/><span style=\"color: #c61647;\">\u2192<\/span> 11.00: <strong>Izid antologije Ljubo doma<\/strong><br \/><span style=\"color: #c61647;\">\u2192<\/span> 12.00: <strong>Voden ogled po razstavi Kdo ga ima<\/strong><br \/><span style=\"color: #c61647;\">\u2192<\/span> 13.00: <strong>Pop Up poezija<\/strong><\/p><p><span style=\"color: #c61647;\"><strong>ROVI POD STARIM KRANJEM<\/strong><\/span><br \/><span style=\"color: #c61647;\">\u2192<\/span> 9.00 &#8211; 17.30: <strong>Pre\u0161eren skozi otro\u0161ke o\u010di, razstava risb kranjskih osnovno\u0161olcev<br \/><\/strong><\/p><p><span style=\"color: #c61647;\"><strong>PRED STARO PO\u0160TO<\/strong><\/span><br \/><strong><span style=\"color: #c61647;\">\u2192<\/span> Fotokoti\u010dek Photolandia<\/strong><\/p><p><span style=\"color: #808080;\"><em>* Wir behalten uns das Recht vor, das Programm zu \u00e4ndern<\/em>.<\/span><\/p>\t\t\t\t\t\t\t\t<\/div>\n\t\t\t\t<\/div>\n\t\t\t\t<div class=\"elementor-element elementor-element-451b458 elementor-hidden-desktop elementor-hidden-tablet elementor-hidden-mobile elementor-widget elementor-widget-text-editor\" data-id=\"451b458\" data-element_type=\"widget\" data-e-type=\"widget\" data-widget_type=\"text-editor.default\">\n\t\t\t\t<div class=\"elementor-widget-container\">\n\t\t\t\t\t\t\t\t\t<h2>PRE\u0160EREN-JAHRMARKT<br \/><span style=\"color: #808080;\">8. Februar 2026<\/span><\/h2><p>Der <strong>Pre\u0161eren-Jahrmarkt<\/strong> in Kranj, der zur Erinnerung an unseren gr\u00f6\u00dften Dichter, <strong>Dr. France Pre\u0161eren<\/strong>, organisiert wird, ist eine der bekanntesten Veranstaltungen anl\u00e4sslich des kulturellen Feiertages. Jedes Jahr am <strong>8. Februar<\/strong> wird der Geist von Dr. France Pre\u0161eren in den <strong>Stra\u00dfen von Kranj<\/strong> lebendig.<\/p><blockquote><p>Die Veranstaltung findet zwischen <strong>10:00 und 22:00 Uhr<\/strong> im <strong>Stadtzentrum<\/strong> statt.<\/p><\/blockquote><p>Die <strong>Kultureinrichtungen<\/strong> sind ge\u00f6ffnet und zeigen ihre Sch\u00e4tze bei \u00f6ffentlichen F\u00fchrungen. Auch die <strong>touristischen Attraktionen<\/strong> von Kranj bleiben l\u00e4nger offen. Schauen Sie bei Ihrem Spaziergang durch die Stadt bei den St\u00e4nden der Kunsthandwerker vorbei. An den St\u00e4nden der <strong>Pre\u0161eren-K\u00fcche<\/strong> sorgt man f\u00fcr gutes Essen und Trinken. F\u00fcr Romantiker empfehlen wir eine Kutschfahrt und Ponyreiten f\u00fcr die Kinder. Beim Pre\u0161eren-Jahrmarkt gibt es au\u00dferdem <strong>Rezitationen von Pre\u0161eren-Gedichten<\/strong>, ein Musik- und Kulturprogramm sowie ein Kinderprogramm begleitet. Die Stadt ist erf\u00fcllt von den Kl\u00e4ngen der Drehorgeln, und in der Menge spazieren Folkloregruppen und Amateurschauspieler in den typischen Trachten aus der Zeit von Pre\u0161eren.<\/p><p>Das <strong>Programm<\/strong> des Pre\u0161eren-Festivals dauert <strong>bis 17 Uhr<\/strong> und endet mit der Zusammenkunft der <strong>Musen auf dem Krainer Parnass<\/strong>. Denn traditionell werden in Kranj anl\u00e4sslich des Kulturfestes die <strong>Pre\u0161eren-Preistr\u00e4ger<\/strong> und <strong>Pre\u0161eren-Fonds-Gewinner<\/strong> geehrt. Die Pre\u0161eren-Feier endet somit einem Treffen der K\u00fcnstler, die die h\u00f6chsten nationalen Auszeichnungen im Bereich der Kultur und Kunst erhalten haben.<\/p><p>Genie\u00dfen Sie diese Reise zur\u00fcck ins 19. Jahrhundert!<\/p><p><img fetchpriority=\"high\" decoding=\"async\" class=\"alignnone size-full wp-image-901563\" src=\"https:\/\/www.visitkranj.com\/wp-content\/uploads\/2025\/01\/Presernov-smenj_Vsak-dan-Presernovo-2025_oglas-1264x780_DE.jpg\" alt=\"\" width=\"1264\" height=\"780\" srcset=\"https:\/\/www.visitkranj.com\/wp-content\/uploads\/2025\/01\/Presernov-smenj_Vsak-dan-Presernovo-2025_oglas-1264x780_DE.jpg 1264w, https:\/\/www.visitkranj.com\/wp-content\/uploads\/2025\/01\/Presernov-smenj_Vsak-dan-Presernovo-2025_oglas-1264x780_DE-300x185.jpg 300w, https:\/\/www.visitkranj.com\/wp-content\/uploads\/2025\/01\/Presernov-smenj_Vsak-dan-Presernovo-2025_oglas-1264x780_DE-1024x632.jpg 1024w, https:\/\/www.visitkranj.com\/wp-content\/uploads\/2025\/01\/Presernov-smenj_Vsak-dan-Presernovo-2025_oglas-1264x780_DE-768x474.jpg 768w\" sizes=\"(max-width: 1264px) 100vw, 1264px\" \/><\/p>\t\t\t\t\t\t\t\t<\/div>\n\t\t\t\t<\/div>\n\t\t\t\t<div class=\"elementor-element elementor-element-b172cec elementor-hidden-desktop elementor-hidden-tablet elementor-hidden-mobile elementor-widget elementor-widget-text-editor\" data-id=\"b172cec\" data-element_type=\"widget\" data-e-type=\"widget\" data-widget_type=\"text-editor.default\">\n\t\t\t\t<div class=\"elementor-widget-container\">\n\t\t\t\t\t\t\t\t\t<h2>PRE\u0160ERNOV SMENJ<br \/><span style=\"color: #808080;\">8. februar 2024<\/span><\/h2><p>Pre\u0161ernov smenj v Kranju, ki obudi spomin na na\u0161ega najve\u010djega pesnika dr. Franceta Pre\u0161erna, je ena najbolj prepoznavnih prireditev ob kulturnem prazniku. Vsako leto 8. februarja po ulicah Kranja za\u017eivi duh dr. Franceta Pre\u0161erna.<\/p><p>Odprti so kulturni hrami, ki na ogled postavijo svoje bogate vsebine. Obi\u0161\u010dite\u00a0<a href=\"https:\/\/www.visitkranj.com\/presernova-hisa\">Pre\u0161ernovo hi\u0161o<\/a>,\u00a0<a href=\"https:\/\/www.visitkranj.com\/mestna-hisa\">Mestno hi\u0161o<\/a>\u00a0in\u00a0<a href=\"https:\/\/www.visitkranj.com\/grad-khislstein\">Grad Khislstein<\/a>, kjer je na ta dan vstop brezpla\u010den. Med sprehodom po mestu se ustavite na sejmu doma\u010de in umetnostne obrti.\u00a0Pre\u0161ernov smenj vsa leta spremljajo tudi\u00a0recitacije Pre\u0161ernovih pesmi.<\/p><p><img decoding=\"async\" class=\"alignnone size-full wp-image-4754\" src=\"https:\/\/www.visitkranj.com\/wp-content\/uploads\/2023\/05\/presernov-smenj-1.jpg\" alt=\"\" width=\"1200\" height=\"800\" srcset=\"https:\/\/www.visitkranj.com\/wp-content\/uploads\/2023\/05\/presernov-smenj-1.jpg 1200w, https:\/\/www.visitkranj.com\/wp-content\/uploads\/2023\/05\/presernov-smenj-1-300x200.jpg 300w, https:\/\/www.visitkranj.com\/wp-content\/uploads\/2023\/05\/presernov-smenj-1-1024x683.jpg 1024w, https:\/\/www.visitkranj.com\/wp-content\/uploads\/2023\/05\/presernov-smenj-1-768x512.jpg 768w\" sizes=\"(max-width: 1200px) 100vw, 1200px\" \/><\/p>\t\t\t\t\t\t\t\t<\/div>\n\t\t\t\t<\/div>\n\t\t\t\t<div class=\"elementor-element elementor-element-204bef7 elementor-hidden-desktop elementor-hidden-tablet elementor-hidden-mobile elementor-widget elementor-widget-text-editor\" data-id=\"204bef7\" data-element_type=\"widget\" data-e-type=\"widget\" data-widget_type=\"text-editor.default\">\n\t\t\t\t<div class=\"elementor-widget-container\">\n\t\t\t\t\t\t\t\t\t<h2>PRE\u0160ERNOV SMENJ<br \/><span style=\"color: #808080;\">Februar 2024<\/span><\/h2><p>Pre\u0161ernov smenj v Kranju, ki obudi spomin na na\u0161ega najve\u010djega pesnika dr. Franceta Pre\u0161erna, je ena najbolj prepoznavnih prireditev ob kulturnem prazniku. Vsako leto 8. februarja po ulicah Kranja za\u017eivi duh dr. Franceta Pre\u0161erna.<\/p><p>Program Pre\u0161ernovega smenja 2023 si oglejte\u00a0<a href=\"https:\/\/www.visitkranj.com\/presernov-smenj-kranj#program-2023\">TUKAJ<\/a>.<\/p><p>Odprti so kulturni hrami, ki na ogled postavijo svoje bogate vsebine. Obi\u0161\u010dite\u00a0<a href=\"https:\/\/www.visitkranj.com\/presernova-hisa\">Pre\u0161ernovo hi\u0161o<\/a>,\u00a0<a href=\"https:\/\/www.visitkranj.com\/mestna-hisa\">Mestno hi\u0161o<\/a>\u00a0in\u00a0<a href=\"https:\/\/www.visitkranj.com\/grad-khislstein\">Grad Khislstein<\/a>, kjer je na ta dan vstop brezpla\u010den. Med sprehodom po mestu se ustavite na sejmu doma\u010de in umetnostne obrti.<\/p><p>Pre\u0161ernov smenj vsa leta spremljajo tudi\u00a0<strong>recitacije Pre\u0161ernovih pesmi<\/strong>.<\/p><p>Kje v Kranju ob kulturnem prazniku pripravljajo okusno kulinari\u010dno ponudbo? Kdaj bo Pre\u0161erna ju\u017eina? Preberite si ve\u010d\u00a0<a href=\"https:\/\/www.visitkranj.com\/kranjska-kulinarika-v-znamenju-preserna\">TUKAJ<\/a>.<\/p><p><img decoding=\"async\" class=\"aligncenter wp-image-4976 size-full\" src=\"https:\/\/www.visitkranj.com\/wp-content\/uploads\/2023\/05\/presernov-smenj-2023-banner-vodoraven-1.png\" alt=\"\" width=\"1294\" height=\"293\" srcset=\"https:\/\/www.visitkranj.com\/wp-content\/uploads\/2023\/05\/presernov-smenj-2023-banner-vodoraven-1.png 1294w, https:\/\/www.visitkranj.com\/wp-content\/uploads\/2023\/05\/presernov-smenj-2023-banner-vodoraven-1-300x68.png 300w, https:\/\/www.visitkranj.com\/wp-content\/uploads\/2023\/05\/presernov-smenj-2023-banner-vodoraven-1-1024x232.png 1024w, https:\/\/www.visitkranj.com\/wp-content\/uploads\/2023\/05\/presernov-smenj-2023-banner-vodoraven-1-768x174.png 768w\" sizes=\"(max-width: 1294px) 100vw, 1294px\" \/><\/p><h2>\u00a0<\/h2><h2>PROGRAM 2023 (<a href=\"https:\/\/www.visitkranj.com\/presernov-smenj-kranj\/program\">Podrobnej\u0161i program<\/a>\u00a0|\u00a0<a href=\"https:\/\/www.visitkranj.com\/presernov-smenj-kranj\/vsak-dan-presernovo\">Vsak dan Pre\u0161ernovo<\/a>)<\/h2><p><strong>Pred Pre\u0161ernovim gledali\u0161\u010dem Kranj<\/strong>:<\/p><ul><li><strong>11.00<\/strong>:\u00a0<strong>Slavnostna otvoritev prireditve<\/strong><\/li><li><strong>11.15 &#8211; 14.00<\/strong>:\u00a0<strong>Nastopi pevskih zborov in recitacije<\/strong><\/li><li><strong>10.00 &#8211; 18.00<\/strong>:\u00a0<strong>Pre\u0161erna kuhna<\/strong><\/li><\/ul><p><strong>Glavni trg ob vodnjaku<\/strong>:<\/p><ul><li><strong>11.00 &#8211; 15.00<\/strong>:\u00a0<strong>Nastopi folklornih skupin<\/strong><\/li><li><strong>11.00 &#8211; 15.00<\/strong>:\u00a0<strong>Muzikal Povodni mo\u017e<\/strong><\/li><li><strong>1<\/strong><strong>6.00<\/strong>:\u00a0<strong>Vlado Kreslin, koncert<\/strong><\/li><li><strong>\u010cas za romantiko 19. stoletja\u00a0<\/strong>(ob 15-letnici Pre\u0161ernovega smenja lahko tudi vi postanete del mode 19. stoletja z nakupom cilindra iz kartona na stojnici pred Kranjsko hi\u0161o na Glavnem trgu 2; Pesmomat &#8211; natisnite si pesem po izbiri)<\/li><\/ul><p><strong>Pred Mestno knji\u017enico Kranj<\/strong>:<\/p><ul><li><strong>11.00 &#8211; 15.00<\/strong>:\u00a0<strong>Vo\u017enja s ko\u010dijo<\/strong><\/li><\/ul><p><strong>Pred Pre\u0161ernovim spominskim muzejem<\/strong>:<\/p><ul><li><strong>11.30, 12.30, 13.30 in 14.30<\/strong>:\u00a0<strong>Oznanilo mestnega glasnika v spremstvu kranjske garde<\/strong><\/li><\/ul><p><strong>Pri cerkvi Sv. Kancijana<\/strong>:<\/p><ul><li><strong>Manufaktura Mojster Janez<\/strong><\/li><\/ul><p><strong>Pungert<\/strong>:<\/p><ul><li><strong>11.00 &#8211; 15.00:\u00a0<\/strong><strong>Jahanje konji\u010dkov<\/strong><\/li><\/ul><p><strong>Staro mestno jedro<\/strong>:<\/p><ul><li><strong>10.00 &#8211; 18.00:\u00a0<\/strong><strong>Sejem doma\u010de in umetnostne obrti<\/strong><\/li><li><strong>11.00 &#8211; 17.00:\u00a0<\/strong><strong>Festival lajnarjev<\/strong><\/li><\/ul><p><strong>Pre\u0161ernova ulica<\/strong>:<\/p><ul><li><strong>11.00 &#8211; 16.00:\u00a0<\/strong><strong>Spominski foto koti\u010dek<\/strong><\/li><\/ul><p><strong>Pre\u0161ernov gaj<\/strong>:<\/p><ul><li><strong>15.15:\u00a0<\/strong><strong>Polaganje venca ob spomeniku dr. Franceta Pre\u0161erna<\/strong><\/li><\/ul><p><strong>Mestna knji\u017enica Kranj<\/strong>:<\/p><ul><li><strong>10.00 &#8211; 16.00:\u00a0<\/strong><strong>Pre\u0161erna jagat, kviz z iskanjem skritih odgovorov<\/strong><\/li><li><strong>10.00 &#8211; 16.00:\u00a0<\/strong><strong>Klik, klik pre\u0161erni nasmeh, foto koti\u010dek v pritli\u010dju knji\u017enice<\/strong><\/li><li><strong>10.00 &#8211; 16.00:\u00a0<\/strong><strong>Lov na knjige, knji\u017eni\u010dni lov na zaklad na otro\u0161kem oddelku<\/strong><\/li><li><strong>10.00 &#8211; 13.00:\u00a0<\/strong><strong>Pre\u0161erna ustvarjalnica<\/strong><\/li><li><strong>10.30:\u00a0<\/strong><strong>Ana in Froga, predstava za otroke<\/strong><\/li><li><strong>11.00:\u00a0<\/strong><strong>Uglasbena poezija, koncert skupine Tantadruj<\/strong><\/li><\/ul><p>* Ob nakupu pli\u0161aste maskote Modrega psa vam na prazni\u010dni dan priznamo 50 % popust.<\/p><p><strong>Kranjska hi\u0161a &#8211; vodenja &amp; ogledi\u00a0<\/strong>(Organizator: Zavod za turizem in kulturo Kranj):<\/p><ul><li><strong>9.00 \u2013 18.00:\u00a0<\/strong><strong>Zvonik cerkve sv. Kancijana<\/strong><\/li><li><strong>10.00, 12.00, 13.00, 14.00, 15.00, 16.00:\u00a0<\/strong><strong>Voden ogled Rovov pod starim Kranjem<\/strong>*<\/li><li><strong>10.15, 12.15, 13.45, 15.45:\u00a0<\/strong><strong>Voden ogled Informacijskega centra SOS proteus<\/strong>*<\/li><li><strong>10.30, 11.30, 12.30, 13.30, 14.30, 15.30:\u00a0<\/strong><strong>Voden ogled Kranja<\/strong>*<\/li><li><strong>11.00:\u00a0<\/strong><strong>Digitalni potep po rovih pod starim Kranjem<\/strong>*<\/li><\/ul><p>*\u00a020% popust v \u010dasu Pre\u0161ernovega smenja.<\/p><p><strong>Gorenjski muzej &#8211; javna vodstva<\/strong>:<\/p><ul><li><strong>12.00:\u00a0<\/strong><strong>Mi ne hranimo v oblaku \u2013 70 let gorenjskega muzeja; grad Khislstein<\/strong><\/li><li><strong>14.00:\u00a0<\/strong><strong>Javno vodstvo po ob\u010dasni razstavi V blesku kovinske oprave; grad Khislstein\u00a0<\/strong>(vodi \u00a0dr. Veronika Pflaum)<\/li><li><strong>15.00:\u00a0<\/strong><strong>Javno vodstvo po stalni razstavi Prelepa Gorenjska; grad Khislstein\u00a0<\/strong>(vodi dr. Monika Rogelj)<\/li><li><strong>16.00:\u00a0<\/strong><strong>Javno vodstvo po ob\u010dasni razstavi Podobe nekdanjega Kranja; Mestna hi\u0161a\u00a0<\/strong>(vodi mag. Tatjana Dol\u017ean Er\u017een)<\/li><li><strong>10.00 &#8211; 16.00:\u00a0<\/strong><strong>Otro\u0161ka delavnica\u00a0<\/strong>(grad Khislstein)<\/li><\/ul><p><strong>Galerija Pre\u0161ernovih nagrajencev za likovno umetnost Kranj<\/strong>:<\/p><ul><li><strong>16.45:\u00a0<\/strong><strong>Recital Pre\u0161ernove nagrajenke Anje \u0160tefan. Sledi o<\/strong><strong>dprtje fotografske razstave Toneta Stojka: Portreti Pre\u0161ernovih nagrajencev 2023<\/strong><\/li><\/ul><p><strong>Pre\u0161ernovo gledali\u0161\u010de Kranj<\/strong>:<\/p><ul><li><strong>13.00 &#8211; 16.00:\u00a0<\/strong><strong>Vodeni ogledi Pre\u0161ernovega gledali\u0161\u010da<\/strong><\/li><li><strong>18.00:\u00a0<\/strong><strong>Shod muz na kranjskem Parnasi<\/strong><\/li><\/ul><p><strong>Layerjeva hi\u0161a<\/strong>:<\/p><ul><li><strong>10.00:\u00a0<\/strong><strong>Pre\u0161ernov dan v Layerjevi hi\u0161i<\/strong><\/li><li><strong>10.00:\u00a0<\/strong><strong>Otvoritev razstav<\/strong><\/li><li><strong>10.00 &#8211; 14.00:\u00a0<\/strong><strong>Layerjev knji\u017eni sejem<\/strong><\/li><li><strong>11.00:\u00a0<\/strong><strong>Pol\u017eevi razmisleki, antologija sodobne slovenske kratke pripovedi mladih avtoric in avtorjev<\/strong><\/li><li><strong>12.00:\u00a0<\/strong><strong>Slam (poezija)<\/strong><\/li><\/ul><p><strong>Zavod za varstvo kulturne dedi\u0161\u010dine<\/strong>:<\/p><ul><li><strong>8.00 &#8211; 16.00:\u00a0<\/strong><strong>Razstava: Jo\u017ee Ple\u010dnik na Gorenjskem V\u010deraj \u2013 danes \u2013 jutri<\/strong><\/li><\/ul><p><strong>Cerkev Sv. Kancijana in tovari\u0161ev<\/strong>:<\/p><ul><li><strong>10.00 &#8211; 11.00:\u00a0<\/strong><strong>Glasbena skupina Dlan, taizejska molitev<\/strong><\/li><li><strong>11.00 &#8211; 12.00:\u00a0<\/strong><strong>Kranjski skavti, adoracija<\/strong><\/li><li><strong>18.00:\u00a0<\/strong><strong>Sv. ma\u0161a za kulturne ustvarjalce (Komorni zbor Gallus)<\/strong><\/li><li><strong>18.30:\u00a0<\/strong><strong>Komorni zbor Gallus (koncert)<\/strong><\/li><\/ul><p><strong>Galerija likovnega dru\u0161tva Kranj &#8211; ZDSLU<\/strong>:<\/p><ul><li><strong>11.00:\u00a0<\/strong><strong>Odprtje razstave \u00bbPre\u0161ernov Smenj-Pesniku v \u010dast\u00ab; tradicionalne razstave \u010dlanov Likovnega dru\u0161tva Kranj ob slovenskem dnevu kulture<\/strong><\/li><\/ul>\t\t\t\t\t\t\t\t<\/div>\n\t\t\t\t<\/div>\n\t\t\t\t\t<\/div>\n\t\t\t\t<\/div>\n\t\t\t\t<\/div>\n\t\t","protected":false},"excerpt":{"rendered":"<p>PRE\u0160EREN-JAHRMARKT8. Februar 2026 Der Pre\u0161eren-Jahrmarkt in Kranj, der zur Erinnerung an unseren gr\u00f6\u00dften Dichter, Dr. France Pre\u0161eren, organisiert wird, ist eine der bekanntesten Veranstaltungen anl\u00e4sslich des kulturellen Feiertages. Jedes Jahr am 8. Februar wird der Geist von Dr. France Pre\u0161eren in den Stra\u00dfen von Kranj lebendig. Die Kultureinrichtungen sind ge\u00f6ffnet und zeigen ihre Sch\u00e4tze bei [&hellip;]<\/p>\n","protected":false},"featured_media":291343,"parent":0,"menu_order":0,"template":"","class_list":["post-19653","izbrani-dogodki","type-izbrani-dogodki","status-publish","has-post-thumbnail","hentry"],"yoast_head":"<!-- This site is optimized with the Yoast SEO plugin v26.9 - https:\/\/yoast.com\/product\/yoast-seo-wordpress\/ -->\n<title>Pre\u0161eren-Jahrmarkt - Visit Kranj<\/title>\n<meta name=\"robots\" content=\"index, follow, max-snippet:-1, max-image-preview:large, max-video-preview:-1\" \/>\n<link rel=\"canonical\" href=\"https:\/\/www.visitkranj.com\/de\/ausgewaehlte-veranstaltungen\/preseren-jahrmarkt-kranj\/\" \/>\n<meta property=\"og:locale\" content=\"de_DE\" \/>\n<meta property=\"og:type\" content=\"article\" \/>\n<meta property=\"og:title\" content=\"Pre\u0161eren-Jahrmarkt - Visit Kranj\" \/>\n<meta property=\"og:description\" content=\"PRE\u0160EREN-JAHRMARKT8. Februar 2026 Der Pre\u0161eren-Jahrmarkt in Kranj, der zur Erinnerung an unseren gr\u00f6\u00dften Dichter, Dr. France Pre\u0161eren, organisiert wird, ist eine der bekanntesten Veranstaltungen anl\u00e4sslich des kulturellen Feiertages. Jedes Jahr am 8. Februar wird der Geist von Dr. France Pre\u0161eren in den Stra\u00dfen von Kranj lebendig. Die Kultureinrichtungen sind ge\u00f6ffnet und zeigen ihre Sch\u00e4tze bei [&hellip;]\" \/>\n<meta property=\"og:url\" content=\"https:\/\/www.visitkranj.com\/de\/ausgewaehlte-veranstaltungen\/preseren-jahrmarkt-kranj\/\" \/>\n<meta property=\"og:site_name\" content=\"Visit Kranj\" \/>\n<meta property=\"article:publisher\" content=\"https:\/\/www.facebook.com\/VisitKranj\/\" \/>\n<meta property=\"article:modified_time\" content=\"2026-01-27T17:51:46+00:00\" \/>\n<meta property=\"og:image\" content=\"https:\/\/www.visitkranj.com\/wp-content\/uploads\/2024\/01\/Presernov-smenj-2024_Visit-Kranj_hero.jpg\" \/>\n\t<meta property=\"og:image:width\" content=\"1800\" \/>\n\t<meta property=\"og:image:height\" content=\"790\" \/>\n\t<meta property=\"og:image:type\" content=\"image\/jpeg\" \/>\n<meta name=\"twitter:card\" content=\"summary_large_image\" \/>\n<meta name=\"twitter:label1\" content=\"Gesch\u00e4tzte Lesezeit\" \/>\n\t<meta name=\"twitter:data1\" content=\"10\u00a0Minuten\" \/>\n<script type=\"application\/ld+json\" class=\"yoast-schema-graph\">{\"@context\":\"https:\/\/schema.org\",\"@graph\":[{\"@type\":\"WebPage\",\"@id\":\"https:\/\/www.visitkranj.com\/de\/ausgewaehlte-veranstaltungen\/preseren-jahrmarkt-kranj\/\",\"url\":\"https:\/\/www.visitkranj.com\/de\/ausgewaehlte-veranstaltungen\/preseren-jahrmarkt-kranj\/\",\"name\":\"Pre\u0161eren-Jahrmarkt - Visit Kranj\",\"isPartOf\":{\"@id\":\"https:\/\/www.visitkranj.com\/de\/#website\"},\"primaryImageOfPage\":{\"@id\":\"https:\/\/www.visitkranj.com\/de\/ausgewaehlte-veranstaltungen\/preseren-jahrmarkt-kranj\/#primaryimage\"},\"image\":{\"@id\":\"https:\/\/www.visitkranj.com\/de\/ausgewaehlte-veranstaltungen\/preseren-jahrmarkt-kranj\/#primaryimage\"},\"thumbnailUrl\":\"https:\/\/www.visitkranj.com\/wp-content\/uploads\/2024\/01\/Presernov-smenj-2024_Visit-Kranj_hero.jpg\",\"datePublished\":\"2023-09-08T10:00:24+00:00\",\"dateModified\":\"2026-01-27T17:51:46+00:00\",\"breadcrumb\":{\"@id\":\"https:\/\/www.visitkranj.com\/de\/ausgewaehlte-veranstaltungen\/preseren-jahrmarkt-kranj\/#breadcrumb\"},\"inLanguage\":\"de\",\"potentialAction\":[{\"@type\":\"ReadAction\",\"target\":[\"https:\/\/www.visitkranj.com\/de\/ausgewaehlte-veranstaltungen\/preseren-jahrmarkt-kranj\/\"]}]},{\"@type\":\"ImageObject\",\"inLanguage\":\"de\",\"@id\":\"https:\/\/www.visitkranj.com\/de\/ausgewaehlte-veranstaltungen\/preseren-jahrmarkt-kranj\/#primaryimage\",\"url\":\"https:\/\/www.visitkranj.com\/wp-content\/uploads\/2024\/01\/Presernov-smenj-2024_Visit-Kranj_hero.jpg\",\"contentUrl\":\"https:\/\/www.visitkranj.com\/wp-content\/uploads\/2024\/01\/Presernov-smenj-2024_Visit-Kranj_hero.jpg\",\"width\":1800,\"height\":790},{\"@type\":\"BreadcrumbList\",\"@id\":\"https:\/\/www.visitkranj.com\/de\/ausgewaehlte-veranstaltungen\/preseren-jahrmarkt-kranj\/#breadcrumb\",\"itemListElement\":[{\"@type\":\"ListItem\",\"position\":1,\"name\":\"Start\",\"item\":\"https:\/\/www.visitkranj.com\/de\/\"},{\"@type\":\"ListItem\",\"position\":2,\"name\":\"ausgew\u00e4hlte Veranstaltungen\",\"item\":\"https:\/\/www.visitkranj.com\/de\/ausgewaehlte-veranstaltungen\/\"},{\"@type\":\"ListItem\",\"position\":3,\"name\":\"Pre\u0161eren-Jahrmarkt\"}]},{\"@type\":\"WebSite\",\"@id\":\"https:\/\/www.visitkranj.com\/de\/#website\",\"url\":\"https:\/\/www.visitkranj.com\/de\/\",\"name\":\"Visit Kranj\",\"description\":\"Uradna spletna stran turizma Kranj\",\"publisher\":{\"@id\":\"https:\/\/www.visitkranj.com\/de\/#organization\"},\"potentialAction\":[{\"@type\":\"SearchAction\",\"target\":{\"@type\":\"EntryPoint\",\"urlTemplate\":\"https:\/\/www.visitkranj.com\/de\/?s={search_term_string}\"},\"query-input\":{\"@type\":\"PropertyValueSpecification\",\"valueRequired\":true,\"valueName\":\"search_term_string\"}}],\"inLanguage\":\"de\"},{\"@type\":\"Organization\",\"@id\":\"https:\/\/www.visitkranj.com\/de\/#organization\",\"name\":\"Zavod za turizem in kulturo Kranj\",\"url\":\"https:\/\/www.visitkranj.com\/de\/\",\"logo\":{\"@type\":\"ImageObject\",\"inLanguage\":\"de\",\"@id\":\"https:\/\/www.visitkranj.com\/de\/#\/schema\/logo\/image\/\",\"url\":\"https:\/\/www.visitkranj.com\/wp-content\/uploads\/2022\/11\/logo_menu_small.png\",\"contentUrl\":\"https:\/\/www.visitkranj.com\/wp-content\/uploads\/2022\/11\/logo_menu_small.png\",\"width\":142,\"height\":142,\"caption\":\"Zavod za turizem in kulturo Kranj\"},\"image\":{\"@id\":\"https:\/\/www.visitkranj.com\/de\/#\/schema\/logo\/image\/\"},\"sameAs\":[\"https:\/\/www.facebook.com\/VisitKranj\/\",\"https:\/\/www.instagram.com\/visitkranj\/\",\"https:\/\/www.tripadvisor.com\/Attraction_Review-g644300-d7289577-Reviews-Tourist_Information_Centre_Kranj_House-Kranj_Upper_Carniola_Region.html\"]}]}<\/script>\n<!-- \/ Yoast SEO plugin. -->","yoast_head_json":{"title":"Pre\u0161eren-Jahrmarkt - Visit Kranj","robots":{"index":"index","follow":"follow","max-snippet":"max-snippet:-1","max-image-preview":"max-image-preview:large","max-video-preview":"max-video-preview:-1"},"canonical":"https:\/\/www.visitkranj.com\/de\/ausgewaehlte-veranstaltungen\/preseren-jahrmarkt-kranj\/","og_locale":"de_DE","og_type":"article","og_title":"Pre\u0161eren-Jahrmarkt - Visit Kranj","og_description":"PRE\u0160EREN-JAHRMARKT8. Februar 2026 Der Pre\u0161eren-Jahrmarkt in Kranj, der zur Erinnerung an unseren gr\u00f6\u00dften Dichter, Dr. France Pre\u0161eren, organisiert wird, ist eine der bekanntesten Veranstaltungen anl\u00e4sslich des kulturellen Feiertages. Jedes Jahr am 8. Februar wird der Geist von Dr. France Pre\u0161eren in den Stra\u00dfen von Kranj lebendig. Die Kultureinrichtungen sind ge\u00f6ffnet und zeigen ihre Sch\u00e4tze bei [&hellip;]","og_url":"https:\/\/www.visitkranj.com\/de\/ausgewaehlte-veranstaltungen\/preseren-jahrmarkt-kranj\/","og_site_name":"Visit Kranj","article_publisher":"https:\/\/www.facebook.com\/VisitKranj\/","article_modified_time":"2026-01-27T17:51:46+00:00","og_image":[{"width":1800,"height":790,"url":"https:\/\/www.visitkranj.com\/wp-content\/uploads\/2024\/01\/Presernov-smenj-2024_Visit-Kranj_hero.jpg","type":"image\/jpeg"}],"twitter_card":"summary_large_image","twitter_misc":{"Gesch\u00e4tzte Lesezeit":"10\u00a0Minuten"},"schema":{"@context":"https:\/\/schema.org","@graph":[{"@type":"WebPage","@id":"https:\/\/www.visitkranj.com\/de\/ausgewaehlte-veranstaltungen\/preseren-jahrmarkt-kranj\/","url":"https:\/\/www.visitkranj.com\/de\/ausgewaehlte-veranstaltungen\/preseren-jahrmarkt-kranj\/","name":"Pre\u0161eren-Jahrmarkt - Visit Kranj","isPartOf":{"@id":"https:\/\/www.visitkranj.com\/de\/#website"},"primaryImageOfPage":{"@id":"https:\/\/www.visitkranj.com\/de\/ausgewaehlte-veranstaltungen\/preseren-jahrmarkt-kranj\/#primaryimage"},"image":{"@id":"https:\/\/www.visitkranj.com\/de\/ausgewaehlte-veranstaltungen\/preseren-jahrmarkt-kranj\/#primaryimage"},"thumbnailUrl":"https:\/\/www.visitkranj.com\/wp-content\/uploads\/2024\/01\/Presernov-smenj-2024_Visit-Kranj_hero.jpg","datePublished":"2023-09-08T10:00:24+00:00","dateModified":"2026-01-27T17:51:46+00:00","breadcrumb":{"@id":"https:\/\/www.visitkranj.com\/de\/ausgewaehlte-veranstaltungen\/preseren-jahrmarkt-kranj\/#breadcrumb"},"inLanguage":"de","potentialAction":[{"@type":"ReadAction","target":["https:\/\/www.visitkranj.com\/de\/ausgewaehlte-veranstaltungen\/preseren-jahrmarkt-kranj\/"]}]},{"@type":"ImageObject","inLanguage":"de","@id":"https:\/\/www.visitkranj.com\/de\/ausgewaehlte-veranstaltungen\/preseren-jahrmarkt-kranj\/#primaryimage","url":"https:\/\/www.visitkranj.com\/wp-content\/uploads\/2024\/01\/Presernov-smenj-2024_Visit-Kranj_hero.jpg","contentUrl":"https:\/\/www.visitkranj.com\/wp-content\/uploads\/2024\/01\/Presernov-smenj-2024_Visit-Kranj_hero.jpg","width":1800,"height":790},{"@type":"BreadcrumbList","@id":"https:\/\/www.visitkranj.com\/de\/ausgewaehlte-veranstaltungen\/preseren-jahrmarkt-kranj\/#breadcrumb","itemListElement":[{"@type":"ListItem","position":1,"name":"Start","item":"https:\/\/www.visitkranj.com\/de\/"},{"@type":"ListItem","position":2,"name":"ausgew\u00e4hlte Veranstaltungen","item":"https:\/\/www.visitkranj.com\/de\/ausgewaehlte-veranstaltungen\/"},{"@type":"ListItem","position":3,"name":"Pre\u0161eren-Jahrmarkt"}]},{"@type":"WebSite","@id":"https:\/\/www.visitkranj.com\/de\/#website","url":"https:\/\/www.visitkranj.com\/de\/","name":"Visit Kranj","description":"Uradna spletna stran turizma Kranj","publisher":{"@id":"https:\/\/www.visitkranj.com\/de\/#organization"},"potentialAction":[{"@type":"SearchAction","target":{"@type":"EntryPoint","urlTemplate":"https:\/\/www.visitkranj.com\/de\/?s={search_term_string}"},"query-input":{"@type":"PropertyValueSpecification","valueRequired":true,"valueName":"search_term_string"}}],"inLanguage":"de"},{"@type":"Organization","@id":"https:\/\/www.visitkranj.com\/de\/#organization","name":"Zavod za turizem in kulturo Kranj","url":"https:\/\/www.visitkranj.com\/de\/","logo":{"@type":"ImageObject","inLanguage":"de","@id":"https:\/\/www.visitkranj.com\/de\/#\/schema\/logo\/image\/","url":"https:\/\/www.visitkranj.com\/wp-content\/uploads\/2022\/11\/logo_menu_small.png","contentUrl":"https:\/\/www.visitkranj.com\/wp-content\/uploads\/2022\/11\/logo_menu_small.png","width":142,"height":142,"caption":"Zavod za turizem in kulturo Kranj"},"image":{"@id":"https:\/\/www.visitkranj.com\/de\/#\/schema\/logo\/image\/"},"sameAs":["https:\/\/www.facebook.com\/VisitKranj\/","https:\/\/www.instagram.com\/visitkranj\/","https:\/\/www.tripadvisor.com\/Attraction_Review-g644300-d7289577-Reviews-Tourist_Information_Centre_Kranj_House-Kranj_Upper_Carniola_Region.html"]}]}},"_links":{"self":[{"href":"https:\/\/www.visitkranj.com\/de\/wp-json\/wp\/v2\/izbrani-dogodki\/19653","targetHints":{"allow":["GET"]}}],"collection":[{"href":"https:\/\/www.visitkranj.com\/de\/wp-json\/wp\/v2\/izbrani-dogodki"}],"about":[{"href":"https:\/\/www.visitkranj.com\/de\/wp-json\/wp\/v2\/types\/izbrani-dogodki"}],"version-history":[{"count":33,"href":"https:\/\/www.visitkranj.com\/de\/wp-json\/wp\/v2\/izbrani-dogodki\/19653\/revisions"}],"predecessor-version":[{"id":994237,"href":"https:\/\/www.visitkranj.com\/de\/wp-json\/wp\/v2\/izbrani-dogodki\/19653\/revisions\/994237"}],"wp:featuredmedia":[{"embeddable":true,"href":"https:\/\/www.visitkranj.com\/de\/wp-json\/wp\/v2\/media\/291343"}],"wp:attachment":[{"href":"https:\/\/www.visitkranj.com\/de\/wp-json\/wp\/v2\/media?parent=19653"}],"curies":[{"name":"wp","href":"https:\/\/api.w.org\/{rel}","templated":true}]}}