{"id":19664,"date":"2023-05-13T15:09:26","date_gmt":"2023-05-13T14:09:26","guid":{"rendered":"https:\/\/www.visitkranj.com\/?post_type=izbrani-dogodki&#038;p=19664"},"modified":"2025-12-08T13:15:13","modified_gmt":"2025-12-08T12:15:13","slug":"jeden-tag-ein-preseren-tag","status":"publish","type":"izbrani-dogodki","link":"https:\/\/www.visitkranj.com\/de\/ausgewaehlte-veranstaltungen\/preseren-jahrmarkt-kranj\/jeden-tag-ein-preseren-tag\/","title":{"rendered":"Jeden Tag ein Pre\u0161eren-Tag"},"content":{"rendered":"\t\t<div data-elementor-type=\"wp-post\" data-elementor-id=\"19664\" class=\"elementor elementor-19664 elementor-4736\" data-elementor-post-type=\"izbrani-dogodki\">\n\t\t\t\t<div class=\"elementor-element elementor-element-b754511 e-flex e-con-boxed e-con e-parent\" data-id=\"b754511\" data-element_type=\"container\" data-e-type=\"container\" data-settings=\"{&quot;jet_parallax_layout_list&quot;:[]}\">\n\t\t\t\t\t<div class=\"e-con-inner\">\n\t\t\t\t<div class=\"elementor-element elementor-element-59706cf3 elementor-widget elementor-widget-text-editor\" data-id=\"59706cf3\" data-element_type=\"widget\" data-e-type=\"widget\" data-widget_type=\"text-editor.default\">\n\t\t\t\t<div class=\"elementor-widget-container\">\n\t\t\t\t\t\t\t\t\t<h2 class=\"wp-block-heading\">JEDER TAG EIN PRE\u0160EREN-TAG<br \/><span style=\"color: #808080;\">1. &#8211; 8. Februar 2026<\/span><\/h2><p>Der Pre\u0161eren-Februar in <strong>Kranj<\/strong> \u00f6ffnet die T\u00fcren der <strong>Kulturh\u00e4user<\/strong> und verbindet sie mit der wichtigsten Pre\u0161eren-Veranstaltung und dem fr\u00f6hlichen Fasching, zu einem 8-t\u00e4gigen Fest der Kultur und der Erlebnisse. Vom <strong>1. bis zum 8. Februar<\/strong> wird <strong>jeder Tag in Kranj ein Pre\u0161eren-Tag<\/strong> sein:<\/p><p><span style=\"color: #c61647;\">\u2192<\/span> Das Kranjer Amt f\u00fcr Tourismus und Kultur organisiert interessante <strong>F\u00fchrungen und Besichtigungen<\/strong> mit vielen Verg\u00fcnstigungen (<a href=\"https:\/\/rezervacije.visitkranj.com\/en\/experience\/detail\/klasicen_voden_ogled_kranja\/\"><strong>Stadtf\u00fchrungen<\/strong><\/a>, <a href=\"https:\/\/rezervacije.visitkranj.com\/en\/experience\/detail\/kanjon_reke_kokre\/\"><strong>Besichtigung der Kokra-Schlucht<\/strong><\/a>, <a href=\"https:\/\/rezervacije.visitkranj.com\/en\/experience\/detail\/rovi_pod_starim_kranjem\/\"><strong>Stollen unter der Altstadt von Kranj<\/strong><\/a>, <a href=\"https:\/\/rezervacije.visitkranj.com\/en\/experience\/detail\/ogled-zvonika-cerkve-sv-kancijana\/\"><strong>Besichtigung des Glockenturms der St.-Kanzian-Kirche<\/strong><\/a>, <a href=\"https:\/\/rezervacije.visitkranj.com\/en\/experience\/detail\/ogled-informacijskega-centra-o-cloveski-ribici-sos-proteus\/\"><strong>SOS-Proteus-Informationszentrum<\/strong><\/a>);<\/p><p><span style=\"color: #c61647;\">\u2192<\/span> Die <strong>Kulturh\u00e4user<\/strong> von Kranj (<a href=\"https:\/\/www.visitkranj.com\/de\/sehenswuerdigkeiten\/gorenjska-museum\/\"><strong>Museum von Gorenjska<\/strong><\/a>, <a href=\"https:\/\/www.visitkranj.com\/de\/sehenswuerdigkeiten\/stadtbibliothek-kranj\/\"><strong>Stadtbibliothek<\/strong><\/a>, <a href=\"https:\/\/www.visitkranj.com\/de\/sehenswuerdigkeiten\/preseren-theater-kranj\/\"><strong>Pre\u0161eren-Theater<\/strong><\/a>, <a href=\"https:\/\/www.visitkranj.com\/de\/sehenswuerdigkeiten\/layerhaus\/\"><strong>Layerhaus<\/strong><\/a>) beteiligen sich mit ihren Sch\u00e4tzen, Inhalten und Attraktionen.<\/p><blockquote><p>Erleben Sie die fr\u00f6hliche Stadt und tauchen Sie ein in das romantische 19. Jahrhundert. Feiern wir die Kultur in Kranj, der Stadt von Fr\u00f6hlichkeit und Pre\u0161eren.<\/p><\/blockquote><p>Wir laden Sie nach Kranj ein, in die Stadt, die Sie nach dem Besuch des Pre\u0161eren-Festivals jeden Tag und des <a href=\"https:\/\/www.visitkranj.com\/de\/ausgewaehlte-veranstaltungen\/preseren-jahrmarkt-kranj\/\"><strong>Pre\u0161eren-Jahrmarkts<\/strong><\/a> nur in fr\u00f6hlicher Stimmung verlassen k\u00f6nnen.<\/p><p><img fetchpriority=\"high\" decoding=\"async\" class=\"alignnone size-full wp-image-901563\" src=\"https:\/\/www.visitkranj.com\/wp-content\/uploads\/2025\/01\/Presernov-smenj_Vsak-dan-Presernovo-2025_oglas-1264x780_DE.jpg\" alt=\"\" width=\"1264\" height=\"780\" srcset=\"https:\/\/www.visitkranj.com\/wp-content\/uploads\/2025\/01\/Presernov-smenj_Vsak-dan-Presernovo-2025_oglas-1264x780_DE.jpg 1264w, https:\/\/www.visitkranj.com\/wp-content\/uploads\/2025\/01\/Presernov-smenj_Vsak-dan-Presernovo-2025_oglas-1264x780_DE-300x185.jpg 300w, https:\/\/www.visitkranj.com\/wp-content\/uploads\/2025\/01\/Presernov-smenj_Vsak-dan-Presernovo-2025_oglas-1264x780_DE-1024x632.jpg 1024w, https:\/\/www.visitkranj.com\/wp-content\/uploads\/2025\/01\/Presernov-smenj_Vsak-dan-Presernovo-2025_oglas-1264x780_DE-768x474.jpg 768w\" sizes=\"(max-width: 1264px) 100vw, 1264px\" \/><\/p>\t\t\t\t\t\t\t\t<\/div>\n\t\t\t\t<\/div>\n\t\t\t\t<div class=\"elementor-element elementor-element-5647717 elementor-hidden-desktop elementor-hidden-tablet elementor-hidden-mobile elementor-widget elementor-widget-text-editor\" data-id=\"5647717\" data-element_type=\"widget\" data-e-type=\"widget\" data-widget_type=\"text-editor.default\">\n\t\t\t\t<div class=\"elementor-widget-container\">\n\t\t\t\t\t\t\t\t\t<h2 class=\"wp-block-heading\">JEDER TAG EIN PRE\u0160EREN-TAG<br \/><span style=\"color: #808080;\">1. &#8211; 8. Februar 2025<\/span><\/h2><p>Der Pre\u0161eren-Februar in <strong>Kranj<\/strong> \u00f6ffnet die T\u00fcren der <strong>Kulturh\u00e4user<\/strong> und verbindet sie mit der wichtigsten Pre\u0161eren-Veranstaltung und dem fr\u00f6hlichen Fasching, zu einem 8-t\u00e4gigen Fest der Kultur und der Erlebnisse. Vom <strong>1. bis zum 8. Februar<\/strong> wird <strong>jeder Tag in Kranj ein Pre\u0161eren-Tag<\/strong> sein:<\/p><p><span style=\"color: #c61647;\">\u2192<\/span> Das Kranjer Amt f\u00fcr Tourismus und Kultur organisiert interessante <strong>F\u00fchrungen und Besichtigungen<\/strong> mit vielen Verg\u00fcnstigungen (<a href=\"https:\/\/rezervacije.visitkranj.com\/en\/experience\/detail\/klasicen_voden_ogled_kranja\/\"><strong>Stadtf\u00fchrungen<\/strong><\/a>, <a href=\"https:\/\/rezervacije.visitkranj.com\/en\/experience\/detail\/kanjon_reke_kokre\/\"><strong>Besichtigung der Kokra-Schlucht<\/strong><\/a>, <a href=\"https:\/\/rezervacije.visitkranj.com\/en\/experience\/detail\/rovi_pod_starim_kranjem\/\"><strong>Stollen unter der Altstadt von Kranj<\/strong><\/a>, <a href=\"https:\/\/rezervacije.visitkranj.com\/en\/experience\/detail\/ogled-zvonika-cerkve-sv-kancijana\/\"><strong>Besichtigung des Glockenturms der St.-Kanzian-Kirche<\/strong><\/a>, <a href=\"https:\/\/rezervacije.visitkranj.com\/en\/experience\/detail\/ogled-informacijskega-centra-o-cloveski-ribici-sos-proteus\/\"><strong>SOS-Proteus-Informationszentrum<\/strong><\/a>);<\/p><p><span style=\"color: #c61647;\">\u2192<\/span> Die <strong>Kulturh\u00e4user<\/strong> von Kranj (<a href=\"https:\/\/www.visitkranj.com\/de\/sehenswuerdigkeiten\/gorenjska-museum\/\"><strong>Museum von Gorenjska<\/strong><\/a>, <a href=\"https:\/\/www.visitkranj.com\/de\/sehenswuerdigkeiten\/stadtbibliothek-kranj\/\"><strong>Stadtbibliothek<\/strong><\/a>, <a href=\"https:\/\/www.visitkranj.com\/de\/sehenswuerdigkeiten\/preseren-theater-kranj\/\"><strong>Pre\u0161eren-Theater<\/strong><\/a>, <a href=\"https:\/\/www.visitkranj.com\/de\/sehenswuerdigkeiten\/layerhaus\/\"><strong>Layerhaus<\/strong><\/a>) beteiligen sich mit ihren Sch\u00e4tzen, Inhalten und Attraktionen.<\/p><blockquote><p>Erleben Sie die fr\u00f6hliche Stadt und tauchen Sie ein in das romantische 19. Jahrhundert. Feiern wir die Kultur in Kranj, der Stadt von Fr\u00f6hlichkeit und Pre\u0161eren.<\/p><\/blockquote><p>Wir laden Sie nach Kranj ein, in die Stadt, die Sie nach dem Besuch des Pre\u0161eren-Festivals jeden Tag und des <a href=\"https:\/\/www.visitkranj.com\/de\/ausgewaehlte-veranstaltungen\/preseren-jahrmarkt-kranj\/\"><strong>Pre\u0161eren-Jahrmarkts<\/strong><\/a> nur in fr\u00f6hlicher Stimmung verlassen k\u00f6nnen.<\/p><p><img decoding=\"async\" class=\"alignnone size-full wp-image-291375\" src=\"https:\/\/www.visitkranj.com\/wp-content\/uploads\/2024\/01\/Presernov-smenj-2024_Visit-Kranj_banner_2.png\" alt=\"\" width=\"846\" height=\"194\" srcset=\"https:\/\/www.visitkranj.com\/wp-content\/uploads\/2024\/01\/Presernov-smenj-2024_Visit-Kranj_banner_2.png 846w, https:\/\/www.visitkranj.com\/wp-content\/uploads\/2024\/01\/Presernov-smenj-2024_Visit-Kranj_banner_2-300x69.png 300w, https:\/\/www.visitkranj.com\/wp-content\/uploads\/2024\/01\/Presernov-smenj-2024_Visit-Kranj_banner_2-768x176.png 768w\" sizes=\"(max-width: 846px) 100vw, 846px\" \/><\/p>\t\t\t\t\t\t\t\t<\/div>\n\t\t\t\t<\/div>\n\t\t\t\t<div class=\"elementor-element elementor-element-7a58c59 elementor-hidden-desktop elementor-hidden-tablet elementor-hidden-mobile elementor-widget elementor-widget-text-editor\" data-id=\"7a58c59\" data-element_type=\"widget\" data-e-type=\"widget\" data-widget_type=\"text-editor.default\">\n\t\t\t\t<div class=\"elementor-widget-container\">\n\t\t\t\t\t\t\t\t\t\r\n<h2 class=\"wp-block-heading\">VSAK DAN PRE\u0160ERNOVO<br \/><span style=\"color: #808080;\">1. &#8211; 8. februar 2024<\/span><\/h2>\r\n\r\n\r\n\r\n<p>V februarju se kranjske kulturne ustanove \u017ee tradicionalno pove\u017eemo in soustvarimo dogodek\u00a0<a href=\"https:\/\/www.visitkranj.com\/presernov-smenj-kranj\" target=\"_blank\" rel=\"noreferrer noopener\">Pre\u0161ernov smenj<\/a>, ki je zaradi svoje pestrosti poznan \u0161ir\u0161emu ob\u010dinstvu. Ker doma\u010dinom in obiskovalcem na\u0161ega mesta \u017eelimo pripraviti bogato in raznoliko vsebino ve\u010djega obsega, smo skupaj ustvarili ve\u010ddnevni kulturni program pod sloganom Vsak dan pre\u0161ernovo. Obi\u0161\u010dite Kranj in se prepustite toku kulture!<\/p>\r\n\r\n\r\n\r\n<p>Program Vsak dan Pre\u0161ernovo ustvarjamo skupaj z\u00a0<a href=\"https:\/\/www.visitkranj.com\/gorenjski-muzej\" target=\"_blank\" rel=\"noreferrer noopener\">Gorenjskim muzejem<\/a>,\u00a0<a href=\"https:\/\/www.visitkranj.com\/mestna-knjiznica-kranj\" target=\"_blank\" rel=\"noreferrer noopener\">Mestno knji\u017enico Kranj<\/a>,\u00a0<a href=\"https:\/\/www.visitkranj.com\/presernovo-gledalisce-kranj\" target=\"_blank\" rel=\"noreferrer noopener\">Pre\u0161ernovim gledali\u0161\u010dem Kranj<\/a>\u00a0in\u00a0<a href=\"https:\/\/www.visitkranj.com\/layerjeva-hisa\" target=\"_blank\" rel=\"noreferrer noopener\">Layerjevo hi\u0161o<\/a>\u00a0ter za obiskovalce pripravimo razli\u010dne razstave, predstave, vodene oglede ter koncerte.<\/p>\r\n\r\n\r\n\r\n\r\n\r\n\r\n\r\n<h2 class=\"wp-block-heading\">PROGRAM (2. &#8211; 12. februar 2023)<\/h2>\r\n\r\n\r\n\r\n<p><strong>2. februar<\/strong>:<\/p>\r\n\r\n\r\n\r\n<ul>\r\n<li>14.00:\u00a0Samo odlo\u010diti se mora\u0161; Zaklju\u010dek literarnega nate\u010daja Franceta Pibernika; Mestna knji\u017enica Kranj<\/li>\r\n\r\n\r\n\r\n<li>17.00:\u00a0Digitalni potep po rovih pod starim Kranjem; Kranjska hi\u0161a<em>*<\/em><\/li>\r\n\r\n\r\n\r\n<li>18.00:\u00a0Za\u010detki Gorenjskega muzeja in predstavljanje Pre\u0161ernovih nagrajencev; Pre\u0161ernova hi\u0161a<\/li>\r\n\r\n\r\n\r\n<li>18.00:\u00a0Klasi\u010den voden ogled Kranja<em>*<\/em><\/li>\r\n\r\n\r\n\r\n<li>18.00:\u00a0Sledi poeta; Fakulteta za organizacijske vede<\/li>\r\n\r\n\r\n\r\n<li>18.00:\u00a0Informacijski center SOS proteus; Kranjska hi\u0161a<em>*<\/em><\/li>\r\n\r\n\r\n\r\n<li>19.00:\u00a0Kristali sre\u010de; \u00a0Andrej \u0160tremfelj; Mestna knji\u017enica Kranj<\/li>\r\n<\/ul>\r\n\r\n\r\n\r\n<p>&nbsp;<\/p>\r\n<p><strong>3. februar<\/strong>:<\/p>\r\n\r\n\r\n\r\n<ul>\r\n<li>17.00:\u00a0Rovi pod starim Kranjem; Kranjska hi\u0161a<em>*<\/em><\/li>\r\n\r\n\r\n\r\n<li>18.00:\u00a0Klasi\u010den voden ogled Kranja<em>*<\/em><\/li>\r\n\r\n\r\n\r\n<li>18.00:\u00a0Informacijski center SOS proteus; Kranjska hi\u0161a<em>*<\/em><\/li>\r\n<\/ul>\r\n\r\n\r\n\r\n<p>&nbsp;<\/p>\r\n<p><strong>4. februar<\/strong>:<\/p>\r\n\r\n\r\n\r\n<ul>\r\n<li>10.00 \u2013 12.00:\u00a0Sobotna delavnica z Muzej\u010dico; grad Khislstein<\/li>\r\n\r\n\r\n\r\n<li>10.00:\u00a0Piret Jaaks: Mamin zmaj; Pre\u0161ernovo gledali\u0161\u010de Kranj<\/li>\r\n\r\n\r\n\r\n<li>10.00:\u00a0Rovi pod starim Kranjem; Kranjska hi\u0161a<em>*<\/em><\/li>\r\n\r\n\r\n\r\n<li>10.30:\u00a0Informacijski center SOS proteus; Kranjska hi\u0161a<em>*<\/em><\/li>\r\n\r\n\r\n\r\n<li>11.00:\u00a0Brezpla\u010den voden ogled Kanjona reke Kokre; Kranjska hi\u0161a<\/li>\r\n\r\n\r\n\r\n<li>11.30:\u00a0Klasi\u010den voden ogled Kranja; Kranjska hi\u0161a<em>*<\/em><\/li>\r\n\r\n\r\n\r\n<li>13.00:\u00a0Digitalni potep po rovih pod starim Kranjem; Kranjska hi\u0161a<em>*<\/em><\/li>\r\n<\/ul>\r\n\r\n\r\n\r\n<p>&nbsp;<\/p>\r\n<p><strong>5. februar<\/strong>:<\/p>\r\n\r\n\r\n\r\n<ul>\r\n<li>10.00:\u00a0Rovi pod starim Kranjem; Kranjska hi\u0161a<em>*<\/em><\/li>\r\n\r\n\r\n\r\n<li>11.30:\u00a0Klasi\u010den voden ogled Kranja; Kranjska hi\u0161a<em>*<\/em><\/li>\r\n\r\n\r\n\r\n<li>13.00:\u00a0Digitalni potep po rovih pod starim Kranjem; Kranjska hi\u0161a<em>*<\/em><\/li>\r\n<\/ul>\r\n\r\n\r\n\r\n<p>&nbsp;<\/p>\r\n<p><strong>6. februar<\/strong>:<\/p>\r\n\r\n\r\n\r\n<ul>\r\n<li>11.30:\u00a0Klasi\u010den voden ogled Kranja; Kranjska hi\u0161a<em>*<\/em><\/li>\r\n\r\n\r\n\r\n<li>17.00:\u00a0Digitalni potep po rovih pod starim Kranjem; Kranjska hi\u0161a<em>*<\/em><\/li>\r\n<\/ul>\r\n\r\n\r\n\r\n<p>&nbsp;<\/p>\r\n<p><strong>7. februar<\/strong>:<\/p>\r\n\r\n\r\n\r\n<ul>\r\n<li>11.30:\u00a0Kanjon reke Kokre; Kranjska hi\u0161a<em>*<\/em><\/li>\r\n\r\n\r\n\r\n<li>17.00:\u00a0Rovi pod starim Kranjem; Kranjska hi\u0161a<em>*<\/em><\/li>\r\n\r\n\r\n\r\n<li>17.30 &#8211; 18.00<em>:\u00a0<\/em>Trenutek ti\u0161ine; Pre\u0161ernov gaj<\/li>\r\n\r\n\r\n\r\n<li>18.00 &#8211; 19.00<em>:\u00a0<\/em>Podoknica; Pre\u0161ernova ulica<\/li>\r\n\r\n\r\n\r\n<li>18.00:\u00a0Klasi\u010den voden ogled Kranja; Kranjska hi\u0161a; Kranjska hi\u0161a<em>*<\/em><\/li>\r\n\r\n\r\n\r\n<li>20.00<em>:\u00a0<\/em>Smetnaki, koncert; Stolp \u0160krlovec<\/li>\r\n<\/ul>\r\n\r\n\r\n\r\n<p>&nbsp;<\/p>\r\n<p><strong>8. februar<\/strong>:<\/p>\r\n\r\n\r\n\r\n<ul>\r\n<li>Celoten program &gt;&gt;<a href=\"https:\/\/www.visitkranj.com\/izbrani-dogodki\/presernov-smenj-kranj\/program\/\"><strong>TUKAJ<\/strong><\/a><\/li>\r\n<\/ul>\r\n\r\n\r\n\r\n<p>&nbsp;<\/p>\r\n<p><strong>9. februar<\/strong>:<\/p>\r\n\r\n\r\n\r\n<ul>\r\n<li>17.00:\u00a0Striparske delavnice: Tik je \u0161el v gozd po drva; Miha Ha, Rama Cunta; Mestna knji\u017enica<\/li>\r\n\r\n\r\n\r\n<li>17.00:\u00a0Digitalni potep po rovih pod starim Kranjem; Kranjska hi\u0161a<em>*<\/em><\/li>\r\n\r\n\r\n\r\n<li>18.00:\u00a0Klasi\u010den voden ogled Kranja; Kranjska hi\u0161a<em>*<\/em><\/li>\r\n\r\n\r\n\r\n<li>18.00:\u00a0Informacijski center SOS proteus; Kranjska hi\u0161a<em>*<\/em><\/li>\r\n\r\n\r\n\r\n<li>19.00:\u00a0Na poti: \u010cez Ju\u017eno Ameriko na kolesu; Ale\u0161 Juvanc; Mestna knji\u017enica Kranj<\/li>\r\n<\/ul>\r\n\r\n\r\n\r\n<p>&nbsp;<\/p>\r\n<p><strong>10. februar<\/strong>:<\/p>\r\n\r\n\r\n\r\n<ul>\r\n<li>16.00:\u00a0Kanjon reke Kokre; Kranjska hi\u0161a<em>*<\/em><\/li>\r\n\r\n\r\n\r\n<li>17.00:\u00a0Rovi pod starim Kranjem; Kranjska hi\u0161a<em>*<\/em><\/li>\r\n\r\n\r\n\r\n<li>18.00:\u00a0Klasi\u010den voden ogled Kranja; Kranjska hi\u0161a<em>*<\/em><\/li>\r\n\r\n\r\n\r\n<li>18.00:\u00a0Informacijski center SOS proteus; Kranjska hi\u0161a<em>*<\/em><\/li>\r\n<\/ul>\r\n\r\n\r\n\r\n<p>&nbsp;<\/p>\r\n<p><strong>11. februar<\/strong>:<\/p>\r\n\r\n\r\n\r\n<ul>\r\n<li>10.00:\u00a0Iva Proch\u00e1zkov\u00e1, Katka Aulitisov\u00e1: Babica iz jaj\u010dka<\/li>\r\n\r\n\r\n\r\n<li>10.00:\u00a0Rovi pod starim Kranjem; Kranjska hi\u0161a<em>*<\/em><\/li>\r\n\r\n\r\n\r\n<li>10.30:\u00a0Informacijski center SOS proteus; Kranjska hi\u0161a<em>*<\/em><\/li>\r\n\r\n\r\n\r\n<li>11.30:\u00a0Klasi\u010den voden ogled Kranja; Kranjska hi\u0161a<em>*<\/em><\/li>\r\n\r\n\r\n\r\n<li>13.00:\u00a0Digitalni potep po rovih pod starim Kranjem; Kranjska hi\u0161a<em>*<\/em><\/li>\r\n\r\n\r\n\r\n<li>19.30:\u00a0Ivan Viripajev: Zaprta \u0161tudija \u00bbNew Constructive Ethics\u00ab; Pre\u0161ernovo gledali\u0161\u010de Kranj<\/li>\r\n<\/ul>\r\n\r\n\r\n\r\n<p>&nbsp;<\/p>\r\n<p><strong>12. februar<\/strong>:<\/p>\r\n\r\n\r\n\r\n<ul>\r\n<li>10.00:\u00a0Rovi pod starim Kranjem; Kranjska hi\u0161a<em>*<\/em><\/li>\r\n\r\n\r\n\r\n<li>11.30:\u00a0Klasi\u010den voden ogled Kranja; Kranjska hi\u0161a<em>*<\/em><\/li>\r\n\r\n\r\n\r\n<li>13.00:\u00a0Digitalni potep po rovih pod starim Kranjem; Kranjska hi\u0161a<em>*<\/em><\/li>\r\n<\/ul>\r\n\r\n\r\n\r\n<p>&nbsp;<\/p>\r\n<p><strong>2. do 12. februar<\/strong>:<\/p>\r\n\r\n\r\n\r\n<ul>\r\n<li>9.00 \u2013 18.00:\u00a0Zvonik cerkve sv. Kancijana; Kranjska hi\u0161a<\/li>\r\n<\/ul>\r\n\r\n\r\n\r\n<p>&nbsp;<\/p>\r\n<p><em>*<\/em><em> 20% popust v \u010dasu Vsak dan pre\u0161ernovo.<\/em><\/p>\r\n\t\t\t\t\t\t\t\t<\/div>\n\t\t\t\t<\/div>\n\t\t\t\t\t<\/div>\n\t\t\t\t<\/div>\n\t\t\t\t<\/div>\n\t\t","protected":false},"excerpt":{"rendered":"<p>JEDER TAG EIN PRE\u0160EREN-TAG1. &#8211; 8. Februar 2026 Der Pre\u0161eren-Februar in Kranj \u00f6ffnet die T\u00fcren der Kulturh\u00e4user und verbindet sie mit der wichtigsten Pre\u0161eren-Veranstaltung und dem fr\u00f6hlichen Fasching, zu einem 8-t\u00e4gigen Fest der Kultur und der Erlebnisse. Vom 1. bis zum 8. Februar wird jeder Tag in Kranj ein Pre\u0161eren-Tag sein: \u2192 Das Kranjer Amt [&hellip;]<\/p>\n","protected":false},"featured_media":291343,"parent":19653,"menu_order":0,"template":"","class_list":["post-19664","izbrani-dogodki","type-izbrani-dogodki","status-publish","has-post-thumbnail","hentry"],"yoast_head":"<!-- This site is optimized with the Yoast SEO plugin v26.9 - https:\/\/yoast.com\/product\/yoast-seo-wordpress\/ -->\n<title>Jeden Tag ein Pre\u0161eren-Tag - Visit Kranj<\/title>\n<meta name=\"robots\" content=\"index, follow, max-snippet:-1, max-image-preview:large, max-video-preview:-1\" \/>\n<link rel=\"canonical\" href=\"https:\/\/www.visitkranj.com\/de\/ausgewaehlte-veranstaltungen\/preseren-jahrmarkt-kranj\/jeden-tag-ein-preseren-tag\/\" \/>\n<meta property=\"og:locale\" content=\"de_DE\" \/>\n<meta property=\"og:type\" content=\"article\" \/>\n<meta property=\"og:title\" content=\"Jeden Tag ein Pre\u0161eren-Tag - Visit Kranj\" \/>\n<meta property=\"og:description\" content=\"JEDER TAG EIN PRE\u0160EREN-TAG1. &#8211; 8. Februar 2026 Der Pre\u0161eren-Februar in Kranj \u00f6ffnet die T\u00fcren der Kulturh\u00e4user und verbindet sie mit der wichtigsten Pre\u0161eren-Veranstaltung und dem fr\u00f6hlichen Fasching, zu einem 8-t\u00e4gigen Fest der Kultur und der Erlebnisse. Vom 1. bis zum 8. Februar wird jeder Tag in Kranj ein Pre\u0161eren-Tag sein: \u2192 Das Kranjer Amt [&hellip;]\" \/>\n<meta property=\"og:url\" content=\"https:\/\/www.visitkranj.com\/de\/ausgewaehlte-veranstaltungen\/preseren-jahrmarkt-kranj\/jeden-tag-ein-preseren-tag\/\" \/>\n<meta property=\"og:site_name\" content=\"Visit Kranj\" \/>\n<meta property=\"article:publisher\" content=\"https:\/\/www.facebook.com\/VisitKranj\/\" \/>\n<meta property=\"article:modified_time\" content=\"2025-12-08T12:15:13+00:00\" \/>\n<meta property=\"og:image\" content=\"https:\/\/www.visitkranj.com\/wp-content\/uploads\/2024\/01\/Presernov-smenj-2024_Visit-Kranj_hero.jpg\" \/>\n\t<meta property=\"og:image:width\" content=\"1800\" \/>\n\t<meta property=\"og:image:height\" content=\"790\" \/>\n\t<meta property=\"og:image:type\" content=\"image\/jpeg\" \/>\n<meta name=\"twitter:card\" content=\"summary_large_image\" \/>\n<meta name=\"twitter:label1\" content=\"Gesch\u00e4tzte Lesezeit\" \/>\n\t<meta name=\"twitter:data1\" content=\"5\u00a0Minuten\" \/>\n<script type=\"application\/ld+json\" class=\"yoast-schema-graph\">{\"@context\":\"https:\/\/schema.org\",\"@graph\":[{\"@type\":\"WebPage\",\"@id\":\"https:\/\/www.visitkranj.com\/de\/ausgewaehlte-veranstaltungen\/preseren-jahrmarkt-kranj\/jeden-tag-ein-preseren-tag\/\",\"url\":\"https:\/\/www.visitkranj.com\/de\/ausgewaehlte-veranstaltungen\/preseren-jahrmarkt-kranj\/jeden-tag-ein-preseren-tag\/\",\"name\":\"Jeden Tag ein Pre\u0161eren-Tag - Visit Kranj\",\"isPartOf\":{\"@id\":\"https:\/\/www.visitkranj.com\/de\/#website\"},\"primaryImageOfPage\":{\"@id\":\"https:\/\/www.visitkranj.com\/de\/ausgewaehlte-veranstaltungen\/preseren-jahrmarkt-kranj\/jeden-tag-ein-preseren-tag\/#primaryimage\"},\"image\":{\"@id\":\"https:\/\/www.visitkranj.com\/de\/ausgewaehlte-veranstaltungen\/preseren-jahrmarkt-kranj\/jeden-tag-ein-preseren-tag\/#primaryimage\"},\"thumbnailUrl\":\"https:\/\/www.visitkranj.com\/wp-content\/uploads\/2024\/01\/Presernov-smenj-2024_Visit-Kranj_hero.jpg\",\"datePublished\":\"2023-05-13T14:09:26+00:00\",\"dateModified\":\"2025-12-08T12:15:13+00:00\",\"breadcrumb\":{\"@id\":\"https:\/\/www.visitkranj.com\/de\/ausgewaehlte-veranstaltungen\/preseren-jahrmarkt-kranj\/jeden-tag-ein-preseren-tag\/#breadcrumb\"},\"inLanguage\":\"de\",\"potentialAction\":[{\"@type\":\"ReadAction\",\"target\":[\"https:\/\/www.visitkranj.com\/de\/ausgewaehlte-veranstaltungen\/preseren-jahrmarkt-kranj\/jeden-tag-ein-preseren-tag\/\"]}]},{\"@type\":\"ImageObject\",\"inLanguage\":\"de\",\"@id\":\"https:\/\/www.visitkranj.com\/de\/ausgewaehlte-veranstaltungen\/preseren-jahrmarkt-kranj\/jeden-tag-ein-preseren-tag\/#primaryimage\",\"url\":\"https:\/\/www.visitkranj.com\/wp-content\/uploads\/2024\/01\/Presernov-smenj-2024_Visit-Kranj_hero.jpg\",\"contentUrl\":\"https:\/\/www.visitkranj.com\/wp-content\/uploads\/2024\/01\/Presernov-smenj-2024_Visit-Kranj_hero.jpg\",\"width\":1800,\"height\":790},{\"@type\":\"BreadcrumbList\",\"@id\":\"https:\/\/www.visitkranj.com\/de\/ausgewaehlte-veranstaltungen\/preseren-jahrmarkt-kranj\/jeden-tag-ein-preseren-tag\/#breadcrumb\",\"itemListElement\":[{\"@type\":\"ListItem\",\"position\":1,\"name\":\"Start\",\"item\":\"https:\/\/www.visitkranj.com\/de\/\"},{\"@type\":\"ListItem\",\"position\":2,\"name\":\"ausgew\u00e4hlte Veranstaltungen\",\"item\":\"https:\/\/www.visitkranj.com\/de\/ausgewaehlte-veranstaltungen\/\"},{\"@type\":\"ListItem\",\"position\":3,\"name\":\"Pre\u0161eren-Jahrmarkt\",\"item\":\"https:\/\/www.visitkranj.com\/de\/ausgewaehlte-veranstaltungen\/presernov-smenj-kranj\/\"},{\"@type\":\"ListItem\",\"position\":4,\"name\":\"Jeden Tag ein Pre\u0161eren-Tag\"}]},{\"@type\":\"WebSite\",\"@id\":\"https:\/\/www.visitkranj.com\/de\/#website\",\"url\":\"https:\/\/www.visitkranj.com\/de\/\",\"name\":\"Visit Kranj\",\"description\":\"Uradna spletna stran turizma Kranj\",\"publisher\":{\"@id\":\"https:\/\/www.visitkranj.com\/de\/#organization\"},\"potentialAction\":[{\"@type\":\"SearchAction\",\"target\":{\"@type\":\"EntryPoint\",\"urlTemplate\":\"https:\/\/www.visitkranj.com\/de\/?s={search_term_string}\"},\"query-input\":{\"@type\":\"PropertyValueSpecification\",\"valueRequired\":true,\"valueName\":\"search_term_string\"}}],\"inLanguage\":\"de\"},{\"@type\":\"Organization\",\"@id\":\"https:\/\/www.visitkranj.com\/de\/#organization\",\"name\":\"Zavod za turizem in kulturo Kranj\",\"url\":\"https:\/\/www.visitkranj.com\/de\/\",\"logo\":{\"@type\":\"ImageObject\",\"inLanguage\":\"de\",\"@id\":\"https:\/\/www.visitkranj.com\/de\/#\/schema\/logo\/image\/\",\"url\":\"https:\/\/www.visitkranj.com\/wp-content\/uploads\/2022\/11\/logo_menu_small.png\",\"contentUrl\":\"https:\/\/www.visitkranj.com\/wp-content\/uploads\/2022\/11\/logo_menu_small.png\",\"width\":142,\"height\":142,\"caption\":\"Zavod za turizem in kulturo Kranj\"},\"image\":{\"@id\":\"https:\/\/www.visitkranj.com\/de\/#\/schema\/logo\/image\/\"},\"sameAs\":[\"https:\/\/www.facebook.com\/VisitKranj\/\",\"https:\/\/www.instagram.com\/visitkranj\/\",\"https:\/\/www.tripadvisor.com\/Attraction_Review-g644300-d7289577-Reviews-Tourist_Information_Centre_Kranj_House-Kranj_Upper_Carniola_Region.html\"]}]}<\/script>\n<!-- \/ Yoast SEO plugin. -->","yoast_head_json":{"title":"Jeden Tag ein Pre\u0161eren-Tag - Visit Kranj","robots":{"index":"index","follow":"follow","max-snippet":"max-snippet:-1","max-image-preview":"max-image-preview:large","max-video-preview":"max-video-preview:-1"},"canonical":"https:\/\/www.visitkranj.com\/de\/ausgewaehlte-veranstaltungen\/preseren-jahrmarkt-kranj\/jeden-tag-ein-preseren-tag\/","og_locale":"de_DE","og_type":"article","og_title":"Jeden Tag ein Pre\u0161eren-Tag - Visit Kranj","og_description":"JEDER TAG EIN PRE\u0160EREN-TAG1. &#8211; 8. Februar 2026 Der Pre\u0161eren-Februar in Kranj \u00f6ffnet die T\u00fcren der Kulturh\u00e4user und verbindet sie mit der wichtigsten Pre\u0161eren-Veranstaltung und dem fr\u00f6hlichen Fasching, zu einem 8-t\u00e4gigen Fest der Kultur und der Erlebnisse. Vom 1. bis zum 8. Februar wird jeder Tag in Kranj ein Pre\u0161eren-Tag sein: \u2192 Das Kranjer Amt [&hellip;]","og_url":"https:\/\/www.visitkranj.com\/de\/ausgewaehlte-veranstaltungen\/preseren-jahrmarkt-kranj\/jeden-tag-ein-preseren-tag\/","og_site_name":"Visit Kranj","article_publisher":"https:\/\/www.facebook.com\/VisitKranj\/","article_modified_time":"2025-12-08T12:15:13+00:00","og_image":[{"width":1800,"height":790,"url":"https:\/\/www.visitkranj.com\/wp-content\/uploads\/2024\/01\/Presernov-smenj-2024_Visit-Kranj_hero.jpg","type":"image\/jpeg"}],"twitter_card":"summary_large_image","twitter_misc":{"Gesch\u00e4tzte Lesezeit":"5\u00a0Minuten"},"schema":{"@context":"https:\/\/schema.org","@graph":[{"@type":"WebPage","@id":"https:\/\/www.visitkranj.com\/de\/ausgewaehlte-veranstaltungen\/preseren-jahrmarkt-kranj\/jeden-tag-ein-preseren-tag\/","url":"https:\/\/www.visitkranj.com\/de\/ausgewaehlte-veranstaltungen\/preseren-jahrmarkt-kranj\/jeden-tag-ein-preseren-tag\/","name":"Jeden Tag ein Pre\u0161eren-Tag - Visit Kranj","isPartOf":{"@id":"https:\/\/www.visitkranj.com\/de\/#website"},"primaryImageOfPage":{"@id":"https:\/\/www.visitkranj.com\/de\/ausgewaehlte-veranstaltungen\/preseren-jahrmarkt-kranj\/jeden-tag-ein-preseren-tag\/#primaryimage"},"image":{"@id":"https:\/\/www.visitkranj.com\/de\/ausgewaehlte-veranstaltungen\/preseren-jahrmarkt-kranj\/jeden-tag-ein-preseren-tag\/#primaryimage"},"thumbnailUrl":"https:\/\/www.visitkranj.com\/wp-content\/uploads\/2024\/01\/Presernov-smenj-2024_Visit-Kranj_hero.jpg","datePublished":"2023-05-13T14:09:26+00:00","dateModified":"2025-12-08T12:15:13+00:00","breadcrumb":{"@id":"https:\/\/www.visitkranj.com\/de\/ausgewaehlte-veranstaltungen\/preseren-jahrmarkt-kranj\/jeden-tag-ein-preseren-tag\/#breadcrumb"},"inLanguage":"de","potentialAction":[{"@type":"ReadAction","target":["https:\/\/www.visitkranj.com\/de\/ausgewaehlte-veranstaltungen\/preseren-jahrmarkt-kranj\/jeden-tag-ein-preseren-tag\/"]}]},{"@type":"ImageObject","inLanguage":"de","@id":"https:\/\/www.visitkranj.com\/de\/ausgewaehlte-veranstaltungen\/preseren-jahrmarkt-kranj\/jeden-tag-ein-preseren-tag\/#primaryimage","url":"https:\/\/www.visitkranj.com\/wp-content\/uploads\/2024\/01\/Presernov-smenj-2024_Visit-Kranj_hero.jpg","contentUrl":"https:\/\/www.visitkranj.com\/wp-content\/uploads\/2024\/01\/Presernov-smenj-2024_Visit-Kranj_hero.jpg","width":1800,"height":790},{"@type":"BreadcrumbList","@id":"https:\/\/www.visitkranj.com\/de\/ausgewaehlte-veranstaltungen\/preseren-jahrmarkt-kranj\/jeden-tag-ein-preseren-tag\/#breadcrumb","itemListElement":[{"@type":"ListItem","position":1,"name":"Start","item":"https:\/\/www.visitkranj.com\/de\/"},{"@type":"ListItem","position":2,"name":"ausgew\u00e4hlte Veranstaltungen","item":"https:\/\/www.visitkranj.com\/de\/ausgewaehlte-veranstaltungen\/"},{"@type":"ListItem","position":3,"name":"Pre\u0161eren-Jahrmarkt","item":"https:\/\/www.visitkranj.com\/de\/ausgewaehlte-veranstaltungen\/presernov-smenj-kranj\/"},{"@type":"ListItem","position":4,"name":"Jeden Tag ein Pre\u0161eren-Tag"}]},{"@type":"WebSite","@id":"https:\/\/www.visitkranj.com\/de\/#website","url":"https:\/\/www.visitkranj.com\/de\/","name":"Visit Kranj","description":"Uradna spletna stran turizma Kranj","publisher":{"@id":"https:\/\/www.visitkranj.com\/de\/#organization"},"potentialAction":[{"@type":"SearchAction","target":{"@type":"EntryPoint","urlTemplate":"https:\/\/www.visitkranj.com\/de\/?s={search_term_string}"},"query-input":{"@type":"PropertyValueSpecification","valueRequired":true,"valueName":"search_term_string"}}],"inLanguage":"de"},{"@type":"Organization","@id":"https:\/\/www.visitkranj.com\/de\/#organization","name":"Zavod za turizem in kulturo Kranj","url":"https:\/\/www.visitkranj.com\/de\/","logo":{"@type":"ImageObject","inLanguage":"de","@id":"https:\/\/www.visitkranj.com\/de\/#\/schema\/logo\/image\/","url":"https:\/\/www.visitkranj.com\/wp-content\/uploads\/2022\/11\/logo_menu_small.png","contentUrl":"https:\/\/www.visitkranj.com\/wp-content\/uploads\/2022\/11\/logo_menu_small.png","width":142,"height":142,"caption":"Zavod za turizem in kulturo Kranj"},"image":{"@id":"https:\/\/www.visitkranj.com\/de\/#\/schema\/logo\/image\/"},"sameAs":["https:\/\/www.facebook.com\/VisitKranj\/","https:\/\/www.instagram.com\/visitkranj\/","https:\/\/www.tripadvisor.com\/Attraction_Review-g644300-d7289577-Reviews-Tourist_Information_Centre_Kranj_House-Kranj_Upper_Carniola_Region.html"]}]}},"_links":{"self":[{"href":"https:\/\/www.visitkranj.com\/de\/wp-json\/wp\/v2\/izbrani-dogodki\/19664","targetHints":{"allow":["GET"]}}],"collection":[{"href":"https:\/\/www.visitkranj.com\/de\/wp-json\/wp\/v2\/izbrani-dogodki"}],"about":[{"href":"https:\/\/www.visitkranj.com\/de\/wp-json\/wp\/v2\/types\/izbrani-dogodki"}],"version-history":[{"count":21,"href":"https:\/\/www.visitkranj.com\/de\/wp-json\/wp\/v2\/izbrani-dogodki\/19664\/revisions"}],"predecessor-version":[{"id":987575,"href":"https:\/\/www.visitkranj.com\/de\/wp-json\/wp\/v2\/izbrani-dogodki\/19664\/revisions\/987575"}],"up":[{"embeddable":true,"href":"https:\/\/www.visitkranj.com\/de\/wp-json\/wp\/v2\/izbrani-dogodki\/19653"}],"wp:featuredmedia":[{"embeddable":true,"href":"https:\/\/www.visitkranj.com\/de\/wp-json\/wp\/v2\/media\/291343"}],"wp:attachment":[{"href":"https:\/\/www.visitkranj.com\/de\/wp-json\/wp\/v2\/media?parent=19664"}],"curies":[{"name":"wp","href":"https:\/\/api.w.org\/{rel}","templated":true}]}}