{"id":17979,"date":"2023-05-13T13:19:56","date_gmt":"2023-05-13T13:19:56","guid":{"rendered":"https:\/\/www.visitkranj.com\/?post_type=okusi-kranja&#038;p=17979"},"modified":"2024-10-14T14:13:06","modified_gmt":"2024-10-14T14:13:06","slug":"atimo-weine","status":"publish","type":"okusi-kranja","link":"https:\/\/www.visitkranj.com\/de\/gourmet-erlebnisse\/atimo-weine\/","title":{"rendered":"Atimo Weine"},"content":{"rendered":"<h3>Kranj kann stolz sein auf seinen Winzer Filip Koletnik, der keine eigenen Weinberge oder Weinkeller besitzt, aber sich dadurch nicht aufhalten lie\u00df in seinem Bestreben danach, seinen eigenen Wein herzustellen.<\/h3>\n<p>Der Ausgangspunkt seiner Philosophie ist die \u00dcberzeugung, dass die besten Dinge einfach sind. So ist die Weintraube f\u00fcr ihn an sich vollkommen und sie enth\u00e4lt bereits alles, was notwendig ist, damit guter und Wein mit einem reichen Geschmack entsteht.<\/p>\n<p>Deswegen m\u00f6chte er so wenig wie nur m\u00f6glich den Reifeprozess beeinflussen. Resultat dieser Philosophie ist ein Wein mit lebhafter, goldgelber Farbe, komplexem Duft, starken, mineralischen Noten im Geschmack, voll im K\u00f6rper und von lang anhaltendem Geschmack.<\/p>\n<p>Weine der Marke Atimo reifen in der Region Gori\u0161ka Brda und im kroatischen Istrien.<\/p>\n<hr \/>\n<p><span lang=\"EN-GB\"><strong><br \/>\n<span style=\"color: #c61647;\">\u2192 <\/span>Laden, in dem Produkte von Atimo verkauft werden<\/strong>:<\/span><br \/>\n<span lang=\"SL\">Delikatesa Figa, Pre\u0161ernova ulica 9, 4000 Kranj<\/span><span lang=\"SL\">\u00a0<\/span>(<a href=\"https:\/\/www.google.si\/maps\/place\/Delikatesa+Figa\/@46.2415704,14.353916,17z\/data=!4m5!3m4!1s0x477ab81d1428e5b9:0x52ceca515e61bbf5!8m2!3d46.2401501!4d14.3560728\" target=\"_blank\" rel=\"noopener\">google maps<\/a>)<br \/>\nTrgovina Kraj\u010dek, Po\u0161tna ulica 6, 4000 Kranj (<a href=\"https:\/\/www.google.si\/maps\/place\/Trgovina+Kraj%C4%8Dek\/@46.2389434,14.3539276,17z\/data=!3m1!4b1!4m6!3m5!1s0x477ab81d4dd1928b:0x553054dca0451f96!8m2!3d46.2389397!4d14.3565025!16s%2Fg%2F11c329_h3j?entry=ttu\" target=\"_blank\" rel=\"noreferrer noopener\">google maps<\/a>)<\/p>\n<p><strong><span style=\"color: #c61647;\">\u2192 <\/span>\u00d6ffnungszeiten<\/strong>:<br \/>\nDelikatesa Figa: Mo.-Fri.: 09:00-19:00 &amp; Sa.: 8:00-13:00<br \/>\nTrgovina Kraj\u010dek: Mo.-Fri.: 08:00-19:00 &amp; Sa.: 8:00-13:00<\/p>\n<p><strong><span style=\"color: #c61647;\">\u2192 <\/span>Kontakt<\/strong>:<br \/>\n00 386 41 755 953<br \/>\n<a href=\"mailto:filip.koletnik@gmail.com\" target=\"_blank\" rel=\"noopener\">filip.koletnik@gmail.com<\/a><br \/>\n<a href=\"http:\/\/www.atimo-wines.com\" target=\"_blank\" rel=\"noopener\">atimo-wines.com<\/a><\/p>\n","protected":false},"excerpt":{"rendered":"<p>Auch in Kranj gibt es einen Winzer, Filip Koletnik. Seine Weine unter der Marke Atimo werden in Gori\u0161ka Brda und im kroatischen Istrien angebaut und abgef\u00fcllt.<\/p>\n","protected":false},"featured_media":15411,"template":"","okusi-kranja-kategorije":[309],"class_list":["post-17979","okusi-kranja","type-okusi-kranja","status-publish","has-post-thumbnail","hentry","okusi-kranja-kategorije-bier-wein"],"yoast_head":"<!-- This site is optimized with the Yoast SEO plugin v26.9 - https:\/\/yoast.com\/product\/yoast-seo-wordpress\/ -->\n<title>Atimo Weine - Visit Kranj<\/title>\n<meta name=\"description\" content=\"Auch in Kranj gibt es einen Winzer, Filip Koletnik. Seine Weine unter der Marke Atimo werden in Gori\u0161ka Brda und im kroatischen Istrien angebaut und abgef\u00fcllt.\" \/>\n<meta name=\"robots\" content=\"index, follow, max-snippet:-1, max-image-preview:large, max-video-preview:-1\" \/>\n<link rel=\"canonical\" href=\"https:\/\/www.visitkranj.com\/de\/gourmet-erlebnisse\/atimo-weine\/\" \/>\n<meta property=\"og:locale\" content=\"de_DE\" \/>\n<meta property=\"og:type\" content=\"article\" \/>\n<meta property=\"og:title\" content=\"Atimo Weine - Visit Kranj\" \/>\n<meta property=\"og:description\" content=\"Auch in Kranj gibt es einen Winzer, Filip Koletnik. Seine Weine unter der Marke Atimo werden in Gori\u0161ka Brda und im kroatischen Istrien angebaut und abgef\u00fcllt.\" \/>\n<meta property=\"og:url\" content=\"https:\/\/www.visitkranj.com\/de\/gourmet-erlebnisse\/atimo-weine\/\" \/>\n<meta property=\"og:site_name\" content=\"Visit Kranj\" \/>\n<meta property=\"article:publisher\" content=\"https:\/\/www.facebook.com\/VisitKranj\/\" \/>\n<meta property=\"article:modified_time\" content=\"2024-10-14T14:13:06+00:00\" \/>\n<meta property=\"og:image\" content=\"https:\/\/www.visitkranj.com\/wp-content\/uploads\/2023\/05\/C5ACEE9F-D1C3-4234-8A9E-924DD3842303-59c7fce2f419c-59c7fce301638-JPG-cut-n-59c7fce6020ad-jpg-960px.w680h405c1.jpg\" \/>\n\t<meta property=\"og:image:width\" content=\"680\" \/>\n\t<meta property=\"og:image:height\" content=\"405\" \/>\n\t<meta property=\"og:image:type\" content=\"image\/jpeg\" \/>\n<meta name=\"twitter:card\" content=\"summary_large_image\" \/>\n<meta name=\"twitter:label1\" content=\"Gesch\u00e4tzte Lesezeit\" \/>\n\t<meta name=\"twitter:data1\" content=\"2\u00a0Minuten\" \/>\n<script type=\"application\/ld+json\" class=\"yoast-schema-graph\">{\"@context\":\"https:\/\/schema.org\",\"@graph\":[{\"@type\":\"WebPage\",\"@id\":\"https:\/\/www.visitkranj.com\/de\/gourmet-erlebnisse\/atimo-weine\/\",\"url\":\"https:\/\/www.visitkranj.com\/de\/gourmet-erlebnisse\/atimo-weine\/\",\"name\":\"Atimo Weine - Visit Kranj\",\"isPartOf\":{\"@id\":\"https:\/\/www.visitkranj.com\/de\/#website\"},\"primaryImageOfPage\":{\"@id\":\"https:\/\/www.visitkranj.com\/de\/gourmet-erlebnisse\/atimo-weine\/#primaryimage\"},\"image\":{\"@id\":\"https:\/\/www.visitkranj.com\/de\/gourmet-erlebnisse\/atimo-weine\/#primaryimage\"},\"thumbnailUrl\":\"https:\/\/www.visitkranj.com\/wp-content\/uploads\/2023\/05\/C5ACEE9F-D1C3-4234-8A9E-924DD3842303-59c7fce2f419c-59c7fce301638-JPG-cut-n-59c7fce6020ad-jpg-960px.w680h405c1.jpg\",\"datePublished\":\"2023-05-13T13:19:56+00:00\",\"dateModified\":\"2024-10-14T14:13:06+00:00\",\"description\":\"Auch in Kranj gibt es einen Winzer, Filip Koletnik. Seine Weine unter der Marke Atimo werden in Gori\u0161ka Brda und im kroatischen Istrien angebaut und abgef\u00fcllt.\",\"breadcrumb\":{\"@id\":\"https:\/\/www.visitkranj.com\/de\/gourmet-erlebnisse\/atimo-weine\/#breadcrumb\"},\"inLanguage\":\"de\",\"potentialAction\":[{\"@type\":\"ReadAction\",\"target\":[\"https:\/\/www.visitkranj.com\/de\/gourmet-erlebnisse\/atimo-weine\/\"]}]},{\"@type\":\"ImageObject\",\"inLanguage\":\"de\",\"@id\":\"https:\/\/www.visitkranj.com\/de\/gourmet-erlebnisse\/atimo-weine\/#primaryimage\",\"url\":\"https:\/\/www.visitkranj.com\/wp-content\/uploads\/2023\/05\/C5ACEE9F-D1C3-4234-8A9E-924DD3842303-59c7fce2f419c-59c7fce301638-JPG-cut-n-59c7fce6020ad-jpg-960px.w680h405c1.jpg\",\"contentUrl\":\"https:\/\/www.visitkranj.com\/wp-content\/uploads\/2023\/05\/C5ACEE9F-D1C3-4234-8A9E-924DD3842303-59c7fce2f419c-59c7fce301638-JPG-cut-n-59c7fce6020ad-jpg-960px.w680h405c1.jpg\",\"width\":680,\"height\":405},{\"@type\":\"BreadcrumbList\",\"@id\":\"https:\/\/www.visitkranj.com\/de\/gourmet-erlebnisse\/atimo-weine\/#breadcrumb\",\"itemListElement\":[{\"@type\":\"ListItem\",\"position\":1,\"name\":\"Start\",\"item\":\"https:\/\/www.visitkranj.com\/de\/\"},{\"@type\":\"ListItem\",\"position\":2,\"name\":\"Okusi Kranja\",\"item\":\"https:\/\/www.visitkranj.com\/de\/gourmet-erlebnisse\/\"},{\"@type\":\"ListItem\",\"position\":3,\"name\":\"Atimo Weine\"}]},{\"@type\":\"WebSite\",\"@id\":\"https:\/\/www.visitkranj.com\/de\/#website\",\"url\":\"https:\/\/www.visitkranj.com\/de\/\",\"name\":\"Visit Kranj\",\"description\":\"Uradna spletna stran turizma Kranj\",\"publisher\":{\"@id\":\"https:\/\/www.visitkranj.com\/de\/#organization\"},\"potentialAction\":[{\"@type\":\"SearchAction\",\"target\":{\"@type\":\"EntryPoint\",\"urlTemplate\":\"https:\/\/www.visitkranj.com\/de\/?s={search_term_string}\"},\"query-input\":{\"@type\":\"PropertyValueSpecification\",\"valueRequired\":true,\"valueName\":\"search_term_string\"}}],\"inLanguage\":\"de\"},{\"@type\":\"Organization\",\"@id\":\"https:\/\/www.visitkranj.com\/de\/#organization\",\"name\":\"Zavod za turizem in kulturo Kranj\",\"url\":\"https:\/\/www.visitkranj.com\/de\/\",\"logo\":{\"@type\":\"ImageObject\",\"inLanguage\":\"de\",\"@id\":\"https:\/\/www.visitkranj.com\/de\/#\/schema\/logo\/image\/\",\"url\":\"https:\/\/www.visitkranj.com\/wp-content\/uploads\/2022\/11\/logo_menu_small.png\",\"contentUrl\":\"https:\/\/www.visitkranj.com\/wp-content\/uploads\/2022\/11\/logo_menu_small.png\",\"width\":142,\"height\":142,\"caption\":\"Zavod za turizem in kulturo Kranj\"},\"image\":{\"@id\":\"https:\/\/www.visitkranj.com\/de\/#\/schema\/logo\/image\/\"},\"sameAs\":[\"https:\/\/www.facebook.com\/VisitKranj\/\",\"https:\/\/www.instagram.com\/visitkranj\/\",\"https:\/\/www.tripadvisor.com\/Attraction_Review-g644300-d7289577-Reviews-Tourist_Information_Centre_Kranj_House-Kranj_Upper_Carniola_Region.html\"]}]}<\/script>\n<!-- \/ Yoast SEO plugin. -->","yoast_head_json":{"title":"Atimo Weine - Visit Kranj","description":"Auch in Kranj gibt es einen Winzer, Filip Koletnik. Seine Weine unter der Marke Atimo werden in Gori\u0161ka Brda und im kroatischen Istrien angebaut und abgef\u00fcllt.","robots":{"index":"index","follow":"follow","max-snippet":"max-snippet:-1","max-image-preview":"max-image-preview:large","max-video-preview":"max-video-preview:-1"},"canonical":"https:\/\/www.visitkranj.com\/de\/gourmet-erlebnisse\/atimo-weine\/","og_locale":"de_DE","og_type":"article","og_title":"Atimo Weine - Visit Kranj","og_description":"Auch in Kranj gibt es einen Winzer, Filip Koletnik. Seine Weine unter der Marke Atimo werden in Gori\u0161ka Brda und im kroatischen Istrien angebaut und abgef\u00fcllt.","og_url":"https:\/\/www.visitkranj.com\/de\/gourmet-erlebnisse\/atimo-weine\/","og_site_name":"Visit Kranj","article_publisher":"https:\/\/www.facebook.com\/VisitKranj\/","article_modified_time":"2024-10-14T14:13:06+00:00","og_image":[{"width":680,"height":405,"url":"https:\/\/www.visitkranj.com\/wp-content\/uploads\/2023\/05\/C5ACEE9F-D1C3-4234-8A9E-924DD3842303-59c7fce2f419c-59c7fce301638-JPG-cut-n-59c7fce6020ad-jpg-960px.w680h405c1.jpg","type":"image\/jpeg"}],"twitter_card":"summary_large_image","twitter_misc":{"Gesch\u00e4tzte Lesezeit":"2\u00a0Minuten"},"schema":{"@context":"https:\/\/schema.org","@graph":[{"@type":"WebPage","@id":"https:\/\/www.visitkranj.com\/de\/gourmet-erlebnisse\/atimo-weine\/","url":"https:\/\/www.visitkranj.com\/de\/gourmet-erlebnisse\/atimo-weine\/","name":"Atimo Weine - Visit Kranj","isPartOf":{"@id":"https:\/\/www.visitkranj.com\/de\/#website"},"primaryImageOfPage":{"@id":"https:\/\/www.visitkranj.com\/de\/gourmet-erlebnisse\/atimo-weine\/#primaryimage"},"image":{"@id":"https:\/\/www.visitkranj.com\/de\/gourmet-erlebnisse\/atimo-weine\/#primaryimage"},"thumbnailUrl":"https:\/\/www.visitkranj.com\/wp-content\/uploads\/2023\/05\/C5ACEE9F-D1C3-4234-8A9E-924DD3842303-59c7fce2f419c-59c7fce301638-JPG-cut-n-59c7fce6020ad-jpg-960px.w680h405c1.jpg","datePublished":"2023-05-13T13:19:56+00:00","dateModified":"2024-10-14T14:13:06+00:00","description":"Auch in Kranj gibt es einen Winzer, Filip Koletnik. Seine Weine unter der Marke Atimo werden in Gori\u0161ka Brda und im kroatischen Istrien angebaut und abgef\u00fcllt.","breadcrumb":{"@id":"https:\/\/www.visitkranj.com\/de\/gourmet-erlebnisse\/atimo-weine\/#breadcrumb"},"inLanguage":"de","potentialAction":[{"@type":"ReadAction","target":["https:\/\/www.visitkranj.com\/de\/gourmet-erlebnisse\/atimo-weine\/"]}]},{"@type":"ImageObject","inLanguage":"de","@id":"https:\/\/www.visitkranj.com\/de\/gourmet-erlebnisse\/atimo-weine\/#primaryimage","url":"https:\/\/www.visitkranj.com\/wp-content\/uploads\/2023\/05\/C5ACEE9F-D1C3-4234-8A9E-924DD3842303-59c7fce2f419c-59c7fce301638-JPG-cut-n-59c7fce6020ad-jpg-960px.w680h405c1.jpg","contentUrl":"https:\/\/www.visitkranj.com\/wp-content\/uploads\/2023\/05\/C5ACEE9F-D1C3-4234-8A9E-924DD3842303-59c7fce2f419c-59c7fce301638-JPG-cut-n-59c7fce6020ad-jpg-960px.w680h405c1.jpg","width":680,"height":405},{"@type":"BreadcrumbList","@id":"https:\/\/www.visitkranj.com\/de\/gourmet-erlebnisse\/atimo-weine\/#breadcrumb","itemListElement":[{"@type":"ListItem","position":1,"name":"Start","item":"https:\/\/www.visitkranj.com\/de\/"},{"@type":"ListItem","position":2,"name":"Okusi Kranja","item":"https:\/\/www.visitkranj.com\/de\/gourmet-erlebnisse\/"},{"@type":"ListItem","position":3,"name":"Atimo Weine"}]},{"@type":"WebSite","@id":"https:\/\/www.visitkranj.com\/de\/#website","url":"https:\/\/www.visitkranj.com\/de\/","name":"Visit Kranj","description":"Uradna spletna stran turizma Kranj","publisher":{"@id":"https:\/\/www.visitkranj.com\/de\/#organization"},"potentialAction":[{"@type":"SearchAction","target":{"@type":"EntryPoint","urlTemplate":"https:\/\/www.visitkranj.com\/de\/?s={search_term_string}"},"query-input":{"@type":"PropertyValueSpecification","valueRequired":true,"valueName":"search_term_string"}}],"inLanguage":"de"},{"@type":"Organization","@id":"https:\/\/www.visitkranj.com\/de\/#organization","name":"Zavod za turizem in kulturo Kranj","url":"https:\/\/www.visitkranj.com\/de\/","logo":{"@type":"ImageObject","inLanguage":"de","@id":"https:\/\/www.visitkranj.com\/de\/#\/schema\/logo\/image\/","url":"https:\/\/www.visitkranj.com\/wp-content\/uploads\/2022\/11\/logo_menu_small.png","contentUrl":"https:\/\/www.visitkranj.com\/wp-content\/uploads\/2022\/11\/logo_menu_small.png","width":142,"height":142,"caption":"Zavod za turizem in kulturo Kranj"},"image":{"@id":"https:\/\/www.visitkranj.com\/de\/#\/schema\/logo\/image\/"},"sameAs":["https:\/\/www.facebook.com\/VisitKranj\/","https:\/\/www.instagram.com\/visitkranj\/","https:\/\/www.tripadvisor.com\/Attraction_Review-g644300-d7289577-Reviews-Tourist_Information_Centre_Kranj_House-Kranj_Upper_Carniola_Region.html"]}]}},"_links":{"self":[{"href":"https:\/\/www.visitkranj.com\/de\/wp-json\/wp\/v2\/okusi-kranja\/17979","targetHints":{"allow":["GET"]}}],"collection":[{"href":"https:\/\/www.visitkranj.com\/de\/wp-json\/wp\/v2\/okusi-kranja"}],"about":[{"href":"https:\/\/www.visitkranj.com\/de\/wp-json\/wp\/v2\/types\/okusi-kranja"}],"version-history":[{"count":5,"href":"https:\/\/www.visitkranj.com\/de\/wp-json\/wp\/v2\/okusi-kranja\/17979\/revisions"}],"predecessor-version":[{"id":771509,"href":"https:\/\/www.visitkranj.com\/de\/wp-json\/wp\/v2\/okusi-kranja\/17979\/revisions\/771509"}],"wp:featuredmedia":[{"embeddable":true,"href":"https:\/\/www.visitkranj.com\/de\/wp-json\/wp\/v2\/media\/15411"}],"wp:attachment":[{"href":"https:\/\/www.visitkranj.com\/de\/wp-json\/wp\/v2\/media?parent=17979"}],"wp:term":[{"taxonomy":"okusi-kranja-kategorije","embeddable":true,"href":"https:\/\/www.visitkranj.com\/de\/wp-json\/wp\/v2\/okusi-kranja-kategorije?post=17979"}],"curies":[{"name":"wp","href":"https:\/\/api.w.org\/{rel}","templated":true}]}}