{"id":19764,"date":"2023-05-14T15:20:56","date_gmt":"2023-05-14T15:20:56","guid":{"rendered":"https:\/\/www.visitkranj.com\/?post_type=aktivni-oddih&#038;p=19764"},"modified":"2024-05-06T12:37:37","modified_gmt":"2024-05-06T12:37:37","slug":"percorso-blejcanka","status":"publish","type":"aktivni-oddih","link":"https:\/\/www.visitkranj.com\/it\/vacanze-attive\/il-ventaglio-dei-percorsi-ciclabili-nei-dintorni-di-kranj\/percorso-blejcanka\/","title":{"rendered":"Percorso BLEJ\u010cANKA"},"content":{"rendered":"<p>Bled \u00e8 un paesino che \u00e8 bello come se venisse dal paradiso. Perla turistica di livello mondiale ai margini del Parco nazionale del Triglav, Bled \u00e8 stata tra le destinazioni proposte come candidate alla nomina per le sette nuove meraviglie del mondo.<\/p>\n<p>Questo \u00e8 probabilmente uno dei collegamenti ciclistici pi\u00f9 belli del ventaglio di proposte dei &#8220;Percorsi di Kranj&#8221;! Dal centro citt\u00e0 ci dirigiamo verso Jamnik, e dopo alcuni chilometri di salita si raggiunge la cima omonima che apre la vista verso le Caravanche e le Alpi di Kamnik. Scendiamo poi in direzione Kropa, centro di fabbri artigiani fin dal XIV secolo. Proseguiamo quindi per Lancovo, alla confluenza del vallata della Sava (Sava Dolinka) e Sava Bohinjka, saliamo a Bode\u0161\u010de e, con panorami unici, raggiungiamo Bled, uno dei luoghi turistici pi\u00f9 riconoscibili al mondo. Con la bici giriamo intorno al lago di Bled e ci digiriamo verso Koritno, proseguiamo quindi per Radovljica e il centro storico su piazza Linhart. Torniamo a Lancovo, giriamo verso Podnart e torniamo a Kranj via Naklo.<\/p>\n<p><strong>Lunghezza:<\/strong> 79 km<\/p>\n<p><strong>Dislivello:\u00a0 <\/strong>944 m<\/p>\n<p>&nbsp;<\/p>\n<p><img fetchpriority=\"high\" decoding=\"async\" class=\"alignnone  wp-image-17083\" src=\"https:\/\/www.visitkranj.com\/wp-content\/uploads\/2023\/05\/vzpon-blejcanka.w680h171-300x75.jpg\" alt=\"Vzpon \" width=\"516\" height=\"129\" srcset=\"https:\/\/www.visitkranj.com\/wp-content\/uploads\/2023\/05\/vzpon-blejcanka.w680h171-300x75.jpg 300w, https:\/\/www.visitkranj.com\/wp-content\/uploads\/2023\/05\/vzpon-blejcanka.w680h171.jpg 680w\" sizes=\"(max-width: 516px) 100vw, 516px\" \/><\/p>\n<p>&nbsp;<\/p>\n<h2><strong>Attrazioni lungo il percorso<\/strong><\/h2>\n<h3>Kropa<\/h3>\n<p><span style=\"font-size: 18pt;\"><img decoding=\"async\" class=\"alignnone  wp-image-17086\" src=\"https:\/\/www.visitkranj.com\/wp-content\/uploads\/2023\/05\/kropa-kolesarjenje.w680h405-300x179.jpg\" alt=\"Kropa\" width=\"642\" height=\"383\" srcset=\"https:\/\/www.visitkranj.com\/wp-content\/uploads\/2023\/05\/kropa-kolesarjenje.w680h405-300x179.jpg 300w, https:\/\/www.visitkranj.com\/wp-content\/uploads\/2023\/05\/kropa-kolesarjenje.w680h405.jpg 680w\" sizes=\"(max-width: 642px) 100vw, 642px\" \/><\/span><\/p>\n<p>&nbsp;<\/p>\n<h3><span style=\"font-size: 18pt;\">Bled<\/span><\/h3>\n<p><span style=\"font-size: 18pt;\"><img decoding=\"async\" class=\"alignnone  wp-image-17011\" src=\"https:\/\/www.visitkranj.com\/wp-content\/uploads\/2023\/05\/bled.w462h462c-300x300.jpg\" alt=\"Bled\" width=\"480\" height=\"480\" srcset=\"https:\/\/www.visitkranj.com\/wp-content\/uploads\/2023\/05\/bled.w462h462c-300x300.jpg 300w, https:\/\/www.visitkranj.com\/wp-content\/uploads\/2023\/05\/bled.w462h462c-150x150.jpg 150w, https:\/\/www.visitkranj.com\/wp-content\/uploads\/2023\/05\/bled.w462h462c.jpg 462w\" sizes=\"(max-width: 480px) 100vw, 480px\" \/><\/span><\/p>\n<p>&nbsp;<\/p>\n<h3><strong>Castello di Bled <\/strong><\/h3>\n<p><span style=\"font-size: 18pt;\"><img loading=\"lazy\" decoding=\"async\" class=\"alignnone  wp-image-17089\" src=\"https:\/\/www.visitkranj.com\/wp-content\/uploads\/2023\/05\/blejski-grad.w680h405-300x179.jpg\" alt=\"Blejski grad\" width=\"630\" height=\"376\" srcset=\"https:\/\/www.visitkranj.com\/wp-content\/uploads\/2023\/05\/blejski-grad.w680h405-300x179.jpg 300w, https:\/\/www.visitkranj.com\/wp-content\/uploads\/2023\/05\/blejski-grad.w680h405.jpg 680w\" sizes=\"(max-width: 630px) 100vw, 630px\" \/><\/span><\/p>\n<p>&nbsp;<\/p>\n<h3><span style=\"font-size: 18pt;\">Radovljica<\/span><\/h3>\n<p><span style=\"font-size: 18pt;\"><img loading=\"lazy\" decoding=\"async\" class=\"alignnone  wp-image-17092\" src=\"https:\/\/www.visitkranj.com\/wp-content\/uploads\/2023\/05\/radovljica-mestno-jedro.w680h405-300x179.jpg\" alt=\"Radovljica\" width=\"634\" height=\"378\" srcset=\"https:\/\/www.visitkranj.com\/wp-content\/uploads\/2023\/05\/radovljica-mestno-jedro.w680h405-300x179.jpg 300w, https:\/\/www.visitkranj.com\/wp-content\/uploads\/2023\/05\/radovljica-mestno-jedro.w680h405.jpg 680w\" sizes=\"(max-width: 634px) 100vw, 634px\" \/><\/span><\/p>\n<blockquote><p>Google Map: (.gpx format) scaricare <a href=\"https:\/\/www.visitkranj.com\/files\/gpx\/kranjska-roza-04.gpx\" target=\"_blank\" rel=\"noopener\" download=\"\">QUI<\/a>.<\/p><\/blockquote>\n<p><strong>Google Map:<\/strong><\/p>\n<p><iframe class=\"google-maps\" src=\"https:\/\/www.google.com\/maps\/d\/embed?mid=19CwLdFYQf_BolQ_8IcV_CgMgtJs7VayZ\" width=\"680\" height=\"510\"><\/iframe><\/p>\n<p>&nbsp;<\/p>\n","protected":false},"excerpt":{"rendered":"<p>Bled \u00e8 un paesino che \u00e8 bello come se venisse dal paradiso. Perla turistica di livello mondiale ai margini del Parco nazionale del Triglav, Bled \u00e8 stata tra le destinazioni proposte come candidate alla nomina per le sette nuove meraviglie del mondo.<\/p>\n","protected":false},"featured_media":17011,"parent":61264,"menu_order":0,"template":"","kategorije-aktivni-oddih":[],"class_list":["post-19764","aktivni-oddih","type-aktivni-oddih","status-publish","has-post-thumbnail","hentry"],"yoast_head":"<!-- This site is optimized with the Yoast SEO plugin v26.9 - https:\/\/yoast.com\/product\/yoast-seo-wordpress\/ -->\n<title>Percorso BLEJ\u010cANKA - Visit Kranj<\/title>\n<meta name=\"robots\" content=\"index, follow, max-snippet:-1, max-image-preview:large, max-video-preview:-1\" \/>\n<link rel=\"canonical\" href=\"https:\/\/www.visitkranj.com\/it\/vacanze-attive\/il-ventaglio-dei-percorsi-ciclabili-nei-dintorni-di-kranj\/percorso-blejcanka\/\" \/>\n<meta property=\"og:locale\" content=\"it_IT\" \/>\n<meta property=\"og:type\" content=\"article\" \/>\n<meta property=\"og:title\" content=\"Percorso BLEJ\u010cANKA - Visit Kranj\" \/>\n<meta property=\"og:description\" content=\"Bled \u00e8 un paesino che \u00e8 bello come se venisse dal paradiso. Perla turistica di livello mondiale ai margini del Parco nazionale del Triglav, Bled \u00e8 stata tra le destinazioni proposte come candidate alla nomina per le sette nuove meraviglie del mondo.\" \/>\n<meta property=\"og:url\" content=\"https:\/\/www.visitkranj.com\/it\/vacanze-attive\/il-ventaglio-dei-percorsi-ciclabili-nei-dintorni-di-kranj\/percorso-blejcanka\/\" \/>\n<meta property=\"og:site_name\" content=\"Visit Kranj\" \/>\n<meta property=\"article:publisher\" content=\"https:\/\/www.facebook.com\/VisitKranj\/\" \/>\n<meta property=\"article:modified_time\" content=\"2024-05-06T12:37:37+00:00\" \/>\n<meta property=\"og:image\" content=\"https:\/\/www.visitkranj.com\/wp-content\/uploads\/2023\/05\/bled.w462h462c.jpg\" \/>\n\t<meta property=\"og:image:width\" content=\"462\" \/>\n\t<meta property=\"og:image:height\" content=\"462\" \/>\n\t<meta property=\"og:image:type\" content=\"image\/jpeg\" \/>\n<meta name=\"twitter:card\" content=\"summary_large_image\" \/>\n<meta name=\"twitter:label1\" content=\"Tempo di lettura stimato\" \/>\n\t<meta name=\"twitter:data1\" content=\"3 minuti\" \/>\n<script type=\"application\/ld+json\" class=\"yoast-schema-graph\">{\"@context\":\"https:\/\/schema.org\",\"@graph\":[{\"@type\":\"WebPage\",\"@id\":\"https:\/\/www.visitkranj.com\/it\/vacanze-attive\/il-ventaglio-dei-percorsi-ciclabili-nei-dintorni-di-kranj\/percorso-blejcanka\/\",\"url\":\"https:\/\/www.visitkranj.com\/it\/vacanze-attive\/il-ventaglio-dei-percorsi-ciclabili-nei-dintorni-di-kranj\/percorso-blejcanka\/\",\"name\":\"Percorso BLEJ\u010cANKA - Visit Kranj\",\"isPartOf\":{\"@id\":\"https:\/\/www.visitkranj.com\/it\/#website\"},\"primaryImageOfPage\":{\"@id\":\"https:\/\/www.visitkranj.com\/it\/vacanze-attive\/il-ventaglio-dei-percorsi-ciclabili-nei-dintorni-di-kranj\/percorso-blejcanka\/#primaryimage\"},\"image\":{\"@id\":\"https:\/\/www.visitkranj.com\/it\/vacanze-attive\/il-ventaglio-dei-percorsi-ciclabili-nei-dintorni-di-kranj\/percorso-blejcanka\/#primaryimage\"},\"thumbnailUrl\":\"https:\/\/www.visitkranj.com\/wp-content\/uploads\/2023\/05\/bled.w462h462c.jpg\",\"datePublished\":\"2023-05-14T15:20:56+00:00\",\"dateModified\":\"2024-05-06T12:37:37+00:00\",\"breadcrumb\":{\"@id\":\"https:\/\/www.visitkranj.com\/it\/vacanze-attive\/il-ventaglio-dei-percorsi-ciclabili-nei-dintorni-di-kranj\/percorso-blejcanka\/#breadcrumb\"},\"inLanguage\":\"it-IT\",\"potentialAction\":[{\"@type\":\"ReadAction\",\"target\":[\"https:\/\/www.visitkranj.com\/it\/vacanze-attive\/il-ventaglio-dei-percorsi-ciclabili-nei-dintorni-di-kranj\/percorso-blejcanka\/\"]}]},{\"@type\":\"ImageObject\",\"inLanguage\":\"it-IT\",\"@id\":\"https:\/\/www.visitkranj.com\/it\/vacanze-attive\/il-ventaglio-dei-percorsi-ciclabili-nei-dintorni-di-kranj\/percorso-blejcanka\/#primaryimage\",\"url\":\"https:\/\/www.visitkranj.com\/wp-content\/uploads\/2023\/05\/bled.w462h462c.jpg\",\"contentUrl\":\"https:\/\/www.visitkranj.com\/wp-content\/uploads\/2023\/05\/bled.w462h462c.jpg\",\"width\":462,\"height\":462,\"caption\":\"Bled\"},{\"@type\":\"BreadcrumbList\",\"@id\":\"https:\/\/www.visitkranj.com\/it\/vacanze-attive\/il-ventaglio-dei-percorsi-ciclabili-nei-dintorni-di-kranj\/percorso-blejcanka\/#breadcrumb\",\"itemListElement\":[{\"@type\":\"ListItem\",\"position\":1,\"name\":\"Inizio\",\"item\":\"https:\/\/www.visitkranj.com\/it\/\"},{\"@type\":\"ListItem\",\"position\":2,\"name\":\"Aktivni oddih\",\"item\":\"https:\/\/www.visitkranj.com\/it\/vacanze-attive\/\"},{\"@type\":\"ListItem\",\"position\":3,\"name\":\"Il ventaglio dei percorsi ciclabili nei dintorni di Kranj\",\"item\":\"https:\/\/www.visitkranj.com\/it\/vacanze-attive\/il-ventaglio-dei-percorsi-ciclabili-nei-dintorni-di-kranj\/\"},{\"@type\":\"ListItem\",\"position\":4,\"name\":\"Percorso BLEJ\u010cANKA\"}]},{\"@type\":\"WebSite\",\"@id\":\"https:\/\/www.visitkranj.com\/it\/#website\",\"url\":\"https:\/\/www.visitkranj.com\/it\/\",\"name\":\"Visit Kranj\",\"description\":\"Uradna spletna stran turizma Kranj\",\"publisher\":{\"@id\":\"https:\/\/www.visitkranj.com\/it\/#organization\"},\"potentialAction\":[{\"@type\":\"SearchAction\",\"target\":{\"@type\":\"EntryPoint\",\"urlTemplate\":\"https:\/\/www.visitkranj.com\/it\/?s={search_term_string}\"},\"query-input\":{\"@type\":\"PropertyValueSpecification\",\"valueRequired\":true,\"valueName\":\"search_term_string\"}}],\"inLanguage\":\"it-IT\"},{\"@type\":\"Organization\",\"@id\":\"https:\/\/www.visitkranj.com\/it\/#organization\",\"name\":\"Zavod za turizem in kulturo Kranj\",\"url\":\"https:\/\/www.visitkranj.com\/it\/\",\"logo\":{\"@type\":\"ImageObject\",\"inLanguage\":\"it-IT\",\"@id\":\"https:\/\/www.visitkranj.com\/it\/#\/schema\/logo\/image\/\",\"url\":\"https:\/\/www.visitkranj.com\/wp-content\/uploads\/2022\/11\/logo_menu_small.png\",\"contentUrl\":\"https:\/\/www.visitkranj.com\/wp-content\/uploads\/2022\/11\/logo_menu_small.png\",\"width\":142,\"height\":142,\"caption\":\"Zavod za turizem in kulturo Kranj\"},\"image\":{\"@id\":\"https:\/\/www.visitkranj.com\/it\/#\/schema\/logo\/image\/\"},\"sameAs\":[\"https:\/\/www.facebook.com\/VisitKranj\/\",\"https:\/\/www.instagram.com\/visitkranj\/\",\"https:\/\/www.tripadvisor.com\/Attraction_Review-g644300-d7289577-Reviews-Tourist_Information_Centre_Kranj_House-Kranj_Upper_Carniola_Region.html\"]}]}<\/script>\n<!-- \/ Yoast SEO plugin. -->","yoast_head_json":{"title":"Percorso BLEJ\u010cANKA - Visit Kranj","robots":{"index":"index","follow":"follow","max-snippet":"max-snippet:-1","max-image-preview":"max-image-preview:large","max-video-preview":"max-video-preview:-1"},"canonical":"https:\/\/www.visitkranj.com\/it\/vacanze-attive\/il-ventaglio-dei-percorsi-ciclabili-nei-dintorni-di-kranj\/percorso-blejcanka\/","og_locale":"it_IT","og_type":"article","og_title":"Percorso BLEJ\u010cANKA - Visit Kranj","og_description":"Bled \u00e8 un paesino che \u00e8 bello come se venisse dal paradiso. Perla turistica di livello mondiale ai margini del Parco nazionale del Triglav, Bled \u00e8 stata tra le destinazioni proposte come candidate alla nomina per le sette nuove meraviglie del mondo.","og_url":"https:\/\/www.visitkranj.com\/it\/vacanze-attive\/il-ventaglio-dei-percorsi-ciclabili-nei-dintorni-di-kranj\/percorso-blejcanka\/","og_site_name":"Visit Kranj","article_publisher":"https:\/\/www.facebook.com\/VisitKranj\/","article_modified_time":"2024-05-06T12:37:37+00:00","og_image":[{"width":462,"height":462,"url":"https:\/\/www.visitkranj.com\/wp-content\/uploads\/2023\/05\/bled.w462h462c.jpg","type":"image\/jpeg"}],"twitter_card":"summary_large_image","twitter_misc":{"Tempo di lettura stimato":"3 minuti"},"schema":{"@context":"https:\/\/schema.org","@graph":[{"@type":"WebPage","@id":"https:\/\/www.visitkranj.com\/it\/vacanze-attive\/il-ventaglio-dei-percorsi-ciclabili-nei-dintorni-di-kranj\/percorso-blejcanka\/","url":"https:\/\/www.visitkranj.com\/it\/vacanze-attive\/il-ventaglio-dei-percorsi-ciclabili-nei-dintorni-di-kranj\/percorso-blejcanka\/","name":"Percorso BLEJ\u010cANKA - Visit Kranj","isPartOf":{"@id":"https:\/\/www.visitkranj.com\/it\/#website"},"primaryImageOfPage":{"@id":"https:\/\/www.visitkranj.com\/it\/vacanze-attive\/il-ventaglio-dei-percorsi-ciclabili-nei-dintorni-di-kranj\/percorso-blejcanka\/#primaryimage"},"image":{"@id":"https:\/\/www.visitkranj.com\/it\/vacanze-attive\/il-ventaglio-dei-percorsi-ciclabili-nei-dintorni-di-kranj\/percorso-blejcanka\/#primaryimage"},"thumbnailUrl":"https:\/\/www.visitkranj.com\/wp-content\/uploads\/2023\/05\/bled.w462h462c.jpg","datePublished":"2023-05-14T15:20:56+00:00","dateModified":"2024-05-06T12:37:37+00:00","breadcrumb":{"@id":"https:\/\/www.visitkranj.com\/it\/vacanze-attive\/il-ventaglio-dei-percorsi-ciclabili-nei-dintorni-di-kranj\/percorso-blejcanka\/#breadcrumb"},"inLanguage":"it-IT","potentialAction":[{"@type":"ReadAction","target":["https:\/\/www.visitkranj.com\/it\/vacanze-attive\/il-ventaglio-dei-percorsi-ciclabili-nei-dintorni-di-kranj\/percorso-blejcanka\/"]}]},{"@type":"ImageObject","inLanguage":"it-IT","@id":"https:\/\/www.visitkranj.com\/it\/vacanze-attive\/il-ventaglio-dei-percorsi-ciclabili-nei-dintorni-di-kranj\/percorso-blejcanka\/#primaryimage","url":"https:\/\/www.visitkranj.com\/wp-content\/uploads\/2023\/05\/bled.w462h462c.jpg","contentUrl":"https:\/\/www.visitkranj.com\/wp-content\/uploads\/2023\/05\/bled.w462h462c.jpg","width":462,"height":462,"caption":"Bled"},{"@type":"BreadcrumbList","@id":"https:\/\/www.visitkranj.com\/it\/vacanze-attive\/il-ventaglio-dei-percorsi-ciclabili-nei-dintorni-di-kranj\/percorso-blejcanka\/#breadcrumb","itemListElement":[{"@type":"ListItem","position":1,"name":"Inizio","item":"https:\/\/www.visitkranj.com\/it\/"},{"@type":"ListItem","position":2,"name":"Aktivni oddih","item":"https:\/\/www.visitkranj.com\/it\/vacanze-attive\/"},{"@type":"ListItem","position":3,"name":"Il ventaglio dei percorsi ciclabili nei dintorni di Kranj","item":"https:\/\/www.visitkranj.com\/it\/vacanze-attive\/il-ventaglio-dei-percorsi-ciclabili-nei-dintorni-di-kranj\/"},{"@type":"ListItem","position":4,"name":"Percorso BLEJ\u010cANKA"}]},{"@type":"WebSite","@id":"https:\/\/www.visitkranj.com\/it\/#website","url":"https:\/\/www.visitkranj.com\/it\/","name":"Visit Kranj","description":"Uradna spletna stran turizma Kranj","publisher":{"@id":"https:\/\/www.visitkranj.com\/it\/#organization"},"potentialAction":[{"@type":"SearchAction","target":{"@type":"EntryPoint","urlTemplate":"https:\/\/www.visitkranj.com\/it\/?s={search_term_string}"},"query-input":{"@type":"PropertyValueSpecification","valueRequired":true,"valueName":"search_term_string"}}],"inLanguage":"it-IT"},{"@type":"Organization","@id":"https:\/\/www.visitkranj.com\/it\/#organization","name":"Zavod za turizem in kulturo Kranj","url":"https:\/\/www.visitkranj.com\/it\/","logo":{"@type":"ImageObject","inLanguage":"it-IT","@id":"https:\/\/www.visitkranj.com\/it\/#\/schema\/logo\/image\/","url":"https:\/\/www.visitkranj.com\/wp-content\/uploads\/2022\/11\/logo_menu_small.png","contentUrl":"https:\/\/www.visitkranj.com\/wp-content\/uploads\/2022\/11\/logo_menu_small.png","width":142,"height":142,"caption":"Zavod za turizem in kulturo Kranj"},"image":{"@id":"https:\/\/www.visitkranj.com\/it\/#\/schema\/logo\/image\/"},"sameAs":["https:\/\/www.facebook.com\/VisitKranj\/","https:\/\/www.instagram.com\/visitkranj\/","https:\/\/www.tripadvisor.com\/Attraction_Review-g644300-d7289577-Reviews-Tourist_Information_Centre_Kranj_House-Kranj_Upper_Carniola_Region.html"]}]}},"_links":{"self":[{"href":"https:\/\/www.visitkranj.com\/it\/wp-json\/wp\/v2\/aktivni-oddih\/19764","targetHints":{"allow":["GET"]}}],"collection":[{"href":"https:\/\/www.visitkranj.com\/it\/wp-json\/wp\/v2\/aktivni-oddih"}],"about":[{"href":"https:\/\/www.visitkranj.com\/it\/wp-json\/wp\/v2\/types\/aktivni-oddih"}],"version-history":[{"count":2,"href":"https:\/\/www.visitkranj.com\/it\/wp-json\/wp\/v2\/aktivni-oddih\/19764\/revisions"}],"predecessor-version":[{"id":491753,"href":"https:\/\/www.visitkranj.com\/it\/wp-json\/wp\/v2\/aktivni-oddih\/19764\/revisions\/491753"}],"up":[{"embeddable":true,"href":"https:\/\/www.visitkranj.com\/it\/wp-json\/wp\/v2\/aktivni-oddih\/61264"}],"wp:featuredmedia":[{"embeddable":true,"href":"https:\/\/www.visitkranj.com\/it\/wp-json\/wp\/v2\/media\/17011"}],"wp:attachment":[{"href":"https:\/\/www.visitkranj.com\/it\/wp-json\/wp\/v2\/media?parent=19764"}],"wp:term":[{"taxonomy":"kategorije-aktivni-oddih","embeddable":true,"href":"https:\/\/www.visitkranj.com\/it\/wp-json\/wp\/v2\/kategorije-aktivni-oddih?post=19764"}],"curies":[{"name":"wp","href":"https:\/\/api.w.org\/{rel}","templated":true}]}}