{"id":61264,"date":"2023-10-18T11:16:40","date_gmt":"2023-10-18T11:16:40","guid":{"rendered":"https:\/\/www.visitkranj.com\/aktivni-oddih\/il-ventaglio-dei-percorsi-ciclabili-nei-dintorni-di-kranj\/"},"modified":"2023-06-07T13:18:27","modified_gmt":"2023-06-07T13:18:27","slug":"il-ventaglio-dei-percorsi-ciclabili-nei-dintorni-di-kranj","status":"publish","type":"aktivni-oddih","link":"https:\/\/www.visitkranj.com\/it\/vacanze-attive\/il-ventaglio-dei-percorsi-ciclabili-nei-dintorni-di-kranj\/","title":{"rendered":"Il ventaglio dei percorsi ciclabili nei dintorni di Kranj"},"content":{"rendered":"\t\t<div data-elementor-type=\"wp-post\" data-elementor-id=\"61264\" class=\"elementor elementor-61264 elementor-5310\" data-elementor-post-type=\"aktivni-oddih\">\n\t\t\t\t<div class=\"elementor-element elementor-element-83ce46c e-flex e-con-boxed e-con e-parent\" data-id=\"83ce46c\" data-element_type=\"container\" data-e-type=\"container\" data-settings=\"{&quot;background_background&quot;:&quot;classic&quot;,&quot;jet_parallax_layout_list&quot;:[]}\">\n\t\t\t\t\t<div class=\"e-con-inner\">\n\t\t<div class=\"elementor-element elementor-element-c6cb6c9 e-flex e-con-boxed e-con e-parent\" data-id=\"c6cb6c9\" data-element_type=\"container\" data-e-type=\"container\" data-settings=\"{&quot;background_background&quot;:&quot;classic&quot;,&quot;jet_parallax_layout_list&quot;:[]}\">\n\t\t\t\t\t<div class=\"e-con-inner\">\n\t\t\t\t<div class=\"elementor-element elementor-element-8aa3219 elementor-widget elementor-widget-heading\" data-id=\"8aa3219\" data-element_type=\"widget\" data-e-type=\"widget\" data-widget_type=\"heading.default\">\n\t\t\t\t<div class=\"elementor-widget-container\">\n\t\t\t\t\t<h2 class=\"elementor-heading-title elementor-size-default\">Il ventaglio dei percorsi ciclabili nei dintorni di Kranj<\/h2>\t\t\t\t<\/div>\n\t\t\t\t<\/div>\n\t\t\t\t\t<\/div>\n\t\t\t\t<\/div>\n\t\t\t\t\t<\/div>\n\t\t\t\t<\/div>\n\t\t<div class=\"elementor-element elementor-element-981929f e-flex e-con-boxed e-con e-parent\" data-id=\"981929f\" data-element_type=\"container\" data-e-type=\"container\" data-settings=\"{&quot;jet_parallax_layout_list&quot;:[]}\">\n\t\t\t\t\t<div class=\"e-con-inner\">\n\t\t<div class=\"elementor-element elementor-element-a375bb5 e-con-full e-flex e-con e-parent\" data-id=\"a375bb5\" data-element_type=\"container\" data-e-type=\"container\" data-settings=\"{&quot;jet_parallax_layout_list&quot;:[]}\">\n\t\t\t\t<div class=\"elementor-element elementor-element-99a9e71 elementor-nav-menu--dropdown-none elementor-widget elementor-widget-nav-menu\" data-id=\"99a9e71\" data-element_type=\"widget\" data-e-type=\"widget\" data-settings=\"{&quot;layout&quot;:&quot;vertical&quot;,&quot;submenu_icon&quot;:{&quot;value&quot;:&quot;&lt;i class=\\&quot;fas fa-caret-down\\&quot; aria-hidden=\\&quot;true\\&quot;&gt;&lt;\\\/i&gt;&quot;,&quot;library&quot;:&quot;fa-solid&quot;}}\" data-widget_type=\"nav-menu.default\">\n\t\t\t\t<div class=\"elementor-widget-container\">\n\t\t\t\t\t\t\t\t<nav aria-label=\"Menu\" class=\"elementor-nav-menu--main elementor-nav-menu__container elementor-nav-menu--layout-vertical e--pointer-none\">\n\t\t\t\t<ul id=\"menu-1-99a9e71\" class=\"elementor-nav-menu sm-vertical\"><li class=\"menu-item menu-item-type-post_type menu-item-object-aktivni-oddih menu-item-5724\"><a href=\"https:\/\/www.visitkranj.com\/aktivni-oddih\/kranjska-kolesarska-roza\/\" class=\"elementor-item\">Il ventaglio dei percorsi ciclabili nei dintorni di Kranj<\/a><\/li>\n<li class=\"menu-item menu-item-type-post_type menu-item-object-aktivni-oddih menu-item-5663\"><a href=\"https:\/\/www.visitkranj.com\/aktivni-oddih\/kranjska-kolesarska-roza\/kranjski-izleti\/\" class=\"elementor-item\">Escursioni in Alta Carniola<\/a><\/li>\n<li class=\"menu-item menu-item-type-post_type menu-item-object-aktivni-oddih menu-item-5664\"><a href=\"https:\/\/www.visitkranj.com\/aktivni-oddih\/kranjska-kolesarska-roza\/kulturni-potepi-po-mestu\/\" class=\"elementor-item\">Passeggiate culturali per la citt\u00e0<\/a><\/li>\n<li class=\"menu-item menu-item-type-post_type menu-item-object-aktivni-oddih menu-item-5665\"><a href=\"https:\/\/www.visitkranj.com\/aktivni-oddih\/kranjska-kolesarska-roza\/zemljevid\/\" class=\"elementor-item\">Carta geografica<\/a><\/li>\n<li class=\"menu-item menu-item-type-custom menu-item-object-custom menu-item-5666\"><a href=\"https:\/\/www.youtube.com\/watch?v=5B4HOIUI7wo\" class=\"elementor-item\">Video<\/a><\/li>\n<\/ul>\t\t\t<\/nav>\n\t\t\t\t\t\t<nav class=\"elementor-nav-menu--dropdown elementor-nav-menu__container\" aria-hidden=\"true\">\n\t\t\t\t<ul id=\"menu-2-99a9e71\" class=\"elementor-nav-menu sm-vertical\"><li class=\"menu-item menu-item-type-post_type menu-item-object-aktivni-oddih menu-item-5724\"><a href=\"https:\/\/www.visitkranj.com\/aktivni-oddih\/kranjska-kolesarska-roza\/\" class=\"elementor-item\" tabindex=\"-1\">Il ventaglio dei percorsi ciclabili nei dintorni di Kranj<\/a><\/li>\n<li class=\"menu-item menu-item-type-post_type menu-item-object-aktivni-oddih menu-item-5663\"><a href=\"https:\/\/www.visitkranj.com\/aktivni-oddih\/kranjska-kolesarska-roza\/kranjski-izleti\/\" class=\"elementor-item\" tabindex=\"-1\">Escursioni in Alta Carniola<\/a><\/li>\n<li class=\"menu-item menu-item-type-post_type menu-item-object-aktivni-oddih menu-item-5664\"><a href=\"https:\/\/www.visitkranj.com\/aktivni-oddih\/kranjska-kolesarska-roza\/kulturni-potepi-po-mestu\/\" class=\"elementor-item\" tabindex=\"-1\">Passeggiate culturali per la citt\u00e0<\/a><\/li>\n<li class=\"menu-item menu-item-type-post_type menu-item-object-aktivni-oddih menu-item-5665\"><a href=\"https:\/\/www.visitkranj.com\/aktivni-oddih\/kranjska-kolesarska-roza\/zemljevid\/\" class=\"elementor-item\" tabindex=\"-1\">Carta geografica<\/a><\/li>\n<li class=\"menu-item menu-item-type-custom menu-item-object-custom menu-item-5666\"><a href=\"https:\/\/www.youtube.com\/watch?v=5B4HOIUI7wo\" class=\"elementor-item\" tabindex=\"-1\">Video<\/a><\/li>\n<\/ul>\t\t\t<\/nav>\n\t\t\t\t\t\t<\/div>\n\t\t\t\t<\/div>\n\t\t\t\t<\/div>\n\t\t<div class=\"elementor-element elementor-element-562583b e-con-full e-flex e-con e-parent\" data-id=\"562583b\" data-element_type=\"container\" data-e-type=\"container\" data-settings=\"{&quot;jet_parallax_layout_list&quot;:[]}\">\n\t\t\t\t<div class=\"elementor-element elementor-element-231860b elementor-widget elementor-widget-breadcrumbs\" data-id=\"231860b\" data-element_type=\"widget\" data-e-type=\"widget\" data-widget_type=\"breadcrumbs.default\">\n\t\t\t\t<div class=\"elementor-widget-container\">\n\t\t\t\t\t<p id=\"breadcrumbs\"><span><span><a href=\"https:\/\/www.visitkranj.com\/it\/\">Inizio<\/a><\/span><\/span><\/p>\t\t\t\t<\/div>\n\t\t\t\t<\/div>\n\t\t\t\t<div class=\"elementor-element elementor-element-6311d47 elementor-widget elementor-widget-text-editor\" data-id=\"6311d47\" data-element_type=\"widget\" data-e-type=\"widget\" data-widget_type=\"text-editor.default\">\n\t\t\t\t<div class=\"elementor-widget-container\">\n\t\t\t\t\t\t\t\t\t<p><\/p>\n<p>A Kranj siamo con un piede nel mezzo del vivace trambusto cittadino, e con l&#8217;altro gi\u00e0 nella natura.<\/p>\n<p><\/p>\n<p>Abbiamo preparato <strong>sei pittoresche percorsi ciclabili che si allungano fino alle citt\u00e0<\/strong> vicine, insieme a una serie di suggerimenti per <strong>ciclisti per fare<\/strong> una <strong>passeggiata attraverso<\/strong> le colline circostanti, <strong>i laghi naturali<\/strong>, il <strong>parco protocollare<\/strong> della tenuta di Brdo e il <strong>canyon del fiume Kokra<\/strong>, esemplare nel suo genere.<\/p>\n<p><\/p>\n<p>La citt\u00e0 di Kranj offre tutti i comfort possibili e desiderabili grazie a un ricco programma culturale, un variegato patrimonio naturale e un&#8217;offerta commerciale invidiabile, cui si aggiungono anche diverse strutture ricettive di prima qualit\u00e0. Tutto questo render\u00e0 la vostra vacanza ancora pi\u00f9 piacevole e senza preoccupazioni.<\/p>\n<p><\/p>\n<p><strong>Benvenuti a Kranj, una citt\u00e0 vivace nel cuore della natura.<\/strong><\/p>\n<p><\/p>\t\t\t\t\t\t\t\t<\/div>\n\t\t\t\t<\/div>\n\t\t<div class=\"elementor-element elementor-element-2ad9153 e-flex e-con-boxed e-con e-parent\" data-id=\"2ad9153\" data-element_type=\"container\" data-e-type=\"container\" data-settings=\"{&quot;jet_parallax_layout_list&quot;:[]}\">\n\t\t\t\t\t<div class=\"e-con-inner\">\n\t\t<div class=\"elementor-element elementor-element-2992809 e-con-full e-flex e-con e-parent\" data-id=\"2992809\" data-element_type=\"container\" data-e-type=\"container\" data-settings=\"{&quot;jet_parallax_layout_list&quot;:[]}\">\n\t\t\t\t<div class=\"elementor-element elementor-element-b728b5f elementor-position-top elementor-widget elementor-widget-image-box\" data-id=\"b728b5f\" data-element_type=\"widget\" data-e-type=\"widget\" data-widget_type=\"image-box.default\">\n\t\t\t\t<div class=\"elementor-widget-container\">\n\t\t\t\t\t<div class=\"elementor-image-box-wrapper\"><figure class=\"elementor-image-box-img\"><a href=\"\/it\/vacanze-attive\/percorso-kamnicanka\/\" tabindex=\"-1\"><img fetchpriority=\"high\" decoding=\"async\" width=\"462\" height=\"462\" src=\"https:\/\/www.visitkranj.com\/wp-content\/uploads\/2023\/05\/kamnicanka.w462h462c.jpg\" class=\"attachment-full size-full wp-image-5555\" alt=\"\" srcset=\"https:\/\/www.visitkranj.com\/wp-content\/uploads\/2023\/05\/kamnicanka.w462h462c.jpg 462w, https:\/\/www.visitkranj.com\/wp-content\/uploads\/2023\/05\/kamnicanka.w462h462c-300x300.jpg 300w, https:\/\/www.visitkranj.com\/wp-content\/uploads\/2023\/05\/kamnicanka.w462h462c-150x150.jpg 150w\" sizes=\"(max-width: 462px) 100vw, 462px\" \/><\/a><\/figure><div class=\"elementor-image-box-content\"><h3 class=\"elementor-image-box-title\"><a href=\"\/it\/vacanze-attive\/percorso-kamnicanka\/\">Percorso KAMNI\u010cANKA<\/a><\/h3><p class=\"elementor-image-box-description\">Il percorso di pianura a Voklo ci porta all'unico ponte ciclabile sull'autostrada in Slovenia.<\/p><\/div><\/div>\t\t\t\t<\/div>\n\t\t\t\t<\/div>\n\t\t\t\t<div class=\"elementor-element elementor-element-fb6c71d elementor-align-right elementor-widget elementor-widget-button\" data-id=\"fb6c71d\" data-element_type=\"widget\" data-e-type=\"widget\" data-widget_type=\"button.default\">\n\t\t\t\t<div class=\"elementor-widget-container\">\n\t\t\t\t\t\t\t\t\t<div class=\"elementor-button-wrapper\">\n\t\t\t\t\t<a class=\"elementor-button elementor-button-link elementor-size-sm\" href=\"\/it\/vacanze-attive\/percorso-kamnicanka\/\">\n\t\t\t\t\t\t<span class=\"elementor-button-content-wrapper\">\n\t\t\t\t\t\t\t\t\t<span class=\"elementor-button-text\">LEGGI DI PI\u00d9<\/span>\n\t\t\t\t\t<\/span>\n\t\t\t\t\t<\/a>\n\t\t\t\t<\/div>\n\t\t\t\t\t\t\t\t<\/div>\n\t\t\t\t<\/div>\n\t\t\t\t<\/div>\n\t\t<div class=\"elementor-element elementor-element-94d69ef e-con-full e-flex e-con e-parent\" data-id=\"94d69ef\" data-element_type=\"container\" data-e-type=\"container\" data-settings=\"{&quot;jet_parallax_layout_list&quot;:[]}\">\n\t\t\t\t<div class=\"elementor-element elementor-element-05642a1 elementor-position-top elementor-widget elementor-widget-image-box\" data-id=\"05642a1\" data-element_type=\"widget\" data-e-type=\"widget\" data-widget_type=\"image-box.default\">\n\t\t\t\t<div class=\"elementor-widget-container\">\n\t\t\t\t\t<div class=\"elementor-image-box-wrapper\"><figure class=\"elementor-image-box-img\"><a href=\"\/it\/vacanze-attive\/percorso-lljubljancanka\/\" tabindex=\"-1\"><img decoding=\"async\" width=\"462\" height=\"462\" src=\"https:\/\/www.visitkranj.com\/wp-content\/uploads\/2023\/05\/presernov-trg-2.w462h462c.jpg\" class=\"attachment-full size-full wp-image-5554\" alt=\"\" srcset=\"https:\/\/www.visitkranj.com\/wp-content\/uploads\/2023\/05\/presernov-trg-2.w462h462c.jpg 462w, https:\/\/www.visitkranj.com\/wp-content\/uploads\/2023\/05\/presernov-trg-2.w462h462c-300x300.jpg 300w, https:\/\/www.visitkranj.com\/wp-content\/uploads\/2023\/05\/presernov-trg-2.w462h462c-150x150.jpg 150w\" sizes=\"(max-width: 462px) 100vw, 462px\" \/><\/a><\/figure><div class=\"elementor-image-box-content\"><h3 class=\"elementor-image-box-title\"><a href=\"\/it\/vacanze-attive\/percorso-lljubljancanka\/\">Percorso LJUBLJAN\u010cANKA<\/a><\/h3><p class=\"elementor-image-box-description\">Il percorso di pianura a Voklo ci porta all'unico ponte ciclabile sull'autostrada in Slovenia.<\/p><\/div><\/div>\t\t\t\t<\/div>\n\t\t\t\t<\/div>\n\t\t\t\t<div class=\"elementor-element elementor-element-21b40f6 elementor-align-right elementor-widget elementor-widget-button\" data-id=\"21b40f6\" data-element_type=\"widget\" data-e-type=\"widget\" data-widget_type=\"button.default\">\n\t\t\t\t<div class=\"elementor-widget-container\">\n\t\t\t\t\t\t\t\t\t<div class=\"elementor-button-wrapper\">\n\t\t\t\t\t<a class=\"elementor-button elementor-button-link elementor-size-sm\" href=\"\/it\/vacanze-attive\/percorso-lljubljancanka\/\">\n\t\t\t\t\t\t<span class=\"elementor-button-content-wrapper\">\n\t\t\t\t\t\t\t\t\t<span class=\"elementor-button-text\">LEGGI DI PI\u00d9<\/span>\n\t\t\t\t\t<\/span>\n\t\t\t\t\t<\/a>\n\t\t\t\t<\/div>\n\t\t\t\t\t\t\t\t<\/div>\n\t\t\t\t<\/div>\n\t\t\t\t<\/div>\n\t\t<div class=\"elementor-element elementor-element-3135883 e-con-full e-flex e-con e-parent\" data-id=\"3135883\" data-element_type=\"container\" data-e-type=\"container\" data-settings=\"{&quot;jet_parallax_layout_list&quot;:[]}\">\n\t\t\t\t<div class=\"elementor-element elementor-element-b42b511 elementor-position-top elementor-widget elementor-widget-image-box\" data-id=\"b42b511\" data-element_type=\"widget\" data-e-type=\"widget\" data-widget_type=\"image-box.default\">\n\t\t\t\t<div class=\"elementor-widget-container\">\n\t\t\t\t\t<div class=\"elementor-image-box-wrapper\"><figure class=\"elementor-image-box-img\"><a href=\"\/it\/vacanze-attive\/percorso-locanka\/\" tabindex=\"-1\"><img decoding=\"async\" width=\"462\" height=\"462\" src=\"https:\/\/www.visitkranj.com\/wp-content\/uploads\/2023\/05\/skofja-loka-grad.w462h462c.jpg\" class=\"attachment-full size-full wp-image-5553\" alt=\"\" srcset=\"https:\/\/www.visitkranj.com\/wp-content\/uploads\/2023\/05\/skofja-loka-grad.w462h462c.jpg 462w, https:\/\/www.visitkranj.com\/wp-content\/uploads\/2023\/05\/skofja-loka-grad.w462h462c-300x300.jpg 300w, https:\/\/www.visitkranj.com\/wp-content\/uploads\/2023\/05\/skofja-loka-grad.w462h462c-150x150.jpg 150w\" sizes=\"(max-width: 462px) 100vw, 462px\" \/><\/a><\/figure><div class=\"elementor-image-box-content\"><h3 class=\"elementor-image-box-title\"><a href=\"\/it\/vacanze-attive\/percorso-locanka\/\">Percorso LO\u010cANKA<\/a><\/h3><p class=\"elementor-image-box-description\">Il centro storico di \u0160kofja Loka \u00e8 come se fosse un'immagine vivente che mette insieme il passato e il presente.<\/p><\/div><\/div>\t\t\t\t<\/div>\n\t\t\t\t<\/div>\n\t\t\t\t<div class=\"elementor-element elementor-element-058aa90 elementor-align-right elementor-widget elementor-widget-button\" data-id=\"058aa90\" data-element_type=\"widget\" data-e-type=\"widget\" data-widget_type=\"button.default\">\n\t\t\t\t<div class=\"elementor-widget-container\">\n\t\t\t\t\t\t\t\t\t<div class=\"elementor-button-wrapper\">\n\t\t\t\t\t<a class=\"elementor-button elementor-button-link elementor-size-sm\" href=\"\/it\/vacanze-attive\/percorso-locanka\/\">\n\t\t\t\t\t\t<span class=\"elementor-button-content-wrapper\">\n\t\t\t\t\t\t\t\t\t<span class=\"elementor-button-text\">LEGGI DI PI\u00d9<\/span>\n\t\t\t\t\t<\/span>\n\t\t\t\t\t<\/a>\n\t\t\t\t<\/div>\n\t\t\t\t\t\t\t\t<\/div>\n\t\t\t\t<\/div>\n\t\t\t\t<\/div>\n\t\t<div class=\"elementor-element elementor-element-1feead6 e-con-full e-flex e-con e-parent\" data-id=\"1feead6\" data-element_type=\"container\" data-e-type=\"container\" data-settings=\"{&quot;jet_parallax_layout_list&quot;:[]}\">\n\t\t\t\t<div class=\"elementor-element elementor-element-4350fab elementor-position-top elementor-widget elementor-widget-image-box\" data-id=\"4350fab\" data-element_type=\"widget\" data-e-type=\"widget\" data-widget_type=\"image-box.default\">\n\t\t\t\t<div class=\"elementor-widget-container\">\n\t\t\t\t\t<div class=\"elementor-image-box-wrapper\"><figure class=\"elementor-image-box-img\"><a href=\"\/it\/vacanze-attive\/percorso-blejcanka\/\" tabindex=\"-1\"><img loading=\"lazy\" decoding=\"async\" width=\"462\" height=\"462\" src=\"https:\/\/www.visitkranj.com\/wp-content\/uploads\/2023\/05\/bled.w462h462c-1.jpg\" class=\"attachment-full size-full wp-image-5576\" alt=\"\" srcset=\"https:\/\/www.visitkranj.com\/wp-content\/uploads\/2023\/05\/bled.w462h462c-1.jpg 462w, https:\/\/www.visitkranj.com\/wp-content\/uploads\/2023\/05\/bled.w462h462c-1-300x300.jpg 300w, https:\/\/www.visitkranj.com\/wp-content\/uploads\/2023\/05\/bled.w462h462c-1-150x150.jpg 150w\" sizes=\"(max-width: 462px) 100vw, 462px\" \/><\/a><\/figure><div class=\"elementor-image-box-content\"><h3 class=\"elementor-image-box-title\"><a href=\"\/it\/vacanze-attive\/percorso-blejcanka\/\">Percorso BLEJ\u010cANKA<\/a><\/h3><p class=\"elementor-image-box-description\">Bled \u00e8 un paesino che \u00e8 bello come se venisse dal paradiso.<\/p><\/div><\/div>\t\t\t\t<\/div>\n\t\t\t\t<\/div>\n\t\t\t\t<div class=\"elementor-element elementor-element-4fe2222 elementor-align-right elementor-widget elementor-widget-button\" data-id=\"4fe2222\" data-element_type=\"widget\" data-e-type=\"widget\" data-widget_type=\"button.default\">\n\t\t\t\t<div class=\"elementor-widget-container\">\n\t\t\t\t\t\t\t\t\t<div class=\"elementor-button-wrapper\">\n\t\t\t\t\t<a class=\"elementor-button elementor-button-link elementor-size-sm\" href=\"\/it\/vacanze-attive\/percorso-blejcanka\/\">\n\t\t\t\t\t\t<span class=\"elementor-button-content-wrapper\">\n\t\t\t\t\t\t\t\t\t<span class=\"elementor-button-text\">LEGGI DI PI\u00d9<\/span>\n\t\t\t\t\t<\/span>\n\t\t\t\t\t<\/a>\n\t\t\t\t<\/div>\n\t\t\t\t\t\t\t\t<\/div>\n\t\t\t\t<\/div>\n\t\t\t\t<\/div>\n\t\t<div class=\"elementor-element elementor-element-f829489 e-con-full e-flex e-con e-parent\" data-id=\"f829489\" data-element_type=\"container\" data-e-type=\"container\" data-settings=\"{&quot;jet_parallax_layout_list&quot;:[]}\">\n\t\t\t\t<div class=\"elementor-element elementor-element-ed5516e elementor-position-top elementor-widget elementor-widget-image-box\" data-id=\"ed5516e\" data-element_type=\"widget\" data-e-type=\"widget\" data-widget_type=\"image-box.default\">\n\t\t\t\t<div class=\"elementor-widget-container\">\n\t\t\t\t\t<div class=\"elementor-image-box-wrapper\"><figure class=\"elementor-image-box-img\"><a href=\"\/it\/vacanze-attive\/percorso-trzicanka\/\" tabindex=\"-1\"><img loading=\"lazy\" decoding=\"async\" width=\"462\" height=\"462\" src=\"https:\/\/www.visitkranj.com\/wp-content\/uploads\/2023\/05\/trzic-kolesarjenje.w462h462c-1.jpg\" class=\"attachment-full size-full wp-image-5575\" alt=\"\" srcset=\"https:\/\/www.visitkranj.com\/wp-content\/uploads\/2023\/05\/trzic-kolesarjenje.w462h462c-1.jpg 462w, https:\/\/www.visitkranj.com\/wp-content\/uploads\/2023\/05\/trzic-kolesarjenje.w462h462c-1-300x300.jpg 300w, https:\/\/www.visitkranj.com\/wp-content\/uploads\/2023\/05\/trzic-kolesarjenje.w462h462c-1-150x150.jpg 150w\" sizes=\"(max-width: 462px) 100vw, 462px\" \/><\/a><\/figure><div class=\"elementor-image-box-content\"><h3 class=\"elementor-image-box-title\"><a href=\"\/it\/vacanze-attive\/percorso-trzicanka\/\">Percorso TR\u017dI\u010cANKA<\/a><\/h3><p class=\"elementor-image-box-description\">Tr\u017ei\u010d \u00e8 una localit\u00e0 meravigliosa dove escursionisti, alpinisti, appassionati di mountain bike, amanti di esperienze...<\/p><\/div><\/div>\t\t\t\t<\/div>\n\t\t\t\t<\/div>\n\t\t\t\t<div class=\"elementor-element elementor-element-a128ad6 elementor-align-right elementor-widget elementor-widget-button\" data-id=\"a128ad6\" data-element_type=\"widget\" data-e-type=\"widget\" data-widget_type=\"button.default\">\n\t\t\t\t<div class=\"elementor-widget-container\">\n\t\t\t\t\t\t\t\t\t<div class=\"elementor-button-wrapper\">\n\t\t\t\t\t<a class=\"elementor-button elementor-button-link elementor-size-sm\" href=\"\/it\/vacanze-attive\/percorso-trzicanka\/\">\n\t\t\t\t\t\t<span class=\"elementor-button-content-wrapper\">\n\t\t\t\t\t\t\t\t\t<span class=\"elementor-button-text\">LEGGI DI PI\u00d9<\/span>\n\t\t\t\t\t<\/span>\n\t\t\t\t\t<\/a>\n\t\t\t\t<\/div>\n\t\t\t\t\t\t\t\t<\/div>\n\t\t\t\t<\/div>\n\t\t\t\t<\/div>\n\t\t<div class=\"elementor-element elementor-element-afe6d69 e-con-full e-flex e-con e-parent\" data-id=\"afe6d69\" data-element_type=\"container\" data-e-type=\"container\" data-settings=\"{&quot;jet_parallax_layout_list&quot;:[]}\">\n\t\t\t\t<div class=\"elementor-element elementor-element-eabeaf8 elementor-position-top elementor-widget elementor-widget-image-box\" data-id=\"eabeaf8\" data-element_type=\"widget\" data-e-type=\"widget\" data-widget_type=\"image-box.default\">\n\t\t\t\t<div class=\"elementor-widget-container\">\n\t\t\t\t\t<div class=\"elementor-image-box-wrapper\"><figure class=\"elementor-image-box-img\"><a href=\"\/it\/vacanze-attive\/percorso-jezerjanka\/\" tabindex=\"-1\"><img loading=\"lazy\" decoding=\"async\" width=\"462\" height=\"462\" src=\"https:\/\/www.visitkranj.com\/wp-content\/uploads\/2023\/05\/jezersko-1.w462h462c-1.jpg\" class=\"attachment-full size-full wp-image-5574\" alt=\"\" srcset=\"https:\/\/www.visitkranj.com\/wp-content\/uploads\/2023\/05\/jezersko-1.w462h462c-1.jpg 462w, https:\/\/www.visitkranj.com\/wp-content\/uploads\/2023\/05\/jezersko-1.w462h462c-1-300x300.jpg 300w, https:\/\/www.visitkranj.com\/wp-content\/uploads\/2023\/05\/jezersko-1.w462h462c-1-150x150.jpg 150w\" sizes=\"(max-width: 462px) 100vw, 462px\" \/><\/a><\/figure><div class=\"elementor-image-box-content\"><h3 class=\"elementor-image-box-title\"><a href=\"\/it\/vacanze-attive\/percorso-jezerjanka\/\">Percorso JEZERJANKA<\/a><\/h3><p class=\"elementor-image-box-description\">Jezersko \u00e8 diventato giustamente il primo villaggio alpino in Slovenia, poich\u00e9 entrambe le valli glaciali, punteggiate...<\/p><\/div><\/div>\t\t\t\t<\/div>\n\t\t\t\t<\/div>\n\t\t\t\t<div class=\"elementor-element elementor-element-b49cd3e elementor-align-right elementor-widget elementor-widget-button\" data-id=\"b49cd3e\" data-element_type=\"widget\" data-e-type=\"widget\" data-widget_type=\"button.default\">\n\t\t\t\t<div class=\"elementor-widget-container\">\n\t\t\t\t\t\t\t\t\t<div class=\"elementor-button-wrapper\">\n\t\t\t\t\t<a class=\"elementor-button elementor-button-link elementor-size-sm\" href=\"\/it\/vacanze-attive\/percorso-jezerjanka\/\">\n\t\t\t\t\t\t<span class=\"elementor-button-content-wrapper\">\n\t\t\t\t\t\t\t\t\t<span class=\"elementor-button-text\">LEGGI DI PI\u00d9<\/span>\n\t\t\t\t\t<\/span>\n\t\t\t\t\t<\/a>\n\t\t\t\t<\/div>\n\t\t\t\t\t\t\t\t<\/div>\n\t\t\t\t<\/div>\n\t\t\t\t<\/div>\n\t\t\t\t\t<\/div>\n\t\t\t\t<\/div>\n\t\t\t\t<\/div>\n\t\t\t\t\t<\/div>\n\t\t\t\t<\/div>\n\t\t\t\t<\/div>\n\t\t","protected":false},"excerpt":{"rendered":"<p>Il ventaglio dei percorsi ciclabili nei dintorni di Kranj A Kranj siamo con un piede nel mezzo del vivace trambusto cittadino, e con l&#8217;altro gi\u00e0 nella natura. Abbiamo preparato sei pittoresche percorsi ciclabili che si allungano fino alle citt\u00e0 vicine, insieme a una serie di suggerimenti per ciclisti per fare una passeggiata attraverso le colline [&hellip;]<\/p>\n","protected":false},"featured_media":16777,"parent":0,"menu_order":0,"template":"","kategorije-aktivni-oddih":[119],"class_list":["post-61264","aktivni-oddih","type-aktivni-oddih","status-publish","has-post-thumbnail","hentry","kategorije-aktivni-oddih-piste-ciclabili"],"yoast_head":"<!-- This site is optimized with the Yoast SEO plugin v26.9 - https:\/\/yoast.com\/product\/yoast-seo-wordpress\/ -->\n<title>Il ventaglio dei percorsi ciclabili nei dintorni di Kranj - Visit Kranj<\/title>\n<meta name=\"robots\" content=\"index, follow, max-snippet:-1, max-image-preview:large, max-video-preview:-1\" \/>\n<link rel=\"canonical\" href=\"https:\/\/www.visitkranj.com\/it\/vacanze-attive\/il-ventaglio-dei-percorsi-ciclabili-nei-dintorni-di-kranj\/\" \/>\n<meta property=\"og:locale\" content=\"it_IT\" \/>\n<meta property=\"og:type\" content=\"article\" \/>\n<meta property=\"og:title\" content=\"Il ventaglio dei percorsi ciclabili nei dintorni di Kranj - Visit Kranj\" \/>\n<meta property=\"og:description\" content=\"Il ventaglio dei percorsi ciclabili nei dintorni di Kranj A Kranj siamo con un piede nel mezzo del vivace trambusto cittadino, e con l&#8217;altro gi\u00e0 nella natura. Abbiamo preparato sei pittoresche percorsi ciclabili che si allungano fino alle citt\u00e0 vicine, insieme a una serie di suggerimenti per ciclisti per fare una passeggiata attraverso le colline [&hellip;]\" \/>\n<meta property=\"og:url\" content=\"https:\/\/www.visitkranj.com\/it\/vacanze-attive\/il-ventaglio-dei-percorsi-ciclabili-nei-dintorni-di-kranj\/\" \/>\n<meta property=\"og:site_name\" content=\"Visit Kranj\" \/>\n<meta property=\"article:publisher\" content=\"https:\/\/www.facebook.com\/VisitKranj\/\" \/>\n<meta property=\"og:image\" content=\"https:\/\/www.visitkranj.com\/wp-content\/uploads\/2023\/05\/kolesarska-roza.jpg\" \/>\n\t<meta property=\"og:image:width\" content=\"1170\" \/>\n\t<meta property=\"og:image:height\" content=\"400\" \/>\n\t<meta property=\"og:image:type\" content=\"image\/jpeg\" \/>\n<meta name=\"twitter:card\" content=\"summary_large_image\" \/>\n<meta name=\"twitter:label1\" content=\"Tempo di lettura stimato\" \/>\n\t<meta name=\"twitter:data1\" content=\"1 minuto\" \/>\n<script type=\"application\/ld+json\" class=\"yoast-schema-graph\">{\"@context\":\"https:\/\/schema.org\",\"@graph\":[{\"@type\":\"WebPage\",\"@id\":\"https:\/\/www.visitkranj.com\/it\/vacanze-attive\/il-ventaglio-dei-percorsi-ciclabili-nei-dintorni-di-kranj\/\",\"url\":\"https:\/\/www.visitkranj.com\/it\/vacanze-attive\/il-ventaglio-dei-percorsi-ciclabili-nei-dintorni-di-kranj\/\",\"name\":\"Il ventaglio dei percorsi ciclabili nei dintorni di Kranj - Visit Kranj\",\"isPartOf\":{\"@id\":\"https:\/\/www.visitkranj.com\/it\/#website\"},\"primaryImageOfPage\":{\"@id\":\"https:\/\/www.visitkranj.com\/it\/vacanze-attive\/il-ventaglio-dei-percorsi-ciclabili-nei-dintorni-di-kranj\/#primaryimage\"},\"image\":{\"@id\":\"https:\/\/www.visitkranj.com\/it\/vacanze-attive\/il-ventaglio-dei-percorsi-ciclabili-nei-dintorni-di-kranj\/#primaryimage\"},\"thumbnailUrl\":\"https:\/\/www.visitkranj.com\/wp-content\/uploads\/2023\/05\/kolesarska-roza.jpg\",\"datePublished\":\"2023-10-18T11:16:40+00:00\",\"breadcrumb\":{\"@id\":\"https:\/\/www.visitkranj.com\/it\/vacanze-attive\/il-ventaglio-dei-percorsi-ciclabili-nei-dintorni-di-kranj\/#breadcrumb\"},\"inLanguage\":\"it-IT\",\"potentialAction\":[{\"@type\":\"ReadAction\",\"target\":[\"https:\/\/www.visitkranj.com\/it\/vacanze-attive\/il-ventaglio-dei-percorsi-ciclabili-nei-dintorni-di-kranj\/\"]}]},{\"@type\":\"ImageObject\",\"inLanguage\":\"it-IT\",\"@id\":\"https:\/\/www.visitkranj.com\/it\/vacanze-attive\/il-ventaglio-dei-percorsi-ciclabili-nei-dintorni-di-kranj\/#primaryimage\",\"url\":\"https:\/\/www.visitkranj.com\/wp-content\/uploads\/2023\/05\/kolesarska-roza.jpg\",\"contentUrl\":\"https:\/\/www.visitkranj.com\/wp-content\/uploads\/2023\/05\/kolesarska-roza.jpg\",\"width\":1170,\"height\":400},{\"@type\":\"BreadcrumbList\",\"@id\":\"https:\/\/www.visitkranj.com\/it\/vacanze-attive\/il-ventaglio-dei-percorsi-ciclabili-nei-dintorni-di-kranj\/#breadcrumb\",\"itemListElement\":[{\"@type\":\"ListItem\",\"position\":1,\"name\":\"Inizio\",\"item\":\"https:\/\/www.visitkranj.com\/it\/\"},{\"@type\":\"ListItem\",\"position\":2,\"name\":\"Aktivni oddih\",\"item\":\"https:\/\/www.visitkranj.com\/it\/vacanze-attive\/\"},{\"@type\":\"ListItem\",\"position\":3,\"name\":\"Il ventaglio dei percorsi ciclabili nei dintorni di Kranj\"}]},{\"@type\":\"WebSite\",\"@id\":\"https:\/\/www.visitkranj.com\/it\/#website\",\"url\":\"https:\/\/www.visitkranj.com\/it\/\",\"name\":\"Visit Kranj\",\"description\":\"Uradna spletna stran turizma Kranj\",\"publisher\":{\"@id\":\"https:\/\/www.visitkranj.com\/it\/#organization\"},\"potentialAction\":[{\"@type\":\"SearchAction\",\"target\":{\"@type\":\"EntryPoint\",\"urlTemplate\":\"https:\/\/www.visitkranj.com\/it\/?s={search_term_string}\"},\"query-input\":{\"@type\":\"PropertyValueSpecification\",\"valueRequired\":true,\"valueName\":\"search_term_string\"}}],\"inLanguage\":\"it-IT\"},{\"@type\":\"Organization\",\"@id\":\"https:\/\/www.visitkranj.com\/it\/#organization\",\"name\":\"Zavod za turizem in kulturo Kranj\",\"url\":\"https:\/\/www.visitkranj.com\/it\/\",\"logo\":{\"@type\":\"ImageObject\",\"inLanguage\":\"it-IT\",\"@id\":\"https:\/\/www.visitkranj.com\/it\/#\/schema\/logo\/image\/\",\"url\":\"https:\/\/www.visitkranj.com\/wp-content\/uploads\/2022\/11\/logo_menu_small.png\",\"contentUrl\":\"https:\/\/www.visitkranj.com\/wp-content\/uploads\/2022\/11\/logo_menu_small.png\",\"width\":142,\"height\":142,\"caption\":\"Zavod za turizem in kulturo Kranj\"},\"image\":{\"@id\":\"https:\/\/www.visitkranj.com\/it\/#\/schema\/logo\/image\/\"},\"sameAs\":[\"https:\/\/www.facebook.com\/VisitKranj\/\",\"https:\/\/www.instagram.com\/visitkranj\/\",\"https:\/\/www.tripadvisor.com\/Attraction_Review-g644300-d7289577-Reviews-Tourist_Information_Centre_Kranj_House-Kranj_Upper_Carniola_Region.html\"]}]}<\/script>\n<!-- \/ Yoast SEO plugin. -->","yoast_head_json":{"title":"Il ventaglio dei percorsi ciclabili nei dintorni di Kranj - Visit Kranj","robots":{"index":"index","follow":"follow","max-snippet":"max-snippet:-1","max-image-preview":"max-image-preview:large","max-video-preview":"max-video-preview:-1"},"canonical":"https:\/\/www.visitkranj.com\/it\/vacanze-attive\/il-ventaglio-dei-percorsi-ciclabili-nei-dintorni-di-kranj\/","og_locale":"it_IT","og_type":"article","og_title":"Il ventaglio dei percorsi ciclabili nei dintorni di Kranj - Visit Kranj","og_description":"Il ventaglio dei percorsi ciclabili nei dintorni di Kranj A Kranj siamo con un piede nel mezzo del vivace trambusto cittadino, e con l&#8217;altro gi\u00e0 nella natura. Abbiamo preparato sei pittoresche percorsi ciclabili che si allungano fino alle citt\u00e0 vicine, insieme a una serie di suggerimenti per ciclisti per fare una passeggiata attraverso le colline [&hellip;]","og_url":"https:\/\/www.visitkranj.com\/it\/vacanze-attive\/il-ventaglio-dei-percorsi-ciclabili-nei-dintorni-di-kranj\/","og_site_name":"Visit Kranj","article_publisher":"https:\/\/www.facebook.com\/VisitKranj\/","og_image":[{"width":1170,"height":400,"url":"https:\/\/www.visitkranj.com\/wp-content\/uploads\/2023\/05\/kolesarska-roza.jpg","type":"image\/jpeg"}],"twitter_card":"summary_large_image","twitter_misc":{"Tempo di lettura stimato":"1 minuto"},"schema":{"@context":"https:\/\/schema.org","@graph":[{"@type":"WebPage","@id":"https:\/\/www.visitkranj.com\/it\/vacanze-attive\/il-ventaglio-dei-percorsi-ciclabili-nei-dintorni-di-kranj\/","url":"https:\/\/www.visitkranj.com\/it\/vacanze-attive\/il-ventaglio-dei-percorsi-ciclabili-nei-dintorni-di-kranj\/","name":"Il ventaglio dei percorsi ciclabili nei dintorni di Kranj - Visit Kranj","isPartOf":{"@id":"https:\/\/www.visitkranj.com\/it\/#website"},"primaryImageOfPage":{"@id":"https:\/\/www.visitkranj.com\/it\/vacanze-attive\/il-ventaglio-dei-percorsi-ciclabili-nei-dintorni-di-kranj\/#primaryimage"},"image":{"@id":"https:\/\/www.visitkranj.com\/it\/vacanze-attive\/il-ventaglio-dei-percorsi-ciclabili-nei-dintorni-di-kranj\/#primaryimage"},"thumbnailUrl":"https:\/\/www.visitkranj.com\/wp-content\/uploads\/2023\/05\/kolesarska-roza.jpg","datePublished":"2023-10-18T11:16:40+00:00","breadcrumb":{"@id":"https:\/\/www.visitkranj.com\/it\/vacanze-attive\/il-ventaglio-dei-percorsi-ciclabili-nei-dintorni-di-kranj\/#breadcrumb"},"inLanguage":"it-IT","potentialAction":[{"@type":"ReadAction","target":["https:\/\/www.visitkranj.com\/it\/vacanze-attive\/il-ventaglio-dei-percorsi-ciclabili-nei-dintorni-di-kranj\/"]}]},{"@type":"ImageObject","inLanguage":"it-IT","@id":"https:\/\/www.visitkranj.com\/it\/vacanze-attive\/il-ventaglio-dei-percorsi-ciclabili-nei-dintorni-di-kranj\/#primaryimage","url":"https:\/\/www.visitkranj.com\/wp-content\/uploads\/2023\/05\/kolesarska-roza.jpg","contentUrl":"https:\/\/www.visitkranj.com\/wp-content\/uploads\/2023\/05\/kolesarska-roza.jpg","width":1170,"height":400},{"@type":"BreadcrumbList","@id":"https:\/\/www.visitkranj.com\/it\/vacanze-attive\/il-ventaglio-dei-percorsi-ciclabili-nei-dintorni-di-kranj\/#breadcrumb","itemListElement":[{"@type":"ListItem","position":1,"name":"Inizio","item":"https:\/\/www.visitkranj.com\/it\/"},{"@type":"ListItem","position":2,"name":"Aktivni oddih","item":"https:\/\/www.visitkranj.com\/it\/vacanze-attive\/"},{"@type":"ListItem","position":3,"name":"Il ventaglio dei percorsi ciclabili nei dintorni di Kranj"}]},{"@type":"WebSite","@id":"https:\/\/www.visitkranj.com\/it\/#website","url":"https:\/\/www.visitkranj.com\/it\/","name":"Visit Kranj","description":"Uradna spletna stran turizma Kranj","publisher":{"@id":"https:\/\/www.visitkranj.com\/it\/#organization"},"potentialAction":[{"@type":"SearchAction","target":{"@type":"EntryPoint","urlTemplate":"https:\/\/www.visitkranj.com\/it\/?s={search_term_string}"},"query-input":{"@type":"PropertyValueSpecification","valueRequired":true,"valueName":"search_term_string"}}],"inLanguage":"it-IT"},{"@type":"Organization","@id":"https:\/\/www.visitkranj.com\/it\/#organization","name":"Zavod za turizem in kulturo Kranj","url":"https:\/\/www.visitkranj.com\/it\/","logo":{"@type":"ImageObject","inLanguage":"it-IT","@id":"https:\/\/www.visitkranj.com\/it\/#\/schema\/logo\/image\/","url":"https:\/\/www.visitkranj.com\/wp-content\/uploads\/2022\/11\/logo_menu_small.png","contentUrl":"https:\/\/www.visitkranj.com\/wp-content\/uploads\/2022\/11\/logo_menu_small.png","width":142,"height":142,"caption":"Zavod za turizem in kulturo Kranj"},"image":{"@id":"https:\/\/www.visitkranj.com\/it\/#\/schema\/logo\/image\/"},"sameAs":["https:\/\/www.facebook.com\/VisitKranj\/","https:\/\/www.instagram.com\/visitkranj\/","https:\/\/www.tripadvisor.com\/Attraction_Review-g644300-d7289577-Reviews-Tourist_Information_Centre_Kranj_House-Kranj_Upper_Carniola_Region.html"]}]}},"_links":{"self":[{"href":"https:\/\/www.visitkranj.com\/it\/wp-json\/wp\/v2\/aktivni-oddih\/61264","targetHints":{"allow":["GET"]}}],"collection":[{"href":"https:\/\/www.visitkranj.com\/it\/wp-json\/wp\/v2\/aktivni-oddih"}],"about":[{"href":"https:\/\/www.visitkranj.com\/it\/wp-json\/wp\/v2\/types\/aktivni-oddih"}],"version-history":[{"count":0,"href":"https:\/\/www.visitkranj.com\/it\/wp-json\/wp\/v2\/aktivni-oddih\/61264\/revisions"}],"wp:featuredmedia":[{"embeddable":true,"href":"https:\/\/www.visitkranj.com\/it\/wp-json\/wp\/v2\/media\/16777"}],"wp:attachment":[{"href":"https:\/\/www.visitkranj.com\/it\/wp-json\/wp\/v2\/media?parent=61264"}],"wp:term":[{"taxonomy":"kategorije-aktivni-oddih","embeddable":true,"href":"https:\/\/www.visitkranj.com\/it\/wp-json\/wp\/v2\/kategorije-aktivni-oddih?post=61264"}],"curies":[{"name":"wp","href":"https:\/\/api.w.org\/{rel}","templated":true}]}}