{"id":65717,"date":"2023-07-19T13:45:58","date_gmt":"2023-07-19T12:45:58","guid":{"rendered":"https:\/\/www.visitkranj.com\/?post_type=izbrani-dogodki&#038;p=65717"},"modified":"2025-09-15T10:55:40","modified_gmt":"2025-09-15T09:55:40","slug":"eventi-al-castello-khislstein","status":"publish","type":"izbrani-dogodki","link":"https:\/\/www.visitkranj.com\/it\/eventi-selezionati\/eventi-al-castello-khislstein\/","title":{"rendered":"Eventi al castello Khislstein"},"content":{"rendered":"\t\t<div data-elementor-type=\"wp-post\" data-elementor-id=\"65717\" class=\"elementor elementor-65717 elementor-3934\" data-elementor-post-type=\"izbrani-dogodki\">\n\t\t\t\t\t\t<section class=\"elementor-section elementor-top-section elementor-element elementor-element-789828b1 elementor-section-boxed elementor-section-height-default elementor-section-height-default\" data-id=\"789828b1\" data-element_type=\"section\" data-e-type=\"section\" data-settings=\"{&quot;jet_parallax_layout_list&quot;:[]}\">\n\t\t\t\t\t\t<div class=\"elementor-container elementor-column-gap-default\">\n\t\t\t\t\t<div class=\"elementor-column elementor-col-100 elementor-top-column elementor-element elementor-element-14691435\" data-id=\"14691435\" data-element_type=\"column\" data-e-type=\"column\">\n\t\t\t<div class=\"elementor-widget-wrap elementor-element-populated\">\n\t\t\t\t\t\t<div class=\"elementor-element elementor-element-753693f8 elementor-widget elementor-widget-text-editor\" data-id=\"753693f8\" data-element_type=\"widget\" data-e-type=\"widget\" data-widget_type=\"text-editor.default\">\n\t\t\t\t<div class=\"elementor-widget-container\">\n\t\t\t\t\t\t\t\t\t<h2>EVENTI AL CASTELLO KHISLSTEIN<br \/><span style=\"color: #808080;\">Maggio &#8211; Settembre 2025<\/span><\/h2><p><em>Il programma 2025 \u00e8 completo.<\/em><\/p><h2>Programma 2025<\/h2><h3><span style=\"color: #c61647;\">Teatro all\u2019aperto Khislstein<\/span><\/h3><p>\/<\/p><hr \/><h3>\u00a0<\/h3><h3><span style=\"color: #c61647;\">Serate musicali sotto il tiglio del castello<\/span><\/h3><p>\/<\/p><hr \/><h3>\u00a0<\/h3><h3><span style=\"color: #c61647;\">Ispirazione culturale del marted\u00ec*<\/span><\/h3><p>\/<\/p><p><small><span style=\"color: #808080;\"><em>* Il programma \u00e8 in sloveno.<\/em><\/span><\/small><\/p><p><img decoding=\"async\" class=\"alignnone size-full wp-image-3039\" src=\"https:\/\/www.visitkranj.com\/wp-content\/uploads\/2023\/05\/PresernoPoletje-Bener-1600x200-II.jpg\" alt=\"Pre\u0161erno poletje\" width=\"100%\" height=\"450\" srcset=\"https:\/\/www.visitkranj.com\/wp-content\/uploads\/2023\/05\/PresernoPoletje-Bener-1600x200-II.jpg 1600w, https:\/\/www.visitkranj.com\/wp-content\/uploads\/2023\/05\/PresernoPoletje-Bener-1600x200-II-300x38.jpg 300w, https:\/\/www.visitkranj.com\/wp-content\/uploads\/2023\/05\/PresernoPoletje-Bener-1600x200-II-1024x128.jpg 1024w, https:\/\/www.visitkranj.com\/wp-content\/uploads\/2023\/05\/PresernoPoletje-Bener-1600x200-II-768x96.jpg 768w, https:\/\/www.visitkranj.com\/wp-content\/uploads\/2023\/05\/PresernoPoletje-Bener-1600x200-II-1536x192.jpg 1536w\" sizes=\"(max-width: 1600px) 100vw, 1600px\" \/><\/p>\t\t\t\t\t\t\t\t<\/div>\n\t\t\t\t<\/div>\n\t\t\t\t<div class=\"elementor-element elementor-element-cd401fe elementor-hidden-desktop elementor-hidden-tablet elementor-hidden-mobile elementor-widget elementor-widget-text-editor\" data-id=\"cd401fe\" data-element_type=\"widget\" data-e-type=\"widget\" data-widget_type=\"text-editor.default\">\n\t\t\t\t<div class=\"elementor-widget-container\">\n\t\t\t\t\t\t\t\t\t<h2>EVENTI AL CASTELLO KHISLSTEIN<br \/><span style=\"color: #808080;\">Maggio &#8211; Settembre 2025<\/span><\/h2><hr \/><h2>Programma 2025<\/h2><h3><span style=\"color: #c61647;\">Teatro all\u2019aperto Khislstein<\/span><\/h3><p><strong>Agosto<\/strong><\/p><p><span style=\"color: #808080;\">\u2192 7. 8. (21.00): <strong>W.A. Mozart: Don Giovanni<\/strong>\u00a0&gt;&gt; <a style=\"color: #808080;\" href=\"https:\/\/www.eventim.si\/event\/preserno-poletje-w-a-mozart-don-giovanni-kranj-letno-gledalisce-khislstein-20217852\/\" target=\"_blank\" rel=\"noopener\"><strong>BIGLIETTI<\/strong><\/a><\/span><br \/><span style=\"color: #808080;\">\u2192 8. 8. (21.00): <strong>Mrfy in Kokosy<\/strong>\u00a0&gt;&gt; <a style=\"color: #808080;\" href=\"https:\/\/www.eventim.si\/event\/preserno-poletje-koncert-mrfy-in-kokosy-letno-gledalisce-khislstein-20081971\/\" target=\"_blank\" rel=\"noopener\"><strong>BIGLIETTI<\/strong><\/a><\/span><br \/><span style=\"color: #808080;\">\u2192 15. 8. (21.00): <strong>Vlado Kreslin in Mali bogovi<\/strong>\u00a0&gt;&gt;<strong> <a style=\"color: #808080;\" href=\"https:\/\/www.eventim.si\/event\/vlado-kreslin-in-mali-bogovi-letno-gledalisce-khislstein-20209579\/\" target=\"_blank\" rel=\"noopener\">BIGLIETTI<\/a><\/strong><\/span><br \/><span style=\"color: #808080;\">\u2192 21. 8. (20.30): <strong>Marko Vozelj in Mojstri<\/strong><\/span><br \/><span style=\"color: #808080;\">\u2192 22. 8. (21.00): <strong>Prljavo Kazali\u0161te<\/strong>\u00a0&gt;&gt;<strong> <a style=\"color: #808080;\" href=\"https:\/\/www.eventim.si\/event\/prljavo-kazaliste-kranj-letno-gledalisce-khislstein-20025106\/\" target=\"_blank\" rel=\"noopener\">BIGLIETTI<\/a><\/strong><\/span><br \/><span style=\"color: #c61647;\">\u2192<\/span> 28. 8. (20.30): <strong>Anton Habjan\u00a0<\/strong>&gt;&gt;<strong> <a href=\"https:\/\/www.eventim.si\/event\/letno-gledalisce-khislstein-anton-habjan-z-godalnim-kvartetom-letno-gledalisce-khislstein-20170202\/\" target=\"_blank\" rel=\"noopener\">BIGLIETTI<\/a><\/strong><br \/><span style=\"color: #c61647;\">\u2192<\/span> 30. 8. (10.00): <strong>KD Mysterium<\/strong><br \/><span style=\"color: #c61647;\">\u2192<\/span> 31. 8. (21.00): <strong>Jan Plestenjak<\/strong>, LGK &#8211; \ud83d\udce3 <span style=\"color: #c61647;\"><strong><a href=\"https:\/\/www.eventim.si\/event\/jan-plestenjak-kranj-letno-gledalisce-khislstein-20015365\/\">RINVIATO<\/a><\/strong><\/span>\u00a0dal 29. 8. &gt;&gt;<strong> <a href=\"https:\/\/www.eventim.si\/event\/jan-plestenjak-kranj-letno-gledalisce-khislstein-20015365\/\" target=\"_blank\" rel=\"noopener\">TICKETS<\/a><\/strong><\/p><p><strong>Settembre<\/strong><\/p><p><span style=\"color: #c61647;\">\u2192<\/span> 5. 9. (21.00): <strong>Primo\u017e Gra\u0161i\u010d in Matja\u017e Zupan \ud83d\udce3 <a href=\"https:\/\/www.visitkranj.com\/poslovna-stran\/preserno-poletje-2025-spremembe-odpovedi-obvestila\/#sprememba\">ANNULLATO<\/a><\/strong><br \/><span style=\"color: #c61647;\">\u2192<\/span> 6. 9. (21.00): <strong>Hamo &amp; Tribute 2 Love<\/strong><br \/><span style=\"color: #c61647;\">\u2192<\/span> 12. 9.: <strong>Pihalni orkester Kranj<\/strong><\/p><hr \/><h3>\u00a0<\/h3><h3><span style=\"color: #c61647;\">Serate musicali sotto il tiglio del castello<\/span><\/h3><p><strong>Agosto<\/strong><\/p><p><span style=\"color: #808080;\">\u2192 6. 8. (20.30): <strong>Bossa de Novo <\/strong>&gt;&gt; <strong><a style=\"color: #808080;\" href=\"https:\/\/www.eventim.si\/event\/glasbeni-veceri-pod-grajsko-lipo-bossa-de-novo-grajsko-dvorisce-khislstein-20183935\/\" target=\"_blank\" rel=\"noopener\">BIGLIETTI<\/a><\/strong><\/span><br \/><span style=\"color: #808080;\">\u2192 13. 8. (20.30): <strong>Katalena <\/strong>&gt;&gt; <strong><a style=\"color: #808080;\" href=\"https:\/\/www.eventim.si\/event\/glasbeni-veceri-pod-grajsko-lipo-katalena-grajsko-dvorisce-khislstein-20183492\/\" target=\"_blank\" rel=\"noopener\">BIGLIETTI<\/a><\/strong><\/span><br \/><span style=\"color: #808080;\">\u2192 20. 8. (20.30):<strong> Nina Strnad <\/strong>&gt;&gt; <strong><a style=\"color: #808080;\" href=\"https:\/\/www.eventim.si\/event\/glasbeni-veceri-pod-grajsko-lipo-nina-strnad-grajsko-dvorisce-khislstein-20183481\/\" target=\"_blank\" rel=\"noopener\">BIGLIETTI<\/a><\/strong><\/span><br \/><span style=\"color: #808080;\">\u2192 27. 8. (20.30): <strong>\u010compe <\/strong>&gt;&gt;<strong> <a style=\"color: #808080;\" href=\"https:\/\/www.eventim.si\/event\/glasbeni-veceri-pod-grajsko-lipo-compe-grajsko-dvorisce-khislstein-20183827\/\" target=\"_blank\" rel=\"noopener\">BIGLIETTI<\/a><\/strong><\/span><\/p><p><span style=\"color: #808080;\">\u2192 <strong>Biglietto pacchetto<\/strong>\u00a0&gt;&gt; <a style=\"color: #808080;\" href=\"https:\/\/www.eventim.si\/artist\/preserno-poletje\/abonma-glasbeni-veceri-pod-grajsko-lipo-3887306\/\" target=\"_blank\" rel=\"noopener\"><strong>QUI<\/strong><\/a><\/span><\/p><hr \/><h3>\u00a0<\/h3><h3><span style=\"color: #c61647;\">Ispirazione culturale del marted\u00ec**<\/span><\/h3><p><strong>Agosto<\/strong><\/p><p><span style=\"color: #808080;\">\u2192 5. 8. (20.00): <strong>Sre\u010danje z nagrajenko Pre\u0161ernovega sklada Cvetko Lipu\u0161, avstrijsko pesnico slovenskega porekla<\/strong>, <em>Vrt gradu Khislstein<\/em><\/span><br \/><span style=\"color: #808080;\">\u2192 12. 8. (20.00): <strong>Oma in jelka, tiso\u010de let: Nata\u0161a Kramberger, Samo Kutin<\/strong>, <em>Vrt gradu Khislstein<\/em><\/span><br \/><span style=\"color: #808080;\">\u2192 19. 8. (20.00): <strong>Vrtnice rde\u010de: Tja\u0161a Koprivec Vuga, Allja Petric<\/strong>, <em>Vrt gradu Khislstein<\/em><\/span><br \/><span style=\"color: #c61647;\">\u2192<\/span> 26. 8. (20.00): <strong>EMA <\/strong>(glasbeni ve\u010der), <em>Vrt gradu Khislstein<\/em><\/p><p><small><span style=\"color: #808080;\"><em>* Ci riserviamo il diritto di modificare il programma.<\/em><\/span><\/small><\/p><p><small><span style=\"color: #808080;\"><em>** Il programma \u00e8 in sloveno.<\/em><\/span><\/small><\/p><p><img decoding=\"async\" class=\"alignnone size-full wp-image-3039\" src=\"https:\/\/www.visitkranj.com\/wp-content\/uploads\/2023\/05\/PresernoPoletje-Bener-1600x200-II.jpg\" alt=\"Pre\u0161erno poletje\" width=\"100%\" height=\"450\" srcset=\"https:\/\/www.visitkranj.com\/wp-content\/uploads\/2023\/05\/PresernoPoletje-Bener-1600x200-II.jpg 1600w, https:\/\/www.visitkranj.com\/wp-content\/uploads\/2023\/05\/PresernoPoletje-Bener-1600x200-II-300x38.jpg 300w, https:\/\/www.visitkranj.com\/wp-content\/uploads\/2023\/05\/PresernoPoletje-Bener-1600x200-II-1024x128.jpg 1024w, https:\/\/www.visitkranj.com\/wp-content\/uploads\/2023\/05\/PresernoPoletje-Bener-1600x200-II-768x96.jpg 768w, https:\/\/www.visitkranj.com\/wp-content\/uploads\/2023\/05\/PresernoPoletje-Bener-1600x200-II-1536x192.jpg 1536w\" sizes=\"(max-width: 1600px) 100vw, 1600px\" \/><\/p>\t\t\t\t\t\t\t\t<\/div>\n\t\t\t\t<\/div>\n\t\t\t\t<div class=\"elementor-element elementor-element-d82579f elementor-hidden-desktop elementor-hidden-tablet elementor-hidden-mobile elementor-widget elementor-widget-text-editor\" data-id=\"d82579f\" data-element_type=\"widget\" data-e-type=\"widget\" data-widget_type=\"text-editor.default\">\n\t\t\t\t<div class=\"elementor-widget-container\">\n\t\t\t\t\t\t\t\t\t<h2>EVENTI AL CASTELLO KHISLSTEIN<br \/><span style=\"color: #808080;\">Maggio &#8211; Settembre 2025<\/span><\/h2><hr \/><h2>Programma 2025<\/h2><h3><span style=\"color: #c61647;\">Teatro all\u2019aperto Khislstein<\/span><\/h3><p><strong>Agosto<\/strong><\/p><p><span style=\"color: #808080;\">\u2192 7. 8. (21.00): <strong>W.A. Mozart: Don Giovanni<\/strong>\u00a0&gt;&gt; <a style=\"color: #808080;\" href=\"https:\/\/www.eventim.si\/event\/preserno-poletje-w-a-mozart-don-giovanni-kranj-letno-gledalisce-khislstein-20217852\/\" target=\"_blank\" rel=\"noopener\"><strong>BIGLIETTI<\/strong><\/a><\/span><br \/><span style=\"color: #808080;\">\u2192 8. 8. (21.00): <strong>Mrfy in Kokosy<\/strong>\u00a0&gt;&gt; <a style=\"color: #808080;\" href=\"https:\/\/www.eventim.si\/event\/preserno-poletje-koncert-mrfy-in-kokosy-letno-gledalisce-khislstein-20081971\/\" target=\"_blank\" rel=\"noopener\"><strong>BIGLIETTI<\/strong><\/a><\/span><br \/><span style=\"color: #808080;\">\u2192 15. 8. (21.00): <strong>Vlado Kreslin in Mali bogovi<\/strong>\u00a0&gt;&gt;<strong> <a style=\"color: #808080;\" href=\"https:\/\/www.eventim.si\/event\/vlado-kreslin-in-mali-bogovi-letno-gledalisce-khislstein-20209579\/\" target=\"_blank\" rel=\"noopener\">BIGLIETTI<\/a><\/strong><\/span><br \/><span style=\"color: #808080;\">\u2192 21. 8. (20.30): <strong>Marko Vozelj in Mojstri<\/strong><\/span><br \/><span style=\"color: #808080;\">\u2192 22. 8. (21.00): <strong>Prljavo Kazali\u0161te<\/strong>\u00a0&gt;&gt;<strong> <a style=\"color: #808080;\" href=\"https:\/\/www.eventim.si\/event\/prljavo-kazaliste-kranj-letno-gledalisce-khislstein-20025106\/\" target=\"_blank\" rel=\"noopener\">BIGLIETTI<\/a><\/strong><\/span><br \/><span style=\"color: #c61647;\">\u2192<\/span> 28. 8. (20.30): <strong>Anton Habjan\u00a0<\/strong>&gt;&gt;<strong> <a href=\"https:\/\/www.eventim.si\/event\/letno-gledalisce-khislstein-anton-habjan-z-godalnim-kvartetom-letno-gledalisce-khislstein-20170202\/\" target=\"_blank\" rel=\"noopener\">BIGLIETTI<\/a><\/strong><br \/><span style=\"color: #c61647;\">\u2192<\/span> 29. 8. (21.00): <strong>Jan Plestenjak<\/strong>\u00a0&gt;&gt;<strong> <a href=\"https:\/\/www.eventim.si\/event\/jan-plestenjak-kranj-letno-gledalisce-khislstein-20015365\/\" target=\"_blank\" rel=\"noopener\">BIGLIETTI<\/a><\/strong><br \/><span style=\"color: #c61647;\">\u2192<\/span> 30. 8. (10.00): <strong>KD Mysterium<\/strong><\/p><p><strong>Settembre<\/strong><\/p><p><span style=\"color: #c61647;\">\u2192<\/span> 5. 9. (21.00): <strong>Primo\u017e Gra\u0161i\u010d in Matja\u017e Zupan \ud83d\udce3 <a href=\"https:\/\/www.visitkranj.com\/poslovna-stran\/preserno-poletje-2025-spremembe-odpovedi-obvestila\/#sprememba\">ANNULLATO<\/a><\/strong><br \/><span style=\"color: #c61647;\">\u2192<\/span> 6. 9. (21.00): <strong>Hamo &amp; Tribute 2 Love<\/strong><br \/><span style=\"color: #c61647;\">\u2192<\/span> 12. 9.: <strong>Pihalni orkester Kranj<\/strong><\/p><hr \/><h3>\u00a0<\/h3><h3><span style=\"color: #c61647;\">Serate musicali sotto il tiglio del castello<\/span><\/h3><p><strong>Agosto<\/strong><\/p><p><span style=\"color: #808080;\">\u2192 6. 8. (20.30): <strong>Bossa de Novo <\/strong>&gt;&gt; <strong><a style=\"color: #808080;\" href=\"https:\/\/www.eventim.si\/event\/glasbeni-veceri-pod-grajsko-lipo-bossa-de-novo-grajsko-dvorisce-khislstein-20183935\/\" target=\"_blank\" rel=\"noopener\">BIGLIETTI<\/a><\/strong><\/span><br \/><span style=\"color: #808080;\">\u2192 13. 8. (20.30): <strong>Katalena <\/strong>&gt;&gt; <strong><a style=\"color: #808080;\" href=\"https:\/\/www.eventim.si\/event\/glasbeni-veceri-pod-grajsko-lipo-katalena-grajsko-dvorisce-khislstein-20183492\/\" target=\"_blank\" rel=\"noopener\">BIGLIETTI<\/a><\/strong><\/span><br \/><span style=\"color: #808080;\">\u2192 20. 8. (20.30):<strong> Nina Strnad <\/strong>&gt;&gt; <strong><a style=\"color: #808080;\" href=\"https:\/\/www.eventim.si\/event\/glasbeni-veceri-pod-grajsko-lipo-nina-strnad-grajsko-dvorisce-khislstein-20183481\/\" target=\"_blank\" rel=\"noopener\">BIGLIETTI<\/a><\/strong><\/span><br \/><span style=\"color: #c61647;\">\u2192<\/span> 27. 8. (20.30): <strong>\u010compe <\/strong>&gt;&gt;<strong> <a href=\"https:\/\/www.eventim.si\/event\/glasbeni-veceri-pod-grajsko-lipo-compe-grajsko-dvorisce-khislstein-20183827\/\" target=\"_blank\" rel=\"noopener\">BIGLIETTI<\/a><\/strong><\/p><p><span style=\"color: #c61647;\">\u2192<\/span> <strong>Biglietto pacchetto<\/strong>\u00a0&gt;&gt; <a href=\"https:\/\/www.eventim.si\/artist\/preserno-poletje\/abonma-glasbeni-veceri-pod-grajsko-lipo-3887306\/\" target=\"_blank\" rel=\"noopener\"><strong>QUI<\/strong><\/a><\/p><hr \/><h3>\u00a0<\/h3><h3><span style=\"color: #c61647;\">Ispirazione culturale del marted\u00ec**<\/span><\/h3><p><strong>Agosto<\/strong><\/p><p><span style=\"color: #808080;\">\u2192 5. 8. (20.00): <strong>Sre\u010danje z nagrajenko Pre\u0161ernovega sklada Cvetko Lipu\u0161, avstrijsko pesnico slovenskega porekla<\/strong>, <em>Vrt gradu Khislstein<\/em><\/span><br \/><span style=\"color: #808080;\">\u2192 12. 8. (20.00): <strong>Oma in jelka, tiso\u010de let: Nata\u0161a Kramberger, Samo Kutin<\/strong>, <em>Vrt gradu Khislstein<\/em><\/span><br \/><span style=\"color: #808080;\">\u2192 19. 8. (20.00): <strong>Vrtnice rde\u010de: Tja\u0161a Koprivec Vuga, Allja Petric<\/strong>, <em>Vrt gradu Khislstein<\/em><\/span><br \/><span style=\"color: #c61647;\">\u2192<\/span> 26. 8. (20.00): <strong>EMA <\/strong>(glasbeni ve\u010der), <em>Vrt gradu Khislstein<\/em><\/p><p><small><span style=\"color: #808080;\"><em>* Ci riserviamo il diritto di modificare il programma.<\/em><\/span><\/small><\/p><p><small><span style=\"color: #808080;\"><em>** Il programma \u00e8 in sloveno.<\/em><\/span><\/small><\/p><p><img decoding=\"async\" class=\"alignnone size-full wp-image-3039\" src=\"https:\/\/www.visitkranj.com\/wp-content\/uploads\/2023\/05\/PresernoPoletje-Bener-1600x200-II.jpg\" alt=\"Pre\u0161erno poletje\" width=\"100%\" height=\"450\" srcset=\"https:\/\/www.visitkranj.com\/wp-content\/uploads\/2023\/05\/PresernoPoletje-Bener-1600x200-II.jpg 1600w, https:\/\/www.visitkranj.com\/wp-content\/uploads\/2023\/05\/PresernoPoletje-Bener-1600x200-II-300x38.jpg 300w, https:\/\/www.visitkranj.com\/wp-content\/uploads\/2023\/05\/PresernoPoletje-Bener-1600x200-II-1024x128.jpg 1024w, https:\/\/www.visitkranj.com\/wp-content\/uploads\/2023\/05\/PresernoPoletje-Bener-1600x200-II-768x96.jpg 768w, https:\/\/www.visitkranj.com\/wp-content\/uploads\/2023\/05\/PresernoPoletje-Bener-1600x200-II-1536x192.jpg 1536w\" sizes=\"(max-width: 1600px) 100vw, 1600px\" \/><\/p>\t\t\t\t\t\t\t\t<\/div>\n\t\t\t\t<\/div>\n\t\t\t\t<div class=\"elementor-element elementor-element-24d8eaf elementor-widget-divider--view-line elementor-widget elementor-widget-divider\" data-id=\"24d8eaf\" data-element_type=\"widget\" data-e-type=\"widget\" data-widget_type=\"divider.default\">\n\t\t\t\t<div class=\"elementor-widget-container\">\n\t\t\t\t\t\t\t<div class=\"elementor-divider\">\n\t\t\t<span class=\"elementor-divider-separator\">\n\t\t\t\t\t\t<\/span>\n\t\t<\/div>\n\t\t\t\t\t\t<\/div>\n\t\t\t\t<\/div>\n\t\t\t\t<div class=\"elementor-element elementor-element-5aa9c71 elementor-widget elementor-widget-text-editor\" data-id=\"5aa9c71\" data-element_type=\"widget\" data-e-type=\"widget\" data-widget_type=\"text-editor.default\">\n\t\t\t\t<div class=\"elementor-widget-container\">\n\t\t\t\t\t\t\t\t\t<h3>Archivio (Programma 2025)<\/h3><h3><span style=\"color: #333333;\">Teatro all\u2019aperto Khislstein<\/span><\/h3><p><span style=\"color: #808080;\"><strong>Maggio<\/strong><\/span><\/p><p><span style=\"color: #808080;\">\u2192 14.5.: <strong>SESG\u0160 Kranj<\/strong><\/span><br \/><span style=\"color: #808080;\">\u2192 22. 5. (12.00): <strong>Frankofonski festival<\/strong><\/span><br \/><span style=\"color: #808080;\">\u2192 24. 5. (20.00): <strong>Duo \u0110ole <\/strong>&gt;&gt; <strong><a style=\"color: #808080;\" href=\"https:\/\/www.eventim.si\/event\/letno-gledalisce-khislstein-duo-dole-letno-gledalisce-khislstein-20097129\/\" target=\"_blank\" rel=\"noopener\">BIGLIETTI<\/a><\/strong><\/span><br \/><span style=\"color: #808080;\">\u2192 31. 5.: <strong>Ringaraja festival<\/strong><\/span><\/p><p><span style=\"color: #808080;\"><strong>Giugno<\/strong><\/span><\/p><p><span style=\"color: #808080;\">\u2192 3. 6.: <strong>SVIZ sre\u010danje<\/strong><\/span><br \/><span style=\"color: #808080;\">\u2192 4. 6. (13.15): <strong>Sprejem odli\u010dnjakov<\/strong><\/span><br \/><span style=\"color: #808080;\">\u2192 5. 6. (20.30): <strong>Sa\u0161a Lendero in Tilen Lotri\u010d<\/strong>\u00a0&gt;&gt; <a style=\"color: #808080;\" href=\"https:\/\/www.eventim.si\/event\/letno-gledalisce-khislstein-sasa-lendero-in-tilen-lotric-letno-gledalisce-khislstein-20170200\/\" target=\"_blank\" rel=\"noopener\"><strong>BIGLIETTI<\/strong><\/a><\/span><br \/><span style=\"color: #808080;\">\u2192 6. 6. (20.30): <strong>\u017denske brez filtra\u00a0<\/strong>&gt;&gt; <a style=\"color: #808080;\" href=\"https:\/\/www.eventim.si\/event\/zenske-brez-filtra-letno-gledalisce-khislstein-20164791\/\" target=\"_blank\" rel=\"noopener\"><strong>BIGLIETTI<\/strong><\/a><\/span><br \/><span style=\"color: #808080;\">\u2192 8. 6. (20.30): <strong>Gregor Ravnik\u00a0<\/strong>&gt;&gt; <a style=\"color: #808080;\" href=\"https:\/\/www.eventim.si\/event\/gregor-ravnik-carobni-grajski-vecer-letno-gledalisce-khislstein-20102250\/\" target=\"_blank\" rel=\"noopener\"><strong>BIGLIETTI<\/strong><\/a><\/span><br \/><span style=\"color: #808080;\">\u2192 14. 6.: <strong>Etnofolk festival<\/strong><\/span><br \/><span style=\"color: #808080;\">\u2192 17. 6. (20.30): <strong>Eva Boto <\/strong>&gt;&gt; <a style=\"color: #808080;\" href=\"https:\/\/www.eventim.si\/event\/letno-gledalisce-khislstein-eva-boto-z-bandom-letno-gledalisce-khislstein-20170201\/\" target=\"_blank\" rel=\"noopener\"><strong>BIGLIETTI<\/strong><\/a><\/span><br \/><span style=\"color: #808080;\">\u2192 18. 6. (19.00): <strong>Glasbena \u0161ola Kranj<\/strong><\/span><br \/><span style=\"color: #808080;\">\u2192 19. 6. (20.30): <strong>Janezi<br \/><\/strong>\u2192 20. 6. (20.30): <strong>Trip to Las Vegas Show <\/strong>&gt;&gt;<strong> <a style=\"color: #808080;\" href=\"https:\/\/www.eventim.si\/event\/trip-to-las-vegas-show-kranj-letno-gledalisce-khislstein-20193783\/\" target=\"_blank\" rel=\"noopener\">BIGLIETTI<\/a><\/strong><\/span><br \/><span style=\"color: #808080;\">\u2192 22. 6. (20.00): <strong>Orchestra I Pomeriggi Musicali<\/strong>\u00a0&gt;&gt; <a style=\"color: #808080;\" href=\"https:\/\/www.eventim.si\/event\/preserno-poletje-orchestra-i-pomeriggi-musicali-letno-gledalisce-khislstein-20167485\/\" target=\"_blank\" rel=\"noopener\"><strong>BIGLIETTI<\/strong><\/a><\/span><br \/><span style=\"color: #808080;\">\u2192 27. 6. (21.00): <strong>Pop Design s simfoniki\u00a0<\/strong>&gt;&gt; <a style=\"color: #808080;\" href=\"https:\/\/www.eventim.si\/event\/pop-design-s-simfoniki-letno-gledalisce-khislstein-20147999\/\" target=\"_blank\" rel=\"noopener\"><strong>BIGLIETTI<\/strong><\/a><\/span><br \/><span style=\"color: #808080;\">\u2192 30. 6. (20.30): <strong>David Amaro<\/strong>, Vrt gradu Khislstein &gt;&gt; <a style=\"color: #808080;\" href=\"https:\/\/www.eventim.si\/event\/david-amaro-grajsko-dvorisce-khislstein-20150564\/\" target=\"_blank\" rel=\"noopener\"><strong>BIGLIETTI<\/strong><\/a><\/span><\/p><p><span style=\"color: #808080;\"><strong>Giulio<\/strong><\/span><\/p><p><span style=\"color: #808080;\">\u2192 1. 7. (21.00): <strong>Stand up<\/strong><\/span><br \/><span style=\"color: #808080;\">\u2192 11. 7. (21.00): <strong>Laibach<\/strong>\u00a0&gt;&gt;<a style=\"color: #808080;\" href=\"https:\/\/www.eventim.si\/event\/preserno-poletje-laibach-letno-gledalisce-khislstein-20071941\/\" target=\"_blank\" rel=\"noopener\"><strong> BIGLIETTI<\/strong><\/a><\/span><br \/><span style=\"color: #808080;\">\u2192 17. 7. (20.00): <strong>Pivo<\/strong><\/span><br \/><span style=\"color: #808080;\">\u2192 18. 7. (21.00): <strong>Perpetuum Jazzile<\/strong> &gt;&gt; <strong>ESAURITO<\/strong><\/span><br \/><span style=\"color: #808080;\">\u2192 25. 7. (21.00): <strong>Nipke, Recycleman, Klemen Klemen\u00a0<\/strong>&gt;&gt; <a style=\"color: #808080;\" href=\"https:\/\/www.eventim.si\/event\/preserno-poletje-nipke-recycleman-klemen-klemen-letno-gledalisce-khislstein-20195173\/\" target=\"_blank\" rel=\"noopener\"><strong>BIGLIETTI<\/strong><\/a><\/span><br \/><span style=\"color: #808080;\">\u2192 26. 7. (21.00): <strong>Plavi orkestar <\/strong>&gt;&gt; <a style=\"color: #808080;\" href=\"https:\/\/www.eventim.si\/event\/plavi-orkestar-kranj-letno-gledalisce-khislstein-20245625\/\" target=\"_blank\" rel=\"noopener\"><strong>BIGLIETTI<\/strong><\/a><\/span><\/p><p><span style=\"color: #808080;\"><strong>Agosto<\/strong><\/span><\/p><p><span style=\"color: #808080;\">\u2192 7. 8. (21.00): <strong>W.A. Mozart: Don Giovanni<\/strong>\u00a0&gt;&gt; <a style=\"color: #808080;\" href=\"https:\/\/www.eventim.si\/event\/preserno-poletje-w-a-mozart-don-giovanni-kranj-letno-gledalisce-khislstein-20217852\/\" target=\"_blank\" rel=\"noopener\"><strong>BIGLIETTI<\/strong><\/a><\/span><br \/><span style=\"color: #808080;\">\u2192 8. 8. (21.00): <strong>Mrfy in Kokosy<\/strong>\u00a0&gt;&gt; <a style=\"color: #808080;\" href=\"https:\/\/www.eventim.si\/event\/preserno-poletje-koncert-mrfy-in-kokosy-letno-gledalisce-khislstein-20081971\/\" target=\"_blank\" rel=\"noopener\"><strong>BIGLIETTI<\/strong><\/a><\/span><br \/><span style=\"color: #808080;\">\u2192 15. 8. (21.00): <strong>Vlado Kreslin in Mali bogovi<\/strong>\u00a0&gt;&gt;<strong> <a style=\"color: #808080;\" href=\"https:\/\/www.eventim.si\/event\/vlado-kreslin-in-mali-bogovi-letno-gledalisce-khislstein-20209579\/\" target=\"_blank\" rel=\"noopener\">BIGLIETTI<\/a><\/strong><\/span><br \/><span style=\"color: #808080;\">\u2192 21. 8. (20.30): <strong>Marko Vozelj in Mojstri<\/strong><\/span><br \/><span style=\"color: #808080;\">\u2192 22. 8. (21.00): <strong>Prljavo Kazali\u0161te<\/strong>\u00a0&gt;&gt;<strong> <a style=\"color: #808080;\" href=\"https:\/\/www.eventim.si\/event\/prljavo-kazaliste-kranj-letno-gledalisce-khislstein-20025106\/\" target=\"_blank\" rel=\"noopener\">BIGLIETTI<\/a><\/strong><\/span><br \/><span style=\"color: #808080;\">\u2192 28. 8. (20.30): <strong>Anton Habjan\u00a0<\/strong>&gt;&gt;<strong> <a style=\"color: #808080;\" href=\"https:\/\/www.eventim.si\/event\/letno-gledalisce-khislstein-anton-habjan-z-godalnim-kvartetom-letno-gledalisce-khislstein-20170202\/\" target=\"_blank\" rel=\"noopener\">BIGLIETTI<\/a><\/strong><\/span><br \/><span style=\"color: #808080;\">\u2192 30. 8. (10.00): <strong>KD Mysterium<\/strong><\/span><br \/><span style=\"color: #808080;\">\u2192 31. 8. (21.00): <strong>Jan Plestenjak<\/strong>, LGK &#8211; \ud83d\udce3 <strong><a style=\"color: #808080;\" href=\"https:\/\/www.eventim.si\/event\/jan-plestenjak-kranj-letno-gledalisce-khislstein-20015365\/\">RINVIATO<\/a><\/strong>\u00a0dal 29. 8. &gt;&gt;<strong> <a style=\"color: #808080;\" href=\"https:\/\/www.eventim.si\/event\/jan-plestenjak-kranj-letno-gledalisce-khislstein-20015365\/\" target=\"_blank\" rel=\"noopener\">TICKETS<\/a><\/strong><\/span><\/p><p><span style=\"color: #808080;\"><strong>Settembre<\/strong><\/span><\/p><p><span style=\"color: #808080;\">\u2192 5. 9. (21.00): <strong>Primo\u017e Gra\u0161i\u010d in Matja\u017e Zupan \ud83d\udce3 <a style=\"color: #808080;\" href=\"https:\/\/www.visitkranj.com\/poslovna-stran\/preserno-poletje-2025-spremembe-odpovedi-obvestila\/#sprememba\">ANNULLATO<\/a><\/strong><\/span><br \/><span style=\"color: #808080;\">\u2192 6. 9. (21.00): <strong>Hamo &amp; Tribute 2 Love<\/strong><\/span><br \/><span style=\"color: #808080;\">\u2192 12. 9.: <strong>Pihalni orkester Kranj<\/strong><\/span><\/p><hr \/><h3>\u00a0<\/h3><h3><span style=\"color: #333333;\">Serate musicali sotto il tiglio del castello<\/span><\/h3><p><span style=\"color: #808080;\"><strong>Giulio<\/strong><\/span><\/p><p><span style=\"color: #808080;\">\u2192 2.7. (20.30): <strong>Kontra-Alba: Vita Mavri\u010d in Jani Kova\u010di\u010d <\/strong>&gt;&gt;<strong> <a style=\"color: #808080;\" href=\"https:\/\/www.eventim.si\/event\/glasbeni-veceri-pod-grajsko-lipo-kontra-alba-vita-mavric-in-jani-kovacic-grajsko-dvorisce-khislstein-20183480\/\" target=\"_blank\" rel=\"noopener\">BIGLIETTI<\/a><\/strong><\/span><br \/><span style=\"color: #808080;\">\u2192 9. 7. (20.30): <strong>Patetico <\/strong>&gt;&gt; <strong><a style=\"color: #808080;\" href=\"https:\/\/www.eventim.si\/event\/glasbeni-veceri-pod-grajsko-lipo-patetico-grajsko-dvorisce-khislstein-20183403\/\" target=\"_blank\" rel=\"noopener\">BIGLIETTI<\/a><br \/><\/strong>\u2192 16. 7. (20.30): <strong>Teo Collori in Momento Cigano <\/strong>&gt;&gt; <strong><a style=\"color: #808080;\" href=\"https:\/\/www.eventim.si\/event\/preserno-poletje-teo-collori-in-momento-cigano-grajsko-dvorisce-khislstein-20378375\/\" target=\"_blank\" rel=\"noopener\">BIGLIETTI<\/a><\/strong><\/span><br \/><span style=\"color: #808080;\">\u2192 23. 7. (20.30): <strong>\u017digan Krajn\u010dan <\/strong>&gt;&gt;<strong> <a style=\"color: #808080;\" href=\"https:\/\/www.eventim.si\/event\/glasbeni-veceri-pod-grajsko-lipo-zigan-kranjcan-grajsko-dvorisce-khislstein-20183349\/\" target=\"_blank\" rel=\"noopener\">BIGLIETTI<\/a><\/strong><\/span><\/p><p><span style=\"color: #808080;\"><strong>Agosto<\/strong><\/span><\/p><p><span style=\"color: #808080;\">\u2192 6. 8. (20.30): <strong>Bossa de Novo <\/strong>&gt;&gt; <strong><a style=\"color: #808080;\" href=\"https:\/\/www.eventim.si\/event\/glasbeni-veceri-pod-grajsko-lipo-bossa-de-novo-grajsko-dvorisce-khislstein-20183935\/\" target=\"_blank\" rel=\"noopener\">BIGLIETTI<\/a><\/strong><\/span><br \/><span style=\"color: #808080;\">\u2192 13. 8. (20.30): <strong>Katalena <\/strong>&gt;&gt; <strong><a style=\"color: #808080;\" href=\"https:\/\/www.eventim.si\/event\/glasbeni-veceri-pod-grajsko-lipo-katalena-grajsko-dvorisce-khislstein-20183492\/\" target=\"_blank\" rel=\"noopener\">BIGLIETTI<\/a><\/strong><\/span><br \/><span style=\"color: #808080;\">\u2192 20. 8. (20.30):<strong> Nina Strnad <\/strong>&gt;&gt; <strong><a style=\"color: #808080;\" href=\"https:\/\/www.eventim.si\/event\/glasbeni-veceri-pod-grajsko-lipo-nina-strnad-grajsko-dvorisce-khislstein-20183481\/\" target=\"_blank\" rel=\"noopener\">BIGLIETTI<\/a><\/strong><\/span><br \/><span style=\"color: #808080;\">\u2192 27. 8. (20.30): <strong>\u010compe <\/strong>&gt;&gt;<strong> <a style=\"color: #808080;\" href=\"https:\/\/www.eventim.si\/event\/glasbeni-veceri-pod-grajsko-lipo-compe-grajsko-dvorisce-khislstein-20183827\/\" target=\"_blank\" rel=\"noopener\">BIGLIETTI<\/a><\/strong><\/span><\/p><p><span style=\"color: #808080;\">\u2192 <strong>Biglietto pacchetto<\/strong>\u00a0&gt;&gt; <a style=\"color: #808080;\" href=\"https:\/\/www.eventim.si\/artist\/preserno-poletje\/abonma-glasbeni-veceri-pod-grajsko-lipo-3887306\/\" target=\"_blank\" rel=\"noopener\"><strong>QUI<\/strong><\/a><\/span><\/p><hr \/><h3>\u00a0<\/h3><h3><span style=\"color: #333333;\">Ispirazione culturale del marted\u00ec<\/span><\/h3><p><span style=\"color: #808080;\"><strong>Giulio<\/strong><\/span><\/p><p><span style=\"color: #808080;\">\u2192 1. 7. (20.00): <strong>Sre\u010danje z nagrajenko Pre\u0161ernovega sklada Majo Haderlap <\/strong>(pogovorni ve\u010der); <em>Lokacija: Galerija Pre\u0161ernovih nagrajencev<\/em><strong><br \/><\/strong>\ud83d\udce3\u00a08. 7. (20.00): <strong>Torkov kulturni vdih, Kdo sanja Aleksandrove sanje? Aleksander Veliki in njegov imperij <\/strong>(predavanje Ddr. Verene Vidrih Perko), <strong>Vojnomirova dvorana<\/strong><\/span><br \/><span style=\"color: #808080;\">\u2192 15. 7. (20.00): <strong>Okna <\/strong>(pripovedni ve\u010der), <em>Vrt gradu Khislstein<\/em><\/span><br \/><span style=\"color: #808080;\">\u2192 22. 7. (20.00): <strong>Pri\u010dakovanja <\/strong>(obmo\u010dno literarno sre\u010danje in izid zbirke), <em>Vrt gradu Khislstein<\/em><\/span><\/p><p><span style=\"color: #808080;\"><strong>Agosto<\/strong><\/span><\/p><p><span style=\"color: #808080;\">\u2192 5. 8. (20.00): <strong>Sre\u010danje z nagrajenko Pre\u0161ernovega sklada Cvetko Lipu\u0161, avstrijsko pesnico slovenskega porekla<\/strong>, <em>Vrt gradu Khislstein<\/em><\/span><br \/><span style=\"color: #808080;\">\u2192 12. 8. (20.00): <strong>Oma in jelka, tiso\u010de let: Nata\u0161a Kramberger, Samo Kutin<\/strong>, <em>Vrt gradu Khislstein<\/em><\/span><br \/><span style=\"color: #808080;\">\u2192 19. 8. (20.00): <strong>Vrtnice rde\u010de: Tja\u0161a Koprivec Vuga, Allja Petric<\/strong>, <em>Vrt gradu Khislstein<\/em><\/span><br \/><span style=\"color: #808080;\">\u2192 26. 8. (20.00): <strong>EMA <\/strong>(glasbeni ve\u010der), <em>Vrt gradu Khislstein<\/em><\/span><\/p>\t\t\t\t\t\t\t\t<\/div>\n\t\t\t\t<\/div>\n\t\t\t\t<div class=\"elementor-element elementor-element-4f1b3e9 elementor-hidden-desktop elementor-hidden-tablet elementor-hidden-mobile elementor-widget elementor-widget-text-editor\" data-id=\"4f1b3e9\" data-element_type=\"widget\" data-e-type=\"widget\" data-widget_type=\"text-editor.default\">\n\t\t\t\t<div class=\"elementor-widget-container\">\n\t\t\t\t\t\t\t\t\t<h2>EVENTI AL CASTELLO KHISLSTEIN\u00a0\u00a0<br \/><span style=\"color: #808080;\">Maggio &#8211; Settembre 2025<\/span><\/h2><p>Nowadays, the castle combines knowledge and pleasure, housing the <a href=\"https:\/\/www.visitkranj.com\/en\/sights\/gorenjska-museum\/\" target=\"_blank\" rel=\"noopener\"><strong>Gorenjska Museum<\/strong><\/a>\u00a0with its educational exhibitions, the\u00a0<a href=\"https:\/\/www.visitkranj.com\/en\/top-events\/khislstein-open-air-stage\/\"><strong>Khislstein Open-Air Stage<\/strong><\/a>, which in summer hosts a varied cultural program, and the\u00a0<strong>Khislstein Caf\u00e9 12.56<\/strong>, where you can enjoy your favorite drink in a peaceful atmosphere.<\/p><h2>PROGRAMMA 2025<\/h2><h3><span style=\"color: #c61647;\">Teatro all&#8217;aperto Khislstein:<\/span><\/h3><p><img fetchpriority=\"high\" decoding=\"async\" class=\"alignnone size-full wp-image-908911\" src=\"https:\/\/www.visitkranj.com\/wp-content\/uploads\/2025\/03\/LGK-Eventim-1080x1080-napovednik-2025.jpg\" alt=\"\" width=\"1080\" height=\"1080\" srcset=\"https:\/\/www.visitkranj.com\/wp-content\/uploads\/2025\/03\/LGK-Eventim-1080x1080-napovednik-2025.jpg 1080w, https:\/\/www.visitkranj.com\/wp-content\/uploads\/2025\/03\/LGK-Eventim-1080x1080-napovednik-2025-300x300.jpg 300w, https:\/\/www.visitkranj.com\/wp-content\/uploads\/2025\/03\/LGK-Eventim-1080x1080-napovednik-2025-1024x1024.jpg 1024w, https:\/\/www.visitkranj.com\/wp-content\/uploads\/2025\/03\/LGK-Eventim-1080x1080-napovednik-2025-150x150.jpg 150w, https:\/\/www.visitkranj.com\/wp-content\/uploads\/2025\/03\/LGK-Eventim-1080x1080-napovednik-2025-768x768.jpg 768w\" sizes=\"(max-width: 1080px) 100vw, 1080px\" \/><\/p><p><small><em>* Ci riserviamo il diritto di modificare il programma.<\/em><\/small><\/p>\t\t\t\t\t\t\t\t<\/div>\n\t\t\t\t<\/div>\n\t\t\t\t<div class=\"elementor-element elementor-element-733b8e3 elementor-hidden-desktop elementor-hidden-tablet elementor-hidden-mobile elementor-widget elementor-widget-text-editor\" data-id=\"733b8e3\" data-element_type=\"widget\" data-e-type=\"widget\" data-widget_type=\"text-editor.default\">\n\t\t\t\t<div class=\"elementor-widget-container\">\n\t\t\t\t\t\t\t\t\t<h2>EVENTI AL CASTELLO KHISLSTEIN\u00a0\u00a0<br \/><span style=\"color: #808080;\">Maggio &#8211; Settembre 2024<\/span><\/h2><p>Nowadays, the castle combines knowledge and pleasure, housing the <a href=\"https:\/\/www.visitkranj.com\/en\/sights\/gorenjska-museum\/\" target=\"_blank\" rel=\"noopener\"><strong>Gorenjska Museum<\/strong><\/a>\u00a0with its educational exhibitions, the\u00a0<a href=\"https:\/\/www.visitkranj.com\/en\/top-events\/khislstein-open-air-stage\/\"><strong>Khislstein Open-Air Stage<\/strong><\/a>, which in summer hosts a varied cultural program, and the\u00a0<strong>Khislstein Caf\u00e9 12.56<\/strong>, where you can enjoy your favorite drink in a peaceful atmosphere.<\/p><h2>PROGRAMMA 2024<\/h2><h3><span style=\"color: #c61647;\">Teatro all&#8217;aperto Khislsteinstein<\/span><\/h3><p><strong>SETTEMBRE<\/strong><br \/><span style=\"color: #c61647;\">\u2192<\/span> 7. 9.: <strong>Gibonni <\/strong>&gt; ESAURITO<\/p><hr \/><h3><span style=\"color: #c61647;\"><br \/>Serate musicali sotto il tiglio del castello<\/span><\/h3><p>\/<\/p><hr \/><h3><span style=\"color: #c61647;\"><br \/>Ispirazione culturale del marted\u00ec<br \/><\/span><\/h3><p><strong>Tutti i marted\u00ec dal 9 giugno al 27 agosto 2024 | Sotto il tiglio del castello nel giardino del castello di Khislstein<\/strong><\/p><p>\/<\/p><p><small><em>* Ci riserviamo il diritto di modificare il programma.<\/em><\/small><\/p><hr \/><h3><span style=\"color: #808080;\">Archivio (Programma 2024)<\/span><\/h3><h3><span style=\"color: #808080;\">Teatro all&#8217;aperto Khislsteinstein<\/span><\/h3><p><span style=\"color: #808080;\"><strong>MAGGIO<\/strong><\/span><br \/><span style=\"color: #808080;\">\u2192 22. 5.: <strong>Jenkovi talenti<\/strong><\/span><br \/><span style=\"color: #808080;\">\u2192 23. 5.: <strong>Frankofonski festival<\/strong><\/span><\/p><p><span style=\"color: #808080;\"><strong>GIUGNO<\/strong><\/span><br \/><span style=\"color: #808080;\">\u2192 8. 6.: <strong>12. otro\u0161ki &#8220;Ringaraja&#8221; festival<\/strong><\/span><br \/><span style=\"color: #808080;\">\u2192 9. 6.: <strong>I\u010dkoti 2<\/strong> <\/span><br \/><span style=\"color: #808080;\">\u2192 14. 6.: <strong>Dan D &#8211; Tiho<\/strong> &gt; <a style=\"color: #808080;\" href=\"https:\/\/www.eventim.si\/si\/vstopnice\/dan-d-tiho-kranj-letno-gledalisce-khislstein-639500\/event.html\" target=\"_blank\" rel=\"noopener\"><strong>BIGLIETTI<\/strong><\/a><\/span><br \/><span style=\"color: #808080;\">\u2192 18. 6.:<strong> Slavnostni koncert u\u010dencev Glasbene \u0161ole Kranj ob sklepu \u0161olskega leta 2023\/24<\/strong><\/span><br \/><span style=\"color: #808080;\">\u2192 20. 6.: <strong>Flirrt<\/strong><\/span><br \/><span style=\"color: #808080;\">\u2192 23. 6.: <strong>Glasbena \u0161ola Kranj<\/strong><\/span><br \/><span style=\"color: #808080;\">\u2192 27. 6.: <strong>Tja\u0161a &amp; Uro\u0161<\/strong><\/span><br \/><span style=\"color: #808080;\">\u2192 28. 6.: <strong>Baletni dragulji <\/strong>&gt; <a style=\"color: #808080;\" href=\"https:\/\/www.eventim.si\/si\/vstopnice\/baletni-dragulji-kranj-letno-gledalisce-khislstein-639516\/event.html\" target=\"_blank\" rel=\"noopener\"><strong>BIGLIETTI<\/strong><\/a><\/span><\/p><p><span style=\"color: #808080;\"><strong>GIULIO<\/strong><\/span><br \/><span style=\"color: #808080;\">\u2192 5. 7.: <strong>Nina Pu\u0161lar <\/strong>&gt; <a style=\"color: #808080;\" href=\"https:\/\/www.eventim.si\/si\/vstopnice\/nina-puslar-kranj-letno-gledalisce-khislstein-639523\/event.html\" target=\"_blank\" rel=\"noopener\"><strong>BIGLIETTI<\/strong><\/a><\/span><br \/><span style=\"color: #808080;\">\u2192 12. 7.: <strong>Crvena Jabuka <\/strong>&gt; <a style=\"color: #808080;\" href=\"https:\/\/www.eventim.si\/si\/vstopnice\/crvena-jabuka-kranj-letno-gledalisce-khislstein-639538\/event.html\" target=\"_blank\" rel=\"noopener\"><strong>BIGLIETTI<\/strong><\/a><\/span><br \/><span style=\"color: #808080;\">\u2192 19. 7.: <strong>Magnifico <\/strong>&gt; <a style=\"color: #808080;\" href=\"https:\/\/www.eventim.si\/si\/vstopnice\/magnifico-kranj-letno-gledalisce-khislstein-639543\/event.html\" target=\"_blank\" rel=\"noopener\"><strong>BIGLIETTI<\/strong><\/a><\/span><br \/><span style=\"color: #808080;\">\u2192 26. 7.: <strong>\u017dan Ser\u010di\u010d <\/strong>&gt; <a style=\"color: #808080;\" href=\"https:\/\/www.eventim.si\/si\/vstopnice\/zan-sercic-kranj-letno-gledalisce-khislstein-639546\/event.html\" target=\"_blank\" rel=\"noopener\"><strong>BIGLIETTI<\/strong><\/a><\/span><br \/><span style=\"color: #808080;\">\u2192 27. 7.: <strong>Niet <\/strong>&gt; <a style=\"color: #808080;\" href=\"https:\/\/www.eventim.si\/si\/vstopnice\/niet-kranj-letno-gledalisce-khislstein-639547\/event.html\" target=\"_blank\" rel=\"noopener\"><strong>BIGLIETTI<\/strong><\/a><\/span><\/p><p><span style=\"color: #808080;\"><strong>AGOSTO<\/strong><\/span><br \/><span style=\"color: #808080;\">\u2192 9. 8.: <strong>Puccini: La Boheme <\/strong>&gt; <a style=\"color: #808080;\" href=\"https:\/\/www.eventim.si\/si\/vstopnice\/puccini-la-boheme-kranj-letno-gledalisce-khislstein-639620\/event.html\" target=\"_blank\" rel=\"noopener\"><strong>BIGLIETTI<\/strong><\/a><\/span><br \/><span style=\"color: #808080;\">\u2192 16. 8.: <strong>The Dublin Legends<\/strong> (ex The Dubliners) &gt; <a style=\"color: #808080;\" href=\"https:\/\/www.eventim.si\/si\/vstopnice\/the-dublin-legends-ex-the-dubliners-kranj-letno-gledalisce-khislstein-639625\/event.html\" target=\"_blank\" rel=\"noopener\"><strong>BIGLIETTI<\/strong><\/a><\/span><br \/><span style=\"color: #808080;\">\u2192 22. 8.: <strong>Vivere <\/strong>&gt;<strong><a style=\"color: #808080;\" href=\"https:\/\/www.eventim.si\/si\/vstopnice\/trio-vivere-kranj-letno-gledalisce-khislstein-634370\/event.html\" target=\"_blank\" rel=\"noopener\">BIGLIETTI<\/a><\/strong><\/span><br \/><span style=\"color: #808080;\">\u2192 23. 8.: <strong>Maraaya <\/strong>&gt;<strong><a style=\"color: #808080;\" href=\"https:\/\/www.eventim.si\/si\/vstopnice\/maraaya-carobni-veceri-na-gradovih-kranj-letno-gledalisce-khislstein-629685\/event.html#\" target=\"_blank\" rel=\"noopener\">BIGLIETTI<\/a><\/strong><\/span><br \/><span style=\"color: #808080;\">\u2192 29. 8.: <strong>Kvatropirci <\/strong>&gt;<strong><a style=\"color: #808080;\" href=\"https:\/\/www.eventim.si\/si\/vstopnice\/kvatropirci-kranj-letno-gledalisce-khislstein-1413037\/performance.html\" target=\"_blank\" rel=\"noopener\">BIGLIETTI<\/a><\/strong><\/span><br \/><span style=\"color: #808080;\">\u2192 30. 8.: <strong>Tabu &#8211; akustika <\/strong>&gt; <a style=\"color: #808080;\" href=\"https:\/\/www.eventim.si\/si\/vstopnice\/tabu-akustika-kranj-letno-gledalisce-khislstein-639627\/event.html\" target=\"_blank\" rel=\"noopener\"><strong>BIGLIETTI<\/strong><\/a><\/span><\/p><hr \/><h3><span style=\"color: #808080;\"><br \/>Serate musicali sotto il tiglio del castello<\/span><\/h3><p><span style=\"color: #808080;\"><b>GIULIO<\/b><\/span><br \/><span style=\"color: #808080;\">\u2192 3. 7.: <strong>Maja Keuc<\/strong> &gt; <a style=\"color: #808080;\" href=\"https:\/\/www.eventim.si\/si\/vstopnice\/maja-keuc-kranj-grajsko-dvorisce-khislstein-639670\/event.html\" target=\"_blank\" rel=\"noopener\"><strong>BIGLIETTI<\/strong><\/a><\/span><br \/><span style=\"color: #808080;\">\u2192 10. 7.: <strong>Rudi Bu\u010dar trio <\/strong>&gt; ESAURITO<\/span><br \/><span style=\"color: #808080;\">\u2192 17. 7.: <strong>Severa Gjurin <\/strong>&gt; <strong><a style=\"color: #808080;\" href=\"https:\/\/www.eventim.si\/si\/vstopnice\/severa-gjurin-kranj-grajsko-dvorisce-khislstein-639699\/event.html\" target=\"_blank\" rel=\"noopener\">BIGLIETTI<\/a><\/strong><\/span><br \/><span style=\"color: #808080;\">\u2192 24. 7.: <strong>Poseben gu\u0161t \u2013 poezija Iztoka Mlakarja <\/strong>&gt; ESAURITO<\/span><\/p><p><span style=\"color: #808080;\"><strong>AGOSTO<\/strong><\/span><br \/><span style=\"color: #808080;\">\u2192 14. 8.: <strong>Avtomobili\u00a0<\/strong>&gt; <a style=\"color: #808080;\" href=\"https:\/\/www.eventim.si\/si\/vstopnice\/avtomobili-kranj-grajsko-dvorisce-khislstein-639704\/event.html\" target=\"_blank\" rel=\"noopener\"><strong>BIGLIETTI<\/strong><\/a><\/span><br \/><span style=\"color: #808080;\">\u2192 28. 8.: <strong>Vlado Kreslin\u00a0<\/strong>&gt; ESAURITO<\/span><\/p><hr \/><h3><span style=\"color: #808080;\"><br \/>Ispirazione culturale del marted\u00ec<br \/><\/span><\/h3><p><span style=\"color: #808080;\"><strong>Tutti i marted\u00ec dal 9 giugno al 27 agosto 2024 | Sotto il tiglio del castello nel giardino del castello di Khislstein<\/strong><\/span><\/p><p><span style=\"color: #808080;\">\u2192 9. 7.: Ispirazione culturale del marted\u00ec<\/span><br \/><span style=\"color: #808080;\">\u2192 16. 7.: Ispirazione culturale del marted<\/span><br \/><span style=\"color: #808080;\">\u2192 23. 7.: Ispirazione culturale del marted\u00ec<\/span><br \/><span style=\"color: #808080;\">\u2192 6. 7.: Ispirazione culturale del marted\u00ec<\/span><\/p><p><span style=\"color: #808080;\">\u2192 13. 8.: Ispirazione culturale del marted\u00ec<\/span><br \/><span style=\"color: #808080;\">\u2192 20. 8.: Ispirazione culturale del marted\u00ec<\/span><br \/><span style=\"color: #808080;\">\u2192 27. 8.: Ispirazione culturale del marted\u00ec<\/span><\/p>\t\t\t\t\t\t\t\t<\/div>\n\t\t\t\t<\/div>\n\t\t\t\t\t<\/div>\n\t\t<\/div>\n\t\t\t\t\t<\/div>\n\t\t<\/section>\n\t\t<div class=\"elementor-element elementor-element-5db37ab e-flex e-con-boxed e-con e-parent\" data-id=\"5db37ab\" data-element_type=\"container\" data-e-type=\"container\" data-settings=\"{&quot;jet_parallax_layout_list&quot;:[]}\">\n\t\t\t\t\t<div class=\"e-con-inner\">\n\t\t<div class=\"elementor-element elementor-element-5b50ac8 e-con-full e-flex e-con e-child\" data-id=\"5b50ac8\" data-element_type=\"container\" data-e-type=\"container\" data-settings=\"{&quot;jet_parallax_layout_list&quot;:[]}\">\n\t\t\t\t<div class=\"elementor-element elementor-element-ad7cc95 elementor-position-top elementor-widget elementor-widget-image-box\" data-id=\"ad7cc95\" data-element_type=\"widget\" data-e-type=\"widget\" data-widget_type=\"image-box.default\">\n\t\t\t\t<div class=\"elementor-widget-container\">\n\t\t\t\t\t<div class=\"elementor-image-box-wrapper\"><figure class=\"elementor-image-box-img\"><a href=\"https:\/\/www.visitkranj.com\/en\/top-events\/concerts-under-the-linden-tree\/\" tabindex=\"-1\"><img decoding=\"async\" width=\"1200\" height=\"800\" src=\"https:\/\/www.visitkranj.com\/wp-content\/uploads\/2023\/05\/Filmi_Vovkov_vrt_Jost_Gantar_visit-kranj.webp\" class=\"attachment-full size-full wp-image-721\" alt=\"\" srcset=\"https:\/\/www.visitkranj.com\/wp-content\/uploads\/2023\/05\/Filmi_Vovkov_vrt_Jost_Gantar_visit-kranj.webp 1200w, https:\/\/www.visitkranj.com\/wp-content\/uploads\/2023\/05\/Filmi_Vovkov_vrt_Jost_Gantar_visit-kranj-300x200.webp 300w, https:\/\/www.visitkranj.com\/wp-content\/uploads\/2023\/05\/Filmi_Vovkov_vrt_Jost_Gantar_visit-kranj-1024x683.webp 1024w, https:\/\/www.visitkranj.com\/wp-content\/uploads\/2023\/05\/Filmi_Vovkov_vrt_Jost_Gantar_visit-kranj-768x512.webp 768w\" sizes=\"(max-width: 1200px) 100vw, 1200px\" \/><\/a><\/figure><div class=\"elementor-image-box-content\"><h3 class=\"elementor-image-box-title\"><a href=\"https:\/\/www.visitkranj.com\/en\/top-events\/concerts-under-the-linden-tree\/\">Films at the Vovk Garden<\/a><\/h3><\/div><\/div>\t\t\t\t<\/div>\n\t\t\t\t<\/div>\n\t\t\t\t<div class=\"elementor-element elementor-element-6789d52 elementor-align-right elementor-widget elementor-widget-button\" data-id=\"6789d52\" data-element_type=\"widget\" data-e-type=\"widget\" data-widget_type=\"button.default\">\n\t\t\t\t<div class=\"elementor-widget-container\">\n\t\t\t\t\t\t\t\t\t<div class=\"elementor-button-wrapper\">\n\t\t\t\t\t<a class=\"elementor-button elementor-button-link elementor-size-sm\" href=\"https:\/\/www.visitkranj.com\/izbrani-dogodki\/dogodki-na-gradu-khislstein\/filmi-na-vovkovem-vrtu-2\/\">\n\t\t\t\t\t\t<span class=\"elementor-button-content-wrapper\">\n\t\t\t\t\t\t\t\t\t<span class=\"elementor-button-text\">BERI VE\u010c<\/span>\n\t\t\t\t\t<\/span>\n\t\t\t\t\t<\/a>\n\t\t\t\t<\/div>\n\t\t\t\t\t\t\t\t<\/div>\n\t\t\t\t<\/div>\n\t\t\t\t<\/div>\n\t\t<div class=\"elementor-element elementor-element-102651b e-con-full e-flex e-con e-child\" data-id=\"102651b\" data-element_type=\"container\" data-e-type=\"container\" data-settings=\"{&quot;jet_parallax_layout_list&quot;:[]}\">\n\t\t\t\t<div class=\"elementor-element elementor-element-dcd6475 elementor-position-top elementor-widget elementor-widget-image-box\" data-id=\"dcd6475\" data-element_type=\"widget\" data-e-type=\"widget\" data-widget_type=\"image-box.default\">\n\t\t\t\t<div class=\"elementor-widget-container\">\n\t\t\t\t\t<div class=\"elementor-image-box-wrapper\"><figure class=\"elementor-image-box-img\"><a href=\"https:\/\/www.visitkranj.com\/en\/top-events\/concerts-under-the-linden-tree\/\" tabindex=\"-1\"><img decoding=\"async\" width=\"680\" height=\"453\" src=\"https:\/\/www.visitkranj.com\/wp-content\/uploads\/2023\/05\/vecer-pod-grajsko-lipo.w680h453.jpg\" class=\"attachment-full size-full wp-image-3054\" alt=\"\" srcset=\"https:\/\/www.visitkranj.com\/wp-content\/uploads\/2023\/05\/vecer-pod-grajsko-lipo.w680h453.jpg 680w, https:\/\/www.visitkranj.com\/wp-content\/uploads\/2023\/05\/vecer-pod-grajsko-lipo.w680h453-300x200.jpg 300w\" sizes=\"(max-width: 680px) 100vw, 680px\" \/><\/a><\/figure><div class=\"elementor-image-box-content\"><h3 class=\"elementor-image-box-title\"><a href=\"https:\/\/www.visitkranj.com\/en\/top-events\/concerts-under-the-linden-tree\/\">Musical evenings under the castle linden tree<\/a><\/h3><\/div><\/div>\t\t\t\t<\/div>\n\t\t\t\t<\/div>\n\t\t\t\t<div class=\"elementor-element elementor-element-3c1d03e elementor-align-right elementor-widget elementor-widget-button\" data-id=\"3c1d03e\" data-element_type=\"widget\" data-e-type=\"widget\" data-widget_type=\"button.default\">\n\t\t\t\t<div class=\"elementor-widget-container\">\n\t\t\t\t\t\t\t\t\t<div class=\"elementor-button-wrapper\">\n\t\t\t\t\t<a class=\"elementor-button elementor-button-link elementor-size-sm\" href=\"https:\/\/www.visitkranj.com\/en\/top-events\/concerts-under-the-linden-tree\/\">\n\t\t\t\t\t\t<span class=\"elementor-button-content-wrapper\">\n\t\t\t\t\t\t\t\t\t<span class=\"elementor-button-text\">BERI VE\u010c<\/span>\n\t\t\t\t\t<\/span>\n\t\t\t\t\t<\/a>\n\t\t\t\t<\/div>\n\t\t\t\t\t\t\t\t<\/div>\n\t\t\t\t<\/div>\n\t\t\t\t<\/div>\n\t\t<div class=\"elementor-element elementor-element-a9aee89 e-con-full e-flex e-con e-child\" data-id=\"a9aee89\" data-element_type=\"container\" data-e-type=\"container\" data-settings=\"{&quot;jet_parallax_layout_list&quot;:[]}\">\n\t\t\t\t<div class=\"elementor-element elementor-element-48f033b elementor-position-top elementor-widget elementor-widget-image-box\" data-id=\"48f033b\" data-element_type=\"widget\" data-e-type=\"widget\" data-widget_type=\"image-box.default\">\n\t\t\t\t<div class=\"elementor-widget-container\">\n\t\t\t\t\t<div class=\"elementor-image-box-wrapper\"><figure class=\"elementor-image-box-img\"><a href=\"https:\/\/www.visitkranj.com\/en\/top-events\/khislstein-open-air-stage\/\" tabindex=\"-1\"><img loading=\"lazy\" decoding=\"async\" width=\"1153\" height=\"768\" src=\"https:\/\/www.visitkranj.com\/wp-content\/uploads\/2023\/05\/letno-gledalisce-khislstein2.webp\" class=\"attachment-full size-full wp-image-5483\" alt=\"\" srcset=\"https:\/\/www.visitkranj.com\/wp-content\/uploads\/2023\/05\/letno-gledalisce-khislstein2.webp 1153w, https:\/\/www.visitkranj.com\/wp-content\/uploads\/2023\/05\/letno-gledalisce-khislstein2-300x200.webp 300w, https:\/\/www.visitkranj.com\/wp-content\/uploads\/2023\/05\/letno-gledalisce-khislstein2-1024x682.webp 1024w, https:\/\/www.visitkranj.com\/wp-content\/uploads\/2023\/05\/letno-gledalisce-khislstein2-768x512.webp 768w\" sizes=\"(max-width: 1153px) 100vw, 1153px\" \/><\/a><\/figure><div class=\"elementor-image-box-content\"><h3 class=\"elementor-image-box-title\"><a href=\"https:\/\/www.visitkranj.com\/en\/top-events\/khislstein-open-air-stage\/\">Khislstein open-air stage<\/a><\/h3><\/div><\/div>\t\t\t\t<\/div>\n\t\t\t\t<\/div>\n\t\t\t\t<div class=\"elementor-element elementor-element-8e6646d elementor-align-right elementor-widget elementor-widget-button\" data-id=\"8e6646d\" data-element_type=\"widget\" data-e-type=\"widget\" data-widget_type=\"button.default\">\n\t\t\t\t<div class=\"elementor-widget-container\">\n\t\t\t\t\t\t\t\t\t<div class=\"elementor-button-wrapper\">\n\t\t\t\t\t<a class=\"elementor-button elementor-button-link elementor-size-sm\" href=\"https:\/\/www.visitkranj.com\/en\/top-events\/khislstein-open-air-stage\/\">\n\t\t\t\t\t\t<span class=\"elementor-button-content-wrapper\">\n\t\t\t\t\t\t\t\t\t<span class=\"elementor-button-text\">BERI VE\u010c<\/span>\n\t\t\t\t\t<\/span>\n\t\t\t\t\t<\/a>\n\t\t\t\t<\/div>\n\t\t\t\t\t\t\t\t<\/div>\n\t\t\t\t<\/div>\n\t\t\t\t<\/div>\n\t\t<div class=\"elementor-element elementor-element-9972e2b e-con-full e-flex e-con e-child\" data-id=\"9972e2b\" data-element_type=\"container\" data-e-type=\"container\" data-settings=\"{&quot;jet_parallax_layout_list&quot;:[]}\">\n\t\t\t\t<div class=\"elementor-element elementor-element-9020990 elementor-position-top elementor-widget elementor-widget-image-box\" data-id=\"9020990\" data-element_type=\"widget\" data-e-type=\"widget\" data-widget_type=\"image-box.default\">\n\t\t\t\t<div class=\"elementor-widget-container\">\n\t\t\t\t\t<div class=\"elementor-image-box-wrapper\"><figure class=\"elementor-image-box-img\"><a href=\"https:\/\/www.visitkranj.com\/en\/top-events\/breeze-of-culture-on-tuesdays\/\" tabindex=\"-1\"><img loading=\"lazy\" decoding=\"async\" width=\"211\" height=\"208\" src=\"https:\/\/www.visitkranj.com\/wp-content\/uploads\/2023\/05\/torkov_kulturni_vdih.png\" class=\"attachment-full size-full wp-image-65684\" alt=\"\" \/><\/a><\/figure><div class=\"elementor-image-box-content\"><h3 class=\"elementor-image-box-title\"><a href=\"https:\/\/www.visitkranj.com\/en\/top-events\/breeze-of-culture-on-tuesdays\/\">Breeze of culture on Tuesdays<\/a><\/h3><\/div><\/div>\t\t\t\t<\/div>\n\t\t\t\t<\/div>\n\t\t\t\t<div class=\"elementor-element elementor-element-ad03214 elementor-align-right elementor-widget elementor-widget-button\" data-id=\"ad03214\" data-element_type=\"widget\" data-e-type=\"widget\" data-widget_type=\"button.default\">\n\t\t\t\t<div class=\"elementor-widget-container\">\n\t\t\t\t\t\t\t\t\t<div class=\"elementor-button-wrapper\">\n\t\t\t\t\t<a class=\"elementor-button elementor-button-link elementor-size-sm\" href=\"https:\/\/www.visitkranj.com\/en\/top-events\/breeze-of-culture-on-tuesdays\/\">\n\t\t\t\t\t\t<span class=\"elementor-button-content-wrapper\">\n\t\t\t\t\t\t\t\t\t<span class=\"elementor-button-text\">BERI VE\u010c<\/span>\n\t\t\t\t\t<\/span>\n\t\t\t\t\t<\/a>\n\t\t\t\t<\/div>\n\t\t\t\t\t\t\t\t<\/div>\n\t\t\t\t<\/div>\n\t\t\t\t<\/div>\n\t\t<div class=\"elementor-element elementor-element-2e1bbef e-con-full e-flex e-con e-child\" data-id=\"2e1bbef\" data-element_type=\"container\" data-e-type=\"container\" data-settings=\"{&quot;jet_parallax_layout_list&quot;:[]}\">\n\t\t\t\t<div class=\"elementor-element elementor-element-e1a195c elementor-position-top elementor-widget elementor-widget-image-box\" data-id=\"e1a195c\" data-element_type=\"widget\" data-e-type=\"widget\" data-widget_type=\"image-box.default\">\n\t\t\t\t<div class=\"elementor-widget-container\">\n\t\t\t\t\t<div class=\"elementor-image-box-wrapper\"><figure class=\"elementor-image-box-img\"><a href=\"https:\/\/www.visitkranj.com\/kulturna-prizorisca\/gorenjski-muzej\/\" tabindex=\"-1\"><img loading=\"lazy\" decoding=\"async\" width=\"900\" height=\"506\" src=\"https:\/\/www.visitkranj.com\/wp-content\/uploads\/2023\/05\/Gorenjski-muzej-Visit-Kranj.jpg\" class=\"attachment-full size-full wp-image-2821\" alt=\"Gorenjski muzej\" srcset=\"https:\/\/www.visitkranj.com\/wp-content\/uploads\/2023\/05\/Gorenjski-muzej-Visit-Kranj.jpg 900w, https:\/\/www.visitkranj.com\/wp-content\/uploads\/2023\/05\/Gorenjski-muzej-Visit-Kranj-300x169.jpg 300w, https:\/\/www.visitkranj.com\/wp-content\/uploads\/2023\/05\/Gorenjski-muzej-Visit-Kranj-768x432.jpg 768w\" sizes=\"(max-width: 900px) 100vw, 900px\" \/><\/a><\/figure><div class=\"elementor-image-box-content\"><h3 class=\"elementor-image-box-title\"><a href=\"https:\/\/www.visitkranj.com\/kulturna-prizorisca\/gorenjski-muzej\/\">Gorenjska museum<\/a><\/h3><\/div><\/div>\t\t\t\t<\/div>\n\t\t\t\t<\/div>\n\t\t\t\t<div class=\"elementor-element elementor-element-0bdef78 elementor-align-right elementor-widget elementor-widget-button\" data-id=\"0bdef78\" data-element_type=\"widget\" data-e-type=\"widget\" data-widget_type=\"button.default\">\n\t\t\t\t<div class=\"elementor-widget-container\">\n\t\t\t\t\t\t\t\t\t<div class=\"elementor-button-wrapper\">\n\t\t\t\t\t<a class=\"elementor-button elementor-button-link elementor-size-sm\" href=\"https:\/\/www.visitkranj.com\/kulturna-prizorisca\/gorenjski-muzej\/\">\n\t\t\t\t\t\t<span class=\"elementor-button-content-wrapper\">\n\t\t\t\t\t\t\t\t\t<span class=\"elementor-button-text\">BERI VE\u010c<\/span>\n\t\t\t\t\t<\/span>\n\t\t\t\t\t<\/a>\n\t\t\t\t<\/div>\n\t\t\t\t\t\t\t\t<\/div>\n\t\t\t\t<\/div>\n\t\t\t\t<\/div>\n\t\t\t\t\t<\/div>\n\t\t\t\t<\/div>\n\t\t\t\t<\/div>\n\t\t","protected":false},"excerpt":{"rendered":"<p>EVENTI AL CASTELLO KHISLSTEINMaggio &#8211; Settembre 2025 Il programma 2025 \u00e8 completo. Programma 2025 Teatro all\u2019aperto Khislstein \/ \u00a0 Serate musicali sotto il tiglio del castello \/ \u00a0 Ispirazione culturale del marted\u00ec* \/ * Il programma \u00e8 in sloveno. EVENTI AL CASTELLO KHISLSTEINMaggio &#8211; Settembre 2025 Programma 2025 Teatro all\u2019aperto Khislstein Agosto \u2192 7. 8. [&hellip;]<\/p>\n","protected":false},"featured_media":14713,"parent":0,"menu_order":0,"template":"","class_list":["post-65717","izbrani-dogodki","type-izbrani-dogodki","status-publish","has-post-thumbnail","hentry"],"yoast_head":"<!-- This site is optimized with the Yoast SEO plugin v26.9 - https:\/\/yoast.com\/product\/yoast-seo-wordpress\/ -->\n<title>Eventi al castello Khislstein - Visit Kranj<\/title>\n<meta name=\"robots\" content=\"index, follow, max-snippet:-1, max-image-preview:large, max-video-preview:-1\" \/>\n<link rel=\"canonical\" href=\"https:\/\/www.visitkranj.com\/it\/eventi-selezionati\/eventi-al-castello-khislstein\/\" \/>\n<meta property=\"og:locale\" content=\"it_IT\" \/>\n<meta property=\"og:type\" content=\"article\" \/>\n<meta property=\"og:title\" content=\"Eventi al castello Khislstein - Visit Kranj\" \/>\n<meta property=\"og:description\" content=\"EVENTI AL CASTELLO KHISLSTEINMaggio &#8211; Settembre 2025 Il programma 2025 \u00e8 completo. Programma 2025 Teatro all\u2019aperto Khislstein \/ \u00a0 Serate musicali sotto il tiglio del castello \/ \u00a0 Ispirazione culturale del marted\u00ec* \/ * Il programma \u00e8 in sloveno. EVENTI AL CASTELLO KHISLSTEINMaggio &#8211; Settembre 2025 Programma 2025 Teatro all\u2019aperto Khislstein Agosto \u2192 7. 8. [&hellip;]\" \/>\n<meta property=\"og:url\" content=\"https:\/\/www.visitkranj.com\/it\/eventi-selezionati\/eventi-al-castello-khislstein\/\" \/>\n<meta property=\"og:site_name\" content=\"Visit Kranj\" \/>\n<meta property=\"article:publisher\" content=\"https:\/\/www.facebook.com\/VisitKranj\/\" \/>\n<meta property=\"article:modified_time\" content=\"2025-09-15T09:55:40+00:00\" \/>\n<meta property=\"og:image\" content=\"https:\/\/www.visitkranj.com\/wp-content\/uploads\/2023\/05\/khislstein.w1170h400c-1.jpg\" \/>\n\t<meta property=\"og:image:width\" content=\"1170\" \/>\n\t<meta property=\"og:image:height\" content=\"400\" \/>\n\t<meta property=\"og:image:type\" content=\"image\/jpeg\" \/>\n<meta name=\"twitter:card\" content=\"summary_large_image\" \/>\n<meta name=\"twitter:label1\" content=\"Tempo di lettura stimato\" \/>\n\t<meta name=\"twitter:data1\" content=\"10 minuti\" \/>\n<script type=\"application\/ld+json\" class=\"yoast-schema-graph\">{\"@context\":\"https:\/\/schema.org\",\"@graph\":[{\"@type\":\"WebPage\",\"@id\":\"https:\/\/www.visitkranj.com\/it\/eventi-selezionati\/eventi-al-castello-khislstein\/\",\"url\":\"https:\/\/www.visitkranj.com\/it\/eventi-selezionati\/eventi-al-castello-khislstein\/\",\"name\":\"Eventi al castello Khislstein - Visit Kranj\",\"isPartOf\":{\"@id\":\"https:\/\/www.visitkranj.com\/it\/#website\"},\"primaryImageOfPage\":{\"@id\":\"https:\/\/www.visitkranj.com\/it\/eventi-selezionati\/eventi-al-castello-khislstein\/#primaryimage\"},\"image\":{\"@id\":\"https:\/\/www.visitkranj.com\/it\/eventi-selezionati\/eventi-al-castello-khislstein\/#primaryimage\"},\"thumbnailUrl\":\"https:\/\/www.visitkranj.com\/wp-content\/uploads\/2023\/05\/khislstein.w1170h400c-1.jpg\",\"datePublished\":\"2023-07-19T12:45:58+00:00\",\"dateModified\":\"2025-09-15T09:55:40+00:00\",\"breadcrumb\":{\"@id\":\"https:\/\/www.visitkranj.com\/it\/eventi-selezionati\/eventi-al-castello-khislstein\/#breadcrumb\"},\"inLanguage\":\"it-IT\",\"potentialAction\":[{\"@type\":\"ReadAction\",\"target\":[\"https:\/\/www.visitkranj.com\/it\/eventi-selezionati\/eventi-al-castello-khislstein\/\"]}]},{\"@type\":\"ImageObject\",\"inLanguage\":\"it-IT\",\"@id\":\"https:\/\/www.visitkranj.com\/it\/eventi-selezionati\/eventi-al-castello-khislstein\/#primaryimage\",\"url\":\"https:\/\/www.visitkranj.com\/wp-content\/uploads\/2023\/05\/khislstein.w1170h400c-1.jpg\",\"contentUrl\":\"https:\/\/www.visitkranj.com\/wp-content\/uploads\/2023\/05\/khislstein.w1170h400c-1.jpg\",\"width\":1170,\"height\":400},{\"@type\":\"BreadcrumbList\",\"@id\":\"https:\/\/www.visitkranj.com\/it\/eventi-selezionati\/eventi-al-castello-khislstein\/#breadcrumb\",\"itemListElement\":[{\"@type\":\"ListItem\",\"position\":1,\"name\":\"Inizio\",\"item\":\"https:\/\/www.visitkranj.com\/it\/\"},{\"@type\":\"ListItem\",\"position\":2,\"name\":\"Eventi selezionati\",\"item\":\"https:\/\/www.visitkranj.com\/it\/eventi-selezionati\/\"},{\"@type\":\"ListItem\",\"position\":3,\"name\":\"Eventi al castello Khislstein\"}]},{\"@type\":\"WebSite\",\"@id\":\"https:\/\/www.visitkranj.com\/it\/#website\",\"url\":\"https:\/\/www.visitkranj.com\/it\/\",\"name\":\"Visit Kranj\",\"description\":\"Uradna spletna stran turizma Kranj\",\"publisher\":{\"@id\":\"https:\/\/www.visitkranj.com\/it\/#organization\"},\"potentialAction\":[{\"@type\":\"SearchAction\",\"target\":{\"@type\":\"EntryPoint\",\"urlTemplate\":\"https:\/\/www.visitkranj.com\/it\/?s={search_term_string}\"},\"query-input\":{\"@type\":\"PropertyValueSpecification\",\"valueRequired\":true,\"valueName\":\"search_term_string\"}}],\"inLanguage\":\"it-IT\"},{\"@type\":\"Organization\",\"@id\":\"https:\/\/www.visitkranj.com\/it\/#organization\",\"name\":\"Zavod za turizem in kulturo Kranj\",\"url\":\"https:\/\/www.visitkranj.com\/it\/\",\"logo\":{\"@type\":\"ImageObject\",\"inLanguage\":\"it-IT\",\"@id\":\"https:\/\/www.visitkranj.com\/it\/#\/schema\/logo\/image\/\",\"url\":\"https:\/\/www.visitkranj.com\/wp-content\/uploads\/2022\/11\/logo_menu_small.png\",\"contentUrl\":\"https:\/\/www.visitkranj.com\/wp-content\/uploads\/2022\/11\/logo_menu_small.png\",\"width\":142,\"height\":142,\"caption\":\"Zavod za turizem in kulturo Kranj\"},\"image\":{\"@id\":\"https:\/\/www.visitkranj.com\/it\/#\/schema\/logo\/image\/\"},\"sameAs\":[\"https:\/\/www.facebook.com\/VisitKranj\/\",\"https:\/\/www.instagram.com\/visitkranj\/\",\"https:\/\/www.tripadvisor.com\/Attraction_Review-g644300-d7289577-Reviews-Tourist_Information_Centre_Kranj_House-Kranj_Upper_Carniola_Region.html\"]}]}<\/script>\n<!-- \/ Yoast SEO plugin. -->","yoast_head_json":{"title":"Eventi al castello Khislstein - Visit Kranj","robots":{"index":"index","follow":"follow","max-snippet":"max-snippet:-1","max-image-preview":"max-image-preview:large","max-video-preview":"max-video-preview:-1"},"canonical":"https:\/\/www.visitkranj.com\/it\/eventi-selezionati\/eventi-al-castello-khislstein\/","og_locale":"it_IT","og_type":"article","og_title":"Eventi al castello Khislstein - Visit Kranj","og_description":"EVENTI AL CASTELLO KHISLSTEINMaggio &#8211; Settembre 2025 Il programma 2025 \u00e8 completo. Programma 2025 Teatro all\u2019aperto Khislstein \/ \u00a0 Serate musicali sotto il tiglio del castello \/ \u00a0 Ispirazione culturale del marted\u00ec* \/ * Il programma \u00e8 in sloveno. EVENTI AL CASTELLO KHISLSTEINMaggio &#8211; Settembre 2025 Programma 2025 Teatro all\u2019aperto Khislstein Agosto \u2192 7. 8. [&hellip;]","og_url":"https:\/\/www.visitkranj.com\/it\/eventi-selezionati\/eventi-al-castello-khislstein\/","og_site_name":"Visit Kranj","article_publisher":"https:\/\/www.facebook.com\/VisitKranj\/","article_modified_time":"2025-09-15T09:55:40+00:00","og_image":[{"width":1170,"height":400,"url":"https:\/\/www.visitkranj.com\/wp-content\/uploads\/2023\/05\/khislstein.w1170h400c-1.jpg","type":"image\/jpeg"}],"twitter_card":"summary_large_image","twitter_misc":{"Tempo di lettura stimato":"10 minuti"},"schema":{"@context":"https:\/\/schema.org","@graph":[{"@type":"WebPage","@id":"https:\/\/www.visitkranj.com\/it\/eventi-selezionati\/eventi-al-castello-khislstein\/","url":"https:\/\/www.visitkranj.com\/it\/eventi-selezionati\/eventi-al-castello-khislstein\/","name":"Eventi al castello Khislstein - Visit Kranj","isPartOf":{"@id":"https:\/\/www.visitkranj.com\/it\/#website"},"primaryImageOfPage":{"@id":"https:\/\/www.visitkranj.com\/it\/eventi-selezionati\/eventi-al-castello-khislstein\/#primaryimage"},"image":{"@id":"https:\/\/www.visitkranj.com\/it\/eventi-selezionati\/eventi-al-castello-khislstein\/#primaryimage"},"thumbnailUrl":"https:\/\/www.visitkranj.com\/wp-content\/uploads\/2023\/05\/khislstein.w1170h400c-1.jpg","datePublished":"2023-07-19T12:45:58+00:00","dateModified":"2025-09-15T09:55:40+00:00","breadcrumb":{"@id":"https:\/\/www.visitkranj.com\/it\/eventi-selezionati\/eventi-al-castello-khislstein\/#breadcrumb"},"inLanguage":"it-IT","potentialAction":[{"@type":"ReadAction","target":["https:\/\/www.visitkranj.com\/it\/eventi-selezionati\/eventi-al-castello-khislstein\/"]}]},{"@type":"ImageObject","inLanguage":"it-IT","@id":"https:\/\/www.visitkranj.com\/it\/eventi-selezionati\/eventi-al-castello-khislstein\/#primaryimage","url":"https:\/\/www.visitkranj.com\/wp-content\/uploads\/2023\/05\/khislstein.w1170h400c-1.jpg","contentUrl":"https:\/\/www.visitkranj.com\/wp-content\/uploads\/2023\/05\/khislstein.w1170h400c-1.jpg","width":1170,"height":400},{"@type":"BreadcrumbList","@id":"https:\/\/www.visitkranj.com\/it\/eventi-selezionati\/eventi-al-castello-khislstein\/#breadcrumb","itemListElement":[{"@type":"ListItem","position":1,"name":"Inizio","item":"https:\/\/www.visitkranj.com\/it\/"},{"@type":"ListItem","position":2,"name":"Eventi selezionati","item":"https:\/\/www.visitkranj.com\/it\/eventi-selezionati\/"},{"@type":"ListItem","position":3,"name":"Eventi al castello Khislstein"}]},{"@type":"WebSite","@id":"https:\/\/www.visitkranj.com\/it\/#website","url":"https:\/\/www.visitkranj.com\/it\/","name":"Visit Kranj","description":"Uradna spletna stran turizma Kranj","publisher":{"@id":"https:\/\/www.visitkranj.com\/it\/#organization"},"potentialAction":[{"@type":"SearchAction","target":{"@type":"EntryPoint","urlTemplate":"https:\/\/www.visitkranj.com\/it\/?s={search_term_string}"},"query-input":{"@type":"PropertyValueSpecification","valueRequired":true,"valueName":"search_term_string"}}],"inLanguage":"it-IT"},{"@type":"Organization","@id":"https:\/\/www.visitkranj.com\/it\/#organization","name":"Zavod za turizem in kulturo Kranj","url":"https:\/\/www.visitkranj.com\/it\/","logo":{"@type":"ImageObject","inLanguage":"it-IT","@id":"https:\/\/www.visitkranj.com\/it\/#\/schema\/logo\/image\/","url":"https:\/\/www.visitkranj.com\/wp-content\/uploads\/2022\/11\/logo_menu_small.png","contentUrl":"https:\/\/www.visitkranj.com\/wp-content\/uploads\/2022\/11\/logo_menu_small.png","width":142,"height":142,"caption":"Zavod za turizem in kulturo Kranj"},"image":{"@id":"https:\/\/www.visitkranj.com\/it\/#\/schema\/logo\/image\/"},"sameAs":["https:\/\/www.facebook.com\/VisitKranj\/","https:\/\/www.instagram.com\/visitkranj\/","https:\/\/www.tripadvisor.com\/Attraction_Review-g644300-d7289577-Reviews-Tourist_Information_Centre_Kranj_House-Kranj_Upper_Carniola_Region.html"]}]}},"_links":{"self":[{"href":"https:\/\/www.visitkranj.com\/it\/wp-json\/wp\/v2\/izbrani-dogodki\/65717","targetHints":{"allow":["GET"]}}],"collection":[{"href":"https:\/\/www.visitkranj.com\/it\/wp-json\/wp\/v2\/izbrani-dogodki"}],"about":[{"href":"https:\/\/www.visitkranj.com\/it\/wp-json\/wp\/v2\/types\/izbrani-dogodki"}],"version-history":[{"count":96,"href":"https:\/\/www.visitkranj.com\/it\/wp-json\/wp\/v2\/izbrani-dogodki\/65717\/revisions"}],"predecessor-version":[{"id":976918,"href":"https:\/\/www.visitkranj.com\/it\/wp-json\/wp\/v2\/izbrani-dogodki\/65717\/revisions\/976918"}],"wp:featuredmedia":[{"embeddable":true,"href":"https:\/\/www.visitkranj.com\/it\/wp-json\/wp\/v2\/media\/14713"}],"wp:attachment":[{"href":"https:\/\/www.visitkranj.com\/it\/wp-json\/wp\/v2\/media?parent=65717"}],"curies":[{"name":"wp","href":"https:\/\/api.w.org\/{rel}","templated":true}]}}