{"id":19048,"date":"2022-05-12T23:29:39","date_gmt":"2022-05-12T22:29:39","guid":{"rendered":"https:\/\/www.visitkranj.com\/?post_type=ogledi-in-izleti&#038;p=19048"},"modified":"2026-03-20T11:54:25","modified_gmt":"2026-03-20T10:54:25","slug":"centro-informazioni-sos-proteus","status":"publish","type":"ogledi-in-izleti","link":"https:\/\/www.visitkranj.com\/it\/visite-e-viaggi\/centro-informazioni-sos-proteus\/","title":{"rendered":"Centro Informazioni SOS Proteus"},"content":{"rendered":"\t\t<div data-elementor-type=\"wp-post\" data-elementor-id=\"19048\" class=\"elementor elementor-19048 elementor-3567\" data-elementor-post-type=\"ogledi-in-izleti\">\n\t\t\t\t<div class=\"elementor-element elementor-element-6e8668b9 e-flex e-con-boxed e-con e-parent\" data-id=\"6e8668b9\" data-element_type=\"container\" data-e-type=\"container\" data-settings=\"{&quot;jet_parallax_layout_list&quot;:[]}\">\n\t\t\t\t\t<div class=\"e-con-inner\">\n\t\t\t\t<div class=\"elementor-element elementor-element-5d55931 elementor-hidden-desktop elementor-hidden-tablet elementor-hidden-mobile elementor-widget elementor-widget-text-editor\" data-id=\"5d55931\" data-element_type=\"widget\" data-e-type=\"widget\" data-widget_type=\"text-editor.default\">\n\t\t\t\t<div class=\"elementor-widget-container\">\n\t\t\t\t\t\t\t\t\t<h3>\u2139\ufe0f A ottobre e novembre, <a href=\"https:\/\/www.visitkranj.com\/it\/eventi-selezionati\/halloween\/\">Halloween<\/a> e la <a href=\"https:\/\/www.visitkranj.com\/it\/eventi-selezionati\/strada-del-vino\/\">Strada del Vino<\/a> si svolgeranno nelle Gallerie sotto il centro storico di Kranj.<\/h3><h3>Per questo motivo, le visite guidate e indipendenti sono annullate o non saranno possibili nei giorni <strong>17, 18, 24, 25 e 26 ottobre<\/strong> e <strong>21, 22, 23, 28, 29 e 30 novembre<\/strong>.<\/h3>\t\t\t\t\t\t\t\t<\/div>\n\t\t\t\t<\/div>\n\t\t\t\t<div class=\"elementor-element elementor-element-d699702 elementor-hidden-desktop elementor-hidden-tablet elementor-hidden-mobile elementor-widget elementor-widget-text-editor\" data-id=\"d699702\" data-element_type=\"widget\" data-e-type=\"widget\" data-widget_type=\"text-editor.default\">\n\t\t\t\t<div class=\"elementor-widget-container\">\n\t\t\t\t\t\t\t\t\t<h3>\u2139\ufe0f A causa di lavori di ricostruzione e costruzione, le Gallerie sotto il centro storico di Kranj resteranno <strong>CHIUSE<\/strong> fino a met\u00e0 marzo 2026. Tutte le visite sono pertanto <strong>ANNULLATE<\/strong>. \u274c<\/h3><h3>\u00c8 possibile esclusivamente la visita al <a href=\"https:\/\/www.visitkranj.com\/it\/visite-e-viaggi\/centro-informazioni-sos-proteus\/\">Centro Informazioni SOS Proteus<\/a> con <strong>modalit\u00e0 di accesso<\/strong> adattate (la prenotazione anticipata \u00e8 OBBLIGATORIA).<\/h3><p>Grazie per la comprensione.<\/p>\t\t\t\t\t\t\t\t<\/div>\n\t\t\t\t<\/div>\n\t\t\t\t<div class=\"elementor-element elementor-element-2ebac6a elementor-hidden-desktop elementor-hidden-tablet elementor-hidden-mobile elementor-widget-divider--view-line elementor-widget elementor-widget-divider\" data-id=\"2ebac6a\" data-element_type=\"widget\" data-e-type=\"widget\" data-widget_type=\"divider.default\">\n\t\t\t\t<div class=\"elementor-widget-container\">\n\t\t\t\t\t\t\t<div class=\"elementor-divider\">\n\t\t\t<span class=\"elementor-divider-separator\">\n\t\t\t\t\t\t<\/span>\n\t\t<\/div>\n\t\t\t\t\t\t<\/div>\n\t\t\t\t<\/div>\n\t\t\t\t<div class=\"elementor-element elementor-element-8e4f7bc elementor-hidden-desktop elementor-hidden-tablet elementor-hidden-mobile elementor-widget-divider--view-line elementor-widget elementor-widget-divider\" data-id=\"8e4f7bc\" data-element_type=\"widget\" data-e-type=\"widget\" data-widget_type=\"divider.default\">\n\t\t\t\t<div class=\"elementor-widget-container\">\n\t\t\t\t\t\t\t<div class=\"elementor-divider\">\n\t\t\t<span class=\"elementor-divider-separator\">\n\t\t\t\t\t\t<\/span>\n\t\t<\/div>\n\t\t\t\t\t\t<\/div>\n\t\t\t\t<\/div>\n\t\t\t\t<div class=\"elementor-element elementor-element-cf83e96 elementor-widget elementor-widget-text-editor\" data-id=\"cf83e96\" data-element_type=\"widget\" data-e-type=\"widget\" data-widget_type=\"text-editor.default\">\n\t\t\t\t<div class=\"elementor-widget-container\">\n\t\t\t\t\t\t\t\t\t<h4>Visita il Centro Informazioni SOS Proteus per la Protezione dei proteidi che vivono nei Tunnel sotterrranei che attraversano la parte vecchia di Kranj. Qui avrai la possibilit\u00e0 di imparare in prima persona direttamente dai ricercatori del Laboratorio della Grotta di Tular, che potranno raccontare la vita di questi anfibi nel loro inaccessibile mondo sotterraneo, dove sono a rischio di estinzione perch\u00e9 le falde acquifere dovrebbero rimanere pulite. Visitandolo, avrai l&#8217;occasione di diventare un sostenitore del proteo, dal momento che i fondi ricavati dai biglietti d&#8217;ingresso sono interamente devoluti alla ricerca e alla protezione di questo animale in via di estinzione.<\/h4><p>Il Centro Informazioni SOS Proteus \u00e8 pensato per i visitatori curiosi. \u00c8 dotato di pannelli informativi, presentazioni video e acquari con questa singolare specie di pesci antropoidi. Saranno i ricercatori del Laboratorio della Grotta di Tular ad accompagnarti in questa visita attraverso il centro, il cui scopo principale \u00e8 di educare e sensibilizzare sull&#8217;importanza della conservazione del proteo e delle falde acquifere, da cui viene ricavato il 99% dell&#8217;acqua potabile in Slovenia.<\/p><blockquote class=\"wp-block-quote\"><p>Le falde acquifere in cui vivono i pesci antropoidi sono una preziosa fonte di acqua potabile!<\/p><\/blockquote><p>Il centro espone i vari esemplari del proteo salvati, portati in superficie dalle inondazioni delle falde acquifere, dove altrimenti non sarebbero sopravvissuti. Dopo 200 anni, esporre proteidi al pubblico non ha pi\u00f9 un impatto negativo sulla natura ed \u00e8 rispettoso degli animali. I ricercatori del Laboratorio delle Grotte Tular, che da oltre 60 anni studiano e proteggono questa specie animale, ne garantiscono la salvaguardia. Allo stesso tempo, l&#8217;SOS Proteus Info Center, primo centro del suo genere al mondo, sta introducendo il monitoraggio dell&#8217;impatto dei visitatori, che pu\u00f2 essere anche molto positivo, dal momento che, visitandolo, non solo diventerete sostenitore diretto dei proteidi, ma contribuirete anche a migliorarne le condizioni di vita.<\/p>\t\t\t\t\t\t\t\t<\/div>\n\t\t\t\t<\/div>\n\t\t\t\t<div class=\"elementor-element elementor-element-19c360d elementor-widget elementor-widget-html\" data-id=\"19c360d\" data-element_type=\"widget\" data-e-type=\"widget\" data-widget_type=\"html.default\">\n\t\t\t\t<div class=\"elementor-widget-container\">\n\t\t\t\t\t<iframe src=\"https:\/\/www.facebook.com\/plugins\/video.php?height=476&href=https%3A%2F%2Fwww.facebook.com%2FNatGeoTV%2Fvideos%2F877622007125184%2F&show_text=false&width=476&t=0\" width=\"476\" height=\"476\" style=\"border:none;overflow:hidden\" scrolling=\"no\" frameborder=\"0\" allowfullscreen=\"true\" allow=\"autoplay; clipboard-write; encrypted-media; picture-in-picture; web-share\" allowFullScreen=\"true\"><\/iframe>\t\t\t\t<\/div>\n\t\t\t\t<\/div>\n\t\t\t\t<div class=\"elementor-element elementor-element-42a057a elementor-widget elementor-widget-text-editor\" data-id=\"42a057a\" data-element_type=\"widget\" data-e-type=\"widget\" data-widget_type=\"text-editor.default\">\n\t\t\t\t<div class=\"elementor-widget-container\">\n\t\t\t\t\t\t\t\t\t<h3 class=\"wp-block-heading\">Maggiori informazioni (visite guidate):<\/h3><p><strong>Centro informazioni per la protezione dei pesci antropoidi SOS Proteus<\/strong><\/p><p><strong>Orari<\/strong>: tutti i giorni alle 11:00 e alle 18:00<\/p><p><strong>Durata<\/strong>: 1 ora<\/p><p><span style=\"color: #c00000;\"><strong>ATTENZIONE: per una piacevola visita del centro sono consigliati scarpe e indumenti adatti al freddo ambiente sotterraneo (10-12 \u00b0C!), che tengano quindi caldo.<\/strong><\/span><\/p><p><strong>Prezzi<\/strong>:<\/p><p>Gratuito &#8211; bambini fino a 3 anni<br \/>5 \u20ac &#8211; istituti scolastici<br \/>10 \u20ac &#8211; ragazzi (fino a 16 anni), anziani (oltre i 65 anni) e gruppi di oltre 8 persone<br \/>15 \u20ac &#8211; visitatori individuali<\/p><p>Massimo 15 persone per gruppo.<\/p><p><strong>Il prezzo include<\/strong>: ingresso e visita guidata al Centro informazioni SOS Proteus. L&#8217;IVA \u00e8 inclusa nel prezzo.<\/p><p><strong>Per maggiori informazioni<\/strong>: scrivere a <strong><a href=\"mailto:info@visitkranj.si\">info@visitkranj.si<\/a><\/strong> o telefonare a <strong>+386 (0)4 2380 450<\/strong>.<\/p><p style=\"text-align: center;\"><a href=\"https:\/\/rezervacije.visitkranj.com\/en\/experience\/detail\/ogled-informacijskega-centra-o-cloveski-ribici-sos-proteus\/\" target=\"_blank\" rel=\"noreferrer noopener\"><strong>Prenota ora!<\/strong><\/a><\/p><p>Il Centro informazioni SOS Proteus \u00e8 stato classificato tra le <a href=\"https:\/\/www.visitkranj.com\/it\/notizie\/info-center-sos-proteus-tra-le-100-migliori-storie-sostenibili-al-mondo\/\"><strong>100 migliori storie nell\u2019ambito delle destinazioni verdi nel 2023<\/strong><\/a> \u2013 Green Destinations 2023 \u2013 come prodotto sostenibile eccezionale. Nell&#8217;ottobre 2023 ha ricevuto anche il premio Turisti\u010dna prizma (<a href=\"https:\/\/www.visitkranj.com\/it\/notizie\/il-premio-del-congresso-turistico-al-centro-informazioni-sos-proteus\/\"><strong>Prisma turistico<\/strong><\/a>) per la nuova qualit\u00e0 nel turismo.<\/p><p>Il Centro Informazioni SOS Proteus \u00e8 gestito dall&#8217;Istituto Laboratorio della Grotta di Tular sotto la guida del biologo Gregor Aljan\u010di\u010d, che studia i proteidi nel laboratorio omonimo, uno dei due del suo genere esistenti al mondo.<\/p><p><em>\u2192 Il listino prezzi per le visite guidate di Kranj \u00e8 disponibile <a href=\"https:\/\/www.visitkranj.com\/wp-content\/uploads\/2026\/02\/Cenik-vodenih-ogledov-po-dogovoru_Visit-Kranj_24.2.2026.pdf\" target=\"_blank\" rel=\"noopener\">qui<\/a>.<\/em><\/p>\t\t\t\t\t\t\t\t<\/div>\n\t\t\t\t<\/div>\n\t\t\t\t\t<\/div>\n\t\t\t\t<\/div>\n\t\t\t\t<\/div>\n\t\t","protected":false},"excerpt":{"rendered":"<p>Vieni a scoprire il Centro informazioni per la protezione dei pesci umani SOS proteus nei tunnel sotterranei che attraversano la parte vecchia di Kranj.<\/p>\n","protected":false},"featured_media":14392,"parent":0,"template":"","ogledi-in-izleti-kategorija":[196],"class_list":["post-19048","ogledi-in-izleti","type-ogledi-in-izleti","status-publish","has-post-thumbnail","hentry","ogledi-in-izleti-kategorija-esperienze-cittadine"],"yoast_head":"<!-- This site is optimized with the Yoast SEO plugin v26.9 - https:\/\/yoast.com\/product\/yoast-seo-wordpress\/ -->\n<title>Centro Informazioni SOS Proteus - Visit Kranj<\/title>\n<meta name=\"robots\" content=\"index, follow, max-snippet:-1, max-image-preview:large, max-video-preview:-1\" \/>\n<link rel=\"canonical\" href=\"https:\/\/www.visitkranj.com\/it\/visite-e-viaggi\/centro-informazioni-sos-proteus\/\" \/>\n<meta property=\"og:locale\" content=\"it_IT\" \/>\n<meta property=\"og:type\" content=\"article\" \/>\n<meta property=\"og:title\" content=\"Centro Informazioni SOS Proteus - Visit Kranj\" \/>\n<meta property=\"og:description\" content=\"Vieni a scoprire il Centro informazioni per la protezione dei pesci umani SOS proteus nei tunnel sotterranei che attraversano la parte vecchia di Kranj.\" \/>\n<meta property=\"og:url\" content=\"https:\/\/www.visitkranj.com\/it\/visite-e-viaggi\/centro-informazioni-sos-proteus\/\" \/>\n<meta property=\"og:site_name\" content=\"Visit Kranj\" \/>\n<meta property=\"article:publisher\" content=\"https:\/\/www.facebook.com\/VisitKranj\/\" \/>\n<meta property=\"article:modified_time\" content=\"2026-03-20T10:54:25+00:00\" \/>\n<meta property=\"og:image\" content=\"https:\/\/www.visitkranj.com\/wp-content\/uploads\/2023\/05\/cloveska-ribica-nova1.jpg\" \/>\n\t<meta property=\"og:image:width\" content=\"800\" \/>\n\t<meta property=\"og:image:height\" content=\"533\" \/>\n\t<meta property=\"og:image:type\" content=\"image\/jpeg\" \/>\n<meta name=\"twitter:card\" content=\"summary_large_image\" \/>\n<meta name=\"twitter:label1\" content=\"Tempo di lettura stimato\" \/>\n\t<meta name=\"twitter:data1\" content=\"4 minuti\" \/>\n<script type=\"application\/ld+json\" class=\"yoast-schema-graph\">{\"@context\":\"https:\/\/schema.org\",\"@graph\":[{\"@type\":\"WebPage\",\"@id\":\"https:\/\/www.visitkranj.com\/it\/visite-e-viaggi\/centro-informazioni-sos-proteus\/\",\"url\":\"https:\/\/www.visitkranj.com\/it\/visite-e-viaggi\/centro-informazioni-sos-proteus\/\",\"name\":\"Centro Informazioni SOS Proteus - Visit Kranj\",\"isPartOf\":{\"@id\":\"https:\/\/www.visitkranj.com\/it\/#website\"},\"primaryImageOfPage\":{\"@id\":\"https:\/\/www.visitkranj.com\/it\/visite-e-viaggi\/centro-informazioni-sos-proteus\/#primaryimage\"},\"image\":{\"@id\":\"https:\/\/www.visitkranj.com\/it\/visite-e-viaggi\/centro-informazioni-sos-proteus\/#primaryimage\"},\"thumbnailUrl\":\"https:\/\/www.visitkranj.com\/wp-content\/uploads\/2023\/05\/cloveska-ribica-nova1.jpg\",\"datePublished\":\"2022-05-12T22:29:39+00:00\",\"dateModified\":\"2026-03-20T10:54:25+00:00\",\"breadcrumb\":{\"@id\":\"https:\/\/www.visitkranj.com\/it\/visite-e-viaggi\/centro-informazioni-sos-proteus\/#breadcrumb\"},\"inLanguage\":\"it-IT\",\"potentialAction\":[{\"@type\":\"ReadAction\",\"target\":[\"https:\/\/www.visitkranj.com\/it\/visite-e-viaggi\/centro-informazioni-sos-proteus\/\"]}]},{\"@type\":\"ImageObject\",\"inLanguage\":\"it-IT\",\"@id\":\"https:\/\/www.visitkranj.com\/it\/visite-e-viaggi\/centro-informazioni-sos-proteus\/#primaryimage\",\"url\":\"https:\/\/www.visitkranj.com\/wp-content\/uploads\/2023\/05\/cloveska-ribica-nova1.jpg\",\"contentUrl\":\"https:\/\/www.visitkranj.com\/wp-content\/uploads\/2023\/05\/cloveska-ribica-nova1.jpg\",\"width\":800,\"height\":533},{\"@type\":\"BreadcrumbList\",\"@id\":\"https:\/\/www.visitkranj.com\/it\/visite-e-viaggi\/centro-informazioni-sos-proteus\/#breadcrumb\",\"itemListElement\":[{\"@type\":\"ListItem\",\"position\":1,\"name\":\"Inizio\",\"item\":\"https:\/\/www.visitkranj.com\/it\/\"},{\"@type\":\"ListItem\",\"position\":2,\"name\":\"Ogledi in izleti\",\"item\":\"https:\/\/www.visitkranj.com\/it\/visite-e-viaggi\/\"},{\"@type\":\"ListItem\",\"position\":3,\"name\":\"Centro Informazioni SOS Proteus\"}]},{\"@type\":\"WebSite\",\"@id\":\"https:\/\/www.visitkranj.com\/it\/#website\",\"url\":\"https:\/\/www.visitkranj.com\/it\/\",\"name\":\"Visit Kranj\",\"description\":\"Uradna spletna stran turizma Kranj\",\"publisher\":{\"@id\":\"https:\/\/www.visitkranj.com\/it\/#organization\"},\"potentialAction\":[{\"@type\":\"SearchAction\",\"target\":{\"@type\":\"EntryPoint\",\"urlTemplate\":\"https:\/\/www.visitkranj.com\/it\/?s={search_term_string}\"},\"query-input\":{\"@type\":\"PropertyValueSpecification\",\"valueRequired\":true,\"valueName\":\"search_term_string\"}}],\"inLanguage\":\"it-IT\"},{\"@type\":\"Organization\",\"@id\":\"https:\/\/www.visitkranj.com\/it\/#organization\",\"name\":\"Zavod za turizem in kulturo Kranj\",\"url\":\"https:\/\/www.visitkranj.com\/it\/\",\"logo\":{\"@type\":\"ImageObject\",\"inLanguage\":\"it-IT\",\"@id\":\"https:\/\/www.visitkranj.com\/it\/#\/schema\/logo\/image\/\",\"url\":\"https:\/\/www.visitkranj.com\/wp-content\/uploads\/2022\/11\/logo_menu_small.png\",\"contentUrl\":\"https:\/\/www.visitkranj.com\/wp-content\/uploads\/2022\/11\/logo_menu_small.png\",\"width\":142,\"height\":142,\"caption\":\"Zavod za turizem in kulturo Kranj\"},\"image\":{\"@id\":\"https:\/\/www.visitkranj.com\/it\/#\/schema\/logo\/image\/\"},\"sameAs\":[\"https:\/\/www.facebook.com\/VisitKranj\/\",\"https:\/\/www.instagram.com\/visitkranj\/\",\"https:\/\/www.tripadvisor.com\/Attraction_Review-g644300-d7289577-Reviews-Tourist_Information_Centre_Kranj_House-Kranj_Upper_Carniola_Region.html\"]}]}<\/script>\n<!-- \/ Yoast SEO plugin. -->","yoast_head_json":{"title":"Centro Informazioni SOS Proteus - Visit Kranj","robots":{"index":"index","follow":"follow","max-snippet":"max-snippet:-1","max-image-preview":"max-image-preview:large","max-video-preview":"max-video-preview:-1"},"canonical":"https:\/\/www.visitkranj.com\/it\/visite-e-viaggi\/centro-informazioni-sos-proteus\/","og_locale":"it_IT","og_type":"article","og_title":"Centro Informazioni SOS Proteus - Visit Kranj","og_description":"Vieni a scoprire il Centro informazioni per la protezione dei pesci umani SOS proteus nei tunnel sotterranei che attraversano la parte vecchia di Kranj.","og_url":"https:\/\/www.visitkranj.com\/it\/visite-e-viaggi\/centro-informazioni-sos-proteus\/","og_site_name":"Visit Kranj","article_publisher":"https:\/\/www.facebook.com\/VisitKranj\/","article_modified_time":"2026-03-20T10:54:25+00:00","og_image":[{"width":800,"height":533,"url":"https:\/\/www.visitkranj.com\/wp-content\/uploads\/2023\/05\/cloveska-ribica-nova1.jpg","type":"image\/jpeg"}],"twitter_card":"summary_large_image","twitter_misc":{"Tempo di lettura stimato":"4 minuti"},"schema":{"@context":"https:\/\/schema.org","@graph":[{"@type":"WebPage","@id":"https:\/\/www.visitkranj.com\/it\/visite-e-viaggi\/centro-informazioni-sos-proteus\/","url":"https:\/\/www.visitkranj.com\/it\/visite-e-viaggi\/centro-informazioni-sos-proteus\/","name":"Centro Informazioni SOS Proteus - Visit Kranj","isPartOf":{"@id":"https:\/\/www.visitkranj.com\/it\/#website"},"primaryImageOfPage":{"@id":"https:\/\/www.visitkranj.com\/it\/visite-e-viaggi\/centro-informazioni-sos-proteus\/#primaryimage"},"image":{"@id":"https:\/\/www.visitkranj.com\/it\/visite-e-viaggi\/centro-informazioni-sos-proteus\/#primaryimage"},"thumbnailUrl":"https:\/\/www.visitkranj.com\/wp-content\/uploads\/2023\/05\/cloveska-ribica-nova1.jpg","datePublished":"2022-05-12T22:29:39+00:00","dateModified":"2026-03-20T10:54:25+00:00","breadcrumb":{"@id":"https:\/\/www.visitkranj.com\/it\/visite-e-viaggi\/centro-informazioni-sos-proteus\/#breadcrumb"},"inLanguage":"it-IT","potentialAction":[{"@type":"ReadAction","target":["https:\/\/www.visitkranj.com\/it\/visite-e-viaggi\/centro-informazioni-sos-proteus\/"]}]},{"@type":"ImageObject","inLanguage":"it-IT","@id":"https:\/\/www.visitkranj.com\/it\/visite-e-viaggi\/centro-informazioni-sos-proteus\/#primaryimage","url":"https:\/\/www.visitkranj.com\/wp-content\/uploads\/2023\/05\/cloveska-ribica-nova1.jpg","contentUrl":"https:\/\/www.visitkranj.com\/wp-content\/uploads\/2023\/05\/cloveska-ribica-nova1.jpg","width":800,"height":533},{"@type":"BreadcrumbList","@id":"https:\/\/www.visitkranj.com\/it\/visite-e-viaggi\/centro-informazioni-sos-proteus\/#breadcrumb","itemListElement":[{"@type":"ListItem","position":1,"name":"Inizio","item":"https:\/\/www.visitkranj.com\/it\/"},{"@type":"ListItem","position":2,"name":"Ogledi in izleti","item":"https:\/\/www.visitkranj.com\/it\/visite-e-viaggi\/"},{"@type":"ListItem","position":3,"name":"Centro Informazioni SOS Proteus"}]},{"@type":"WebSite","@id":"https:\/\/www.visitkranj.com\/it\/#website","url":"https:\/\/www.visitkranj.com\/it\/","name":"Visit Kranj","description":"Uradna spletna stran turizma Kranj","publisher":{"@id":"https:\/\/www.visitkranj.com\/it\/#organization"},"potentialAction":[{"@type":"SearchAction","target":{"@type":"EntryPoint","urlTemplate":"https:\/\/www.visitkranj.com\/it\/?s={search_term_string}"},"query-input":{"@type":"PropertyValueSpecification","valueRequired":true,"valueName":"search_term_string"}}],"inLanguage":"it-IT"},{"@type":"Organization","@id":"https:\/\/www.visitkranj.com\/it\/#organization","name":"Zavod za turizem in kulturo Kranj","url":"https:\/\/www.visitkranj.com\/it\/","logo":{"@type":"ImageObject","inLanguage":"it-IT","@id":"https:\/\/www.visitkranj.com\/it\/#\/schema\/logo\/image\/","url":"https:\/\/www.visitkranj.com\/wp-content\/uploads\/2022\/11\/logo_menu_small.png","contentUrl":"https:\/\/www.visitkranj.com\/wp-content\/uploads\/2022\/11\/logo_menu_small.png","width":142,"height":142,"caption":"Zavod za turizem in kulturo Kranj"},"image":{"@id":"https:\/\/www.visitkranj.com\/it\/#\/schema\/logo\/image\/"},"sameAs":["https:\/\/www.facebook.com\/VisitKranj\/","https:\/\/www.instagram.com\/visitkranj\/","https:\/\/www.tripadvisor.com\/Attraction_Review-g644300-d7289577-Reviews-Tourist_Information_Centre_Kranj_House-Kranj_Upper_Carniola_Region.html"]}]}},"_links":{"self":[{"href":"https:\/\/www.visitkranj.com\/it\/wp-json\/wp\/v2\/ogledi-in-izleti\/19048","targetHints":{"allow":["GET"]}}],"collection":[{"href":"https:\/\/www.visitkranj.com\/it\/wp-json\/wp\/v2\/ogledi-in-izleti"}],"about":[{"href":"https:\/\/www.visitkranj.com\/it\/wp-json\/wp\/v2\/types\/ogledi-in-izleti"}],"version-history":[{"count":16,"href":"https:\/\/www.visitkranj.com\/it\/wp-json\/wp\/v2\/ogledi-in-izleti\/19048\/revisions"}],"predecessor-version":[{"id":1000277,"href":"https:\/\/www.visitkranj.com\/it\/wp-json\/wp\/v2\/ogledi-in-izleti\/19048\/revisions\/1000277"}],"wp:featuredmedia":[{"embeddable":true,"href":"https:\/\/www.visitkranj.com\/it\/wp-json\/wp\/v2\/media\/14392"}],"wp:attachment":[{"href":"https:\/\/www.visitkranj.com\/it\/wp-json\/wp\/v2\/media?parent=19048"}],"wp:term":[{"taxonomy":"ogledi-in-izleti-kategorija","embeddable":true,"href":"https:\/\/www.visitkranj.com\/it\/wp-json\/wp\/v2\/ogledi-in-izleti-kategorija?post=19048"}],"curies":[{"name":"wp","href":"https:\/\/api.w.org\/{rel}","templated":true}]}}