{"id":999641,"date":"2026-03-15T12:17:14","date_gmt":"2026-03-15T11:17:14","guid":{"rendered":"https:\/\/www.visitkranj.com\/?post_type=okusi-kranja&#038;p=999641"},"modified":"2026-03-18T13:27:45","modified_gmt":"2026-03-18T12:27:45","slug":"caffe-centro-intergenerazionale","status":"publish","type":"okusi-kranja","link":"https:\/\/www.visitkranj.com\/it\/i-sapori-di-kranj\/caffe-centro-intergenerazionale\/","title":{"rendered":"Caff\u00e8 Centro Intergenerazionale"},"content":{"rendered":"<h3>\u00abIl Caff\u00e8 Centro Intergenerazionale \u00e8 gestito da due giovani signorine sorridenti, che si sono conosciute come studentesse in uno dei locali di Kranj\u00bb, afferma la responsabile del caff\u00e8 a Hujah, che ha aperto le sue porte a inizio del 2026.<\/h3>\r\n<p>Fra queste mura viene preparato il caff\u00e8 del marchio Java, che fa il suo ingresso nel mercato sloveno proprio grazie al Caff\u00e8 Centro Intergenerazionale. Chi preferisce bere qualcos&#8217;altro pu\u00f2 optare per il Macho Munchies cerimonial, di alta qualit\u00e0 e sempre pi\u00f9 popolare fra i nostri avventori, che viene accompagnato da infusi di frutta naturali, preparati senza zuccheri aggiunti e coloranti.<\/p>\r\n<p>\u00abL&#8217;offerta restante si basa su alternative pi\u00f9 sane, amiche del nostro corpo, degli ormoni e soprattutto dello sviluppo dei bambini\u00bb, sottolineano ancora nel caff\u00e8, che si trova in una splendida posizione per passeggiate, motivo per cui tutte le bevande sono disponibili anche da asporto (ovvero: coffee to-go).<\/p>\r\n<p>Il Caff\u00e8 Centro Intergenerazionale \u00e8 popolare anche tra le famiglie, poich\u00e9 all&#8217;esterno c\u2019\u00e8 una piccola area giochi, un angolo per bambini all&#8217;interno, e una volta al mese organizzano l\u2019animazione musicale la domenica mattina \u2013 un evento che regala gioia e allegria ai pi\u00f9 piccoli (e rappresenta anche la possibilit\u00e0 di una piccola pausa per i loro genitori).<\/p>\r\n<p>In questo caff\u00e8, che come rivela il nome unisce e riunisce le generazioni, amano dire che si tratta di uno spazio dove poter bere del buon caff\u00e8, trasformandosi cos\u00ec in quell&#8217;angolo di citt\u00e0 dove, soprattutto nei fine settimana, \u00e8 possibile sentire la risata sincera di diverse generazioni.<\/p>\r\n<hr \/>\r\n<p>&nbsp;<\/p>\r\n<p><strong><span style=\"color: #c61647;\">\u2192<\/span> Posizione<\/strong>: Cesta talcev 7, 4000 Kranj (<a href=\"https:\/\/maps.app.goo.gl\/vqd9x1sQYc2oRXGK6\" target=\"_blank\" rel=\"noreferrer noopener\">google maps<\/a>)<\/p>\r\n<p><strong><span style=\"color: #c61647;\">\u2192<\/span> Orari di apertura<\/strong>: <br \/>sab., dom. 9.00 &#8211; 20.00<\/p>\r\n<p><strong><span style=\"color: #c61647;\">\u2192<\/span> Contatto<\/strong>: <br \/>00 386 31 638 298 <br \/><a href=\"https:\/\/www.facebook.com\/profile.php?id=61588600350872\" target=\"_blank\" rel=\"noreferrer noopener\">FB<\/a>\u00a0|\u00a0<a href=\"https:\/\/www.instagram.com\/kavarna.medgeneracijskicenter\/\" target=\"_blank\" rel=\"noreferrer noopener\">IG<\/a><\/p>\r\n<!-- \/wp:post-content -->\r\n\r\n<!-- wp:separator -->\r\n<p>&nbsp;<\/p>","protected":false},"excerpt":{"rendered":"<p>\u00abIl Caff\u00e8 Centro Intergenerazionale \u00e8 gestito da due giovani signorine sorridenti, che si sono conosciute come studentesse in uno dei locali di Kranj\u00bb, afferma la responsabile del caff\u00e8 a Hujah, che ha aperto le sue porte a inizio del 2026.<\/p>\n","protected":false},"featured_media":999284,"template":"","okusi-kranja-kategorije":[300],"class_list":["post-999641","okusi-kranja","type-okusi-kranja","status-publish","has-post-thumbnail","hentry","okusi-kranja-kategorije-pasticcerie-caffe"],"yoast_head":"<!-- This site is optimized with the Yoast SEO plugin v26.9 - https:\/\/yoast.com\/product\/yoast-seo-wordpress\/ -->\n<title>Caff\u00e8 Centro Intergenerazionale - Visit Kranj<\/title>\n<meta name=\"description\" content=\"\u00abIl Caff\u00e8 Centro Intergenerazionale \u00e8 gestito da due giovani signorine sorridenti, che si sono conosciute come studentesse in uno dei locali di Kranj\u00bb, afferma la responsabile del caff\u00e8 a Hujah, che ha aperto le sue porte a inizio del 2026.\" \/>\n<meta name=\"robots\" content=\"index, follow, max-snippet:-1, max-image-preview:large, max-video-preview:-1\" \/>\n<link rel=\"canonical\" href=\"https:\/\/www.visitkranj.com\/it\/i-sapori-di-kranj\/caffe-centro-intergenerazionale\/\" \/>\n<meta property=\"og:locale\" content=\"it_IT\" \/>\n<meta property=\"og:type\" content=\"article\" \/>\n<meta property=\"og:title\" content=\"Caff\u00e8 Centro Intergenerazionale - Visit Kranj\" \/>\n<meta property=\"og:description\" content=\"\u00abIl Caff\u00e8 Centro Intergenerazionale \u00e8 gestito da due giovani signorine sorridenti, che si sono conosciute come studentesse in uno dei locali di Kranj\u00bb, afferma la responsabile del caff\u00e8 a Hujah, che ha aperto le sue porte a inizio del 2026.\" \/>\n<meta property=\"og:url\" content=\"https:\/\/www.visitkranj.com\/it\/i-sapori-di-kranj\/caffe-centro-intergenerazionale\/\" \/>\n<meta property=\"og:site_name\" content=\"Visit Kranj\" \/>\n<meta property=\"article:publisher\" content=\"https:\/\/www.facebook.com\/VisitKranj\/\" \/>\n<meta property=\"article:modified_time\" content=\"2026-03-18T12:27:45+00:00\" \/>\n<meta property=\"og:image\" content=\"https:\/\/www.visitkranj.com\/wp-content\/uploads\/2026\/03\/Kavarna-Medgeneracijski-center-Kranj-1.jpg\" \/>\n\t<meta property=\"og:image:width\" content=\"1500\" \/>\n\t<meta property=\"og:image:height\" content=\"844\" \/>\n\t<meta property=\"og:image:type\" content=\"image\/jpeg\" \/>\n<meta name=\"twitter:card\" content=\"summary_large_image\" \/>\n<meta name=\"twitter:label1\" content=\"Tempo di lettura stimato\" \/>\n\t<meta name=\"twitter:data1\" content=\"2 minuti\" \/>\n<script type=\"application\/ld+json\" class=\"yoast-schema-graph\">{\"@context\":\"https:\/\/schema.org\",\"@graph\":[{\"@type\":\"WebPage\",\"@id\":\"https:\/\/www.visitkranj.com\/it\/i-sapori-di-kranj\/caffe-centro-intergenerazionale\/\",\"url\":\"https:\/\/www.visitkranj.com\/it\/i-sapori-di-kranj\/caffe-centro-intergenerazionale\/\",\"name\":\"Caff\u00e8 Centro Intergenerazionale - Visit Kranj\",\"isPartOf\":{\"@id\":\"https:\/\/www.visitkranj.com\/it\/#website\"},\"primaryImageOfPage\":{\"@id\":\"https:\/\/www.visitkranj.com\/it\/i-sapori-di-kranj\/caffe-centro-intergenerazionale\/#primaryimage\"},\"image\":{\"@id\":\"https:\/\/www.visitkranj.com\/it\/i-sapori-di-kranj\/caffe-centro-intergenerazionale\/#primaryimage\"},\"thumbnailUrl\":\"https:\/\/www.visitkranj.com\/wp-content\/uploads\/2026\/03\/Kavarna-Medgeneracijski-center-Kranj-1.jpg\",\"datePublished\":\"2026-03-15T11:17:14+00:00\",\"dateModified\":\"2026-03-18T12:27:45+00:00\",\"description\":\"\u00abIl Caff\u00e8 Centro Intergenerazionale \u00e8 gestito da due giovani signorine sorridenti, che si sono conosciute come studentesse in uno dei locali di Kranj\u00bb, afferma la responsabile del caff\u00e8 a Hujah, che ha aperto le sue porte a inizio del 2026.\",\"breadcrumb\":{\"@id\":\"https:\/\/www.visitkranj.com\/it\/i-sapori-di-kranj\/caffe-centro-intergenerazionale\/#breadcrumb\"},\"inLanguage\":\"it-IT\",\"potentialAction\":[{\"@type\":\"ReadAction\",\"target\":[\"https:\/\/www.visitkranj.com\/it\/i-sapori-di-kranj\/caffe-centro-intergenerazionale\/\"]}]},{\"@type\":\"ImageObject\",\"inLanguage\":\"it-IT\",\"@id\":\"https:\/\/www.visitkranj.com\/it\/i-sapori-di-kranj\/caffe-centro-intergenerazionale\/#primaryimage\",\"url\":\"https:\/\/www.visitkranj.com\/wp-content\/uploads\/2026\/03\/Kavarna-Medgeneracijski-center-Kranj-1.jpg\",\"contentUrl\":\"https:\/\/www.visitkranj.com\/wp-content\/uploads\/2026\/03\/Kavarna-Medgeneracijski-center-Kranj-1.jpg\",\"width\":1500,\"height\":844},{\"@type\":\"BreadcrumbList\",\"@id\":\"https:\/\/www.visitkranj.com\/it\/i-sapori-di-kranj\/caffe-centro-intergenerazionale\/#breadcrumb\",\"itemListElement\":[{\"@type\":\"ListItem\",\"position\":1,\"name\":\"Inizio\",\"item\":\"https:\/\/www.visitkranj.com\/it\/\"},{\"@type\":\"ListItem\",\"position\":2,\"name\":\"Okusi Kranja\",\"item\":\"https:\/\/www.visitkranj.com\/it\/i-sapori-di-kranj\/\"},{\"@type\":\"ListItem\",\"position\":3,\"name\":\"Caff\u00e8 Centro Intergenerazionale\"}]},{\"@type\":\"WebSite\",\"@id\":\"https:\/\/www.visitkranj.com\/it\/#website\",\"url\":\"https:\/\/www.visitkranj.com\/it\/\",\"name\":\"Visit Kranj\",\"description\":\"Uradna spletna stran turizma Kranj\",\"publisher\":{\"@id\":\"https:\/\/www.visitkranj.com\/it\/#organization\"},\"potentialAction\":[{\"@type\":\"SearchAction\",\"target\":{\"@type\":\"EntryPoint\",\"urlTemplate\":\"https:\/\/www.visitkranj.com\/it\/?s={search_term_string}\"},\"query-input\":{\"@type\":\"PropertyValueSpecification\",\"valueRequired\":true,\"valueName\":\"search_term_string\"}}],\"inLanguage\":\"it-IT\"},{\"@type\":\"Organization\",\"@id\":\"https:\/\/www.visitkranj.com\/it\/#organization\",\"name\":\"Zavod za turizem in kulturo Kranj\",\"url\":\"https:\/\/www.visitkranj.com\/it\/\",\"logo\":{\"@type\":\"ImageObject\",\"inLanguage\":\"it-IT\",\"@id\":\"https:\/\/www.visitkranj.com\/it\/#\/schema\/logo\/image\/\",\"url\":\"https:\/\/www.visitkranj.com\/wp-content\/uploads\/2022\/11\/logo_menu_small.png\",\"contentUrl\":\"https:\/\/www.visitkranj.com\/wp-content\/uploads\/2022\/11\/logo_menu_small.png\",\"width\":142,\"height\":142,\"caption\":\"Zavod za turizem in kulturo Kranj\"},\"image\":{\"@id\":\"https:\/\/www.visitkranj.com\/it\/#\/schema\/logo\/image\/\"},\"sameAs\":[\"https:\/\/www.facebook.com\/VisitKranj\/\",\"https:\/\/www.instagram.com\/visitkranj\/\",\"https:\/\/www.tripadvisor.com\/Attraction_Review-g644300-d7289577-Reviews-Tourist_Information_Centre_Kranj_House-Kranj_Upper_Carniola_Region.html\"]}]}<\/script>\n<!-- \/ Yoast SEO plugin. -->","yoast_head_json":{"title":"Caff\u00e8 Centro Intergenerazionale - Visit Kranj","description":"\u00abIl Caff\u00e8 Centro Intergenerazionale \u00e8 gestito da due giovani signorine sorridenti, che si sono conosciute come studentesse in uno dei locali di Kranj\u00bb, afferma la responsabile del caff\u00e8 a Hujah, che ha aperto le sue porte a inizio del 2026.","robots":{"index":"index","follow":"follow","max-snippet":"max-snippet:-1","max-image-preview":"max-image-preview:large","max-video-preview":"max-video-preview:-1"},"canonical":"https:\/\/www.visitkranj.com\/it\/i-sapori-di-kranj\/caffe-centro-intergenerazionale\/","og_locale":"it_IT","og_type":"article","og_title":"Caff\u00e8 Centro Intergenerazionale - Visit Kranj","og_description":"\u00abIl Caff\u00e8 Centro Intergenerazionale \u00e8 gestito da due giovani signorine sorridenti, che si sono conosciute come studentesse in uno dei locali di Kranj\u00bb, afferma la responsabile del caff\u00e8 a Hujah, che ha aperto le sue porte a inizio del 2026.","og_url":"https:\/\/www.visitkranj.com\/it\/i-sapori-di-kranj\/caffe-centro-intergenerazionale\/","og_site_name":"Visit Kranj","article_publisher":"https:\/\/www.facebook.com\/VisitKranj\/","article_modified_time":"2026-03-18T12:27:45+00:00","og_image":[{"width":1500,"height":844,"url":"https:\/\/www.visitkranj.com\/wp-content\/uploads\/2026\/03\/Kavarna-Medgeneracijski-center-Kranj-1.jpg","type":"image\/jpeg"}],"twitter_card":"summary_large_image","twitter_misc":{"Tempo di lettura stimato":"2 minuti"},"schema":{"@context":"https:\/\/schema.org","@graph":[{"@type":"WebPage","@id":"https:\/\/www.visitkranj.com\/it\/i-sapori-di-kranj\/caffe-centro-intergenerazionale\/","url":"https:\/\/www.visitkranj.com\/it\/i-sapori-di-kranj\/caffe-centro-intergenerazionale\/","name":"Caff\u00e8 Centro Intergenerazionale - Visit Kranj","isPartOf":{"@id":"https:\/\/www.visitkranj.com\/it\/#website"},"primaryImageOfPage":{"@id":"https:\/\/www.visitkranj.com\/it\/i-sapori-di-kranj\/caffe-centro-intergenerazionale\/#primaryimage"},"image":{"@id":"https:\/\/www.visitkranj.com\/it\/i-sapori-di-kranj\/caffe-centro-intergenerazionale\/#primaryimage"},"thumbnailUrl":"https:\/\/www.visitkranj.com\/wp-content\/uploads\/2026\/03\/Kavarna-Medgeneracijski-center-Kranj-1.jpg","datePublished":"2026-03-15T11:17:14+00:00","dateModified":"2026-03-18T12:27:45+00:00","description":"\u00abIl Caff\u00e8 Centro Intergenerazionale \u00e8 gestito da due giovani signorine sorridenti, che si sono conosciute come studentesse in uno dei locali di Kranj\u00bb, afferma la responsabile del caff\u00e8 a Hujah, che ha aperto le sue porte a inizio del 2026.","breadcrumb":{"@id":"https:\/\/www.visitkranj.com\/it\/i-sapori-di-kranj\/caffe-centro-intergenerazionale\/#breadcrumb"},"inLanguage":"it-IT","potentialAction":[{"@type":"ReadAction","target":["https:\/\/www.visitkranj.com\/it\/i-sapori-di-kranj\/caffe-centro-intergenerazionale\/"]}]},{"@type":"ImageObject","inLanguage":"it-IT","@id":"https:\/\/www.visitkranj.com\/it\/i-sapori-di-kranj\/caffe-centro-intergenerazionale\/#primaryimage","url":"https:\/\/www.visitkranj.com\/wp-content\/uploads\/2026\/03\/Kavarna-Medgeneracijski-center-Kranj-1.jpg","contentUrl":"https:\/\/www.visitkranj.com\/wp-content\/uploads\/2026\/03\/Kavarna-Medgeneracijski-center-Kranj-1.jpg","width":1500,"height":844},{"@type":"BreadcrumbList","@id":"https:\/\/www.visitkranj.com\/it\/i-sapori-di-kranj\/caffe-centro-intergenerazionale\/#breadcrumb","itemListElement":[{"@type":"ListItem","position":1,"name":"Inizio","item":"https:\/\/www.visitkranj.com\/it\/"},{"@type":"ListItem","position":2,"name":"Okusi Kranja","item":"https:\/\/www.visitkranj.com\/it\/i-sapori-di-kranj\/"},{"@type":"ListItem","position":3,"name":"Caff\u00e8 Centro Intergenerazionale"}]},{"@type":"WebSite","@id":"https:\/\/www.visitkranj.com\/it\/#website","url":"https:\/\/www.visitkranj.com\/it\/","name":"Visit Kranj","description":"Uradna spletna stran turizma Kranj","publisher":{"@id":"https:\/\/www.visitkranj.com\/it\/#organization"},"potentialAction":[{"@type":"SearchAction","target":{"@type":"EntryPoint","urlTemplate":"https:\/\/www.visitkranj.com\/it\/?s={search_term_string}"},"query-input":{"@type":"PropertyValueSpecification","valueRequired":true,"valueName":"search_term_string"}}],"inLanguage":"it-IT"},{"@type":"Organization","@id":"https:\/\/www.visitkranj.com\/it\/#organization","name":"Zavod za turizem in kulturo Kranj","url":"https:\/\/www.visitkranj.com\/it\/","logo":{"@type":"ImageObject","inLanguage":"it-IT","@id":"https:\/\/www.visitkranj.com\/it\/#\/schema\/logo\/image\/","url":"https:\/\/www.visitkranj.com\/wp-content\/uploads\/2022\/11\/logo_menu_small.png","contentUrl":"https:\/\/www.visitkranj.com\/wp-content\/uploads\/2022\/11\/logo_menu_small.png","width":142,"height":142,"caption":"Zavod za turizem in kulturo Kranj"},"image":{"@id":"https:\/\/www.visitkranj.com\/it\/#\/schema\/logo\/image\/"},"sameAs":["https:\/\/www.facebook.com\/VisitKranj\/","https:\/\/www.instagram.com\/visitkranj\/","https:\/\/www.tripadvisor.com\/Attraction_Review-g644300-d7289577-Reviews-Tourist_Information_Centre_Kranj_House-Kranj_Upper_Carniola_Region.html"]}]}},"_links":{"self":[{"href":"https:\/\/www.visitkranj.com\/it\/wp-json\/wp\/v2\/okusi-kranja\/999641","targetHints":{"allow":["GET"]}}],"collection":[{"href":"https:\/\/www.visitkranj.com\/it\/wp-json\/wp\/v2\/okusi-kranja"}],"about":[{"href":"https:\/\/www.visitkranj.com\/it\/wp-json\/wp\/v2\/types\/okusi-kranja"}],"version-history":[{"count":4,"href":"https:\/\/www.visitkranj.com\/it\/wp-json\/wp\/v2\/okusi-kranja\/999641\/revisions"}],"predecessor-version":[{"id":999645,"href":"https:\/\/www.visitkranj.com\/it\/wp-json\/wp\/v2\/okusi-kranja\/999641\/revisions\/999645"}],"wp:featuredmedia":[{"embeddable":true,"href":"https:\/\/www.visitkranj.com\/it\/wp-json\/wp\/v2\/media\/999284"}],"wp:attachment":[{"href":"https:\/\/www.visitkranj.com\/it\/wp-json\/wp\/v2\/media?parent=999641"}],"wp:term":[{"taxonomy":"okusi-kranja-kategorije","embeddable":true,"href":"https:\/\/www.visitkranj.com\/it\/wp-json\/wp\/v2\/okusi-kranja-kategorije?post=999641"}],"curies":[{"name":"wp","href":"https:\/\/api.w.org\/{rel}","templated":true}]}}