{"id":17427,"date":"2023-05-13T06:39:46","date_gmt":"2023-05-13T06:39:46","guid":{"rendered":"https:\/\/www.visitkranj.com\/?page_id=17427"},"modified":"2023-06-07T09:32:29","modified_gmt":"2023-06-07T09:32:29","slug":"charme-alpino-chic-cittadino","status":"publish","type":"page","link":"https:\/\/www.visitkranj.com\/it\/kranj\/charme-alpino-chic-cittadino\/","title":{"rendered":"Charme Alpino. Chic Cittadino."},"content":{"rendered":"\t\t<div data-elementor-type=\"wp-page\" data-elementor-id=\"17427\" class=\"elementor elementor-17427 elementor-3742\" data-elementor-post-type=\"page\">\n\t\t\t\t<div class=\"elementor-element elementor-element-005a450 e-flex e-con-boxed e-con e-parent\" data-id=\"005a450\" data-element_type=\"container\" data-e-type=\"container\" data-settings=\"{&quot;jet_parallax_layout_list&quot;:[]}\">\n\t\t\t\t\t<div class=\"e-con-inner\">\n\t\t\t\t<div class=\"elementor-element elementor-element-10fc449 elementor-widget elementor-widget-heading\" data-id=\"10fc449\" data-element_type=\"widget\" data-e-type=\"widget\" data-widget_type=\"heading.default\">\n\t\t\t\t<div class=\"elementor-widget-container\">\n\t\t\t\t\t<h1 class=\"elementor-heading-title elementor-size-default\">Charme Alpino. Chic Cittadino.<\/h1>\t\t\t\t<\/div>\n\t\t\t\t<\/div>\n\t\t\t\t<div class=\"elementor-element elementor-element-71099e6 elementor-widget elementor-widget-video\" data-id=\"71099e6\" data-element_type=\"widget\" data-e-type=\"widget\" data-settings=\"{&quot;youtube_url&quot;:&quot;https:\\\/\\\/www.youtube.com\\\/watch?v=SiKqCH0HT-g&quot;,&quot;video_type&quot;:&quot;youtube&quot;,&quot;controls&quot;:&quot;yes&quot;}\" data-widget_type=\"video.default\">\n\t\t\t\t<div class=\"elementor-widget-container\">\n\t\t\t\t\t\t\t<div class=\"elementor-wrapper elementor-open-inline\">\n\t\t\t<div class=\"elementor-video\"><\/div>\t\t<\/div>\n\t\t\t\t\t\t<\/div>\n\t\t\t\t<\/div>\n\t\t\t\t<div class=\"elementor-element elementor-element-9dcc71b elementor-widget elementor-widget-text-editor\" data-id=\"9dcc71b\" data-element_type=\"widget\" data-e-type=\"widget\" data-widget_type=\"text-editor.default\">\n\t\t\t\t<div class=\"elementor-widget-container\">\n\t\t\t\t\t\t\t\t\t<div class=\"content-edit \"><p><strong>Questa \u00e8 la storia di Kranj, una citt\u00e0 che nasce sulla roccia. Nella capitale dell&#8217;Alta Carniola (Gorenjska), il moderno si mescola con la tradizione, e lo spirito urbano si intreccia con l&#8217;aria alpina della campagna. Kranj regala una vista mozzaffiato sui monti del Tricorno (Triglav), Stol e Grintavec, le vette pi\u00f9 alte di tutte e tre le catene alpine della Slovenia.r drei Alpenketten Sloweniens.<\/strong><\/p><blockquote><p>Vieni a trascorrere un weekend in citt\u00e0 con lo charme alpino oppure a godere di una vacanza in montagna con lo chic cittadino.<\/p><\/blockquote><\/div><div class=\"content-edit \">\u00a0<\/div>\t\t\t\t\t\t\t\t<\/div>\n\t\t\t\t<\/div>\n\t\t\t\t<div class=\"elementor-element elementor-element-033b32a elementor-widget elementor-widget-text-editor\" data-id=\"033b32a\" data-element_type=\"widget\" data-e-type=\"widget\" data-widget_type=\"text-editor.default\">\n\t\t\t\t<div class=\"elementor-widget-container\">\n\t\t\t\t\t\t\t\t\t<div class=\"content-edit \"><div class=\"content-edit \"><h2><strong>KUn gran fine settimana a Kranj<\/strong><\/h2><p>Durante il giorno i panorami verdi delle Alpi, la sera da trascorrere in allegrai con gli appuntamenti dedicati a <a href=\"https:\/\/www.visitkranj.com\/it\/eventi-selezionati\">Pre\u0161eren <\/a>per le strade della citt\u00e0 o al teatro all&#8217;aperto di Khislstein. Kranj \u00e8 costruita come un grande <a href=\"https:\/\/www.visitkranj.com\/it\/eventi-selezionati\">anfiteatro alpino<\/a>, circondato da montagne e dove tutto suona bene, dal jazz al blues, dalle canzoni slovene al rock, dai musical alla musica classica. Fra le sorprese che ci si pu\u00f2 aspettare da Kranj, quando si prenota la vacanza qui, figura anche una visita guidata gratuita all&#8217;affascinante centro cittadino e un <a href=\"https:\/\/www.visitkranj.com\/it\/le-gallerie-sotterranee-sotto-il-centro-storico-di-kranj\">tour dei tunnel sotto la parte antica della citt\u00e0<\/a>. In ogni caso, il weekend a Kranj \u00e8 ricco di esperienze, concerti ed eventi.<\/p><\/div><div class=\"content-edit \">\u00a0<\/div><\/div>\t\t\t\t\t\t\t\t<\/div>\n\t\t\t\t<\/div>\n\t\t\t\t<div class=\"elementor-element elementor-element-c7b346d elementor-widget elementor-widget-image\" data-id=\"c7b346d\" data-element_type=\"widget\" data-e-type=\"widget\" data-widget_type=\"image.default\">\n\t\t\t\t<div class=\"elementor-widget-container\">\n\t\t\t\t\t\t\t\t\t\t\t\t\t\t\t<img fetchpriority=\"high\" decoding=\"async\" width=\"1400\" height=\"2098\" src=\"https:\/\/www.visitkranj.com\/wp-content\/uploads\/2023\/05\/druzina-v-kranju-1.webp\" class=\"attachment-full size-full wp-image-7368\" alt=\"\" srcset=\"https:\/\/www.visitkranj.com\/wp-content\/uploads\/2023\/05\/druzina-v-kranju-1.webp 1400w, https:\/\/www.visitkranj.com\/wp-content\/uploads\/2023\/05\/druzina-v-kranju-1-200x300.webp 200w, https:\/\/www.visitkranj.com\/wp-content\/uploads\/2023\/05\/druzina-v-kranju-1-683x1024.webp 683w, https:\/\/www.visitkranj.com\/wp-content\/uploads\/2023\/05\/druzina-v-kranju-1-768x1151.webp 768w, https:\/\/www.visitkranj.com\/wp-content\/uploads\/2023\/05\/druzina-v-kranju-1-1025x1536.webp 1025w, https:\/\/www.visitkranj.com\/wp-content\/uploads\/2023\/05\/druzina-v-kranju-1-1367x2048.webp 1367w\" sizes=\"(max-width: 1400px) 100vw, 1400px\" \/>\t\t\t\t\t\t\t\t\t\t\t\t\t\t\t<\/div>\n\t\t\t\t<\/div>\n\t\t\t\t<div class=\"elementor-element elementor-element-2d54c87 elementor-widget elementor-widget-image\" data-id=\"2d54c87\" data-element_type=\"widget\" data-e-type=\"widget\" data-widget_type=\"image.default\">\n\t\t\t\t<div class=\"elementor-widget-container\">\n\t\t\t\t\t\t\t\t\t\t\t\t\t\t\t<img decoding=\"async\" width=\"900\" height=\"601\" src=\"https:\/\/www.visitkranj.com\/wp-content\/uploads\/2023\/05\/cifra-al-moz-kranj.webp\" class=\"attachment-full size-full wp-image-7140\" alt=\"\" srcset=\"https:\/\/www.visitkranj.com\/wp-content\/uploads\/2023\/05\/cifra-al-moz-kranj.webp 900w, https:\/\/www.visitkranj.com\/wp-content\/uploads\/2023\/05\/cifra-al-moz-kranj-300x200.webp 300w, https:\/\/www.visitkranj.com\/wp-content\/uploads\/2023\/05\/cifra-al-moz-kranj-768x513.webp 768w\" sizes=\"(max-width: 900px) 100vw, 900px\" \/>\t\t\t\t\t\t\t\t\t\t\t\t\t\t\t<\/div>\n\t\t\t\t<\/div>\n\t\t\t\t<div class=\"elementor-element elementor-element-91b8050 elementor-widget elementor-widget-text-editor\" data-id=\"91b8050\" data-element_type=\"widget\" data-e-type=\"widget\" data-widget_type=\"text-editor.default\">\n\t\t\t\t<div class=\"elementor-widget-container\">\n\t\t\t\t\t\t\t\t\t<p>Eva, Rok e la piccola Zala hanno preso sul serio lo charme alpino e lo chic cittadino. Hanno portato Milo\u0161 e Berta, un capretto e una capretta della fattoria Vogar di Babni vrt vicino a Kranj, a fare una passeggiata per la citt\u00e0. Dato che era venerd\u00ec, ne hanno approfittato per fare la spesa al mercato cittadino.<\/p><p>Dai un&#8217;occhiata al programma delle serate estive Pre\u0161eren I graffiti danno alla citt\u00e0 un tono speciale. Andrej e Gregor della band swing Bend Over hanno invitato Eva per un concerto spontaneo.<\/p>\t\t\t\t\t\t\t\t<\/div>\n\t\t\t\t<\/div>\n\t\t\t\t<div class=\"elementor-element elementor-element-b2df42a elementor-widget elementor-widget-heading\" data-id=\"b2df42a\" data-element_type=\"widget\" data-e-type=\"widget\" data-widget_type=\"heading.default\">\n\t\t\t\t<div class=\"elementor-widget-container\">\n\t\t\t\t\t<h2 class=\"elementor-heading-title elementor-size-default\">Pernottare a Kranj regala tante sorprese e vantaggi.\nUna vacanza alpina indimenticabile<\/h2>\t\t\t\t<\/div>\n\t\t\t\t<\/div>\n\t\t\t\t<div class=\"elementor-element elementor-element-25fb895 elementor-widget elementor-widget-text-editor\" data-id=\"25fb895\" data-element_type=\"widget\" data-e-type=\"widget\" data-widget_type=\"text-editor.default\">\n\t\t\t\t<div class=\"elementor-widget-container\">\n\t\t\t\t\t\t\t\t\t<div><p>Kranj \u00e8 una citt\u00e0 alpina da vivere sia in estate che in inverno. Le nostre stelle Andrej e Marija \u0160tremfelj, la prima coppia nella storia a scalare il Monte. Everest, sono sempre con un piede in citt\u00e0 e l&#8217;altro nella natura. L&#8217;unica cosa che separa il centro della citt\u00e0 dalle bellezze verdi \u00e8 il ponte, sotto il quale scorre il fiume Kokra che attraversa il secondo canyon cittadino pi\u00f9 alto d&#8217;Europa. Durante il giorno \u00e8 possibile intraprendere avventure a piedi e in bicicletta, mentre la sera si possono godere gli appuntamenti, eventi e concerti dell&#8217;estate di Pre\u0161eren. Marija e Andrej sono in grado di accompagnarvi ai duemila metri. La gente del posto scopre la vicina bellezza di Kranj fino alla tenuta di Brdo con KRsKOLESOM. Un biglietto per il Parco Brdo e un noleggio di biciclette sono gratuiti se prenoti il \u200b\u200btuo pernottamento a Kranj quest&#8217;estate.<\/p><\/div>\t\t\t\t\t\t\t\t<\/div>\n\t\t\t\t<\/div>\n\t\t\t\t<div class=\"elementor-element elementor-element-049b1fe elementor-widget elementor-widget-image\" data-id=\"049b1fe\" data-element_type=\"widget\" data-e-type=\"widget\" data-widget_type=\"image.default\">\n\t\t\t\t<div class=\"elementor-widget-container\">\n\t\t\t\t\t\t\t\t\t\t\t\t\t\t\t<img decoding=\"async\" width=\"1400\" height=\"2098\" src=\"https:\/\/www.visitkranj.com\/wp-content\/uploads\/2023\/05\/alpski-mik-mestni-sik.webp\" class=\"attachment-full size-full wp-image-6921\" alt=\"\" srcset=\"https:\/\/www.visitkranj.com\/wp-content\/uploads\/2023\/05\/alpski-mik-mestni-sik.webp 1400w, https:\/\/www.visitkranj.com\/wp-content\/uploads\/2023\/05\/alpski-mik-mestni-sik-200x300.webp 200w, https:\/\/www.visitkranj.com\/wp-content\/uploads\/2023\/05\/alpski-mik-mestni-sik-683x1024.webp 683w, https:\/\/www.visitkranj.com\/wp-content\/uploads\/2023\/05\/alpski-mik-mestni-sik-768x1151.webp 768w, https:\/\/www.visitkranj.com\/wp-content\/uploads\/2023\/05\/alpski-mik-mestni-sik-1025x1536.webp 1025w, https:\/\/www.visitkranj.com\/wp-content\/uploads\/2023\/05\/alpski-mik-mestni-sik-1367x2048.webp 1367w\" sizes=\"(max-width: 1400px) 100vw, 1400px\" \/>\t\t\t\t\t\t\t\t\t\t\t\t\t\t\t<\/div>\n\t\t\t\t<\/div>\n\t\t\t\t<div class=\"elementor-element elementor-element-8ea3f2a elementor-widget elementor-widget-image\" data-id=\"8ea3f2a\" data-element_type=\"widget\" data-e-type=\"widget\" data-widget_type=\"image.default\">\n\t\t\t\t<div class=\"elementor-widget-container\">\n\t\t\t\t\t\t\t\t\t\t\t\t\t\t\t<img loading=\"lazy\" decoding=\"async\" width=\"1250\" height=\"835\" src=\"https:\/\/www.visitkranj.com\/wp-content\/uploads\/2023\/05\/kranj-zakonca-stremfelj-1.webp\" class=\"attachment-full size-full wp-image-9297\" alt=\"\" srcset=\"https:\/\/www.visitkranj.com\/wp-content\/uploads\/2023\/05\/kranj-zakonca-stremfelj-1.webp 1250w, https:\/\/www.visitkranj.com\/wp-content\/uploads\/2023\/05\/kranj-zakonca-stremfelj-1-300x200.webp 300w, https:\/\/www.visitkranj.com\/wp-content\/uploads\/2023\/05\/kranj-zakonca-stremfelj-1-1024x684.webp 1024w, https:\/\/www.visitkranj.com\/wp-content\/uploads\/2023\/05\/kranj-zakonca-stremfelj-1-768x513.webp 768w\" sizes=\"(max-width: 1250px) 100vw, 1250px\" \/>\t\t\t\t\t\t\t\t\t\t\t\t\t\t\t<\/div>\n\t\t\t\t<\/div>\n\t\t\t\t<div class=\"elementor-element elementor-element-a7cd3eb elementor-widget elementor-widget-text-editor\" data-id=\"a7cd3eb\" data-element_type=\"widget\" data-e-type=\"widget\" data-widget_type=\"text-editor.default\">\n\t\t\t\t<div class=\"elementor-widget-container\">\n\t\t\t\t\t\t\t\t\t<p>Eva, insegnante di musica, attraversa la citt\u00e0 con gli scarponi da trekking. Le montagne di Kranj sono vicine alla vista e ai piedi.<\/p><p>Marija e Andrej \u0160tremfelj, alpinisti di fama mondiale e famose guide alpine, a volte pensano a nuove vie di arrampicata nel centro della citt\u00e0.<\/p>\t\t\t\t\t\t\t\t<\/div>\n\t\t\t\t<\/div>\n\t\t\t\t<div class=\"elementor-element elementor-element-ca8cf63 elementor-widget elementor-widget-heading\" data-id=\"ca8cf63\" data-element_type=\"widget\" data-e-type=\"widget\" data-widget_type=\"heading.default\">\n\t\t\t\t<div class=\"elementor-widget-container\">\n\t\t\t\t\t<h2 class=\"elementor-heading-title elementor-size-default\">La citt\u00e0 e l'estate di Pre\u0161eren<\/h2>\t\t\t\t<\/div>\n\t\t\t\t<\/div>\n\t\t\t\t<div class=\"elementor-element elementor-element-43b4246 elementor-widget elementor-widget-text-editor\" data-id=\"43b4246\" data-element_type=\"widget\" data-e-type=\"widget\" data-widget_type=\"text-editor.default\">\n\t\t\t\t<div class=\"elementor-widget-container\">\n\t\t\t\t\t\t\t\t\t<p>C&#8217;\u00e8 qualcuno che fa compagnia ai cittadini di Kranj ogni giorno. Stiamo parlando di <a href=\"https:\/\/www.visitkranj.com\/it\/la-citta-di-preseren\">France Pre\u0161eren<\/a>, un gigante tra i poeti europei, autore del testo dell&#8217;inno nazionale sloveno, che canta l&#8217;amicizia tra le nazioni. Avvocato e poeta. Disteso in una dualit\u00e0 tutta carniolana. Vi invitiamo alla fatidica esperienza di \u00bbTesta e croce\u00ab. Insieme lanceremo una monetina e ci divertiremo al gioco degli opposti.<\/p>\t\t\t\t\t\t\t\t<\/div>\n\t\t\t\t<\/div>\n\t\t<div class=\"elementor-element elementor-element-50421dc e-flex e-con-boxed e-con e-child\" data-id=\"50421dc\" data-element_type=\"container\" data-e-type=\"container\" data-settings=\"{&quot;jet_parallax_layout_list&quot;:[]}\">\n\t\t\t\t\t<div class=\"e-con-inner\">\n\t\t<div class=\"elementor-element elementor-element-0ad6717 e-flex e-con-boxed e-con e-child\" data-id=\"0ad6717\" data-element_type=\"container\" data-e-type=\"container\" data-settings=\"{&quot;jet_parallax_layout_list&quot;:[]}\">\n\t\t\t\t\t<div class=\"e-con-inner\">\n\t\t\t\t<div class=\"elementor-element elementor-element-67275fe elementor-widget elementor-widget-image\" data-id=\"67275fe\" data-element_type=\"widget\" data-e-type=\"widget\" data-widget_type=\"image.default\">\n\t\t\t\t<div class=\"elementor-widget-container\">\n\t\t\t\t\t\t\t\t\t\t\t\t\t\t\t<img loading=\"lazy\" decoding=\"async\" width=\"683\" height=\"1024\" src=\"https:\/\/www.visitkranj.com\/wp-content\/uploads\/2023\/05\/cifra-al-moz-v-kranju-683x1024.webp\" class=\"attachment-large size-large wp-image-7143\" alt=\"\" srcset=\"https:\/\/www.visitkranj.com\/wp-content\/uploads\/2023\/05\/cifra-al-moz-v-kranju-683x1024.webp 683w, https:\/\/www.visitkranj.com\/wp-content\/uploads\/2023\/05\/cifra-al-moz-v-kranju-200x300.webp 200w, https:\/\/www.visitkranj.com\/wp-content\/uploads\/2023\/05\/cifra-al-moz-v-kranju-768x1151.webp 768w, https:\/\/www.visitkranj.com\/wp-content\/uploads\/2023\/05\/cifra-al-moz-v-kranju-1025x1536.webp 1025w, https:\/\/www.visitkranj.com\/wp-content\/uploads\/2023\/05\/cifra-al-moz-v-kranju-1367x2048.webp 1367w, https:\/\/www.visitkranj.com\/wp-content\/uploads\/2023\/05\/cifra-al-moz-v-kranju.webp 1400w\" sizes=\"(max-width: 683px) 100vw, 683px\" \/>\t\t\t\t\t\t\t\t\t\t\t\t\t\t\t<\/div>\n\t\t\t\t<\/div>\n\t\t\t\t\t<\/div>\n\t\t\t\t<\/div>\n\t\t<div class=\"elementor-element elementor-element-6e51670 e-flex e-con-boxed e-con e-child\" data-id=\"6e51670\" data-element_type=\"container\" data-e-type=\"container\" data-settings=\"{&quot;jet_parallax_layout_list&quot;:[]}\">\n\t\t\t\t\t<div class=\"e-con-inner\">\n\t\t\t\t<div class=\"elementor-element elementor-element-9f03a06 elementor-widget elementor-widget-image\" data-id=\"9f03a06\" data-element_type=\"widget\" data-e-type=\"widget\" data-widget_type=\"image.default\">\n\t\t\t\t<div class=\"elementor-widget-container\">\n\t\t\t\t\t\t\t\t\t\t\t\t\t\t\t<img loading=\"lazy\" decoding=\"async\" width=\"683\" height=\"1024\" src=\"https:\/\/www.visitkranj.com\/wp-content\/uploads\/2023\/05\/presernovo-mesto-683x1024.webp\" class=\"attachment-large size-large wp-image-10969\" alt=\"\" srcset=\"https:\/\/www.visitkranj.com\/wp-content\/uploads\/2023\/05\/presernovo-mesto-683x1024.webp 683w, https:\/\/www.visitkranj.com\/wp-content\/uploads\/2023\/05\/presernovo-mesto-200x300.webp 200w, https:\/\/www.visitkranj.com\/wp-content\/uploads\/2023\/05\/presernovo-mesto-768x1151.webp 768w, https:\/\/www.visitkranj.com\/wp-content\/uploads\/2023\/05\/presernovo-mesto-1025x1536.webp 1025w, https:\/\/www.visitkranj.com\/wp-content\/uploads\/2023\/05\/presernovo-mesto-1367x2048.webp 1367w, https:\/\/www.visitkranj.com\/wp-content\/uploads\/2023\/05\/presernovo-mesto.webp 1400w\" sizes=\"(max-width: 683px) 100vw, 683px\" \/>\t\t\t\t\t\t\t\t\t\t\t\t\t\t\t<\/div>\n\t\t\t\t<\/div>\n\t\t\t\t\t<\/div>\n\t\t\t\t<\/div>\n\t\t\t\t\t<\/div>\n\t\t\t\t<\/div>\n\t\t\t\t<div class=\"elementor-element elementor-element-40beef9 elementor-widget elementor-widget-heading\" data-id=\"40beef9\" data-element_type=\"widget\" data-e-type=\"widget\" data-widget_type=\"heading.default\">\n\t\t\t\t<div class=\"elementor-widget-container\">\n\t\t\t\t\t<h2 class=\"elementor-heading-title elementor-size-default\">C'\u00e8 una scena di KR a Kranj<\/h2>\t\t\t\t<\/div>\n\t\t\t\t<\/div>\n\t\t\t\t<div class=\"elementor-element elementor-element-cb4ff46 elementor-widget elementor-widget-text-editor\" data-id=\"cb4ff46\" data-element_type=\"widget\" data-e-type=\"widget\" data-widget_type=\"text-editor.default\">\n\t\t\t\t<div class=\"elementor-widget-container\">\n\t\t\t\t\t\t\t\t\t<p>Ogni venerd\u00ec diciamo che \u00e8 quasi weekend e invitiamo tutti i cittadini di Kranj sulla piazza principale, per godere del profumo delle bancarelle di street food gi\u00e0 da lontano, prelibatezze locali e prodotti culinari. Viene portato in citt\u00e0 il nostalgico camion TAM di Franc e Jo\u017eef, dal quale Marko Arvaj serve abilmente le vere salsicce carnioline, e la giornata \u00e8 perfetta per l&#8217;inizio del fine settimana.<\/p>\t\t\t\t\t\t\t\t<\/div>\n\t\t\t\t<\/div>\n\t\t<div class=\"elementor-element elementor-element-528d7c4 e-flex e-con-boxed e-con e-child\" data-id=\"528d7c4\" data-element_type=\"container\" data-e-type=\"container\" data-settings=\"{&quot;jet_parallax_layout_list&quot;:[]}\">\n\t\t\t\t\t<div class=\"e-con-inner\">\n\t\t<div class=\"elementor-element elementor-element-42ac9e1 e-flex e-con-boxed e-con e-child\" data-id=\"42ac9e1\" data-element_type=\"container\" data-e-type=\"container\" data-settings=\"{&quot;jet_parallax_layout_list&quot;:[]}\">\n\t\t\t\t\t<div class=\"e-con-inner\">\n\t\t\t\t<div class=\"elementor-element elementor-element-11611a0 elementor-widget elementor-widget-image\" data-id=\"11611a0\" data-element_type=\"widget\" data-e-type=\"widget\" data-widget_type=\"image.default\">\n\t\t\t\t<div class=\"elementor-widget-container\">\n\t\t\t\t\t\t\t\t\t\t\t\t\t\t\t<img loading=\"lazy\" decoding=\"async\" width=\"680\" height=\"454\" src=\"https:\/\/www.visitkranj.com\/wp-content\/uploads\/2023\/05\/tam-tovornjak-kranj.w680h4541.jpg\" class=\"attachment-large size-large wp-image-14551\" alt=\"\" srcset=\"https:\/\/www.visitkranj.com\/wp-content\/uploads\/2023\/05\/tam-tovornjak-kranj.w680h4541.jpg 680w, https:\/\/www.visitkranj.com\/wp-content\/uploads\/2023\/05\/tam-tovornjak-kranj.w680h4541-300x200.jpg 300w\" sizes=\"(max-width: 680px) 100vw, 680px\" \/>\t\t\t\t\t\t\t\t\t\t\t\t\t\t\t<\/div>\n\t\t\t\t<\/div>\n\t\t\t\t\t<\/div>\n\t\t\t\t<\/div>\n\t\t<div class=\"elementor-element elementor-element-1874a69 e-flex e-con-boxed e-con e-child\" data-id=\"1874a69\" data-element_type=\"container\" data-e-type=\"container\" data-settings=\"{&quot;jet_parallax_layout_list&quot;:[]}\">\n\t\t\t\t\t<div class=\"e-con-inner\">\n\t\t\t\t<div class=\"elementor-element elementor-element-d70811b elementor-widget elementor-widget-image\" data-id=\"d70811b\" data-element_type=\"widget\" data-e-type=\"widget\" data-widget_type=\"image.default\">\n\t\t\t\t<div class=\"elementor-widget-container\">\n\t\t\t\t\t\t\t\t\t\t\t\t\t\t\t<img loading=\"lazy\" decoding=\"async\" width=\"680\" height=\"453\" src=\"https:\/\/www.visitkranj.com\/wp-content\/uploads\/2023\/05\/kr-petek-je-ksaversinkar.w680h4531.jpg\" class=\"attachment-large size-large wp-image-14554\" alt=\"\" srcset=\"https:\/\/www.visitkranj.com\/wp-content\/uploads\/2023\/05\/kr-petek-je-ksaversinkar.w680h4531.jpg 680w, https:\/\/www.visitkranj.com\/wp-content\/uploads\/2023\/05\/kr-petek-je-ksaversinkar.w680h4531-300x200.jpg 300w\" sizes=\"(max-width: 680px) 100vw, 680px\" \/>\t\t\t\t\t\t\t\t\t\t\t\t\t\t\t<\/div>\n\t\t\t\t<\/div>\n\t\t\t\t\t<\/div>\n\t\t\t\t<\/div>\n\t\t\t\t\t<\/div>\n\t\t\t\t<\/div>\n\t\t\t\t<div class=\"elementor-element elementor-element-bb21e67 elementor-widget elementor-widget-text-editor\" data-id=\"bb21e67\" data-element_type=\"widget\" data-e-type=\"widget\" data-widget_type=\"text-editor.default\">\n\t\t\t\t<div class=\"elementor-widget-container\">\n\t\t\t\t\t\t\t\t\t<p>Benvenuti a Kranj per sentire lo charme alpino e lo chic cittadino con noi.<\/p>\t\t\t\t\t\t\t\t<\/div>\n\t\t\t\t<\/div>\n\t\t\t\t<div class=\"elementor-element elementor-element-cb67972 elementor-widget elementor-widget-gallery\" data-id=\"cb67972\" data-element_type=\"widget\" data-e-type=\"widget\" data-settings=\"{&quot;lazyload&quot;:&quot;yes&quot;,&quot;gallery_layout&quot;:&quot;grid&quot;,&quot;columns&quot;:4,&quot;columns_tablet&quot;:2,&quot;columns_mobile&quot;:1,&quot;gap&quot;:{&quot;unit&quot;:&quot;px&quot;,&quot;size&quot;:10,&quot;sizes&quot;:[]},&quot;gap_tablet&quot;:{&quot;unit&quot;:&quot;px&quot;,&quot;size&quot;:10,&quot;sizes&quot;:[]},&quot;gap_mobile&quot;:{&quot;unit&quot;:&quot;px&quot;,&quot;size&quot;:10,&quot;sizes&quot;:[]},&quot;link_to&quot;:&quot;file&quot;,&quot;aspect_ratio&quot;:&quot;3:2&quot;,&quot;overlay_background&quot;:&quot;yes&quot;,&quot;content_hover_animation&quot;:&quot;fade-in&quot;}\" data-widget_type=\"gallery.default\">\n\t\t\t\t<div class=\"elementor-widget-container\">\n\t\t\t\t\t\t\t<div class=\"elementor-gallery__container\">\n\t\t\t\t\t\t\t<a class=\"e-gallery-item elementor-gallery-item elementor-animated-content\" href=\"https:\/\/www.visitkranj.com\/wp-content\/uploads\/2023\/05\/kranj-presernovo-mesto.webp\" data-elementor-open-lightbox=\"yes\" data-elementor-lightbox-slideshow=\"cb67972\" data-elementor-lightbox-title=\"kranj-presernovo-mesto\" data-e-action-hash=\"#elementor-action%3Aaction%3Dlightbox%26settings%3DeyJpZCI6MTA0OCwidXJsIjoiaHR0cHM6XC9cL3d3dy52aXNpdGtyYW5qLmNvbVwvd3AtY29udGVudFwvdXBsb2Fkc1wvMjAyM1wvMDVcL2tyYW5qLXByZXNlcm5vdm8tbWVzdG8ud2VicCIsInNsaWRlc2hvdyI6ImNiNjc5NzIifQ%3D%3D\">\n\t\t\t\t\t<div class=\"e-gallery-image elementor-gallery-item__image\" data-thumbnail=\"https:\/\/www.visitkranj.com\/wp-content\/uploads\/2023\/05\/kranj-presernovo-mesto-300x200.webp\" data-width=\"300\" data-height=\"200\" aria-label=\"\" role=\"img\" ><\/div>\n\t\t\t\t\t\t\t\t\t\t\t<div class=\"elementor-gallery-item__overlay\"><\/div>\n\t\t\t\t\t\t\t\t\t\t\t\t\t\t<\/a>\n\t\t\t\t\t\t\t<a class=\"e-gallery-item elementor-gallery-item elementor-animated-content\" href=\"https:\/\/www.visitkranj.com\/wp-content\/uploads\/2023\/05\/druzina-na-izletu-v-kranju.webp\" data-elementor-open-lightbox=\"yes\" data-elementor-lightbox-slideshow=\"cb67972\" data-elementor-lightbox-title=\"druzina-na-izletu-v-kranju\" data-e-action-hash=\"#elementor-action%3Aaction%3Dlightbox%26settings%3DeyJpZCI6NTAyLCJ1cmwiOiJodHRwczpcL1wvd3d3LnZpc2l0a3JhbmouY29tXC93cC1jb250ZW50XC91cGxvYWRzXC8yMDIzXC8wNVwvZHJ1emluYS1uYS1pemxldHUtdi1rcmFuanUud2VicCIsInNsaWRlc2hvdyI6ImNiNjc5NzIifQ%3D%3D\">\n\t\t\t\t\t<div class=\"e-gallery-image elementor-gallery-item__image\" data-thumbnail=\"https:\/\/www.visitkranj.com\/wp-content\/uploads\/2023\/05\/druzina-na-izletu-v-kranju-200x300.webp\" data-width=\"200\" data-height=\"300\" aria-label=\"\" role=\"img\" ><\/div>\n\t\t\t\t\t\t\t\t\t\t\t<div class=\"elementor-gallery-item__overlay\"><\/div>\n\t\t\t\t\t\t\t\t\t\t\t\t\t\t<\/a>\n\t\t\t\t\t\t\t<a class=\"e-gallery-item elementor-gallery-item elementor-animated-content\" href=\"https:\/\/www.visitkranj.com\/wp-content\/uploads\/2023\/05\/zakonca-stremfelj-v-kranju.webp\" data-elementor-open-lightbox=\"yes\" data-elementor-lightbox-slideshow=\"cb67972\" data-elementor-lightbox-title=\"zakonca-stremfelj-v-kranju\" data-e-action-hash=\"#elementor-action%3Aaction%3Dlightbox%26settings%3DeyJpZCI6MjU2NiwidXJsIjoiaHR0cHM6XC9cL3d3dy52aXNpdGtyYW5qLmNvbVwvd3AtY29udGVudFwvdXBsb2Fkc1wvMjAyM1wvMDVcL3pha29uY2Etc3RyZW1mZWxqLXYta3Jhbmp1LndlYnAiLCJzbGlkZXNob3ciOiJjYjY3OTcyIn0%3D\">\n\t\t\t\t\t<div class=\"e-gallery-image elementor-gallery-item__image\" data-thumbnail=\"https:\/\/www.visitkranj.com\/wp-content\/uploads\/2023\/05\/zakonca-stremfelj-v-kranju-200x300.webp\" data-width=\"200\" data-height=\"300\" aria-label=\"\" role=\"img\" ><\/div>\n\t\t\t\t\t\t\t\t\t\t\t<div class=\"elementor-gallery-item__overlay\"><\/div>\n\t\t\t\t\t\t\t\t\t\t\t\t\t\t<\/a>\n\t\t\t\t\t\t\t<a class=\"e-gallery-item elementor-gallery-item elementor-animated-content\" href=\"https:\/\/www.visitkranj.com\/wp-content\/uploads\/2023\/05\/zakonca-stremfelj-na-jostu.webp\" data-elementor-open-lightbox=\"yes\" data-elementor-lightbox-slideshow=\"cb67972\" data-elementor-lightbox-title=\"zakonca-stremfelj-na-jostu\" data-e-action-hash=\"#elementor-action%3Aaction%3Dlightbox%26settings%3DeyJpZCI6MjU2NSwidXJsIjoiaHR0cHM6XC9cL3d3dy52aXNpdGtyYW5qLmNvbVwvd3AtY29udGVudFwvdXBsb2Fkc1wvMjAyM1wvMDVcL3pha29uY2Etc3RyZW1mZWxqLW5hLWpvc3R1LndlYnAiLCJzbGlkZXNob3ciOiJjYjY3OTcyIn0%3D\">\n\t\t\t\t\t<div class=\"e-gallery-image elementor-gallery-item__image\" data-thumbnail=\"https:\/\/www.visitkranj.com\/wp-content\/uploads\/2023\/05\/zakonca-stremfelj-na-jostu-300x200.webp\" data-width=\"300\" data-height=\"200\" aria-label=\"\" role=\"img\" ><\/div>\n\t\t\t\t\t\t\t\t\t\t\t<div class=\"elementor-gallery-item__overlay\"><\/div>\n\t\t\t\t\t\t\t\t\t\t\t\t\t\t<\/a>\n\t\t\t\t\t\t\t<a class=\"e-gallery-item elementor-gallery-item elementor-animated-content\" href=\"https:\/\/www.visitkranj.com\/wp-content\/uploads\/2023\/05\/kranj-zakonca-stremfelj-1.webp\" data-elementor-open-lightbox=\"yes\" data-elementor-lightbox-slideshow=\"cb67972\" data-elementor-lightbox-title=\"kranj-zakonca-stremfelj-1\" data-e-action-hash=\"#elementor-action%3Aaction%3Dlightbox%26settings%3DeyJpZCI6MTE0NiwidXJsIjoiaHR0cHM6XC9cL3d3dy52aXNpdGtyYW5qLmNvbVwvd3AtY29udGVudFwvdXBsb2Fkc1wvMjAyM1wvMDVcL2tyYW5qLXpha29uY2Etc3RyZW1mZWxqLTEud2VicCIsInNsaWRlc2hvdyI6ImNiNjc5NzIifQ%3D%3D\">\n\t\t\t\t\t<div class=\"e-gallery-image elementor-gallery-item__image\" data-thumbnail=\"https:\/\/www.visitkranj.com\/wp-content\/uploads\/2023\/05\/kranj-zakonca-stremfelj-1-300x200.webp\" data-width=\"300\" data-height=\"200\" aria-label=\"\" role=\"img\" ><\/div>\n\t\t\t\t\t\t\t\t\t\t\t<div class=\"elementor-gallery-item__overlay\"><\/div>\n\t\t\t\t\t\t\t\t\t\t\t\t\t\t<\/a>\n\t\t\t\t\t\t\t<a class=\"e-gallery-item elementor-gallery-item elementor-animated-content\" href=\"https:\/\/www.visitkranj.com\/wp-content\/uploads\/2023\/05\/cifra-al-moz-v-kranju.webp\" data-elementor-open-lightbox=\"yes\" data-elementor-lightbox-slideshow=\"cb67972\" data-elementor-lightbox-title=\"cifra-al-moz-v-kranju\" data-e-action-hash=\"#elementor-action%3Aaction%3Dlightbox%26settings%3DeyJpZCI6NDI4LCJ1cmwiOiJodHRwczpcL1wvd3d3LnZpc2l0a3JhbmouY29tXC93cC1jb250ZW50XC91cGxvYWRzXC8yMDIzXC8wNVwvY2lmcmEtYWwtbW96LXYta3Jhbmp1LndlYnAiLCJzbGlkZXNob3ciOiJjYjY3OTcyIn0%3D\">\n\t\t\t\t\t<div class=\"e-gallery-image elementor-gallery-item__image\" data-thumbnail=\"https:\/\/www.visitkranj.com\/wp-content\/uploads\/2023\/05\/cifra-al-moz-v-kranju-200x300.webp\" data-width=\"200\" data-height=\"300\" aria-label=\"\" role=\"img\" ><\/div>\n\t\t\t\t\t\t\t\t\t\t\t<div class=\"elementor-gallery-item__overlay\"><\/div>\n\t\t\t\t\t\t\t\t\t\t\t\t\t\t<\/a>\n\t\t\t\t\t\t\t<a class=\"e-gallery-item elementor-gallery-item elementor-animated-content\" href=\"https:\/\/www.visitkranj.com\/wp-content\/uploads\/2023\/05\/13kranj-dsc-0421-2-obd.webp\" data-elementor-open-lightbox=\"yes\" data-elementor-lightbox-slideshow=\"cb67972\" data-elementor-lightbox-title=\"13kranj-dsc-0421-2-obd\" data-e-action-hash=\"#elementor-action%3Aaction%3Dlightbox%26settings%3DeyJpZCI6MTY2LCJ1cmwiOiJodHRwczpcL1wvd3d3LnZpc2l0a3JhbmouY29tXC93cC1jb250ZW50XC91cGxvYWRzXC8yMDIzXC8wNVwvMTNrcmFuai1kc2MtMDQyMS0yLW9iZC53ZWJwIiwic2xpZGVzaG93IjoiY2I2Nzk3MiJ9\">\n\t\t\t\t\t<div class=\"e-gallery-image elementor-gallery-item__image\" data-thumbnail=\"https:\/\/www.visitkranj.com\/wp-content\/uploads\/2023\/05\/13kranj-dsc-0421-2-obd-200x300.webp\" data-width=\"200\" data-height=\"300\" aria-label=\"\" role=\"img\" ><\/div>\n\t\t\t\t\t\t\t\t\t\t\t<div class=\"elementor-gallery-item__overlay\"><\/div>\n\t\t\t\t\t\t\t\t\t\t\t\t\t\t<\/a>\n\t\t\t\t\t\t\t<a class=\"e-gallery-item elementor-gallery-item elementor-animated-content\" href=\"https:\/\/www.visitkranj.com\/wp-content\/uploads\/2023\/05\/Ogled-kranja_alpski-mik-mestni-sik_Visit-Kranj_lead-2019.webp\" data-elementor-open-lightbox=\"yes\" data-elementor-lightbox-slideshow=\"cb67972\" data-elementor-lightbox-title=\"Ogled-kranja_alpski-mik---mestni-sik_Visit-Kranj_lead-2019\" data-e-action-hash=\"#elementor-action%3Aaction%3Dlightbox%26settings%3DeyJpZCI6MTQ3OCwidXJsIjoiaHR0cHM6XC9cL3d3dy52aXNpdGtyYW5qLmNvbVwvd3AtY29udGVudFwvdXBsb2Fkc1wvMjAyM1wvMDVcL09nbGVkLWtyYW5qYV9hbHBza2ktbWlrLW1lc3RuaS1zaWtfVmlzaXQtS3JhbmpfbGVhZC0yMDE5LndlYnAiLCJzbGlkZXNob3ciOiJjYjY3OTcyIn0%3D\">\n\t\t\t\t\t<div class=\"e-gallery-image elementor-gallery-item__image\" data-thumbnail=\"https:\/\/www.visitkranj.com\/wp-content\/uploads\/2023\/05\/Ogled-kranja_alpski-mik-mestni-sik_Visit-Kranj_lead-2019-300x169.webp\" data-width=\"300\" data-height=\"169\" aria-label=\"\" role=\"img\" ><\/div>\n\t\t\t\t\t\t\t\t\t\t\t<div class=\"elementor-gallery-item__overlay\"><\/div>\n\t\t\t\t\t\t\t\t\t\t\t\t\t\t<\/a>\n\t\t\t\t\t\t\t<a class=\"e-gallery-item elementor-gallery-item elementor-animated-content\" href=\"https:\/\/www.visitkranj.com\/wp-content\/uploads\/2023\/05\/alpski-mik-mestni-sik-v-kranju.webp\" data-elementor-open-lightbox=\"yes\" data-elementor-lightbox-slideshow=\"cb67972\" data-elementor-lightbox-title=\"alpski-mik-mestni-sik-v-kranju\" data-e-action-hash=\"#elementor-action%3Aaction%3Dlightbox%26settings%3DeyJpZCI6MzU1LCJ1cmwiOiJodHRwczpcL1wvd3d3LnZpc2l0a3JhbmouY29tXC93cC1jb250ZW50XC91cGxvYWRzXC8yMDIzXC8wNVwvYWxwc2tpLW1pay1tZXN0bmktc2lrLXYta3Jhbmp1LndlYnAiLCJzbGlkZXNob3ciOiJjYjY3OTcyIn0%3D\">\n\t\t\t\t\t<div class=\"e-gallery-image elementor-gallery-item__image\" data-thumbnail=\"https:\/\/www.visitkranj.com\/wp-content\/uploads\/2023\/05\/alpski-mik-mestni-sik-v-kranju-300x200.webp\" data-width=\"300\" data-height=\"200\" aria-label=\"\" role=\"img\" ><\/div>\n\t\t\t\t\t\t\t\t\t\t\t<div class=\"elementor-gallery-item__overlay\"><\/div>\n\t\t\t\t\t\t\t\t\t\t\t\t\t\t<\/a>\n\t\t\t\t\t\t\t<a class=\"e-gallery-item elementor-gallery-item elementor-animated-content\" href=\"https:\/\/www.visitkranj.com\/wp-content\/uploads\/2023\/05\/alpski-mik-mestni-sik.webp\" data-elementor-open-lightbox=\"yes\" data-elementor-lightbox-slideshow=\"cb67972\" data-elementor-lightbox-title=\"alpski-mik-mestni-sik\" data-e-action-hash=\"#elementor-action%3Aaction%3Dlightbox%26settings%3DeyJpZCI6MzU0LCJ1cmwiOiJodHRwczpcL1wvd3d3LnZpc2l0a3JhbmouY29tXC93cC1jb250ZW50XC91cGxvYWRzXC8yMDIzXC8wNVwvYWxwc2tpLW1pay1tZXN0bmktc2lrLndlYnAiLCJzbGlkZXNob3ciOiJjYjY3OTcyIn0%3D\">\n\t\t\t\t\t<div class=\"e-gallery-image elementor-gallery-item__image\" data-thumbnail=\"https:\/\/www.visitkranj.com\/wp-content\/uploads\/2023\/05\/alpski-mik-mestni-sik-200x300.webp\" data-width=\"200\" data-height=\"300\" aria-label=\"\" role=\"img\" ><\/div>\n\t\t\t\t\t\t\t\t\t\t\t<div class=\"elementor-gallery-item__overlay\"><\/div>\n\t\t\t\t\t\t\t\t\t\t\t\t\t\t<\/a>\n\t\t\t\t\t<\/div>\n\t\t\t\t\t<\/div>\n\t\t\t\t<\/div>\n\t\t\t\t\t<\/div>\n\t\t\t\t<\/div>\n\t\t\t\t<\/div>\n\t\t","protected":false},"excerpt":{"rendered":"<p>Questa \u00e8 la storia di Kranj, una citt\u00e0 che nasce sulla roccia. Nella capitale dell&#8217;Alta Carniola (Gorenjska), il moderno si mescola con la tradizione, e lo spirito urbano si intreccia con l&#8217;aria alpina della campagna. Kranj regala una vista mozzaffiato sui monti del Tricorno (Triglav), Stol e Grintavec, le vette pi\u00f9 alte di tutte e [&hellip;]<\/p>\n","protected":false},"author":3,"featured_media":14548,"parent":17394,"menu_order":0,"comment_status":"closed","ping_status":"closed","template":"","meta":{"footnotes":""},"class_list":["post-17427","page","type-page","status-publish","has-post-thumbnail","hentry"],"yoast_head":"<!-- This site is optimized with the Yoast SEO plugin v26.9 - https:\/\/yoast.com\/product\/yoast-seo-wordpress\/ -->\n<title>Charme Alpino. Chic Cittadino. - Visit Kranj<\/title>\n<meta name=\"description\" content=\"Scopri il fascino alpino e l&#039;eleganza urbana di Kranj. Scopri una combinazione unica di atmosfera alpina e moderna cultura urbana.\" \/>\n<meta name=\"robots\" content=\"index, follow, max-snippet:-1, max-image-preview:large, max-video-preview:-1\" \/>\n<link rel=\"canonical\" href=\"https:\/\/www.visitkranj.com\/it\/kranj\/charme-alpino-chic-cittadino\/\" \/>\n<meta property=\"og:locale\" content=\"it_IT\" \/>\n<meta property=\"og:type\" content=\"article\" \/>\n<meta property=\"og:title\" content=\"Charme Alpino. Chic Cittadino. - Visit Kranj\" \/>\n<meta property=\"og:description\" content=\"Scopri il fascino alpino e l&#039;eleganza urbana di Kranj. Scopri una combinazione unica di atmosfera alpina e moderna cultura urbana.\" \/>\n<meta property=\"og:url\" content=\"https:\/\/www.visitkranj.com\/it\/kranj\/charme-alpino-chic-cittadino\/\" \/>\n<meta property=\"og:site_name\" content=\"Visit Kranj\" \/>\n<meta property=\"article:publisher\" content=\"https:\/\/www.facebook.com\/VisitKranj\/\" \/>\n<meta property=\"article:modified_time\" content=\"2023-06-07T09:32:29+00:00\" \/>\n<meta property=\"og:image\" content=\"https:\/\/www.visitkranj.com\/wp-content\/uploads\/2023\/05\/naslovna-kranj1.jpg\" \/>\n\t<meta property=\"og:image:width\" content=\"1100\" \/>\n\t<meta property=\"og:image:height\" content=\"734\" \/>\n\t<meta property=\"og:image:type\" content=\"image\/jpeg\" \/>\n<meta name=\"twitter:card\" content=\"summary_large_image\" \/>\n<meta name=\"twitter:label1\" content=\"Tempo di lettura stimato\" \/>\n\t<meta name=\"twitter:data1\" content=\"6 minuti\" \/>\n<script type=\"application\/ld+json\" class=\"yoast-schema-graph\">{\"@context\":\"https:\/\/schema.org\",\"@graph\":[{\"@type\":\"WebPage\",\"@id\":\"https:\/\/www.visitkranj.com\/it\/kranj\/charme-alpino-chic-cittadino\/\",\"url\":\"https:\/\/www.visitkranj.com\/it\/kranj\/charme-alpino-chic-cittadino\/\",\"name\":\"Charme Alpino. Chic Cittadino. - Visit Kranj\",\"isPartOf\":{\"@id\":\"https:\/\/www.visitkranj.com\/it\/#website\"},\"primaryImageOfPage\":{\"@id\":\"https:\/\/www.visitkranj.com\/it\/kranj\/charme-alpino-chic-cittadino\/#primaryimage\"},\"image\":{\"@id\":\"https:\/\/www.visitkranj.com\/it\/kranj\/charme-alpino-chic-cittadino\/#primaryimage\"},\"thumbnailUrl\":\"https:\/\/www.visitkranj.com\/wp-content\/uploads\/2023\/05\/naslovna-kranj1.jpg\",\"datePublished\":\"2023-05-13T06:39:46+00:00\",\"dateModified\":\"2023-06-07T09:32:29+00:00\",\"description\":\"Scopri il fascino alpino e l'eleganza urbana di Kranj. Scopri una combinazione unica di atmosfera alpina e moderna cultura urbana.\",\"breadcrumb\":{\"@id\":\"https:\/\/www.visitkranj.com\/it\/kranj\/charme-alpino-chic-cittadino\/#breadcrumb\"},\"inLanguage\":\"it-IT\",\"potentialAction\":[{\"@type\":\"ReadAction\",\"target\":[\"https:\/\/www.visitkranj.com\/it\/kranj\/charme-alpino-chic-cittadino\/\"]}]},{\"@type\":\"ImageObject\",\"inLanguage\":\"it-IT\",\"@id\":\"https:\/\/www.visitkranj.com\/it\/kranj\/charme-alpino-chic-cittadino\/#primaryimage\",\"url\":\"https:\/\/www.visitkranj.com\/wp-content\/uploads\/2023\/05\/naslovna-kranj1.jpg\",\"contentUrl\":\"https:\/\/www.visitkranj.com\/wp-content\/uploads\/2023\/05\/naslovna-kranj1.jpg\",\"width\":1100,\"height\":734},{\"@type\":\"BreadcrumbList\",\"@id\":\"https:\/\/www.visitkranj.com\/it\/kranj\/charme-alpino-chic-cittadino\/#breadcrumb\",\"itemListElement\":[{\"@type\":\"ListItem\",\"position\":1,\"name\":\"Inizio\",\"item\":\"https:\/\/www.visitkranj.com\/it\/\"},{\"@type\":\"ListItem\",\"position\":2,\"name\":\"Kranj\",\"item\":\"https:\/\/www.visitkranj.com\/it\/spoznaj-kranj\/\"},{\"@type\":\"ListItem\",\"position\":3,\"name\":\"Charme Alpino. Chic Cittadino.\"}]},{\"@type\":\"WebSite\",\"@id\":\"https:\/\/www.visitkranj.com\/it\/#website\",\"url\":\"https:\/\/www.visitkranj.com\/it\/\",\"name\":\"Visit Kranj\",\"description\":\"Uradna spletna stran turizma Kranj\",\"publisher\":{\"@id\":\"https:\/\/www.visitkranj.com\/it\/#organization\"},\"potentialAction\":[{\"@type\":\"SearchAction\",\"target\":{\"@type\":\"EntryPoint\",\"urlTemplate\":\"https:\/\/www.visitkranj.com\/it\/?s={search_term_string}\"},\"query-input\":{\"@type\":\"PropertyValueSpecification\",\"valueRequired\":true,\"valueName\":\"search_term_string\"}}],\"inLanguage\":\"it-IT\"},{\"@type\":\"Organization\",\"@id\":\"https:\/\/www.visitkranj.com\/it\/#organization\",\"name\":\"Zavod za turizem in kulturo Kranj\",\"url\":\"https:\/\/www.visitkranj.com\/it\/\",\"logo\":{\"@type\":\"ImageObject\",\"inLanguage\":\"it-IT\",\"@id\":\"https:\/\/www.visitkranj.com\/it\/#\/schema\/logo\/image\/\",\"url\":\"https:\/\/www.visitkranj.com\/wp-content\/uploads\/2022\/11\/logo_menu_small.png\",\"contentUrl\":\"https:\/\/www.visitkranj.com\/wp-content\/uploads\/2022\/11\/logo_menu_small.png\",\"width\":142,\"height\":142,\"caption\":\"Zavod za turizem in kulturo Kranj\"},\"image\":{\"@id\":\"https:\/\/www.visitkranj.com\/it\/#\/schema\/logo\/image\/\"},\"sameAs\":[\"https:\/\/www.facebook.com\/VisitKranj\/\",\"https:\/\/www.instagram.com\/visitkranj\/\",\"https:\/\/www.tripadvisor.com\/Attraction_Review-g644300-d7289577-Reviews-Tourist_Information_Centre_Kranj_House-Kranj_Upper_Carniola_Region.html\"]}]}<\/script>\n<!-- \/ Yoast SEO plugin. -->","yoast_head_json":{"title":"Charme Alpino. Chic Cittadino. - Visit Kranj","description":"Scopri il fascino alpino e l'eleganza urbana di Kranj. Scopri una combinazione unica di atmosfera alpina e moderna cultura urbana.","robots":{"index":"index","follow":"follow","max-snippet":"max-snippet:-1","max-image-preview":"max-image-preview:large","max-video-preview":"max-video-preview:-1"},"canonical":"https:\/\/www.visitkranj.com\/it\/kranj\/charme-alpino-chic-cittadino\/","og_locale":"it_IT","og_type":"article","og_title":"Charme Alpino. Chic Cittadino. - Visit Kranj","og_description":"Scopri il fascino alpino e l'eleganza urbana di Kranj. Scopri una combinazione unica di atmosfera alpina e moderna cultura urbana.","og_url":"https:\/\/www.visitkranj.com\/it\/kranj\/charme-alpino-chic-cittadino\/","og_site_name":"Visit Kranj","article_publisher":"https:\/\/www.facebook.com\/VisitKranj\/","article_modified_time":"2023-06-07T09:32:29+00:00","og_image":[{"width":1100,"height":734,"url":"https:\/\/www.visitkranj.com\/wp-content\/uploads\/2023\/05\/naslovna-kranj1.jpg","type":"image\/jpeg"}],"twitter_card":"summary_large_image","twitter_misc":{"Tempo di lettura stimato":"6 minuti"},"schema":{"@context":"https:\/\/schema.org","@graph":[{"@type":"WebPage","@id":"https:\/\/www.visitkranj.com\/it\/kranj\/charme-alpino-chic-cittadino\/","url":"https:\/\/www.visitkranj.com\/it\/kranj\/charme-alpino-chic-cittadino\/","name":"Charme Alpino. Chic Cittadino. - Visit Kranj","isPartOf":{"@id":"https:\/\/www.visitkranj.com\/it\/#website"},"primaryImageOfPage":{"@id":"https:\/\/www.visitkranj.com\/it\/kranj\/charme-alpino-chic-cittadino\/#primaryimage"},"image":{"@id":"https:\/\/www.visitkranj.com\/it\/kranj\/charme-alpino-chic-cittadino\/#primaryimage"},"thumbnailUrl":"https:\/\/www.visitkranj.com\/wp-content\/uploads\/2023\/05\/naslovna-kranj1.jpg","datePublished":"2023-05-13T06:39:46+00:00","dateModified":"2023-06-07T09:32:29+00:00","description":"Scopri il fascino alpino e l'eleganza urbana di Kranj. Scopri una combinazione unica di atmosfera alpina e moderna cultura urbana.","breadcrumb":{"@id":"https:\/\/www.visitkranj.com\/it\/kranj\/charme-alpino-chic-cittadino\/#breadcrumb"},"inLanguage":"it-IT","potentialAction":[{"@type":"ReadAction","target":["https:\/\/www.visitkranj.com\/it\/kranj\/charme-alpino-chic-cittadino\/"]}]},{"@type":"ImageObject","inLanguage":"it-IT","@id":"https:\/\/www.visitkranj.com\/it\/kranj\/charme-alpino-chic-cittadino\/#primaryimage","url":"https:\/\/www.visitkranj.com\/wp-content\/uploads\/2023\/05\/naslovna-kranj1.jpg","contentUrl":"https:\/\/www.visitkranj.com\/wp-content\/uploads\/2023\/05\/naslovna-kranj1.jpg","width":1100,"height":734},{"@type":"BreadcrumbList","@id":"https:\/\/www.visitkranj.com\/it\/kranj\/charme-alpino-chic-cittadino\/#breadcrumb","itemListElement":[{"@type":"ListItem","position":1,"name":"Inizio","item":"https:\/\/www.visitkranj.com\/it\/"},{"@type":"ListItem","position":2,"name":"Kranj","item":"https:\/\/www.visitkranj.com\/it\/spoznaj-kranj\/"},{"@type":"ListItem","position":3,"name":"Charme Alpino. Chic Cittadino."}]},{"@type":"WebSite","@id":"https:\/\/www.visitkranj.com\/it\/#website","url":"https:\/\/www.visitkranj.com\/it\/","name":"Visit Kranj","description":"Uradna spletna stran turizma Kranj","publisher":{"@id":"https:\/\/www.visitkranj.com\/it\/#organization"},"potentialAction":[{"@type":"SearchAction","target":{"@type":"EntryPoint","urlTemplate":"https:\/\/www.visitkranj.com\/it\/?s={search_term_string}"},"query-input":{"@type":"PropertyValueSpecification","valueRequired":true,"valueName":"search_term_string"}}],"inLanguage":"it-IT"},{"@type":"Organization","@id":"https:\/\/www.visitkranj.com\/it\/#organization","name":"Zavod za turizem in kulturo Kranj","url":"https:\/\/www.visitkranj.com\/it\/","logo":{"@type":"ImageObject","inLanguage":"it-IT","@id":"https:\/\/www.visitkranj.com\/it\/#\/schema\/logo\/image\/","url":"https:\/\/www.visitkranj.com\/wp-content\/uploads\/2022\/11\/logo_menu_small.png","contentUrl":"https:\/\/www.visitkranj.com\/wp-content\/uploads\/2022\/11\/logo_menu_small.png","width":142,"height":142,"caption":"Zavod za turizem in kulturo Kranj"},"image":{"@id":"https:\/\/www.visitkranj.com\/it\/#\/schema\/logo\/image\/"},"sameAs":["https:\/\/www.facebook.com\/VisitKranj\/","https:\/\/www.instagram.com\/visitkranj\/","https:\/\/www.tripadvisor.com\/Attraction_Review-g644300-d7289577-Reviews-Tourist_Information_Centre_Kranj_House-Kranj_Upper_Carniola_Region.html"]}]}},"_links":{"self":[{"href":"https:\/\/www.visitkranj.com\/it\/wp-json\/wp\/v2\/pages\/17427","targetHints":{"allow":["GET"]}}],"collection":[{"href":"https:\/\/www.visitkranj.com\/it\/wp-json\/wp\/v2\/pages"}],"about":[{"href":"https:\/\/www.visitkranj.com\/it\/wp-json\/wp\/v2\/types\/page"}],"author":[{"embeddable":true,"href":"https:\/\/www.visitkranj.com\/it\/wp-json\/wp\/v2\/users\/3"}],"replies":[{"embeddable":true,"href":"https:\/\/www.visitkranj.com\/it\/wp-json\/wp\/v2\/comments?post=17427"}],"version-history":[{"count":0,"href":"https:\/\/www.visitkranj.com\/it\/wp-json\/wp\/v2\/pages\/17427\/revisions"}],"up":[{"embeddable":true,"href":"https:\/\/www.visitkranj.com\/it\/wp-json\/wp\/v2\/pages\/17394"}],"wp:featuredmedia":[{"embeddable":true,"href":"https:\/\/www.visitkranj.com\/it\/wp-json\/wp\/v2\/media\/14548"}],"wp:attachment":[{"href":"https:\/\/www.visitkranj.com\/it\/wp-json\/wp\/v2\/media?parent=17427"}],"curies":[{"name":"wp","href":"https:\/\/api.w.org\/{rel}","templated":true}]}}