{"id":17567,"date":"2023-05-12T11:27:27","date_gmt":"2023-05-12T10:27:27","guid":{"rendered":"https:\/\/www.visitkranj.com\/?page_id=17567"},"modified":"2026-04-21T08:52:04","modified_gmt":"2026-04-21T07:52:04","slug":"culinario","status":"publish","type":"page","link":"https:\/\/www.visitkranj.com\/it\/culinario\/","title":{"rendered":"Culinario"},"content":{"rendered":"\t\t<div data-elementor-type=\"wp-page\" data-elementor-id=\"17567\" class=\"elementor elementor-17567 elementor-2847\" data-elementor-post-type=\"page\">\n\t\t\t\t<div class=\"elementor-element elementor-element-7391024 e-flex e-con-boxed e-con e-parent\" data-id=\"7391024\" data-element_type=\"container\" data-e-type=\"container\" data-settings=\"{&quot;background_background&quot;:&quot;classic&quot;,&quot;jet_parallax_layout_list&quot;:[]}\">\n\t\t\t\t\t<div class=\"e-con-inner\">\n\t\t\t\t\t<\/div>\n\t\t\t\t<\/div>\n\t\t<div class=\"elementor-element elementor-element-fddf711 e-flex e-con-boxed e-con e-parent\" data-id=\"fddf711\" data-element_type=\"container\" data-e-type=\"container\" data-settings=\"{&quot;jet_parallax_layout_list&quot;:[]}\">\n\t\t\t\t\t<div class=\"e-con-inner\">\n\t\t<div class=\"elementor-element elementor-element-d973ad1 e-flex e-con-boxed e-con e-child\" data-id=\"d973ad1\" data-element_type=\"container\" data-e-type=\"container\" data-settings=\"{&quot;background_background&quot;:&quot;classic&quot;,&quot;jet_parallax_layout_list&quot;:[]}\">\n\t\t\t\t\t<div class=\"e-con-inner\">\n\t\t\t\t<div class=\"elementor-element elementor-element-380b978 elementor-widget elementor-widget-heading\" data-id=\"380b978\" data-element_type=\"widget\" data-e-type=\"widget\" data-widget_type=\"heading.default\">\n\t\t\t\t<div class=\"elementor-widget-container\">\n\t\t\t\t\t<h1 class=\"elementor-heading-title elementor-size-default\">Culinario<\/h1>\t\t\t\t<\/div>\n\t\t\t\t<\/div>\n\t\t\t\t<div class=\"elementor-element elementor-element-3e36a80 elementor-widget elementor-widget-text-editor\" data-id=\"3e36a80\" data-element_type=\"widget\" data-e-type=\"widget\" data-widget_type=\"text-editor.default\">\n\t\t\t\t<div class=\"elementor-widget-container\">\n\t\t\t\t\t\t\t\t\t<p>Ti interessa sapere cosa offrono tutte le tavole di Kranj? Tante pietanze differenti: abbiamo molti <a href=\"https:\/\/www.visitkranj.com\/it\/i-sapori-di-kranj\/\"><strong>ristoranti e trattorie<\/strong><\/a> dove poter gustare i piatti della nostra <a href=\"https:\/\/www.visitkranj.com\/it\/i-sapori-di-kranj\/?jsf=jet-engine&amp;tax=okusi-kranja-kategorije:179\"><strong>tradizione<\/strong><\/a>, e sempre qui da noi \u00e8 possibile visitare <strong><a href=\"#okusni-dogodki\">eventi culinari<\/a><\/strong> e sperimentare molto altro.<\/p><p>Dall\u2019<strong>8 al 24 maggio<\/strong> 2026 si terr\u00e0 la 4\u00aa edizione de i <a href=\"https:\/\/www.visitkranj.com\/it\/eventi-selezionati\/i-sapori-delle-tavole-carnioline\/\"><strong>Sapori delle Tavolate di Kranj<\/strong><\/a>, con la partecipazione di <a href=\"https:\/\/www.visitkranj.com\/it\/eventi-selezionati\/i-sapori-delle-tavole-carnioline\/#2026\"><strong>20 ristoranti<\/strong><\/a> provenienti da sei comuni della <strong>Gorenjska<\/strong>. I <strong>menu<\/strong> a prezzo fisso (30 \u20ac) saranno dedicati al miele proveniente dagli <strong>apiari<\/strong> locali, che gli <strong>chef<\/strong> utilizzeranno nelle loro creazioni.<\/p><p><span style=\"color: var( --e-global-color-text ); font-size: 1.25rem;\">Lasciati sedurre dai <\/span><strong style=\"color: var( --e-global-color-text ); font-size: 1.25rem;\"><a href=\"#kje-jesti-in-piti\">meravigliosi sapori<\/a><\/strong><span style=\"color: var( --e-global-color-text ); font-size: 1.25rem;\">\u00a0che ti aspettano a Kranj.<\/span><\/p>\t\t\t\t\t\t\t\t<\/div>\n\t\t\t\t<\/div>\n\t\t\t\t\t<\/div>\n\t\t\t\t<\/div>\n\t\t\t\t\t<\/div>\n\t\t\t\t<\/div>\n\t\t<div class=\"elementor-element elementor-element-5383ae0 e-flex e-con-boxed e-con e-parent\" data-id=\"5383ae0\" data-element_type=\"container\" data-e-type=\"container\" data-settings=\"{&quot;background_background&quot;:&quot;classic&quot;,&quot;jet_parallax_layout_list&quot;:[]}\">\n\t\t\t\t\t<div class=\"e-con-inner\">\n\t\t<div class=\"elementor-element elementor-element-decfc69 e-flex e-con-boxed e-con e-child\" data-id=\"decfc69\" data-element_type=\"container\" data-e-type=\"container\" data-settings=\"{&quot;background_background&quot;:&quot;classic&quot;,&quot;jet_parallax_layout_list&quot;:[]}\">\n\t\t\t\t\t<div class=\"e-con-inner\">\n\t\t\t\t\t<\/div>\n\t\t\t\t<\/div>\n\t\t\t\t\t<\/div>\n\t\t\t\t<\/div>\n\t\t<div class=\"elementor-element elementor-element-fcd51c3 e-flex e-con-boxed e-con e-parent\" data-id=\"fcd51c3\" data-element_type=\"container\" data-e-type=\"container\" id=\"kje-jesti-in-piti\" data-settings=\"{&quot;jet_parallax_layout_list&quot;:[]}\">\n\t\t\t\t\t<div class=\"e-con-inner\">\n\t\t<div class=\"elementor-element elementor-element-31e1d63 e-flex e-con-boxed e-con e-child\" data-id=\"31e1d63\" data-element_type=\"container\" data-e-type=\"container\" data-settings=\"{&quot;jet_parallax_layout_list&quot;:[]}\">\n\t\t\t\t\t<div class=\"e-con-inner\">\n\t\t\t\t<div class=\"elementor-element elementor-element-74290d7 elementor-widget elementor-widget-heading\" data-id=\"74290d7\" data-element_type=\"widget\" data-e-type=\"widget\" data-widget_type=\"heading.default\">\n\t\t\t\t<div class=\"elementor-widget-container\">\n\t\t\t\t\t<h1 class=\"elementor-heading-title elementor-size-default\">Dove mangiare e bere?<\/h1>\t\t\t\t<\/div>\n\t\t\t\t<\/div>\n\t\t\t\t<div class=\"elementor-element elementor-element-7ebad27 elementor-widget elementor-widget-text-editor\" data-id=\"7ebad27\" data-element_type=\"widget\" data-e-type=\"widget\" data-widget_type=\"text-editor.default\">\n\t\t\t\t<div class=\"elementor-widget-container\">\n\t\t\t\t\t\t\t\t\t<p>Volete sapere dove si cucinano pranzi, preparano spuntini e servono cene a Kranj? E quali sono le pi\u00f9 famose pasticcerie in citt\u00e0?<\/p>\t\t\t\t\t\t\t\t<\/div>\n\t\t\t\t<\/div>\n\t\t<div class=\"elementor-element elementor-element-33c8330 e-flex e-con-boxed e-con e-child\" data-id=\"33c8330\" data-element_type=\"container\" data-e-type=\"container\" data-settings=\"{&quot;jet_parallax_layout_list&quot;:[]}\">\n\t\t\t\t\t<div class=\"e-con-inner\">\n\t\t\t\t<div class=\"elementor-element elementor-element-c663577 elementor-cta--layout-image-above elementor-widget__width-initial elementor-cta--skin-classic elementor-animated-content elementor-bg-transform elementor-bg-transform-zoom-in elementor-widget elementor-widget-call-to-action\" data-id=\"c663577\" data-element_type=\"widget\" data-e-type=\"widget\" data-widget_type=\"call-to-action.default\">\n\t\t\t\t<div class=\"elementor-widget-container\">\n\t\t\t\t\t\t\t<a class=\"elementor-cta\" href=\"https:\/\/www.visitkranj.com\/it\/i-sapori-di-kranj\/?jsf=jet-engine&#038;tax=okusi-kranja-kategorije:303\">\n\t\t\t\t\t<div class=\"elementor-cta__bg-wrapper\">\n\t\t\t\t<div class=\"elementor-cta__bg elementor-bg\" style=\"background-image: url(https:\/\/www.visitkranj.com\/wp-content\/uploads\/2023\/05\/gostilne-slider-kulinarika-2023-visit-kranj-jan-2023.w500h500c.jpg);\" role=\"img\" aria-label=\"gostilne-slider-kulinarika-2023-visit-kranj-jan-2023.w500h500c\"><\/div>\n\t\t\t\t<div class=\"elementor-cta__bg-overlay\"><\/div>\n\t\t\t<\/div>\n\t\t\t\t\t\t\t<div class=\"elementor-cta__content\">\n\t\t\t\t\n\t\t\t\t\t\t\t\t\t<h3 class=\"elementor-cta__title elementor-cta__content-item elementor-content-item\">\n\t\t\t\t\t\tTrattorie\t\t\t\t\t<\/h3>\n\t\t\t\t\n\t\t\t\t\t\t\t\t\t<div class=\"elementor-cta__description elementor-cta__content-item elementor-content-item\">\n\t\t\t\t\t\tNella citt\u00e0 pi\u00f9 grande dell'Alta Carniola possiamo trovare una vasta scelta di locande, trattorie, ristoranti, pizzerie e angoli con cucina internazionale. Attualmente ci sono circa 50 ristoranti in citt\u00e0, che vale la pena visitare sia per i cittadini che per i turisti.\t\t\t\t\t<\/div>\n\t\t\t\t\n\t\t\t\t\t\t\t\t\t<div class=\"elementor-cta__button-wrapper elementor-cta__content-item elementor-content-item \">\n\t\t\t\t\t<span class=\"elementor-cta__button elementor-button elementor-size-xs\">\n\t\t\t\t\t\tLeggi di pi\u00f9 &gt;&gt;\t\t\t\t\t<\/span>\n\t\t\t\t\t<\/div>\n\t\t\t\t\t\t\t<\/div>\n\t\t\t\t\t\t<\/a>\n\t\t\t\t\t\t<\/div>\n\t\t\t\t<\/div>\n\t\t\t\t<div class=\"elementor-element elementor-element-9f94125 elementor-cta--layout-image-above elementor-widget__width-initial elementor-cta--skin-classic elementor-animated-content elementor-widget elementor-widget-call-to-action\" data-id=\"9f94125\" data-element_type=\"widget\" data-e-type=\"widget\" data-widget_type=\"call-to-action.default\">\n\t\t\t\t<div class=\"elementor-widget-container\">\n\t\t\t\t\t\t\t<a class=\"elementor-cta\" href=\"https:\/\/www.visitkranj.com\/it\/i-sapori-di-kranj\/?jsf=jet-engine&#038;tax=okusi-kranja-kategorije:300\">\n\t\t\t\t\t<div class=\"elementor-cta__bg-wrapper\">\n\t\t\t\t<div class=\"elementor-cta__bg elementor-bg\" style=\"background-image: url(https:\/\/www.visitkranj.com\/wp-content\/uploads\/2023\/05\/slascicarne-slider-kulinarika-2023-visit-kranj-jan-2023.w500h500c.jpg);\" role=\"img\" aria-label=\"slascicarne-slider-kulinarika-2023-visit-kranj-jan-2023.w500h500c\"><\/div>\n\t\t\t\t<div class=\"elementor-cta__bg-overlay\"><\/div>\n\t\t\t<\/div>\n\t\t\t\t\t\t\t<div class=\"elementor-cta__content\">\n\t\t\t\t\n\t\t\t\t\t\t\t\t\t<h3 class=\"elementor-cta__title elementor-cta__content-item elementor-content-item\">\n\t\t\t\t\t\tPasticcerie\t\t\t\t\t<\/h3>\n\t\t\t\t\n\t\t\t\t\t\t\t\t\t<div class=\"elementor-cta__description elementor-cta__content-item elementor-content-item\">\n\t\t\t\t\t\tTi mettiamo a disposizione una selezione di pasticcerie e caff\u00e8 nella nostra citt\u00e0 che producono dolci fatti in casa. La scelta \u00e8 ampia, perch\u00e9 i pasticceri di Kranj preparano sia deliziose torte che potice di prima qualit\u00e0, ma anche dolci di stagione...\t\t\t\t\t<\/div>\n\t\t\t\t\n\t\t\t\t\t\t\t\t\t<div class=\"elementor-cta__button-wrapper elementor-cta__content-item elementor-content-item \">\n\t\t\t\t\t<span class=\"elementor-cta__button elementor-button elementor-size-xs\">\n\t\t\t\t\t\tLeggi di pi\u00f9 &gt;&gt;\t\t\t\t\t<\/span>\n\t\t\t\t\t<\/div>\n\t\t\t\t\t\t\t<\/div>\n\t\t\t\t\t\t<\/a>\n\t\t\t\t\t\t<\/div>\n\t\t\t\t<\/div>\n\t\t\t\t<div class=\"elementor-element elementor-element-6d7aef7 elementor-cta--layout-image-above elementor-widget__width-initial elementor-cta--skin-classic elementor-animated-content elementor-bg-transform elementor-bg-transform-zoom-in elementor-widget elementor-widget-call-to-action\" data-id=\"6d7aef7\" data-element_type=\"widget\" data-e-type=\"widget\" data-widget_type=\"call-to-action.default\">\n\t\t\t\t<div class=\"elementor-widget-container\">\n\t\t\t\t\t\t\t<a class=\"elementor-cta\" href=\"https:\/\/www.visitkranj.com\/it\/i-sapori-di-kranj\/?jsf=jet-engine&#038;tax=okusi-kranja-kategorije:310\">\n\t\t\t\t\t<div class=\"elementor-cta__bg-wrapper\">\n\t\t\t\t<div class=\"elementor-cta__bg elementor-bg\" style=\"background-image: url(https:\/\/www.visitkranj.com\/wp-content\/uploads\/2023\/05\/lokali-slider-kulinarika-2023-visit-kranj.w500h500c.jpg);\" role=\"img\" aria-label=\"lokali-slider-kulinarika-2023-visit-kranj.w500h500c\"><\/div>\n\t\t\t\t<div class=\"elementor-cta__bg-overlay\"><\/div>\n\t\t\t<\/div>\n\t\t\t\t\t\t\t<div class=\"elementor-cta__content\">\n\t\t\t\t\n\t\t\t\t\t\t\t\t\t<h3 class=\"elementor-cta__title elementor-cta__content-item elementor-content-item\">\n\t\t\t\t\t\tLocali\t\t\t\t\t<\/h3>\n\t\t\t\t\n\t\t\t\t\t\t\t\t\t<div class=\"elementor-cta__description elementor-cta__content-item elementor-content-item\">\n\t\t\t\t\t\tCi sono molti bar piacevoli in citt\u00e0, dove la gente del posto ama andare a prendere un caff\u00e8, bere qualcosa e fare due chiacchiere in buona compagnia. Abbiamo anche cantine dove \u00e8 possibile acquistare vino sloveno, cos\u00ec come il birrificio cittadino e una bella birreria.\t\t\t\t\t<\/div>\n\t\t\t\t\n\t\t\t\t\t\t\t\t\t<div class=\"elementor-cta__button-wrapper elementor-cta__content-item elementor-content-item \">\n\t\t\t\t\t<span class=\"elementor-cta__button elementor-button elementor-size-xs\">\n\t\t\t\t\t\tLeggi di pi\u00f9 &gt;&gt;\t\t\t\t\t<\/span>\n\t\t\t\t\t<\/div>\n\t\t\t\t\t\t\t<\/div>\n\t\t\t\t\t\t<\/a>\n\t\t\t\t\t\t<\/div>\n\t\t\t\t<\/div>\n\t\t\t\t\t<\/div>\n\t\t\t\t<\/div>\n\t\t\t\t\t<\/div>\n\t\t\t\t<\/div>\n\t\t\t\t\t<\/div>\n\t\t\t\t<\/div>\n\t\t<div class=\"elementor-element elementor-element-b9afc61 e-flex e-con-boxed e-con e-parent\" data-id=\"b9afc61\" data-element_type=\"container\" data-e-type=\"container\" data-settings=\"{&quot;background_background&quot;:&quot;classic&quot;,&quot;jet_parallax_layout_list&quot;:[]}\">\n\t\t\t\t\t<div class=\"e-con-inner\">\n\t\t<div class=\"elementor-element elementor-element-179bdd2 e-flex e-con-boxed e-con e-child\" data-id=\"179bdd2\" data-element_type=\"container\" data-e-type=\"container\" data-settings=\"{&quot;background_background&quot;:&quot;classic&quot;,&quot;jet_parallax_layout_list&quot;:[]}\">\n\t\t\t\t\t<div class=\"e-con-inner\">\n\t\t\t\t\t<\/div>\n\t\t\t\t<\/div>\n\t\t\t\t\t<\/div>\n\t\t\t\t<\/div>\n\t\t<div class=\"elementor-element elementor-element-0109909 e-flex e-con-boxed e-con e-parent\" data-id=\"0109909\" data-element_type=\"container\" data-e-type=\"container\" id=\"okusni-dogodki\" data-settings=\"{&quot;jet_parallax_layout_list&quot;:[]}\">\n\t\t\t\t\t<div class=\"e-con-inner\">\n\t\t<div class=\"elementor-element elementor-element-db4b282 e-flex e-con-boxed e-con e-child\" data-id=\"db4b282\" data-element_type=\"container\" data-e-type=\"container\" data-settings=\"{&quot;jet_parallax_layout_list&quot;:[]}\">\n\t\t\t\t\t<div class=\"e-con-inner\">\n\t\t\t\t<div class=\"elementor-element elementor-element-2ef211e elementor-widget elementor-widget-heading\" data-id=\"2ef211e\" data-element_type=\"widget\" data-e-type=\"widget\" data-widget_type=\"heading.default\">\n\t\t\t\t<div class=\"elementor-widget-container\">\n\t\t\t\t\t<h1 class=\"elementor-heading-title elementor-size-default\">Eventi del gusto\n\n<\/h1>\t\t\t\t<\/div>\n\t\t\t\t<\/div>\n\t\t\t\t<div class=\"elementor-element elementor-element-9451d8c elementor-widget elementor-widget-text-editor\" data-id=\"9451d8c\" data-element_type=\"widget\" data-e-type=\"widget\" data-widget_type=\"text-editor.default\">\n\t\t\t\t<div class=\"elementor-widget-container\">\n\t\t\t\t\t\t\t\t\t<p>Ti piacciono gli eventi culinari che uniscono socialit\u00e0 e buon cibo? Allora sei nel posto giusto, perch\u00e9 siamo felici di servirti esattamente questo a Kranj.<\/p>\t\t\t\t\t\t\t\t<\/div>\n\t\t\t\t<\/div>\n\t\t<div class=\"elementor-element elementor-element-1987e74 e-flex e-con-boxed e-con e-child\" data-id=\"1987e74\" data-element_type=\"container\" data-e-type=\"container\" data-settings=\"{&quot;jet_parallax_layout_list&quot;:[]}\">\n\t\t\t\t\t<div class=\"e-con-inner\">\n\t\t\t\t<div class=\"elementor-element elementor-element-31dcb77 elementor-cta--layout-image-above elementor-widget__width-initial elementor-cta--skin-classic elementor-animated-content elementor-bg-transform elementor-bg-transform-zoom-in elementor-widget elementor-widget-call-to-action\" data-id=\"31dcb77\" data-element_type=\"widget\" data-e-type=\"widget\" data-widget_type=\"call-to-action.default\">\n\t\t\t\t<div class=\"elementor-widget-container\">\n\t\t\t\t\t\t\t<div class=\"elementor-cta\">\n\t\t\t\t\t<div class=\"elementor-cta__bg-wrapper\">\n\t\t\t\t<div class=\"elementor-cta__bg elementor-bg\" style=\"background-image: url(https:\/\/www.visitkranj.com\/wp-content\/uploads\/2023\/05\/kranjska-dolga-miza-slider-kulinarika-2023-visit-kranj-jan-2023.w500h500c.jpg);\" role=\"img\" aria-label=\"kranjska-dolga-miza-slider-kulinarika-2023-visit-kranj-jan-2023.w500h500c\"><\/div>\n\t\t\t\t<div class=\"elementor-cta__bg-overlay\"><\/div>\n\t\t\t<\/div>\n\t\t\t\t\t\t\t<div class=\"elementor-cta__content\">\n\t\t\t\t\n\t\t\t\t\t\t\t\t\t<h3 class=\"elementor-cta__title elementor-cta__content-item elementor-content-item\">\n\t\t\t\t\t\tLa lunga tavolata di Kranj\t\t\t\t\t<\/h3>\n\t\t\t\t\n\t\t\t\t\t\t\t\t\t<div class=\"elementor-cta__description elementor-cta__content-item elementor-content-item\">\n\t\t\t\t\t\tGi\u00e0 due volte, nel 2021 e nel 2022, gli chef di Kranj hanno preparato una cena per un centinaio di ospiti nel giardino del castello di Khiselstein alla fine dell'estate. La lunga tavolata di Kranj mette in risalto gli ingredienti locali, la connessione di chef carniolini, una nota sociale, la cooperazione tra generazioni, le filiere corte e la forza del territorio.\t\t\t\t\t<\/div>\n\t\t\t\t\n\t\t\t\t\t\t\t\t\t<div class=\"elementor-cta__button-wrapper elementor-cta__content-item elementor-content-item \">\n\t\t\t\t\t<a class=\"elementor-cta__button elementor-button elementor-size-xs\" href=\"https:\/\/www.visitkranj.com\/it\/eventi-selezionati\/lunga-tavolata-di-kranj\/\">\n\t\t\t\t\t\tLeggi di pi\u00f9 &gt;&gt;\t\t\t\t\t<\/a>\n\t\t\t\t\t<\/div>\n\t\t\t\t\t\t\t<\/div>\n\t\t\t\t\t\t<\/div>\n\t\t\t\t\t\t<\/div>\n\t\t\t\t<\/div>\n\t\t\t\t<div class=\"elementor-element elementor-element-256ea81 elementor-cta--layout-image-above elementor-widget__width-initial elementor-cta--skin-classic elementor-animated-content elementor-bg-transform elementor-bg-transform-zoom-in elementor-widget elementor-widget-call-to-action\" data-id=\"256ea81\" data-element_type=\"widget\" data-e-type=\"widget\" data-widget_type=\"call-to-action.default\">\n\t\t\t\t<div class=\"elementor-widget-container\">\n\t\t\t\t\t\t\t<div class=\"elementor-cta\">\n\t\t\t\t\t<div class=\"elementor-cta__bg-wrapper\">\n\t\t\t\t<div class=\"elementor-cta__bg elementor-bg\" style=\"background-image: url(https:\/\/www.visitkranj.com\/wp-content\/uploads\/2023\/05\/kr-petek-je-slider-kulinarika-2023-visit-kranj-jan-2023.w500h500c.jpg);\" role=\"img\" aria-label=\"kr-petek-je-slider-kulinarika-2023-visit-kranj-jan-2023.w500h500c\"><\/div>\n\t\t\t\t<div class=\"elementor-cta__bg-overlay\"><\/div>\n\t\t\t<\/div>\n\t\t\t\t\t\t\t<div class=\"elementor-cta__content\">\n\t\t\t\t\n\t\t\t\t\t\t\t\t\t<h3 class=\"elementor-cta__title elementor-cta__content-item elementor-content-item\">\n\t\t\t\t\t\tKr' petek je! Dai che \u00e8 venerd\u00ec!\t\t\t\t\t<\/h3>\n\t\t\t\t\n\t\t\t\t\t\t\t\t\t<div class=\"elementor-cta__description elementor-cta__content-item elementor-content-item\">\n\t\t\t\t\t\tDa maggio a settembre, nei fine settimana, \u00e8 il momento di un incontro rilassato al suono di vari maestri musicali. Ma non \u00e8 tutto: il venerd\u00ec pomeriggio nella piazza principale della citt\u00e0, tra le 16 e le 21, si possono trovare frutta e verdura locale di stagione, oltre a una variegata offerta gastronomica.\t\t\t\t\t<\/div>\n\t\t\t\t\n\t\t\t\t\t\t\t\t\t<div class=\"elementor-cta__button-wrapper elementor-cta__content-item elementor-content-item \">\n\t\t\t\t\t<a class=\"elementor-cta__button elementor-button elementor-size-xs\" href=\"https:\/\/www.visitkranj.com\/it\/eventi-selezionati\/e-venerdi\/\">\n\t\t\t\t\t\tLeggi di pi\u00f9 &gt;&gt;\t\t\t\t\t<\/a>\n\t\t\t\t\t<\/div>\n\t\t\t\t\t\t\t<\/div>\n\t\t\t\t\t\t<\/div>\n\t\t\t\t\t\t<\/div>\n\t\t\t\t<\/div>\n\t\t\t\t<div class=\"elementor-element elementor-element-4374aea elementor-cta--layout-image-above elementor-widget__width-initial elementor-cta--skin-classic elementor-animated-content elementor-bg-transform elementor-bg-transform-zoom-in elementor-widget elementor-widget-call-to-action\" data-id=\"4374aea\" data-element_type=\"widget\" data-e-type=\"widget\" data-widget_type=\"call-to-action.default\">\n\t\t\t\t<div class=\"elementor-widget-container\">\n\t\t\t\t\t\t\t<div class=\"elementor-cta\">\n\t\t\t\t\t<div class=\"elementor-cta__bg-wrapper\">\n\t\t\t\t<div class=\"elementor-cta__bg elementor-bg\" style=\"background-image: url(https:\/\/www.visitkranj.com\/wp-content\/uploads\/2023\/05\/dan-domacih-dobrot-slider-kulinarika-2023-visit-kranj-jan-2023.w500h500c.jpg);\" role=\"img\" aria-label=\"dan-domacih-dobrot-slider-kulinarika-2023-visit-kranj-jan-2023.w500h500c\"><\/div>\n\t\t\t\t<div class=\"elementor-cta__bg-overlay\"><\/div>\n\t\t\t<\/div>\n\t\t\t\t\t\t\t<div class=\"elementor-cta__content\">\n\t\t\t\t\n\t\t\t\t\t\t\t\t\t<h3 class=\"elementor-cta__title elementor-cta__content-item elementor-content-item\">\n\t\t\t\t\t\tGiornata delle prelibatezze artigianali\t\t\t\t\t<\/h3>\n\t\t\t\t\n\t\t\t\t\t\t\t\t\t<div class=\"elementor-cta__description elementor-cta__content-item elementor-content-item\">\n\t\t\t\t\t\tA Brdo presso Kranj, a fine estate, si prepara la tradizionale Giornata delle prelibatezze artigianali, in cui le migliori preparazioni vengono presentate dai produttori e dai maestri artigiani dell'Alta Carniola. Nelle bancarelle puoi provare e acquistare prodotti locali e gustare piatti preparati da chef sloveni con ingredienti locali.\t\t\t\t\t<\/div>\n\t\t\t\t\n\t\t\t\t\t\t\t<\/div>\n\t\t\t\t\t\t<\/div>\n\t\t\t\t\t\t<\/div>\n\t\t\t\t<\/div>\n\t\t\t\t\t<\/div>\n\t\t\t\t<\/div>\n\t\t<div class=\"elementor-element elementor-element-810d110 e-flex e-con-boxed e-con e-child\" data-id=\"810d110\" data-element_type=\"container\" data-e-type=\"container\" data-settings=\"{&quot;jet_parallax_layout_list&quot;:[]}\">\n\t\t\t\t\t<div class=\"e-con-inner\">\n\t\t\t\t<div class=\"elementor-element elementor-element-0ad7054 elementor-cta--layout-image-above elementor-widget__width-initial elementor-cta--skin-classic elementor-animated-content elementor-bg-transform elementor-bg-transform-zoom-in elementor-widget elementor-widget-call-to-action\" data-id=\"0ad7054\" data-element_type=\"widget\" data-e-type=\"widget\" data-widget_type=\"call-to-action.default\">\n\t\t\t\t<div class=\"elementor-widget-container\">\n\t\t\t\t\t\t\t<div class=\"elementor-cta\">\n\t\t\t\t\t<div class=\"elementor-cta__bg-wrapper\">\n\t\t\t\t<div class=\"elementor-cta__bg elementor-bg\" style=\"background-image: url(https:\/\/www.visitkranj.com\/wp-content\/uploads\/2023\/05\/okusi-kranjskih-miz-visit-kranj-lead-2023.w500h500c.jpg);\" role=\"img\" aria-label=\"okusi-kranjskih-miz-visit-kranj-lead-2023.w500h500c\"><\/div>\n\t\t\t\t<div class=\"elementor-cta__bg-overlay\"><\/div>\n\t\t\t<\/div>\n\t\t\t\t\t\t\t<div class=\"elementor-cta__content\">\n\t\t\t\t\n\t\t\t\t\t\t\t\t\t<h3 class=\"elementor-cta__title elementor-cta__content-item elementor-content-item\">\n\t\t\t\t\t\tI sapori delle tavole di Kranj \t\t\t\t\t<\/h3>\n\t\t\t\t\n\t\t\t\t\t\t\t\t\t<div class=\"elementor-cta__description elementor-cta__content-item elementor-content-item\">\n\t\t\t\t\t\tCome altri luoghi della regione dell'Alta Carniola, anche Kranj sta preparando un evento culinario che dura diversi giorni in varie trattorie e locande. Durante questo periodo, gli chef di Kranj preparano menu a un prezzo uniforme e i piatti sono incentrati sugli ingredienti dei produttori locali.\t\t\t\t\t<\/div>\n\t\t\t\t\n\t\t\t\t\t\t\t<\/div>\n\t\t\t\t\t\t<\/div>\n\t\t\t\t\t\t<\/div>\n\t\t\t\t<\/div>\n\t\t\t\t<div class=\"elementor-element elementor-element-4ccb0f8 elementor-cta--layout-image-above elementor-widget__width-initial elementor-cta--skin-classic elementor-animated-content elementor-bg-transform elementor-bg-transform-zoom-in elementor-widget elementor-widget-call-to-action\" data-id=\"4ccb0f8\" data-element_type=\"widget\" data-e-type=\"widget\" data-widget_type=\"call-to-action.default\">\n\t\t\t\t<div class=\"elementor-widget-container\">\n\t\t\t\t\t\t\t<div class=\"elementor-cta\">\n\t\t\t\t\t<div class=\"elementor-cta__bg-wrapper\">\n\t\t\t\t<div class=\"elementor-cta__bg elementor-bg\" style=\"background-image: url(https:\/\/www.visitkranj.com\/wp-content\/uploads\/2023\/05\/dan-kranjske-klobase-in-piva-slider-kulinarika-2023-visit-kranj-jan-2023.w500h500c.jpg);\" role=\"img\" aria-label=\"dan-kranjske-klobase-in-piva-slider-kulinarika-2023-visit-kranj-jan-2023.w500h500c\"><\/div>\n\t\t\t\t<div class=\"elementor-cta__bg-overlay\"><\/div>\n\t\t\t<\/div>\n\t\t\t\t\t\t\t<div class=\"elementor-cta__content\">\n\t\t\t\t\n\t\t\t\t\t\t\t\t\t<h3 class=\"elementor-cta__title elementor-cta__content-item elementor-content-item\">\n\t\t\t\t\t\tSagra della salsiccia e della birra\t\t\t\t\t<\/h3>\n\t\t\t\t\n\t\t\t\t\t\t\t\t\t<div class=\"elementor-cta__description elementor-cta__content-item elementor-content-item\">\n\t\t\t\t\t\tIn autunno, nella piazza principale si svolge la Giornata della salsiccia e della birra di Kranj. In quel momento, sulla piazza nella parte vecchia della citt\u00e0 \u00e8 possibile gustare vari piatti, integrati con la tipica salsiccia di Kranj e aromi di birra selezionati da birrifici piccoli e grandi.\t\t\t\t\t<\/div>\n\t\t\t\t\n\t\t\t\t\t\t\t<\/div>\n\t\t\t\t\t\t<\/div>\n\t\t\t\t\t\t<\/div>\n\t\t\t\t<\/div>\n\t\t\t\t<div class=\"elementor-element elementor-element-b83e8df elementor-cta--layout-image-above elementor-widget__width-initial elementor-cta--skin-classic elementor-animated-content elementor-bg-transform elementor-bg-transform-zoom-in elementor-widget elementor-widget-call-to-action\" data-id=\"b83e8df\" data-element_type=\"widget\" data-e-type=\"widget\" data-widget_type=\"call-to-action.default\">\n\t\t\t\t<div class=\"elementor-widget-container\">\n\t\t\t\t\t\t\t<div class=\"elementor-cta\">\n\t\t\t\t\t<div class=\"elementor-cta__bg-wrapper\">\n\t\t\t\t<div class=\"elementor-cta__bg elementor-bg\" style=\"background-image: url(https:\/\/www.visitkranj.com\/wp-content\/uploads\/2023\/05\/vinska-pot-slider-kulinarika-2023-visit-kranj-jan-2023.w500h500c.jpg);\" role=\"img\" aria-label=\"vinska-pot-slider-kulinarika-2023-visit-kranj-jan-2023.w500h500c\"><\/div>\n\t\t\t\t<div class=\"elementor-cta__bg-overlay\"><\/div>\n\t\t\t<\/div>\n\t\t\t\t\t\t\t<div class=\"elementor-cta__content\">\n\t\t\t\t\n\t\t\t\t\t\t\t\t\t<h3 class=\"elementor-cta__title elementor-cta__content-item elementor-content-item\">\n\t\t\t\t\t\tStrada del vino\t\t\t\t\t<\/h3>\n\t\t\t\t\n\t\t\t\t\t\t\t\t\t<div class=\"elementor-cta__description elementor-cta__content-item elementor-content-item\">\n\t\t\t\t\t\tNegli ultimi due fine settimana di novembre, i viticoltori di tutte le regioni vinicole slovene si riuniscono in un luogo unico, nei tunnel sotterranei nella parte vecchia di Kranj, che si trasforma nella cantina vinicola pi\u00f9 lunga dell'Alta Carniola. L'offerta vinicola viene completata da fornitori di formaggi, salumi e prodotti da forno.\t\t\t\t\t<\/div>\n\t\t\t\t\n\t\t\t\t\t\t\t\t\t<div class=\"elementor-cta__button-wrapper elementor-cta__content-item elementor-content-item \">\n\t\t\t\t\t<a class=\"elementor-cta__button elementor-button elementor-size-xs\" href=\"https:\/\/www.visitkranj.com\/it\/eventi-selezionati\/strada-del-vino\/\">\n\t\t\t\t\t\tLeggi di pi\u00f9 &gt;&gt;\t\t\t\t\t<\/a>\n\t\t\t\t\t<\/div>\n\t\t\t\t\t\t\t<\/div>\n\t\t\t\t\t\t<\/div>\n\t\t\t\t\t\t<\/div>\n\t\t\t\t<\/div>\n\t\t\t\t\t<\/div>\n\t\t\t\t<\/div>\n\t\t\t\t\t<\/div>\n\t\t\t\t<\/div>\n\t\t\t\t\t<\/div>\n\t\t\t\t<\/div>\n\t\t<div class=\"elementor-element elementor-element-04fd6fa elementor-hidden-desktop elementor-hidden-tablet elementor-hidden-mobile e-flex e-con-boxed e-con e-parent\" data-id=\"04fd6fa\" data-element_type=\"container\" data-e-type=\"container\" data-settings=\"{&quot;background_background&quot;:&quot;classic&quot;,&quot;jet_parallax_layout_list&quot;:[]}\">\n\t\t\t\t\t<div class=\"e-con-inner\">\n\t\t<div class=\"elementor-element elementor-element-9c7c314 e-flex e-con-boxed e-con e-child\" data-id=\"9c7c314\" data-element_type=\"container\" data-e-type=\"container\" data-settings=\"{&quot;background_background&quot;:&quot;classic&quot;,&quot;jet_parallax_layout_list&quot;:[]}\">\n\t\t\t\t\t<div class=\"e-con-inner\">\n\t\t\t\t<div class=\"elementor-element elementor-element-27279c5 elementor-widget elementor-widget-text-editor\" data-id=\"27279c5\" data-element_type=\"widget\" data-e-type=\"widget\" data-widget_type=\"text-editor.default\">\n\t\t\t\t<div class=\"elementor-widget-container\">\n\t\t\t\t\t\t\t\t\t<p>Presto, il <strong>7 settembre<\/strong>, il giardino del castello di Khiselstein sar\u00e0 occupato dal <strong>Lunga tavolata di Kranj<\/strong>.<\/p>\t\t\t\t\t\t\t\t<\/div>\n\t\t\t\t<\/div>\n\t\t\t\t<div class=\"elementor-element elementor-element-0db88c7 elementor-align-center elementor-widget elementor-widget-button\" data-id=\"0db88c7\" data-element_type=\"widget\" data-e-type=\"widget\" data-widget_type=\"button.default\">\n\t\t\t\t<div class=\"elementor-widget-container\">\n\t\t\t\t\t\t\t\t\t<div class=\"elementor-button-wrapper\">\n\t\t\t\t\t<a class=\"elementor-button elementor-button-link elementor-size-sm\" href=\"https:\/\/www.visitkranj.com\/it\/eventi-selezionati\/lunga-tavolata-di-kranj\/\">\n\t\t\t\t\t\t<span class=\"elementor-button-content-wrapper\">\n\t\t\t\t\t\t\t\t\t<span class=\"elementor-button-text\">Leggi di pi\u00f9<\/span>\n\t\t\t\t\t<\/span>\n\t\t\t\t\t<\/a>\n\t\t\t\t<\/div>\n\t\t\t\t\t\t\t\t<\/div>\n\t\t\t\t<\/div>\n\t\t\t\t\t<\/div>\n\t\t\t\t<\/div>\n\t\t\t\t\t<\/div>\n\t\t\t\t<\/div>\n\t\t<div class=\"elementor-element elementor-element-9980e9d e-flex e-con-boxed e-con e-parent\" data-id=\"9980e9d\" data-element_type=\"container\" data-e-type=\"container\" data-settings=\"{&quot;jet_parallax_layout_list&quot;:[]}\">\n\t\t\t\t\t<div class=\"e-con-inner\">\n\t\t<div class=\"elementor-element elementor-element-644b307 e-flex e-con-boxed e-con e-child\" data-id=\"644b307\" data-element_type=\"container\" data-e-type=\"container\" data-settings=\"{&quot;jet_parallax_layout_list&quot;:[]}\">\n\t\t\t\t\t<div class=\"e-con-inner\">\n\t\t\t\t<div class=\"elementor-element elementor-element-39f0cd8 elementor-widget elementor-widget-heading\" data-id=\"39f0cd8\" data-element_type=\"widget\" data-e-type=\"widget\" data-widget_type=\"heading.default\">\n\t\t\t\t<div class=\"elementor-widget-container\">\n\t\t\t\t\t<h1 class=\"elementor-heading-title elementor-size-default\">Mercati, negozi e fattorie<\/h1>\t\t\t\t<\/div>\n\t\t\t\t<\/div>\n\t\t\t\t<div class=\"elementor-element elementor-element-725ed05 elementor-widget elementor-widget-text-editor\" data-id=\"725ed05\" data-element_type=\"widget\" data-e-type=\"widget\" data-widget_type=\"text-editor.default\">\n\t\t\t\t<div class=\"elementor-widget-container\">\n\t\t\t\t\t\t\t\t\t<p>Dentro e intorno a Kranj ci sono vari mercati dove \u00e8 possibile acquistare prodotti di stagione dai contadini sloveni. Qui di seguito troverai anche una selezione di negozi e fattorie dove poter acquistare prodotti fatti in casa.<\/p>\t\t\t\t\t\t\t\t<\/div>\n\t\t\t\t<\/div>\n\t\t<div class=\"elementor-element elementor-element-12118cb e-flex e-con-boxed e-con e-child\" data-id=\"12118cb\" data-element_type=\"container\" data-e-type=\"container\" data-settings=\"{&quot;jet_parallax_layout_list&quot;:[]}\">\n\t\t\t\t\t<div class=\"e-con-inner\">\n\t\t\t\t<div class=\"elementor-element elementor-element-d60e196 elementor-cta--layout-image-above elementor-widget__width-initial elementor-cta--skin-classic elementor-animated-content elementor-bg-transform elementor-bg-transform-zoom-in elementor-widget elementor-widget-call-to-action\" data-id=\"d60e196\" data-element_type=\"widget\" data-e-type=\"widget\" data-widget_type=\"call-to-action.default\">\n\t\t\t\t<div class=\"elementor-widget-container\">\n\t\t\t\t\t\t\t<div class=\"elementor-cta\">\n\t\t\t\t\t<div class=\"elementor-cta__bg-wrapper\">\n\t\t\t\t<div class=\"elementor-cta__bg elementor-bg\" style=\"background-image: url(https:\/\/www.visitkranj.com\/wp-content\/uploads\/2023\/05\/trznice-slider-kulinarika-2023-visit-kranj-jan-2023.w500h500c.jpg);\" role=\"img\" aria-label=\"trznice-slider-kulinarika-2023-visit-kranj-jan-2023.w500h500c\"><\/div>\n\t\t\t\t<div class=\"elementor-cta__bg-overlay\"><\/div>\n\t\t\t<\/div>\n\t\t\t\t\t\t\t<div class=\"elementor-cta__content\">\n\t\t\t\t\n\t\t\t\t\t\t\t\t\t<h3 class=\"elementor-cta__title elementor-cta__content-item elementor-content-item\">\n\t\t\t\t\t\tMercati\t\t\t\t\t<\/h3>\n\t\t\t\t\n\t\t\t\t\t\t\t\t\t<div class=\"elementor-cta__description elementor-cta__content-item elementor-content-item\">\n\t\t\t\t\t\tIl mercato cittadino \u00e8 pi\u00f9 vivace il sabato, a Stra\u017ei\u0161\u010de c'\u00e8 un giorno di mercato ogni secondo venerd\u00ec del mese, a Mav\u010di\u010de ogni quarto venerd\u00ec del mese. C'\u00e8 anche il mercato dei Millepiedi...\t\t\t\t\t<\/div>\n\t\t\t\t\n\t\t\t\t\t\t\t<\/div>\n\t\t\t\t\t\t<\/div>\n\t\t\t\t\t\t<\/div>\n\t\t\t\t<\/div>\n\t\t\t\t<div class=\"elementor-element elementor-element-968d0ca elementor-cta--layout-image-above elementor-widget__width-initial elementor-cta--skin-classic elementor-animated-content elementor-bg-transform elementor-bg-transform-zoom-in elementor-widget elementor-widget-call-to-action\" data-id=\"968d0ca\" data-element_type=\"widget\" data-e-type=\"widget\" data-widget_type=\"call-to-action.default\">\n\t\t\t\t<div class=\"elementor-widget-container\">\n\t\t\t\t\t\t\t<div class=\"elementor-cta\">\n\t\t\t\t\t<div class=\"elementor-cta__bg-wrapper\">\n\t\t\t\t<div class=\"elementor-cta__bg elementor-bg\" style=\"background-image: url(https:\/\/www.visitkranj.com\/wp-content\/uploads\/2023\/05\/trgovine-na-kmetijah-slider-kulinarika-2023-visit-kranj-jan-2023.w500h500c.jpg);\" role=\"img\" aria-label=\"trgovine-na-kmetijah-slider-kulinarika-2023-visit-kranj-jan-2023.w500h500c\"><\/div>\n\t\t\t\t<div class=\"elementor-cta__bg-overlay\"><\/div>\n\t\t\t<\/div>\n\t\t\t\t\t\t\t<div class=\"elementor-cta__content\">\n\t\t\t\t\n\t\t\t\t\t\t\t\t\t<h3 class=\"elementor-cta__title elementor-cta__content-item elementor-content-item\">\n\t\t\t\t\t\t\u00bbSpacci\u00ab agricoli\t\t\t\t\t<\/h3>\n\t\t\t\t\n\t\t\t\t\t\t\t\t\t<div class=\"elementor-cta__description elementor-cta__content-item elementor-content-item\">\n\t\t\t\t\t\tLe fattorie di Kranj sono quelle a cui i cittadini si rivolgono quando vogliono acquistare uova, patate, cavoli, frutta di stagione, qualche litro di latte, carne fatta in casa... La maggior parte delle fattorie offre principalmente i propri prodotti, mentre alcuni hanno dei veri e propri negozi.\t\t\t\t\t<\/div>\n\t\t\t\t\n\t\t\t\t\t\t\t<\/div>\n\t\t\t\t\t\t<\/div>\n\t\t\t\t\t\t<\/div>\n\t\t\t\t<\/div>\n\t\t\t\t<div class=\"elementor-element elementor-element-9e1df1b elementor-cta--layout-image-above elementor-widget__width-initial elementor-cta--skin-classic elementor-animated-content elementor-bg-transform elementor-bg-transform-zoom-in elementor-widget elementor-widget-call-to-action\" data-id=\"9e1df1b\" data-element_type=\"widget\" data-e-type=\"widget\" data-widget_type=\"call-to-action.default\">\n\t\t\t\t<div class=\"elementor-widget-container\">\n\t\t\t\t\t\t\t<div class=\"elementor-cta\">\n\t\t\t\t\t<div class=\"elementor-cta__bg-wrapper\">\n\t\t\t\t<div class=\"elementor-cta__bg elementor-bg\" style=\"background-image: url(https:\/\/www.visitkranj.com\/wp-content\/uploads\/2023\/05\/ostale-trgovine-slider-kulinarika-2023-visit-kranj-jan-2023.w500h500c.jpg);\" role=\"img\" aria-label=\"ostale-trgovine-slider-kulinarika-2023-visit-kranj-jan-2023.w500h500c\"><\/div>\n\t\t\t\t<div class=\"elementor-cta__bg-overlay\"><\/div>\n\t\t\t<\/div>\n\t\t\t\t\t\t\t<div class=\"elementor-cta__content\">\n\t\t\t\t\n\t\t\t\t\t\t\t\t\t<h3 class=\"elementor-cta__title elementor-cta__content-item elementor-content-item\">\n\t\t\t\t\t\tNegozi con prodotti del territorio\t\t\t\t\t<\/h3>\n\t\t\t\t\n\t\t\t\t\t\t\t\t\t<div class=\"elementor-cta__description elementor-cta__content-item elementor-content-item\">\n\t\t\t\t\t\tLo sapevi che a Kranj ci sono parecchi negozi in cui i gentili proprietari (che per lo pi\u00f9 sono anche venditori) sistemano con amore sugli scaffali prodotti selezionati di agricoltori e coltivatori sloveni?\t\t\t\t\t<\/div>\n\t\t\t\t\n\t\t\t\t\t\t\t<\/div>\n\t\t\t\t\t\t<\/div>\n\t\t\t\t\t\t<\/div>\n\t\t\t\t<\/div>\n\t\t\t\t\t<\/div>\n\t\t\t\t<\/div>\n\t\t\t\t\t<\/div>\n\t\t\t\t<\/div>\n\t\t\t\t\t<\/div>\n\t\t\t\t<\/div>\n\t\t<div class=\"elementor-element elementor-element-04927bd elementor-hidden-desktop elementor-hidden-tablet elementor-hidden-mobile e-flex e-con-boxed e-con e-parent\" data-id=\"04927bd\" data-element_type=\"container\" data-e-type=\"container\" data-settings=\"{&quot;background_background&quot;:&quot;classic&quot;,&quot;jet_parallax_layout_list&quot;:[]}\">\n\t\t\t\t\t<div class=\"e-con-inner\">\n\t\t<div class=\"elementor-element elementor-element-bf3a797 e-flex e-con-boxed e-con e-child\" data-id=\"bf3a797\" data-element_type=\"container\" data-e-type=\"container\" data-settings=\"{&quot;background_background&quot;:&quot;classic&quot;,&quot;jet_parallax_layout_list&quot;:[]}\">\n\t\t\t\t\t<div class=\"e-con-inner\">\n\t\t\t\t<div class=\"elementor-element elementor-element-da981cc elementor-widget elementor-widget-text-editor\" data-id=\"da981cc\" data-element_type=\"widget\" data-e-type=\"widget\" data-widget_type=\"text-editor.default\">\n\t\t\t\t<div class=\"elementor-widget-container\">\n\t\t\t\t\t\t\t\t\t<p>Sabato, <strong>26 agosto 2023<\/strong> <strong>Odprta kuhna (Cucina aperta)<\/strong> far\u00e0 tappa per la prima volta in Alta Carniola!<\/p>\t\t\t\t\t\t\t\t<\/div>\n\t\t\t\t<\/div>\n\t\t\t\t<div class=\"elementor-element elementor-element-7294fe2 elementor-align-center elementor-widget elementor-widget-button\" data-id=\"7294fe2\" data-element_type=\"widget\" data-e-type=\"widget\" data-widget_type=\"button.default\">\n\t\t\t\t<div class=\"elementor-widget-container\">\n\t\t\t\t\t\t\t\t\t<div class=\"elementor-button-wrapper\">\n\t\t\t\t\t<a class=\"elementor-button elementor-button-link elementor-size-sm\" href=\"https:\/\/www.odprtakuhna.si\/dogodki\/378\/odprta-kuhna\" target=\"_blank\">\n\t\t\t\t\t\t<span class=\"elementor-button-content-wrapper\">\n\t\t\t\t\t\t\t\t\t<span class=\"elementor-button-text\">Leggi di pi\u00f9<\/span>\n\t\t\t\t\t<\/span>\n\t\t\t\t\t<\/a>\n\t\t\t\t<\/div>\n\t\t\t\t\t\t\t\t<\/div>\n\t\t\t\t<\/div>\n\t\t\t\t\t<\/div>\n\t\t\t\t<\/div>\n\t\t\t\t\t<\/div>\n\t\t\t\t<\/div>\n\t\t<div class=\"elementor-element elementor-element-d30cbc1 e-flex e-con-boxed e-con e-parent\" data-id=\"d30cbc1\" data-element_type=\"container\" data-e-type=\"container\" data-settings=\"{&quot;jet_parallax_layout_list&quot;:[]}\">\n\t\t\t\t\t<div class=\"e-con-inner\">\n\t\t<div class=\"elementor-element elementor-element-3718eb5 e-flex e-con-boxed e-con e-child\" data-id=\"3718eb5\" data-element_type=\"container\" data-e-type=\"container\" data-settings=\"{&quot;jet_parallax_layout_list&quot;:[]}\">\n\t\t\t\t\t<div class=\"e-con-inner\">\n\t\t\t\t<div class=\"elementor-element elementor-element-ea5ba21 elementor-widget elementor-widget-heading\" data-id=\"ea5ba21\" data-element_type=\"widget\" data-e-type=\"widget\" data-widget_type=\"heading.default\">\n\t\t\t\t<div class=\"elementor-widget-container\">\n\t\t\t\t\t<h1 class=\"elementor-heading-title elementor-size-default\">VIDEO: Lunga tavolata di Kranj\n<\/h1>\t\t\t\t<\/div>\n\t\t\t\t<\/div>\n\t\t\t\t<div class=\"elementor-element elementor-element-4a4cf32 elementor-widget elementor-widget-text-editor\" data-id=\"4a4cf32\" data-element_type=\"widget\" data-e-type=\"widget\" data-widget_type=\"text-editor.default\">\n\t\t\t\t<div class=\"elementor-widget-container\">\n\t\t\t\t\t\t\t\t\t<p>L\u2019esperienza si concentrer\u00e0 sulla migliore gastronomia del territorio e sui fornitori locali, poich\u00e9 gli ingredienti coltivati a Kranj e nell\u2019area circostante splenderanno nei piatti.<\/p>\t\t\t\t\t\t\t\t<\/div>\n\t\t\t\t<\/div>\n\t\t\t\t<div class=\"elementor-element elementor-element-bc429f4 elementor-widget elementor-widget-video\" data-id=\"bc429f4\" data-element_type=\"widget\" data-e-type=\"widget\" data-settings=\"{&quot;youtube_url&quot;:&quot;https:\\\/\\\/youtu.be\\\/3IvSnHxxOsc?si=L8CVDPhXFSS_m435&quot;,&quot;video_type&quot;:&quot;youtube&quot;,&quot;controls&quot;:&quot;yes&quot;}\" data-widget_type=\"video.default\">\n\t\t\t\t<div class=\"elementor-widget-container\">\n\t\t\t\t\t\t\t<div class=\"elementor-wrapper elementor-open-inline\">\n\t\t\t<div class=\"elementor-video\"><\/div>\t\t<\/div>\n\t\t\t\t\t\t<\/div>\n\t\t\t\t<\/div>\n\t\t\t\t\t<\/div>\n\t\t\t\t<\/div>\n\t\t\t\t\t<\/div>\n\t\t\t\t<\/div>\n\t\t<div class=\"elementor-element elementor-element-b258cdc e-flex e-con-boxed e-con e-parent\" data-id=\"b258cdc\" data-element_type=\"container\" data-e-type=\"container\" data-settings=\"{&quot;jet_parallax_layout_list&quot;:[]}\">\n\t\t\t\t\t<div class=\"e-con-inner\">\n\t\t<div class=\"elementor-element elementor-element-1fa1867 e-flex e-con-boxed e-con e-child\" data-id=\"1fa1867\" data-element_type=\"container\" data-e-type=\"container\" data-settings=\"{&quot;jet_parallax_layout_list&quot;:[]}\">\n\t\t\t\t\t<div class=\"e-con-inner\">\n\t\t\t\t<div class=\"elementor-element elementor-element-8ece004 elementor-widget elementor-widget-heading\" data-id=\"8ece004\" data-element_type=\"widget\" data-e-type=\"widget\" data-widget_type=\"heading.default\">\n\t\t\t\t<div class=\"elementor-widget-container\">\n\t\t\t\t\t<h1 class=\"elementor-heading-title elementor-size-default\">GALLERIA FOTOGRAFICA: Eventi del gusto\n<\/h1>\t\t\t\t<\/div>\n\t\t\t\t<\/div>\n\t\t\t\t<div class=\"elementor-element elementor-element-30d0674 elementor-widget elementor-widget-text-editor\" data-id=\"30d0674\" data-element_type=\"widget\" data-e-type=\"widget\" data-widget_type=\"text-editor.default\">\n\t\t\t\t<div class=\"elementor-widget-container\">\n\t\t\t\t\t\t\t\t\t<p>Dai un&#8217;occhiata ad alcuni dei momenti pi\u00f9 belli e importanti guardando le foto di eventi culinari deliziosi e sociali che si svolgono a Kranj.<\/p>\t\t\t\t\t\t\t\t<\/div>\n\t\t\t\t<\/div>\n\t\t\t\t<div class=\"elementor-element elementor-element-1e18fdb elementor-widget elementor-widget-gallery\" data-id=\"1e18fdb\" data-element_type=\"widget\" data-e-type=\"widget\" data-settings=\"{&quot;gallery_layout&quot;:&quot;masonry&quot;,&quot;columns&quot;:3,&quot;columns_tablet&quot;:3,&quot;columns_mobile&quot;:2,&quot;lazyload&quot;:&quot;yes&quot;,&quot;gap&quot;:{&quot;unit&quot;:&quot;px&quot;,&quot;size&quot;:10,&quot;sizes&quot;:[]},&quot;gap_tablet&quot;:{&quot;unit&quot;:&quot;px&quot;,&quot;size&quot;:10,&quot;sizes&quot;:[]},&quot;gap_mobile&quot;:{&quot;unit&quot;:&quot;px&quot;,&quot;size&quot;:10,&quot;sizes&quot;:[]},&quot;link_to&quot;:&quot;file&quot;,&quot;overlay_background&quot;:&quot;yes&quot;,&quot;content_hover_animation&quot;:&quot;fade-in&quot;}\" data-widget_type=\"gallery.default\">\n\t\t\t\t<div class=\"elementor-widget-container\">\n\t\t\t\t\t\t\t<div class=\"elementor-gallery__container\">\n\t\t\t\t\t\t\t<a class=\"e-gallery-item elementor-gallery-item elementor-animated-content\" href=\"https:\/\/www.visitkranj.com\/wp-content\/uploads\/2025\/09\/25506X0003.jpg\" data-elementor-open-lightbox=\"yes\" data-elementor-lightbox-slideshow=\"1e18fdb\" data-elementor-lightbox-title=\"25506X0003\" data-e-action-hash=\"#elementor-action%3Aaction%3Dlightbox%26settings%3DeyJpZCI6OTc1OTI3LCJ1cmwiOiJodHRwczpcL1wvd3d3LnZpc2l0a3JhbmouY29tXC93cC1jb250ZW50XC91cGxvYWRzXC8yMDI1XC8wOVwvMjU1MDZYMDAwMy5qcGciLCJzbGlkZXNob3ciOiIxZTE4ZmRiIn0%3D\">\n\t\t\t\t\t<div class=\"e-gallery-image elementor-gallery-item__image\" data-thumbnail=\"https:\/\/www.visitkranj.com\/wp-content\/uploads\/2025\/09\/25506X0003-300x200.jpg\" data-width=\"300\" data-height=\"200\" aria-label=\"\" role=\"img\" ><\/div>\n\t\t\t\t\t\t\t\t\t\t\t<div class=\"elementor-gallery-item__overlay\"><\/div>\n\t\t\t\t\t\t\t\t\t\t\t\t\t\t<\/a>\n\t\t\t\t\t\t\t<a class=\"e-gallery-item elementor-gallery-item elementor-animated-content\" href=\"https:\/\/www.visitkranj.com\/wp-content\/uploads\/2025\/09\/25506X0232.jpg\" data-elementor-open-lightbox=\"yes\" data-elementor-lightbox-slideshow=\"1e18fdb\" data-elementor-lightbox-title=\"25506X0232\" data-e-action-hash=\"#elementor-action%3Aaction%3Dlightbox%26settings%3DeyJpZCI6OTc2MTc5LCJ1cmwiOiJodHRwczpcL1wvd3d3LnZpc2l0a3JhbmouY29tXC93cC1jb250ZW50XC91cGxvYWRzXC8yMDI1XC8wOVwvMjU1MDZYMDIzMi5qcGciLCJzbGlkZXNob3ciOiIxZTE4ZmRiIn0%3D\">\n\t\t\t\t\t<div class=\"e-gallery-image elementor-gallery-item__image\" data-thumbnail=\"https:\/\/www.visitkranj.com\/wp-content\/uploads\/2025\/09\/25506X0232-300x200.jpg\" data-width=\"300\" data-height=\"200\" aria-label=\"\" role=\"img\" ><\/div>\n\t\t\t\t\t\t\t\t\t\t\t<div class=\"elementor-gallery-item__overlay\"><\/div>\n\t\t\t\t\t\t\t\t\t\t\t\t\t\t<\/a>\n\t\t\t\t\t\t\t<a class=\"e-gallery-item elementor-gallery-item elementor-animated-content\" href=\"https:\/\/www.visitkranj.com\/wp-content\/uploads\/2025\/09\/25506X0358.jpg\" data-elementor-open-lightbox=\"yes\" data-elementor-lightbox-slideshow=\"1e18fdb\" data-elementor-lightbox-title=\"25506X0358\" data-e-action-hash=\"#elementor-action%3Aaction%3Dlightbox%26settings%3DeyJpZCI6OTc2MjY3LCJ1cmwiOiJodHRwczpcL1wvd3d3LnZpc2l0a3JhbmouY29tXC93cC1jb250ZW50XC91cGxvYWRzXC8yMDI1XC8wOVwvMjU1MDZYMDM1OC5qcGciLCJzbGlkZXNob3ciOiIxZTE4ZmRiIn0%3D\">\n\t\t\t\t\t<div class=\"e-gallery-image elementor-gallery-item__image\" data-thumbnail=\"https:\/\/www.visitkranj.com\/wp-content\/uploads\/2025\/09\/25506X0358-300x200.jpg\" data-width=\"300\" data-height=\"200\" aria-label=\"\" role=\"img\" ><\/div>\n\t\t\t\t\t\t\t\t\t\t\t<div class=\"elementor-gallery-item__overlay\"><\/div>\n\t\t\t\t\t\t\t\t\t\t\t\t\t\t<\/a>\n\t\t\t\t\t\t\t<a class=\"e-gallery-item elementor-gallery-item elementor-animated-content\" href=\"https:\/\/www.visitkranj.com\/wp-content\/uploads\/2023\/05\/kranjska-dolga-miza-11.jpg\" data-elementor-open-lightbox=\"yes\" data-elementor-lightbox-slideshow=\"1e18fdb\" data-elementor-lightbox-title=\"kranjska-dolga-miza-11\" data-e-action-hash=\"#elementor-action%3Aaction%3Dlightbox%26settings%3DeyJpZCI6MTM4NTgsInVybCI6Imh0dHBzOlwvXC93d3cudmlzaXRrcmFuai5jb21cL3dwLWNvbnRlbnRcL3VwbG9hZHNcLzIwMjNcLzA1XC9rcmFuanNrYS1kb2xnYS1taXphLTExLmpwZyIsInNsaWRlc2hvdyI6IjFlMThmZGIifQ%3D%3D\">\n\t\t\t\t\t<div class=\"e-gallery-image elementor-gallery-item__image\" data-thumbnail=\"https:\/\/www.visitkranj.com\/wp-content\/uploads\/2023\/05\/kranjska-dolga-miza-11-300x200.jpg\" data-width=\"300\" data-height=\"200\" aria-label=\"\" role=\"img\" ><\/div>\n\t\t\t\t\t\t\t\t\t\t\t<div class=\"elementor-gallery-item__overlay\"><\/div>\n\t\t\t\t\t\t\t\t\t\t\t\t\t\t<\/a>\n\t\t\t\t\t\t\t<a class=\"e-gallery-item elementor-gallery-item elementor-animated-content\" href=\"https:\/\/www.visitkranj.com\/wp-content\/uploads\/2025\/09\/25506X0025.jpg\" data-elementor-open-lightbox=\"yes\" data-elementor-lightbox-slideshow=\"1e18fdb\" data-elementor-lightbox-title=\"25506X0025\" data-e-action-hash=\"#elementor-action%3Aaction%3Dlightbox%26settings%3DeyJpZCI6OTc1OTg3LCJ1cmwiOiJodHRwczpcL1wvd3d3LnZpc2l0a3JhbmouY29tXC93cC1jb250ZW50XC91cGxvYWRzXC8yMDI1XC8wOVwvMjU1MDZYMDAyNS5qcGciLCJzbGlkZXNob3ciOiIxZTE4ZmRiIn0%3D\">\n\t\t\t\t\t<div class=\"e-gallery-image elementor-gallery-item__image\" data-thumbnail=\"https:\/\/www.visitkranj.com\/wp-content\/uploads\/2025\/09\/25506X0025-300x200.jpg\" data-width=\"300\" data-height=\"200\" aria-label=\"\" role=\"img\" ><\/div>\n\t\t\t\t\t\t\t\t\t\t\t<div class=\"elementor-gallery-item__overlay\"><\/div>\n\t\t\t\t\t\t\t\t\t\t\t\t\t\t<\/a>\n\t\t\t\t\t\t\t<a class=\"e-gallery-item elementor-gallery-item elementor-animated-content\" href=\"https:\/\/www.visitkranj.com\/wp-content\/uploads\/2023\/05\/kranjska-dolga-miza-9.jpg\" data-elementor-open-lightbox=\"yes\" data-elementor-lightbox-slideshow=\"1e18fdb\" data-elementor-lightbox-title=\"kranjska-dolga-miza-9\" data-e-action-hash=\"#elementor-action%3Aaction%3Dlightbox%26settings%3DeyJpZCI6MTM4NTIsInVybCI6Imh0dHBzOlwvXC93d3cudmlzaXRrcmFuai5jb21cL3dwLWNvbnRlbnRcL3VwbG9hZHNcLzIwMjNcLzA1XC9rcmFuanNrYS1kb2xnYS1taXphLTkuanBnIiwic2xpZGVzaG93IjoiMWUxOGZkYiJ9\">\n\t\t\t\t\t<div class=\"e-gallery-image elementor-gallery-item__image\" data-thumbnail=\"https:\/\/www.visitkranj.com\/wp-content\/uploads\/2023\/05\/kranjska-dolga-miza-9-300x200.jpg\" data-width=\"300\" data-height=\"200\" aria-label=\"\" role=\"img\" ><\/div>\n\t\t\t\t\t\t\t\t\t\t\t<div class=\"elementor-gallery-item__overlay\"><\/div>\n\t\t\t\t\t\t\t\t\t\t\t\t\t\t<\/a>\n\t\t\t\t\t\t\t<a class=\"e-gallery-item elementor-gallery-item elementor-animated-content\" href=\"https:\/\/www.visitkranj.com\/wp-content\/uploads\/2023\/05\/kranjska-dolga-miza-13.jpg\" data-elementor-open-lightbox=\"yes\" data-elementor-lightbox-slideshow=\"1e18fdb\" data-elementor-lightbox-title=\"kranjska-dolga-miza-13\" data-e-action-hash=\"#elementor-action%3Aaction%3Dlightbox%26settings%3DeyJpZCI6MTM4NTUsInVybCI6Imh0dHBzOlwvXC93d3cudmlzaXRrcmFuai5jb21cL3dwLWNvbnRlbnRcL3VwbG9hZHNcLzIwMjNcLzA1XC9rcmFuanNrYS1kb2xnYS1taXphLTEzLmpwZyIsInNsaWRlc2hvdyI6IjFlMThmZGIifQ%3D%3D\">\n\t\t\t\t\t<div class=\"e-gallery-image elementor-gallery-item__image\" data-thumbnail=\"https:\/\/www.visitkranj.com\/wp-content\/uploads\/2023\/05\/kranjska-dolga-miza-13-300x200.jpg\" data-width=\"300\" data-height=\"200\" aria-label=\"\" role=\"img\" ><\/div>\n\t\t\t\t\t\t\t\t\t\t\t<div class=\"elementor-gallery-item__overlay\"><\/div>\n\t\t\t\t\t\t\t\t\t\t\t\t\t\t<\/a>\n\t\t\t\t\t\t\t<a class=\"e-gallery-item elementor-gallery-item elementor-animated-content\" href=\"https:\/\/www.visitkranj.com\/wp-content\/uploads\/2023\/05\/kranjska-dolga-miza-2022-foto-jure-erzen-kolektiff20220623-0052.jpg\" data-elementor-open-lightbox=\"yes\" data-elementor-lightbox-slideshow=\"1e18fdb\" data-elementor-lightbox-title=\"kranjska-dolga-miza-2022-foto-jure-erzen-kolektiff20220623-0052\" data-e-action-hash=\"#elementor-action%3Aaction%3Dlightbox%26settings%3DeyJpZCI6MTM4NDYsInVybCI6Imh0dHBzOlwvXC93d3cudmlzaXRrcmFuai5jb21cL3dwLWNvbnRlbnRcL3VwbG9hZHNcLzIwMjNcLzA1XC9rcmFuanNrYS1kb2xnYS1taXphLTIwMjItZm90by1qdXJlLWVyemVuLWtvbGVrdGlmZjIwMjIwNjIzLTAwNTIuanBnIiwic2xpZGVzaG93IjoiMWUxOGZkYiJ9\">\n\t\t\t\t\t<div class=\"e-gallery-image elementor-gallery-item__image\" data-thumbnail=\"https:\/\/www.visitkranj.com\/wp-content\/uploads\/2023\/05\/kranjska-dolga-miza-2022-foto-jure-erzen-kolektiff20220623-0052-300x200.jpg\" data-width=\"300\" data-height=\"200\" aria-label=\"\" role=\"img\" ><\/div>\n\t\t\t\t\t\t\t\t\t\t\t<div class=\"elementor-gallery-item__overlay\"><\/div>\n\t\t\t\t\t\t\t\t\t\t\t\t\t\t<\/a>\n\t\t\t\t\t\t\t<a class=\"e-gallery-item elementor-gallery-item elementor-animated-content\" href=\"https:\/\/www.visitkranj.com\/wp-content\/uploads\/2025\/09\/25506X0131.jpg\" data-elementor-open-lightbox=\"yes\" data-elementor-lightbox-slideshow=\"1e18fdb\" data-elementor-lightbox-title=\"25506X0131\" data-e-action-hash=\"#elementor-action%3Aaction%3Dlightbox%26settings%3DeyJpZCI6OTc2MDQ3LCJ1cmwiOiJodHRwczpcL1wvd3d3LnZpc2l0a3JhbmouY29tXC93cC1jb250ZW50XC91cGxvYWRzXC8yMDI1XC8wOVwvMjU1MDZYMDEzMS5qcGciLCJzbGlkZXNob3ciOiIxZTE4ZmRiIn0%3D\">\n\t\t\t\t\t<div class=\"e-gallery-image elementor-gallery-item__image\" data-thumbnail=\"https:\/\/www.visitkranj.com\/wp-content\/uploads\/2025\/09\/25506X0131-300x200.jpg\" data-width=\"300\" data-height=\"200\" aria-label=\"\" role=\"img\" ><\/div>\n\t\t\t\t\t\t\t\t\t\t\t<div class=\"elementor-gallery-item__overlay\"><\/div>\n\t\t\t\t\t\t\t\t\t\t\t\t\t\t<\/a>\n\t\t\t\t\t\t\t<a class=\"e-gallery-item elementor-gallery-item elementor-animated-content\" href=\"https:\/\/www.visitkranj.com\/wp-content\/uploads\/2025\/09\/25506X0207.jpg\" data-elementor-open-lightbox=\"yes\" data-elementor-lightbox-slideshow=\"1e18fdb\" data-elementor-lightbox-title=\"25506X0207\" data-e-action-hash=\"#elementor-action%3Aaction%3Dlightbox%26settings%3DeyJpZCI6OTc2MTI3LCJ1cmwiOiJodHRwczpcL1wvd3d3LnZpc2l0a3JhbmouY29tXC93cC1jb250ZW50XC91cGxvYWRzXC8yMDI1XC8wOVwvMjU1MDZYMDIwNy5qcGciLCJzbGlkZXNob3ciOiIxZTE4ZmRiIn0%3D\">\n\t\t\t\t\t<div class=\"e-gallery-image elementor-gallery-item__image\" data-thumbnail=\"https:\/\/www.visitkranj.com\/wp-content\/uploads\/2025\/09\/25506X0207-300x200.jpg\" data-width=\"300\" data-height=\"200\" aria-label=\"\" role=\"img\" ><\/div>\n\t\t\t\t\t\t\t\t\t\t\t<div class=\"elementor-gallery-item__overlay\"><\/div>\n\t\t\t\t\t\t\t\t\t\t\t\t\t\t<\/a>\n\t\t\t\t\t\t\t<a class=\"e-gallery-item elementor-gallery-item elementor-animated-content\" href=\"https:\/\/www.visitkranj.com\/wp-content\/uploads\/2023\/05\/kranjska-dolga-miza-12.jpg\" data-elementor-open-lightbox=\"yes\" data-elementor-lightbox-slideshow=\"1e18fdb\" data-elementor-lightbox-title=\"kranjska-dolga-miza-12\" data-e-action-hash=\"#elementor-action%3Aaction%3Dlightbox%26settings%3DeyJpZCI6MTM4NjEsInVybCI6Imh0dHBzOlwvXC93d3cudmlzaXRrcmFuai5jb21cL3dwLWNvbnRlbnRcL3VwbG9hZHNcLzIwMjNcLzA1XC9rcmFuanNrYS1kb2xnYS1taXphLTEyLmpwZyIsInNsaWRlc2hvdyI6IjFlMThmZGIifQ%3D%3D\">\n\t\t\t\t\t<div class=\"e-gallery-image elementor-gallery-item__image\" data-thumbnail=\"https:\/\/www.visitkranj.com\/wp-content\/uploads\/2023\/05\/kranjska-dolga-miza-12-300x200.jpg\" data-width=\"300\" data-height=\"200\" aria-label=\"\" role=\"img\" ><\/div>\n\t\t\t\t\t\t\t\t\t\t\t<div class=\"elementor-gallery-item__overlay\"><\/div>\n\t\t\t\t\t\t\t\t\t\t\t\t\t\t<\/a>\n\t\t\t\t\t\t\t<a class=\"e-gallery-item elementor-gallery-item elementor-animated-content\" href=\"https:\/\/www.visitkranj.com\/wp-content\/uploads\/2023\/05\/kranjska-dolga-miza-2022-foto-jure-erzen-kolektiff20220623-0001.jpg\" data-elementor-open-lightbox=\"yes\" data-elementor-lightbox-slideshow=\"1e18fdb\" data-elementor-lightbox-title=\"kranjska-dolga-miza-2022-foto-jure-erzen-kolektiff20220623-0001\" data-e-action-hash=\"#elementor-action%3Aaction%3Dlightbox%26settings%3DeyJpZCI6MTM4NDksInVybCI6Imh0dHBzOlwvXC93d3cudmlzaXRrcmFuai5jb21cL3dwLWNvbnRlbnRcL3VwbG9hZHNcLzIwMjNcLzA1XC9rcmFuanNrYS1kb2xnYS1taXphLTIwMjItZm90by1qdXJlLWVyemVuLWtvbGVrdGlmZjIwMjIwNjIzLTAwMDEuanBnIiwic2xpZGVzaG93IjoiMWUxOGZkYiJ9\">\n\t\t\t\t\t<div class=\"e-gallery-image elementor-gallery-item__image\" data-thumbnail=\"https:\/\/www.visitkranj.com\/wp-content\/uploads\/2023\/05\/kranjska-dolga-miza-2022-foto-jure-erzen-kolektiff20220623-0001-300x200.jpg\" data-width=\"300\" data-height=\"200\" aria-label=\"\" role=\"img\" ><\/div>\n\t\t\t\t\t\t\t\t\t\t\t<div class=\"elementor-gallery-item__overlay\"><\/div>\n\t\t\t\t\t\t\t\t\t\t\t\t\t\t<\/a>\n\t\t\t\t\t\t\t<a class=\"e-gallery-item elementor-gallery-item elementor-animated-content\" href=\"https:\/\/www.visitkranj.com\/wp-content\/uploads\/2025\/07\/PRO_7039.jpg\" data-elementor-open-lightbox=\"yes\" data-elementor-lightbox-slideshow=\"1e18fdb\" data-elementor-lightbox-title=\"PRO_7039\" data-e-action-hash=\"#elementor-action%3Aaction%3Dlightbox%26settings%3DeyJpZCI6OTYxNjI2LCJ1cmwiOiJodHRwczpcL1wvd3d3LnZpc2l0a3JhbmouY29tXC93cC1jb250ZW50XC91cGxvYWRzXC8yMDI1XC8wN1wvUFJPXzcwMzkuanBnIiwic2xpZGVzaG93IjoiMWUxOGZkYiJ9\">\n\t\t\t\t\t<div class=\"e-gallery-image elementor-gallery-item__image\" data-thumbnail=\"https:\/\/www.visitkranj.com\/wp-content\/uploads\/2025\/07\/PRO_7039-300x200.jpg\" data-width=\"300\" data-height=\"200\" aria-label=\"\" role=\"img\" ><\/div>\n\t\t\t\t\t\t\t\t\t\t\t<div class=\"elementor-gallery-item__overlay\"><\/div>\n\t\t\t\t\t\t\t\t\t\t\t\t\t\t<\/a>\n\t\t\t\t\t\t\t<a class=\"e-gallery-item elementor-gallery-item elementor-animated-content\" href=\"https:\/\/www.visitkranj.com\/wp-content\/uploads\/2025\/07\/PRO_6907.jpg\" data-elementor-open-lightbox=\"yes\" data-elementor-lightbox-slideshow=\"1e18fdb\" data-elementor-lightbox-title=\"PRO_6907\" data-e-action-hash=\"#elementor-action%3Aaction%3Dlightbox%26settings%3DeyJpZCI6OTYxNjAyLCJ1cmwiOiJodHRwczpcL1wvd3d3LnZpc2l0a3JhbmouY29tXC93cC1jb250ZW50XC91cGxvYWRzXC8yMDI1XC8wN1wvUFJPXzY5MDcuanBnIiwic2xpZGVzaG93IjoiMWUxOGZkYiJ9\">\n\t\t\t\t\t<div class=\"e-gallery-image elementor-gallery-item__image\" data-thumbnail=\"https:\/\/www.visitkranj.com\/wp-content\/uploads\/2025\/07\/PRO_6907-300x200.jpg\" data-width=\"300\" data-height=\"200\" aria-label=\"\" role=\"img\" ><\/div>\n\t\t\t\t\t\t\t\t\t\t\t<div class=\"elementor-gallery-item__overlay\"><\/div>\n\t\t\t\t\t\t\t\t\t\t\t\t\t\t<\/a>\n\t\t\t\t\t\t\t<a class=\"e-gallery-item elementor-gallery-item elementor-animated-content\" href=\"https:\/\/www.visitkranj.com\/wp-content\/uploads\/2025\/07\/PRO_6879.jpg\" data-elementor-open-lightbox=\"yes\" data-elementor-lightbox-slideshow=\"1e18fdb\" data-elementor-lightbox-title=\"PRO_6879\" data-e-action-hash=\"#elementor-action%3Aaction%3Dlightbox%26settings%3DeyJpZCI6OTYxNjA2LCJ1cmwiOiJodHRwczpcL1wvd3d3LnZpc2l0a3JhbmouY29tXC93cC1jb250ZW50XC91cGxvYWRzXC8yMDI1XC8wN1wvUFJPXzY4NzkuanBnIiwic2xpZGVzaG93IjoiMWUxOGZkYiJ9\">\n\t\t\t\t\t<div class=\"e-gallery-image elementor-gallery-item__image\" data-thumbnail=\"https:\/\/www.visitkranj.com\/wp-content\/uploads\/2025\/07\/PRO_6879-300x200.jpg\" data-width=\"300\" data-height=\"200\" aria-label=\"\" role=\"img\" ><\/div>\n\t\t\t\t\t\t\t\t\t\t\t<div class=\"elementor-gallery-item__overlay\"><\/div>\n\t\t\t\t\t\t\t\t\t\t\t\t\t\t<\/a>\n\t\t\t\t\t\t\t<a class=\"e-gallery-item elementor-gallery-item elementor-animated-content\" href=\"https:\/\/www.visitkranj.com\/wp-content\/uploads\/2025\/07\/PRO_0886.jpg\" data-elementor-open-lightbox=\"yes\" data-elementor-lightbox-slideshow=\"1e18fdb\" data-elementor-lightbox-title=\"PRO_0886\" data-e-action-hash=\"#elementor-action%3Aaction%3Dlightbox%26settings%3DeyJpZCI6OTYwOTQ1LCJ1cmwiOiJodHRwczpcL1wvd3d3LnZpc2l0a3JhbmouY29tXC93cC1jb250ZW50XC91cGxvYWRzXC8yMDI1XC8wN1wvUFJPXzA4ODYuanBnIiwic2xpZGVzaG93IjoiMWUxOGZkYiJ9\">\n\t\t\t\t\t<div class=\"e-gallery-image elementor-gallery-item__image\" data-thumbnail=\"https:\/\/www.visitkranj.com\/wp-content\/uploads\/2025\/07\/PRO_0886-300x200.jpg\" data-width=\"300\" data-height=\"200\" aria-label=\"\" role=\"img\" ><\/div>\n\t\t\t\t\t\t\t\t\t\t\t<div class=\"elementor-gallery-item__overlay\"><\/div>\n\t\t\t\t\t\t\t\t\t\t\t\t\t\t<\/a>\n\t\t\t\t\t\t\t<a class=\"e-gallery-item elementor-gallery-item elementor-animated-content\" href=\"https:\/\/www.visitkranj.com\/wp-content\/uploads\/2025\/07\/PRO_6768.jpg\" data-elementor-open-lightbox=\"yes\" data-elementor-lightbox-slideshow=\"1e18fdb\" data-elementor-lightbox-title=\"PRO_6768\" data-e-action-hash=\"#elementor-action%3Aaction%3Dlightbox%26settings%3DeyJpZCI6OTYxNTk0LCJ1cmwiOiJodHRwczpcL1wvd3d3LnZpc2l0a3JhbmouY29tXC93cC1jb250ZW50XC91cGxvYWRzXC8yMDI1XC8wN1wvUFJPXzY3NjguanBnIiwic2xpZGVzaG93IjoiMWUxOGZkYiJ9\">\n\t\t\t\t\t<div class=\"e-gallery-image elementor-gallery-item__image\" data-thumbnail=\"https:\/\/www.visitkranj.com\/wp-content\/uploads\/2025\/07\/PRO_6768-300x200.jpg\" data-width=\"300\" data-height=\"200\" aria-label=\"\" role=\"img\" ><\/div>\n\t\t\t\t\t\t\t\t\t\t\t<div class=\"elementor-gallery-item__overlay\"><\/div>\n\t\t\t\t\t\t\t\t\t\t\t\t\t\t<\/a>\n\t\t\t\t\t\t\t<a class=\"e-gallery-item elementor-gallery-item elementor-animated-content\" href=\"https:\/\/www.visitkranj.com\/wp-content\/uploads\/2025\/04\/IMG_1502.jpg\" data-elementor-open-lightbox=\"yes\" data-elementor-lightbox-slideshow=\"1e18fdb\" data-elementor-lightbox-title=\"IMG_1502.jpg\" data-e-action-hash=\"#elementor-action%3Aaction%3Dlightbox%26settings%3DeyJpZCI6OTEzMzkxLCJ1cmwiOiJodHRwczpcL1wvd3d3LnZpc2l0a3JhbmouY29tXC93cC1jb250ZW50XC91cGxvYWRzXC8yMDI1XC8wNFwvSU1HXzE1MDIuanBnIiwic2xpZGVzaG93IjoiMWUxOGZkYiJ9\">\n\t\t\t\t\t<div class=\"e-gallery-image elementor-gallery-item__image\" data-thumbnail=\"https:\/\/www.visitkranj.com\/wp-content\/uploads\/2025\/04\/IMG_1502-300x200.jpg\" data-width=\"300\" data-height=\"200\" aria-label=\"\" role=\"img\" ><\/div>\n\t\t\t\t\t\t\t\t\t\t\t<div class=\"elementor-gallery-item__overlay\"><\/div>\n\t\t\t\t\t\t\t\t\t\t\t\t\t\t<\/a>\n\t\t\t\t\t\t\t<a class=\"e-gallery-item elementor-gallery-item elementor-animated-content\" href=\"https:\/\/www.visitkranj.com\/wp-content\/uploads\/2025\/04\/23675X0044.jpg\" data-elementor-open-lightbox=\"yes\" data-elementor-lightbox-slideshow=\"1e18fdb\" data-elementor-lightbox-title=\"23675X0044.jpg\" data-e-action-hash=\"#elementor-action%3Aaction%3Dlightbox%26settings%3DeyJpZCI6OTEzMzY3LCJ1cmwiOiJodHRwczpcL1wvd3d3LnZpc2l0a3JhbmouY29tXC93cC1jb250ZW50XC91cGxvYWRzXC8yMDI1XC8wNFwvMjM2NzVYMDA0NC5qcGciLCJzbGlkZXNob3ciOiIxZTE4ZmRiIn0%3D\">\n\t\t\t\t\t<div class=\"e-gallery-image elementor-gallery-item__image\" data-thumbnail=\"https:\/\/www.visitkranj.com\/wp-content\/uploads\/2025\/04\/23675X0044-300x200.jpg\" data-width=\"300\" data-height=\"200\" aria-label=\"\" role=\"img\" ><\/div>\n\t\t\t\t\t\t\t\t\t\t\t<div class=\"elementor-gallery-item__overlay\"><\/div>\n\t\t\t\t\t\t\t\t\t\t\t\t\t\t<\/a>\n\t\t\t\t\t\t\t<a class=\"e-gallery-item elementor-gallery-item elementor-animated-content\" href=\"https:\/\/www.visitkranj.com\/wp-content\/uploads\/2023\/05\/visit-kranj-kulinarika-fotogalerija-dogodki-3.jpg\" data-elementor-open-lightbox=\"yes\" data-elementor-lightbox-slideshow=\"1e18fdb\" data-elementor-lightbox-title=\"visit-kranj-kulinarika-fotogalerija-dogodki-3\" data-e-action-hash=\"#elementor-action%3Aaction%3Dlightbox%26settings%3DeyJpZCI6MTM4MzcsInVybCI6Imh0dHBzOlwvXC93d3cudmlzaXRrcmFuai5jb21cL3dwLWNvbnRlbnRcL3VwbG9hZHNcLzIwMjNcLzA1XC92aXNpdC1rcmFuai1rdWxpbmFyaWthLWZvdG9nYWxlcmlqYS1kb2dvZGtpLTMuanBnIiwic2xpZGVzaG93IjoiMWUxOGZkYiJ9\">\n\t\t\t\t\t<div class=\"e-gallery-image elementor-gallery-item__image\" data-thumbnail=\"https:\/\/www.visitkranj.com\/wp-content\/uploads\/2023\/05\/visit-kranj-kulinarika-fotogalerija-dogodki-3-300x200.jpg\" data-width=\"300\" data-height=\"200\" aria-label=\"\" role=\"img\" ><\/div>\n\t\t\t\t\t\t\t\t\t\t\t<div class=\"elementor-gallery-item__overlay\"><\/div>\n\t\t\t\t\t\t\t\t\t\t\t\t\t\t<\/a>\n\t\t\t\t\t\t\t<a class=\"e-gallery-item elementor-gallery-item elementor-animated-content\" href=\"https:\/\/www.visitkranj.com\/wp-content\/uploads\/2023\/05\/visit-kranj-kulinarika-fotogalerija-dogodki-6.jpg\" data-elementor-open-lightbox=\"yes\" data-elementor-lightbox-slideshow=\"1e18fdb\" data-elementor-lightbox-title=\"visit-kranj-kulinarika-fotogalerija-dogodki-6\" data-e-action-hash=\"#elementor-action%3Aaction%3Dlightbox%26settings%3DeyJpZCI6MTM4MjgsInVybCI6Imh0dHBzOlwvXC93d3cudmlzaXRrcmFuai5jb21cL3dwLWNvbnRlbnRcL3VwbG9hZHNcLzIwMjNcLzA1XC92aXNpdC1rcmFuai1rdWxpbmFyaWthLWZvdG9nYWxlcmlqYS1kb2dvZGtpLTYuanBnIiwic2xpZGVzaG93IjoiMWUxOGZkYiJ9\">\n\t\t\t\t\t<div class=\"e-gallery-image elementor-gallery-item__image\" data-thumbnail=\"https:\/\/www.visitkranj.com\/wp-content\/uploads\/2023\/05\/visit-kranj-kulinarika-fotogalerija-dogodki-6-300x200.jpg\" data-width=\"300\" data-height=\"200\" aria-label=\"\" role=\"img\" ><\/div>\n\t\t\t\t\t\t\t\t\t\t\t<div class=\"elementor-gallery-item__overlay\"><\/div>\n\t\t\t\t\t\t\t\t\t\t\t\t\t\t<\/a>\n\t\t\t\t\t<\/div>\n\t\t\t\t\t<\/div>\n\t\t\t\t<\/div>\n\t\t\t\t\t<\/div>\n\t\t\t\t<\/div>\n\t\t\t\t\t<\/div>\n\t\t\t\t<\/div>\n\t\t<div class=\"elementor-element elementor-element-d6b3da4 elementor-hidden-desktop elementor-hidden-tablet elementor-hidden-mobile e-flex e-con-boxed e-con e-parent\" data-id=\"d6b3da4\" data-element_type=\"container\" data-e-type=\"container\" data-settings=\"{&quot;jet_parallax_layout_list&quot;:[]}\">\n\t\t\t\t\t<div class=\"e-con-inner\">\n\t\t\t\t<div class=\"elementor-element elementor-element-e2b40f1 elementor-widget-divider--view-line elementor-widget elementor-widget-divider\" data-id=\"e2b40f1\" data-element_type=\"widget\" data-e-type=\"widget\" data-widget_type=\"divider.default\">\n\t\t\t\t<div class=\"elementor-widget-container\">\n\t\t\t\t\t\t\t<div class=\"elementor-divider\">\n\t\t\t<span class=\"elementor-divider-separator\">\n\t\t\t\t\t\t<\/span>\n\t\t<\/div>\n\t\t\t\t\t\t<\/div>\n\t\t\t\t<\/div>\n\t\t\t\t<div class=\"elementor-element elementor-element-df78e50 elementor-widget__width-initial elementor-widget elementor-widget-text-editor\" data-id=\"df78e50\" data-element_type=\"widget\" data-e-type=\"widget\" data-widget_type=\"text-editor.default\">\n\t\t\t\t<div class=\"elementor-widget-container\">\n\t\t\t\t\t\t\t\t\t<p>Na Zavodu za turizem in kulturo Kranj pazimo na trajnostno izvedbo dogodkov, ki potekajo pod na\u0161im okriljem. To med drugim pomeni, da se izogibamo plastiki za enkratno uporabo, mislimo na kratke dobavne verige, poudarjamo samooskrbo &#8230; <a href=\"https:\/\/www.visitkranj.com\/novice\/kranjsko-na-krozniku-2023\/\" target=\"_blank\" rel=\"noopener\">Ve\u010d o kranjski gastronomiji &gt;&gt;<\/a><\/p>\t\t\t\t\t\t\t\t<\/div>\n\t\t\t\t<\/div>\n\t\t\t\t\t<\/div>\n\t\t\t\t<\/div>\n\t\t\t\t<\/div>\n\t\t","protected":false},"excerpt":{"rendered":"<p>Culinario Ti interessa sapere cosa offrono tutte le tavole di Kranj? Tante pietanze differenti: abbiamo molti ristoranti e trattorie dove poter gustare i piatti della nostra tradizione, e sempre qui da noi \u00e8 possibile visitare eventi culinari e sperimentare molto altro. Dall\u20198 al 24 maggio 2026 si terr\u00e0 la 4\u00aa edizione de i Sapori delle [&hellip;]<\/p>\n","protected":false},"author":2,"featured_media":154156,"parent":0,"menu_order":0,"comment_status":"closed","ping_status":"closed","template":"","meta":{"footnotes":""},"class_list":["post-17567","page","type-page","status-publish","has-post-thumbnail","hentry"],"yoast_head":"<!-- This site is optimized with the Yoast SEO plugin v26.9 - https:\/\/yoast.com\/product\/yoast-seo-wordpress\/ -->\n<title>Culinario - Visit Kranj<\/title>\n<meta name=\"description\" content=\"In Alta Carniola, l&#039;amore passa attraverso lo stomaco. A Kranj si sentono buoni odori a ogni angolo di strada: pane fresco e croccante, salsiccia succosa, zuppa gustosa o dolci prelibatezze. Una delle attrazioni culinarie \u00e8 il classico tris culinario di Kranj.\" \/>\n<meta name=\"robots\" content=\"index, follow, max-snippet:-1, max-image-preview:large, max-video-preview:-1\" \/>\n<link rel=\"canonical\" href=\"https:\/\/www.visitkranj.com\/it\/culinario\/\" \/>\n<meta property=\"og:locale\" content=\"it_IT\" \/>\n<meta property=\"og:type\" content=\"article\" \/>\n<meta property=\"og:title\" content=\"Culinario - Visit Kranj\" \/>\n<meta property=\"og:description\" content=\"In Alta Carniola, l&#039;amore passa attraverso lo stomaco. A Kranj si sentono buoni odori a ogni angolo di strada: pane fresco e croccante, salsiccia succosa, zuppa gustosa o dolci prelibatezze. Una delle attrazioni culinarie \u00e8 il classico tris culinario di Kranj.\" \/>\n<meta property=\"og:url\" content=\"https:\/\/www.visitkranj.com\/it\/culinario\/\" \/>\n<meta property=\"og:site_name\" content=\"Visit Kranj\" \/>\n<meta property=\"article:publisher\" content=\"https:\/\/www.facebook.com\/VisitKranj\/\" \/>\n<meta property=\"article:modified_time\" content=\"2026-04-21T07:52:04+00:00\" \/>\n<meta property=\"og:image\" content=\"https:\/\/www.visitkranj.com\/wp-content\/uploads\/2023\/10\/Visit-Kranj_Kulinarika-2023_hero_JAN-2023.jpg\" \/>\n\t<meta property=\"og:image:width\" content=\"2500\" \/>\n\t<meta property=\"og:image:height\" content=\"1667\" \/>\n\t<meta property=\"og:image:type\" content=\"image\/jpeg\" \/>\n<meta name=\"twitter:card\" content=\"summary_large_image\" \/>\n<meta name=\"twitter:label1\" content=\"Tempo di lettura stimato\" \/>\n\t<meta name=\"twitter:data1\" content=\"5 minuti\" \/>\n<script type=\"application\/ld+json\" class=\"yoast-schema-graph\">{\"@context\":\"https:\/\/schema.org\",\"@graph\":[{\"@type\":\"WebPage\",\"@id\":\"https:\/\/www.visitkranj.com\/it\/culinario\/\",\"url\":\"https:\/\/www.visitkranj.com\/it\/culinario\/\",\"name\":\"Culinario - Visit Kranj\",\"isPartOf\":{\"@id\":\"https:\/\/www.visitkranj.com\/it\/#website\"},\"primaryImageOfPage\":{\"@id\":\"https:\/\/www.visitkranj.com\/it\/culinario\/#primaryimage\"},\"image\":{\"@id\":\"https:\/\/www.visitkranj.com\/it\/culinario\/#primaryimage\"},\"thumbnailUrl\":\"https:\/\/www.visitkranj.com\/wp-content\/uploads\/2023\/10\/Visit-Kranj_Kulinarika-2023_hero_JAN-2023.jpg\",\"datePublished\":\"2023-05-12T10:27:27+00:00\",\"dateModified\":\"2026-04-21T07:52:04+00:00\",\"description\":\"In Alta Carniola, l'amore passa attraverso lo stomaco. A Kranj si sentono buoni odori a ogni angolo di strada: pane fresco e croccante, salsiccia succosa, zuppa gustosa o dolci prelibatezze. Una delle attrazioni culinarie \u00e8 il classico tris culinario di Kranj.\",\"breadcrumb\":{\"@id\":\"https:\/\/www.visitkranj.com\/it\/culinario\/#breadcrumb\"},\"inLanguage\":\"it-IT\",\"potentialAction\":[{\"@type\":\"ReadAction\",\"target\":[\"https:\/\/www.visitkranj.com\/it\/culinario\/\"]}]},{\"@type\":\"ImageObject\",\"inLanguage\":\"it-IT\",\"@id\":\"https:\/\/www.visitkranj.com\/it\/culinario\/#primaryimage\",\"url\":\"https:\/\/www.visitkranj.com\/wp-content\/uploads\/2023\/10\/Visit-Kranj_Kulinarika-2023_hero_JAN-2023.jpg\",\"contentUrl\":\"https:\/\/www.visitkranj.com\/wp-content\/uploads\/2023\/10\/Visit-Kranj_Kulinarika-2023_hero_JAN-2023.jpg\",\"width\":2500,\"height\":1667},{\"@type\":\"BreadcrumbList\",\"@id\":\"https:\/\/www.visitkranj.com\/it\/culinario\/#breadcrumb\",\"itemListElement\":[{\"@type\":\"ListItem\",\"position\":1,\"name\":\"Inizio\",\"item\":\"https:\/\/www.visitkranj.com\/it\/\"},{\"@type\":\"ListItem\",\"position\":2,\"name\":\"Culinario\"}]},{\"@type\":\"WebSite\",\"@id\":\"https:\/\/www.visitkranj.com\/it\/#website\",\"url\":\"https:\/\/www.visitkranj.com\/it\/\",\"name\":\"Visit Kranj\",\"description\":\"Uradna spletna stran turizma Kranj\",\"publisher\":{\"@id\":\"https:\/\/www.visitkranj.com\/it\/#organization\"},\"potentialAction\":[{\"@type\":\"SearchAction\",\"target\":{\"@type\":\"EntryPoint\",\"urlTemplate\":\"https:\/\/www.visitkranj.com\/it\/?s={search_term_string}\"},\"query-input\":{\"@type\":\"PropertyValueSpecification\",\"valueRequired\":true,\"valueName\":\"search_term_string\"}}],\"inLanguage\":\"it-IT\"},{\"@type\":\"Organization\",\"@id\":\"https:\/\/www.visitkranj.com\/it\/#organization\",\"name\":\"Zavod za turizem in kulturo Kranj\",\"url\":\"https:\/\/www.visitkranj.com\/it\/\",\"logo\":{\"@type\":\"ImageObject\",\"inLanguage\":\"it-IT\",\"@id\":\"https:\/\/www.visitkranj.com\/it\/#\/schema\/logo\/image\/\",\"url\":\"https:\/\/www.visitkranj.com\/wp-content\/uploads\/2022\/11\/logo_menu_small.png\",\"contentUrl\":\"https:\/\/www.visitkranj.com\/wp-content\/uploads\/2022\/11\/logo_menu_small.png\",\"width\":142,\"height\":142,\"caption\":\"Zavod za turizem in kulturo Kranj\"},\"image\":{\"@id\":\"https:\/\/www.visitkranj.com\/it\/#\/schema\/logo\/image\/\"},\"sameAs\":[\"https:\/\/www.facebook.com\/VisitKranj\/\",\"https:\/\/www.instagram.com\/visitkranj\/\",\"https:\/\/www.tripadvisor.com\/Attraction_Review-g644300-d7289577-Reviews-Tourist_Information_Centre_Kranj_House-Kranj_Upper_Carniola_Region.html\"]}]}<\/script>\n<!-- \/ Yoast SEO plugin. -->","yoast_head_json":{"title":"Culinario - Visit Kranj","description":"In Alta Carniola, l'amore passa attraverso lo stomaco. A Kranj si sentono buoni odori a ogni angolo di strada: pane fresco e croccante, salsiccia succosa, zuppa gustosa o dolci prelibatezze. Una delle attrazioni culinarie \u00e8 il classico tris culinario di Kranj.","robots":{"index":"index","follow":"follow","max-snippet":"max-snippet:-1","max-image-preview":"max-image-preview:large","max-video-preview":"max-video-preview:-1"},"canonical":"https:\/\/www.visitkranj.com\/it\/culinario\/","og_locale":"it_IT","og_type":"article","og_title":"Culinario - Visit Kranj","og_description":"In Alta Carniola, l'amore passa attraverso lo stomaco. A Kranj si sentono buoni odori a ogni angolo di strada: pane fresco e croccante, salsiccia succosa, zuppa gustosa o dolci prelibatezze. Una delle attrazioni culinarie \u00e8 il classico tris culinario di Kranj.","og_url":"https:\/\/www.visitkranj.com\/it\/culinario\/","og_site_name":"Visit Kranj","article_publisher":"https:\/\/www.facebook.com\/VisitKranj\/","article_modified_time":"2026-04-21T07:52:04+00:00","og_image":[{"width":2500,"height":1667,"url":"https:\/\/www.visitkranj.com\/wp-content\/uploads\/2023\/10\/Visit-Kranj_Kulinarika-2023_hero_JAN-2023.jpg","type":"image\/jpeg"}],"twitter_card":"summary_large_image","twitter_misc":{"Tempo di lettura stimato":"5 minuti"},"schema":{"@context":"https:\/\/schema.org","@graph":[{"@type":"WebPage","@id":"https:\/\/www.visitkranj.com\/it\/culinario\/","url":"https:\/\/www.visitkranj.com\/it\/culinario\/","name":"Culinario - Visit Kranj","isPartOf":{"@id":"https:\/\/www.visitkranj.com\/it\/#website"},"primaryImageOfPage":{"@id":"https:\/\/www.visitkranj.com\/it\/culinario\/#primaryimage"},"image":{"@id":"https:\/\/www.visitkranj.com\/it\/culinario\/#primaryimage"},"thumbnailUrl":"https:\/\/www.visitkranj.com\/wp-content\/uploads\/2023\/10\/Visit-Kranj_Kulinarika-2023_hero_JAN-2023.jpg","datePublished":"2023-05-12T10:27:27+00:00","dateModified":"2026-04-21T07:52:04+00:00","description":"In Alta Carniola, l'amore passa attraverso lo stomaco. A Kranj si sentono buoni odori a ogni angolo di strada: pane fresco e croccante, salsiccia succosa, zuppa gustosa o dolci prelibatezze. Una delle attrazioni culinarie \u00e8 il classico tris culinario di Kranj.","breadcrumb":{"@id":"https:\/\/www.visitkranj.com\/it\/culinario\/#breadcrumb"},"inLanguage":"it-IT","potentialAction":[{"@type":"ReadAction","target":["https:\/\/www.visitkranj.com\/it\/culinario\/"]}]},{"@type":"ImageObject","inLanguage":"it-IT","@id":"https:\/\/www.visitkranj.com\/it\/culinario\/#primaryimage","url":"https:\/\/www.visitkranj.com\/wp-content\/uploads\/2023\/10\/Visit-Kranj_Kulinarika-2023_hero_JAN-2023.jpg","contentUrl":"https:\/\/www.visitkranj.com\/wp-content\/uploads\/2023\/10\/Visit-Kranj_Kulinarika-2023_hero_JAN-2023.jpg","width":2500,"height":1667},{"@type":"BreadcrumbList","@id":"https:\/\/www.visitkranj.com\/it\/culinario\/#breadcrumb","itemListElement":[{"@type":"ListItem","position":1,"name":"Inizio","item":"https:\/\/www.visitkranj.com\/it\/"},{"@type":"ListItem","position":2,"name":"Culinario"}]},{"@type":"WebSite","@id":"https:\/\/www.visitkranj.com\/it\/#website","url":"https:\/\/www.visitkranj.com\/it\/","name":"Visit Kranj","description":"Uradna spletna stran turizma Kranj","publisher":{"@id":"https:\/\/www.visitkranj.com\/it\/#organization"},"potentialAction":[{"@type":"SearchAction","target":{"@type":"EntryPoint","urlTemplate":"https:\/\/www.visitkranj.com\/it\/?s={search_term_string}"},"query-input":{"@type":"PropertyValueSpecification","valueRequired":true,"valueName":"search_term_string"}}],"inLanguage":"it-IT"},{"@type":"Organization","@id":"https:\/\/www.visitkranj.com\/it\/#organization","name":"Zavod za turizem in kulturo Kranj","url":"https:\/\/www.visitkranj.com\/it\/","logo":{"@type":"ImageObject","inLanguage":"it-IT","@id":"https:\/\/www.visitkranj.com\/it\/#\/schema\/logo\/image\/","url":"https:\/\/www.visitkranj.com\/wp-content\/uploads\/2022\/11\/logo_menu_small.png","contentUrl":"https:\/\/www.visitkranj.com\/wp-content\/uploads\/2022\/11\/logo_menu_small.png","width":142,"height":142,"caption":"Zavod za turizem in kulturo Kranj"},"image":{"@id":"https:\/\/www.visitkranj.com\/it\/#\/schema\/logo\/image\/"},"sameAs":["https:\/\/www.facebook.com\/VisitKranj\/","https:\/\/www.instagram.com\/visitkranj\/","https:\/\/www.tripadvisor.com\/Attraction_Review-g644300-d7289577-Reviews-Tourist_Information_Centre_Kranj_House-Kranj_Upper_Carniola_Region.html"]}]}},"_links":{"self":[{"href":"https:\/\/www.visitkranj.com\/it\/wp-json\/wp\/v2\/pages\/17567","targetHints":{"allow":["GET"]}}],"collection":[{"href":"https:\/\/www.visitkranj.com\/it\/wp-json\/wp\/v2\/pages"}],"about":[{"href":"https:\/\/www.visitkranj.com\/it\/wp-json\/wp\/v2\/types\/page"}],"author":[{"embeddable":true,"href":"https:\/\/www.visitkranj.com\/it\/wp-json\/wp\/v2\/users\/2"}],"replies":[{"embeddable":true,"href":"https:\/\/www.visitkranj.com\/it\/wp-json\/wp\/v2\/comments?post=17567"}],"version-history":[{"count":25,"href":"https:\/\/www.visitkranj.com\/it\/wp-json\/wp\/v2\/pages\/17567\/revisions"}],"predecessor-version":[{"id":1004828,"href":"https:\/\/www.visitkranj.com\/it\/wp-json\/wp\/v2\/pages\/17567\/revisions\/1004828"}],"wp:featuredmedia":[{"embeddable":true,"href":"https:\/\/www.visitkranj.com\/it\/wp-json\/wp\/v2\/media\/154156"}],"wp:attachment":[{"href":"https:\/\/www.visitkranj.com\/it\/wp-json\/wp\/v2\/media?parent=17567"}],"curies":[{"name":"wp","href":"https:\/\/api.w.org\/{rel}","templated":true}]}}